{"id":13602,"date":"2026-08-31T15:04:28","date_gmt":"2026-08-31T13:04:28","guid":{"rendered":"https:\/\/www.tablaosflamencos.com\/?page_id=13602"},"modified":"2026-08-31T15:17:03","modified_gmt":"2026-08-31T13:17:03","slug":"bienal-flamenco-sevilha","status":"publish","type":"page","link":"https:\/\/www.tablaosflamencos.com\/pt-pt\/bienal-flamenco-sevilha","title":{"rendered":"Bienal de Flamenco de Sevilha"},"content":{"rendered":"<section class=\"l-section wpb_row height_huge color_primary with_img with_shape\"><div class=\"l-section-img\" role=\"img\" aria-label=\"Bienal de Flamenco de Sevilla 2026: programaci\u00f3n, fechas, espacios y gu\u00eda completa\" data-img-width=\"1920\" data-img-height=\"1072\" style=\"background-image: url(https:\/\/www.tablaosflamencos.com\/wp-content\/uploads\/bienal-de-flamenco-de-sevilla-2026-programacion-fechas-espacios-y-guia-completa-01.webp);\"><\/div><div class=\"l-section-overlay\" style=\"background:rgba(0,0,0,0.55)\"><\/div><div class=\"l-section-shape type_zigzag pos_bottom\" style=\"height:3vmin;\"><svg xmlns=\"http:\/\/www.w3.org\/2000\/svg\" viewBox=\"0 0 64 8\" preserveAspectRatio=\"none\" width=\"100%\" height=\"100%\">\r\n\t<path fill=\"currentColor\" d=\"M64 8 L0 8 L0 0 L20 7.9 L40 3 L48 5 L64 0 Z\"\/>\r\n<\/svg><\/div><div class=\"l-section-h i-cf\"><div class=\"g-cols vc_row via_flex valign_top type_default stacking_default\"><div class=\"vc_col-sm-12 wpb_column vc_column_container\"><div class=\"vc_column-inner\"><div class=\"wpb_wrapper\"><h1 class=\"w-post-elm post_title align_center color_link_inherit\">Bienal de Flamenco de Sevilha<\/h1><div class=\"wpb_text_column\"><div class=\"wpb_wrapper\"><p style=\"text-align: center; text-transform: uppercase;\">Guias, not\u00edcias, programa\u00e7\u00e3o e informa\u00e7\u00f5es essenciais para viver o grande encontro do flamenco em Sevilha<\/p>\n<\/div><\/div><div class=\"w-separator size_small\"><\/div><div class=\"w-hwrapper valign_top wrap stack_on_mobiles align_center\" style=\"--hwrapper-gap:1.2rem\"><div class=\"w-btn-wrapper align_none\"><a class=\"w-btn us-btn-style_1\" href=\"#actualidad-bienal\"><span class=\"w-btn-label\">Ver todos os artigos<\/span><\/a><\/div><div class=\"w-btn-wrapper align_none\"><a class=\"w-btn us-btn-style_4\" href=\"https:\/\/www.tablaosflamencos.com\/pt-pt\/bienal-flamenco-sevilha-2026.html\"><span class=\"w-btn-label\">Guia completo Bienal 2026<\/span><\/a><\/div><\/div><\/div><\/div><\/div><\/div><\/div><\/section><section class=\"l-section wpb_row height_huge color_alternate with_shape\"><div class=\"l-section-shape type_zigzag pos_bottom\" style=\"height:3vmin;\"><svg xmlns=\"http:\/\/www.w3.org\/2000\/svg\" viewBox=\"0 0 64 8\" preserveAspectRatio=\"none\" width=\"100%\" height=\"100%\">\r\n\t<path fill=\"currentColor\" d=\"M64 8 L0 8 L0 0 L20 7.9 L40 3 L48 5 L64 0 Z\"\/>\r\n<\/svg><\/div><div class=\"l-section-h i-cf\"><div class=\"g-cols vc_row via_flex valign_top type_default stacking_default\"><div class=\"vc_col-sm-6 wpb_column vc_column_container\"><div class=\"vc_column-inner\"><div class=\"wpb_wrapper\"><div class=\"wpb_text_column\"><div class=\"wpb_wrapper\"><h2>Bienal de Flamenco de Sevilha<\/h2>\n<p>A <strong>Bienal de Flamenco de Sevilha<\/strong> \u00e9 um dos grandes acontecimentos internacionais da arte flamenca. De dois em dois anos, a cidade re\u00fane figuras consagradas, novas gera\u00e7\u00f5es e criadores de diferentes disciplinas em teatros, espa\u00e7os patrimoniais e cen\u00e1rios urbanos.<\/p>\n<p>Esta p\u00e1gina \u00e9 o ponto central de toda a nossa cobertura da Bienal: <strong>programa\u00e7\u00e3o, artistas, estreias, bilhetes, atividades gratuitas, exposi\u00e7\u00f5es, espa\u00e7os e conselhos pr\u00e1ticos<\/strong> para quem vive o festival em Sevilha ou viaja expressamente para o desfrutar.<\/p>\n<\/div><\/div><\/div><\/div><\/div><div class=\"vc_col-sm-6 wpb_column vc_column_container\"><div class=\"vc_column-inner\"><div class=\"wpb_wrapper\"><div class=\"wpb_text_column\"><div class=\"wpb_wrapper\"><h2>A edi\u00e7\u00e3o de 2026<\/h2>\n<p>A XXIV Bienal realiza-se de <strong>9 de setembro a 3 de outubro de 2026<\/strong>. \u00c0 medida que as datas se aproximarem e surgirem novidades, ampliaremos esta landing page com novos guias espec\u00edficos.<\/p>\n<p>A ideia \u00e9 simples: usar esta p\u00e1gina como um \u00edndice vivo para acompanhar a Bienal, descobrir o que merece especial aten\u00e7\u00e3o e organizar a sua visita a Sevilha.<\/p>\n<\/div><\/div><\/div><\/div><\/div><\/div><\/div><\/section><section class=\"l-section wpb_row height_huge\"><div class=\"l-section-h i-cf\"><div class=\"g-cols vc_row via_flex valign_top type_default stacking_default\"><div class=\"vc_col-sm-12 wpb_column vc_column_container\"><div class=\"vc_column-inner\"><div class=\"wpb_wrapper\"><div class=\"wpb_text_column\"><div class=\"wpb_wrapper\"><p style=\"text-align: center; font-size: 32px;\"><strong>9 SET \u2014 3 OUT<\/strong><\/p>\n<h3 style=\"text-align: center;\">Datas<\/h3>\n<p style=\"text-align: center;\">Quase quatro semanas de flamenco por toda Sevilha.<\/p>\n<\/div><\/div><\/div><\/div><\/div><div class=\"vc_col-sm-12 wpb_column vc_column_container\"><div class=\"vc_column-inner\"><div class=\"wpb_wrapper\"><div class=\"wpb_text_column\"><div class=\"wpb_wrapper\"><p style=\"text-align: center; font-size: 32px;\"><strong>72<\/strong><\/p>\n<h3 style=\"text-align: center;\">Espet\u00e1culos<\/h3>\n<p style=\"text-align: center;\">Uma programa\u00e7\u00e3o extensa distribu\u00edda por diferentes formatos.<\/p>\n<\/div><\/div><\/div><\/div><\/div><div class=\"vc_col-sm-12 wpb_column vc_column_container\"><div class=\"vc_column-inner\"><div class=\"wpb_wrapper\"><div class=\"wpb_text_column\"><div class=\"wpb_wrapper\"><p style=\"text-align: center; font-size: 32px;\"><strong>22<\/strong><\/p>\n<h3 style=\"text-align: center;\">Estreias absolutas<\/h3>\n<p style=\"text-align: center;\">Novas obras apresentadas pela primeira vez em Sevilha.<\/p>\n<\/div><\/div><\/div><\/div><\/div><div class=\"vc_col-sm-12 wpb_column vc_column_container\"><div class=\"vc_column-inner\"><div class=\"wpb_wrapper\"><div class=\"wpb_text_column\"><div class=\"wpb_wrapper\"><p style=\"text-align: center; font-size: 32px;\"><strong>11<\/strong><\/p>\n<h3 style=\"text-align: center;\">Espa\u00e7os<\/h3>\n<p style=\"text-align: center;\">Teatros e locais singulares fazem parte do festival.<\/p>\n<\/div><\/div><\/div><\/div><\/div><\/div><\/div><\/section><section class=\"l-section wpb_row height_huge color_alternate with_shape\"><div class=\"l-section-shape type_zigzag pos_top hor_flip\" style=\"height:3vmin;\"><svg xmlns=\"http:\/\/www.w3.org\/2000\/svg\" viewBox=\"0 0 64 8\" preserveAspectRatio=\"none\" width=\"100%\" height=\"100%\">\r\n\t<path fill=\"currentColor\" d=\"M64 8 L0 8 L0 0 L20 7.9 L40 3 L48 5 L64 0 Z\"\/>\r\n<\/svg><\/div><div class=\"l-section-shape type_zigzag pos_bottom\" style=\"height:3vmin;\"><svg xmlns=\"http:\/\/www.w3.org\/2000\/svg\" viewBox=\"0 0 64 8\" preserveAspectRatio=\"none\" width=\"100%\" height=\"100%\">\r\n\t<path fill=\"currentColor\" d=\"M64 8 L0 8 L0 0 L20 7.9 L40 3 L48 5 L64 0 Z\"\/>\r\n<\/svg><\/div><div class=\"l-section-h i-cf\"><div class=\"g-cols vc_row via_flex valign_top type_default stacking_default\"><div class=\"vc_col-sm-12 wpb_column vc_column_container\"><div class=\"vc_column-inner\"><div class=\"wpb_wrapper\"><div class=\"wpb_text_column\"><div class=\"wpb_wrapper\"><h2 id=\"actualidad-bienal\" style=\"text-align: center;\">Tudo sobre a Bienal de Flamenco de Sevilha<\/h2>\n<p style=\"text-align: center;\">Aqui reunimos todas as not\u00edcias, guias e conte\u00fados que publicamos sobre a Bienal. A lista \u00e9 atualizada automaticamente com as novas publica\u00e7\u00f5es da nossa sec\u00e7\u00e3o especial.<\/p>\n<\/div><\/div><div class=\"w-separator size_medium\"><\/div><div class=\"w-grid us_post_list type_grid layout_11042 cols_3 preload_style_spinner with_css_animation overflow_hidden\" id=\"us_post_list_pfee\" style=\"--columns:3;--gap:1.5rem;\"><style>@media (max-width:1024px){#us_post_list_pfee{--columns:2!important}}@media (max-width:600px){#us_post_list_pfee{--columns:1!important}}.layout_11042 .w-grid-item-h{background:var(--color-content-bg);color:var(--color-content-text);box-shadow:0 0.03rem 0.06rem rgba(0,0,0,0.1),0 0.1rem 0.3rem rgba(0,0,0,0.1);transition-duration:0.3s}.no-touch .layout_11042 .w-grid-item-h:hover{box-shadow:0 0.1rem 0.2rem rgba(0,0,0,0.1),0 0.33rem 1rem rgba(0,0,0,0.15);z-index:4}.layout_11042 .usg_post_image_1{margin-bottom:-2rem!important}.layout_11042 .usg_post_title_1{font-size:1.2rem!important}.layout_11042 .usg_vwrapper_1{margin-top:2rem!important;padding:9% 11% 11% 11%!important}.layout_11042 .usg_post_taxonomy_1{font-weight:700!important;text-transform:uppercase!important;font-size:10px!important;position:absolute!important;z-index:2!important;top:1.2rem!important;right:1.2rem!important;left:1.2rem!important}.layout_11042 .usg_hwrapper_1{color:var(--color-content-faded)!important;font-size:0.9rem!important}<\/style><div class=\"w-grid-list\">\t<article class=\"w-grid-item us_animate_afc size_1x1 post-13496 post type-post status-publish format-standard has-post-thumbnail hentry category-bienal-flamenco-sevilha category-noticias-flamenco tag-a-noite-azul tag-opera-flamenca-pt tag-agenda-flamenca tag-bienal-2026 tag-bienal-de-flamenco tag-carlos-martin-ballester-pt tag-festivales-flamencos tag-flamenco-en-sevilla tag-real-fabrica-de-artilharia tag-sevilla\" data-id=\"13496\" style=\"animation-delay:0s\">\r\n\t\t<div class=\"w-grid-item-h\">\r\n\t\t\t\t\t\t\t<a href=\"https:\/\/www.tablaosflamencos.com\/pt-pt\/a-noite-azul-opera-flamenca-bienal-sevilha-2026.html\" class=\"w-grid-item-anchor\" aria-label=\"A Noite Azul: a exposi\u00e7\u00e3o da Bienal sobre a \u00e9poca da \u00d3pera Flamenca\"><\/a>\r\n\t\t\t\t\t\t<div class=\"w-post-elm post_image usg_post_image_1 has_ratio\"><img fetchpriority=\"high\" decoding=\"async\" width=\"600\" height=\"335\" src=\"https:\/\/www.tablaosflamencos.com\/wp-content\/uploads\/la-noche-azul-la-exposicion-de-la-bienal-sobre-la-epoca-de-la-opera-flamenca-01-1-600x335.webp\" class=\"attachment-us_600_600 size-us_600_600 wp-post-image\" alt=\"La noche azul: la exposici\u00f3n de la Bienal sobre la \u00e9poca de la \u00d3pera Flamenca\" loading=\"eager\" \/><div style=\"padding-bottom:66.6667%\"><\/div><\/div><div class=\"w-post-elm post_taxonomy usg_post_taxonomy_1 style_badge color_link_inherit\"><div class=\"w-post-elm-list\"><button class=\"w-btn us-btn-style_badge term-1430 term-bienal-flamenco-sevilha\" type=\"button\"><span class=\"w-btn-label\">Bienal de Flamenco de Sevilha<\/span><\/button><button class=\"w-btn us-btn-style_badge term-375 term-noticias-flamenco\" type=\"button\"><span class=\"w-btn-label\">Not\u00edcias \/ Atualidade<\/span><\/button><\/div><\/div><div class=\"w-vwrapper usg_vwrapper_1 align_none valign_top\" style=\"--vwrapper-gap: 0.7rem;\"><p class=\"w-post-elm post_title usg_post_title_1 color_link_inherit\">A Noite Azul: a exposi\u00e7\u00e3o da Bienal sobre a \u00e9poca da \u00d3pera Flamenca<\/p><div class=\"w-hwrapper usg_hwrapper_1 has_text_color align_none valign_top wrap\" style=\"--hwrapper-gap: 1.2rem;\"><time class=\"w-post-elm post_date usg_post_date_1 entry-date published\" datetime=\"2026-08-30T15:09:23+02:00\" title=\"30 Agosto 2026 \u00e0s 15:09:23 Europe\/Madrid\">H\u00e1 1 dia<\/time><\/div><div class=\"w-post-elm post_content usg_post_content_1\"><p>A Noite Azul revisita a \u00e9poca da \u00d3pera Flamenca atrav\u00e9s de cerca de 150 pe\u00e7as hist\u00f3ricas na Real F\u00e1brica de Artilharia de Sevilha.<\/p>\n<\/div><\/div>\t\t<\/div>\r\n\t\t\t<\/article>\r\n\t<article class=\"w-grid-item us_animate_afc size_1x1 post-13454 post type-post status-publish format-standard has-post-thumbnail hentry category-bienal-flamenco-sevilha tag-agenda-flamenca tag-bienal-2026 tag-bienal-de-flamenco tag-festivales-flamencos tag-flamenco-en-sevilla tag-sevilla\" data-id=\"13454\" style=\"animation-delay:0.1s\">\r\n\t\t<div class=\"w-grid-item-h\">\r\n\t\t\t\t\t\t\t<a href=\"https:\/\/www.tablaosflamencos.com\/pt-pt\/bienal-flamenco-sevilha-2026-gratis.html\" class=\"w-grid-item-anchor\" aria-label=\"Bienal de Flamenco de Sevilha 2026 gr\u00e1tis: espet\u00e1culos e atividades gratuitas\"><\/a>\r\n\t\t\t\t\t\t<div class=\"w-post-elm post_image usg_post_image_1 has_ratio\"><img decoding=\"async\" width=\"600\" height=\"327\" src=\"https:\/\/www.tablaosflamencos.com\/wp-content\/uploads\/bienal-de-flamenco-de-sevilla-2026-gratis-espectaculos-y-actividades-gratuitas-01-600x327.webp\" class=\"attachment-us_600_600 size-us_600_600 wp-post-image\" alt=\"Bienal de Flamenco de Sevilla 2026 gratis: espect\u00e1culos y actividades gratuitas\" loading=\"eager\" \/><div style=\"padding-bottom:66.6667%\"><\/div><\/div><div class=\"w-post-elm post_taxonomy usg_post_taxonomy_1 style_badge color_link_inherit\"><button class=\"w-btn us-btn-style_badge term-1430 term-bienal-flamenco-sevilha\" type=\"button\"><span class=\"w-btn-label\">Bienal de Flamenco de Sevilha<\/span><\/button><\/div><div class=\"w-vwrapper usg_vwrapper_1 align_none valign_top\" style=\"--vwrapper-gap: 0.7rem;\"><p class=\"w-post-elm post_title usg_post_title_1 color_link_inherit\">Bienal de Flamenco de Sevilha 2026 gr\u00e1tis: espet\u00e1culos e atividades gratuitas<\/p><div class=\"w-hwrapper usg_hwrapper_1 has_text_color align_none valign_top wrap\" style=\"--hwrapper-gap: 1.2rem;\"><time class=\"w-post-elm post_date usg_post_date_1 entry-date published\" datetime=\"2026-08-30T13:49:46+02:00\" title=\"30 Agosto 2026 \u00e0s 13:49:46 Europe\/Madrid\">H\u00e1 1 dia<\/time><\/div><div class=\"w-post-elm post_content usg_post_content_1\"><p>Descubra o que ver gr\u00e1tis na Bienal de Flamenco de Sevilha 2026: espet\u00e1culos de rua, cinema, preg\u00e3o e workshops, com datas e condi\u00e7\u00f5es de acesso.<\/p>\n<\/div><\/div>\t\t<\/div>\r\n\t\t\t<\/article>\r\n\t<article class=\"w-grid-item us_animate_afc size_1x1 post-13341 post type-post status-publish format-standard has-post-thumbnail hentry category-bienal-flamenco-sevilha tag-agenda-flamenca tag-bienal-2026 tag-bienal-de-flamenco tag-festivales-flamencos tag-flamenco-en-sevilla tag-noites-unicas tag-sevilla tag-tablaos-de-sevilla\" data-id=\"13341\" style=\"animation-delay:0.2s\">\r\n\t\t<div class=\"w-grid-item-h\">\r\n\t\t\t\t\t\t\t<a href=\"https:\/\/www.tablaosflamencos.com\/pt-pt\/noites-unicas-bienal-flamenco-sevilha-2026.html\" class=\"w-grid-item-anchor\" aria-label=\"Noites \u00danicas da Bienal de Flamenco de Sevilha 2026: calend\u00e1rio completo, artistas e bilhetes\"><\/a>\r\n\t\t\t\t\t\t<div class=\"w-post-elm post_image usg_post_image_1 has_ratio\"><img decoding=\"async\" width=\"600\" height=\"335\" src=\"https:\/\/www.tablaosflamencos.com\/wp-content\/uploads\/noches-unicas-de-la-bienal-de-flamenco-de-sevilla-2026-calendario-completo-artistas-y-entradas-01-600x335.webp\" class=\"attachment-us_600_600 size-us_600_600 wp-post-image\" alt=\"Noches \u00danicas de la Bienal de Flamenco de Sevilla 2026: calendario completo, artistas y entradas\" loading=\"eager\" \/><div style=\"padding-bottom:66.6667%\"><\/div><\/div><div class=\"w-post-elm post_taxonomy usg_post_taxonomy_1 style_badge color_link_inherit\"><button class=\"w-btn us-btn-style_badge term-1430 term-bienal-flamenco-sevilha\" type=\"button\"><span class=\"w-btn-label\">Bienal de Flamenco de Sevilha<\/span><\/button><\/div><div class=\"w-vwrapper usg_vwrapper_1 align_none valign_top\" style=\"--vwrapper-gap: 0.7rem;\"><p class=\"w-post-elm post_title usg_post_title_1 color_link_inherit\">Noites \u00danicas da Bienal de Flamenco de Sevilha 2026: calend\u00e1rio completo, artistas e bilhetes<\/p><div class=\"w-hwrapper usg_hwrapper_1 has_text_color align_none valign_top wrap\" style=\"--hwrapper-gap: 1.2rem;\"><time class=\"w-post-elm post_date usg_post_date_1 entry-date published\" datetime=\"2026-08-30T00:22:49+02:00\" title=\"30 Agosto 2026 \u00e0s 00:22:49 Europe\/Madrid\">H\u00e1 2 dias<\/time><\/div><div class=\"w-post-elm post_content usg_post_content_1\"><p>Calend\u00e1rio completo das 26 Noites \u00danicas da Bienal de Flamenco de Sevilha 2026: datas, artistas, espa\u00e7os, bilhetes, espet\u00e1culos esgotados e conselhos para escolher.<\/p>\n<\/div><\/div>\t\t<\/div>\r\n\t\t\t<\/article>\r\n\t<article class=\"w-grid-item us_animate_afc size_1x1 post-13320 post type-post status-publish format-standard has-post-thumbnail hentry category-bienal-flamenco-sevilha category-noticias-flamenco tag-agenda-flamenca tag-bienal-2026 tag-bienal-de-flamenco tag-festivales-flamencos tag-flamenco-en-sevilla tag-sevilla tag-tablaos-de-sevilla\" data-id=\"13320\" style=\"animation-delay:0.3s\">\r\n\t\t<div class=\"w-grid-item-h\">\r\n\t\t\t\t\t\t\t<a href=\"https:\/\/www.tablaosflamencos.com\/pt-pt\/bienal-flamenco-sevilha-2026-bilhetes-esgotados-alternativas.html\" class=\"w-grid-item-anchor\" aria-label=\"Bienal de Flamenco de Sevilha 2026: bilhetes esgotados e alternativas\"><\/a>\r\n\t\t\t\t\t\t<div class=\"w-post-elm post_image usg_post_image_1 has_ratio\"><img decoding=\"async\" width=\"600\" height=\"335\" src=\"https:\/\/www.tablaosflamencos.com\/wp-content\/uploads\/bienal-de-flamenco-2026-entradas-agotadas-y-que-ver-si-ya-no-encuentras-entradas-01-600x335.webp\" class=\"attachment-us_600_600 size-us_600_600 wp-post-image\" alt=\"Bienal de Flamenco 2026: entradas agotadas y qu\u00e9 ver si ya no encuentras entradas\" loading=\"eager\" \/><div style=\"padding-bottom:66.6667%\"><\/div><\/div><div class=\"w-post-elm post_taxonomy usg_post_taxonomy_1 style_badge color_link_inherit\"><div class=\"w-post-elm-list\"><button class=\"w-btn us-btn-style_badge term-1430 term-bienal-flamenco-sevilha\" type=\"button\"><span class=\"w-btn-label\">Bienal de Flamenco de Sevilha<\/span><\/button><button class=\"w-btn us-btn-style_badge term-375 term-noticias-flamenco\" type=\"button\"><span class=\"w-btn-label\">Not\u00edcias \/ Atualidade<\/span><\/button><\/div><\/div><div class=\"w-vwrapper usg_vwrapper_1 align_none valign_top\" style=\"--vwrapper-gap: 0.7rem;\"><p class=\"w-post-elm post_title usg_post_title_1 color_link_inherit\">Bienal de Flamenco de Sevilha 2026: bilhetes esgotados e alternativas<\/p><div class=\"w-hwrapper usg_hwrapper_1 has_text_color align_none valign_top wrap\" style=\"--hwrapper-gap: 1.2rem;\"><time class=\"w-post-elm post_date usg_post_date_1 entry-date published\" datetime=\"2026-08-29T23:27:34+02:00\" title=\"29 Agosto 2026 \u00e0s 23:27:34 Europe\/Madrid\">H\u00e1 2 dias<\/time><\/div><div class=\"w-post-elm post_content usg_post_content_1\"><p>A Bienal de Flamenco de Sevilha 2026 j\u00e1 tem numerosos espet\u00e1culos esgotados. Saiba o que fazer se n\u00e3o encontrar bilhete, que alternativas considerar e como continuar a viver o flamenco em Sevilha.<\/p>\n<\/div><\/div>\t\t<\/div>\r\n\t\t\t<\/article>\r\n\t<article class=\"w-grid-item us_animate_afc size_1x1 post-13044 post type-post status-publish format-standard has-post-thumbnail hentry category-bienal-flamenco-sevilha category-noticias-flamenco tag-bienal-2026 tag-bienal-de-flamenco tag-eventos-flamencos tag-festivais-de-flamenco tag-flamenco-em-sevilha tag-sevilha tag-tablaos-de-sevilha\" data-id=\"13044\" style=\"animation-delay:0.4s\">\r\n\t\t<div class=\"w-grid-item-h\">\r\n\t\t\t\t\t\t\t<a href=\"https:\/\/www.tablaosflamencos.com\/pt-pt\/bienal-flamenco-sevilha-2026.html\" class=\"w-grid-item-anchor\" aria-label=\"Bienal de Flamenco de Sevilha 2026: programa\u00e7\u00e3o, datas, espa\u00e7os e guia completo\"><\/a>\r\n\t\t\t\t\t\t<div class=\"w-post-elm post_image usg_post_image_1 has_ratio\"><img decoding=\"async\" width=\"600\" height=\"335\" src=\"https:\/\/www.tablaosflamencos.com\/wp-content\/uploads\/bienal-de-flamenco-de-sevilla-2026-programacion-fechas-espacios-y-guia-completa-01-600x335.webp\" class=\"attachment-us_600_600 size-us_600_600 wp-post-image\" alt=\"Bienal de Flamenco de Sevilla 2026: programaci\u00f3n, fechas, espacios y gu\u00eda completa\" loading=\"eager\" \/><div style=\"padding-bottom:66.6667%\"><\/div><\/div><div class=\"w-post-elm post_taxonomy usg_post_taxonomy_1 style_badge color_link_inherit\"><div class=\"w-post-elm-list\"><button class=\"w-btn us-btn-style_badge term-1430 term-bienal-flamenco-sevilha\" type=\"button\"><span class=\"w-btn-label\">Bienal de Flamenco de Sevilha<\/span><\/button><button class=\"w-btn us-btn-style_badge term-375 term-noticias-flamenco\" type=\"button\"><span class=\"w-btn-label\">Not\u00edcias \/ Atualidade<\/span><\/button><\/div><\/div><div class=\"w-vwrapper usg_vwrapper_1 align_none valign_top\" style=\"--vwrapper-gap: 0.7rem;\"><p class=\"w-post-elm post_title usg_post_title_1 color_link_inherit\">Bienal de Flamenco de Sevilha 2026: programa\u00e7\u00e3o, datas, espa\u00e7os e guia completo<\/p><div class=\"w-hwrapper usg_hwrapper_1 has_text_color align_none valign_top wrap\" style=\"--hwrapper-gap: 1.2rem;\"><time class=\"w-post-elm post_date usg_post_date_1 entry-date published\" datetime=\"2026-08-01T13:21:43+02:00\" title=\"1 Agosto 2026 \u00e0s 13:21:43 Europe\/Madrid\">H\u00e1 1 m\u00eas<\/time><\/div><div class=\"w-post-elm post_content usg_post_content_1\"><p>Guia completo da Bienal de Flamenco de Sevilha 2026: datas, programa\u00e7\u00e3o, artistas, espa\u00e7os, bilhetes e tablaos para completar a visita.<\/p>\n<\/div><\/div>\t\t<\/div>\r\n\t\t\t<\/article>\r\n<\/div><div class=\"g-preloader type_1\"><div><\/div><\/div><div class=\"w-grid-list-json hidden\" onclick='return {&quot;max_num_pages&quot;:0,&quot;paginationBase&quot;:&quot;page&quot;,&quot;pagination&quot;:&quot;none&quot;,&quot;paged&quot;:1,&quot;ajaxData&quot;:{&quot;action&quot;:&quot;us_ajax_post_list&quot;,&quot;meta_type&quot;:&quot;post&quot;,&quot;object_id&quot;:0,&quot;template_vars&quot;:{&quot;shortcode_base&quot;:&quot;us_post_list&quot;,&quot;paged&quot;:1,&quot;max_num_pages&quot;:0,&quot;no_results&quot;:false,&quot;us_post_content_design_css&quot;:[],&quot;found_posts&quot;:0,&quot;per_page&quot;:999,&quot;items_count&quot;:5,&quot;orderby_random_seed&quot;:null,&quot;source&quot;:&quot;all&quot;,&quot;custom_field_name&quot;:&quot;&quot;,&quot;ids&quot;:&quot;&quot;,&quot;post_type&quot;:&quot;post&quot;,&quot;attachment_ids&quot;:null,&quot;include_post_thumbnail&quot;:0,&quot;post_author&quot;:&quot;any&quot;,&quot;post_author_ids&quot;:&quot;&quot;,&quot;apply_url_params&quot;:0,&quot;ignore_sticky_posts&quot;:1,&quot;exclude_children&quot;:0,&quot;exclude_current_post&quot;:1,&quot;exclude_prev_posts&quot;:0,&quot;exclude_past_events&quot;:0,&quot;enable_items_offset&quot;:0,&quot;items_offset&quot;:&quot;1&quot;,&quot;tax_query_relation&quot;:&quot;AND&quot;,&quot;tax_query&quot;:&quot;%5B%7B%22operator%22%3A%22IN%22%2C%22taxonomy%22%3A%22category%22%2C%22terms%22%3A%221426%22%2C%22include_children%22%3A%220%22%7D%5D&quot;,&quot;meta_query_relation&quot;:&quot;none&quot;,&quot;meta_query&quot;:[{&quot;key&quot;:&quot;custom_field_name&quot;,&quot;compare&quot;:&quot;=&quot;,&quot;value&quot;:&quot;&quot;}],&quot;orderby&quot;:&quot;date&quot;,&quot;orderby_custom_field&quot;:&quot;&quot;,&quot;orderby_custom_type&quot;:0,&quot;order_invert&quot;:&quot;1&quot;,&quot;show_all&quot;:&quot;1&quot;,&quot;quantity&quot;:&quot;12&quot;,&quot;posts_per_archive_page&quot;:0,&quot;no_items_action&quot;:&quot;message&quot;,&quot;no_items_message&quot;:&quot;Nenhum resultado encontrado.&quot;,&quot;no_items_page_block&quot;:&quot;&quot;,&quot;pagination&quot;:&quot;none&quot;,&quot;pagination_style&quot;:&quot;&quot;,&quot;pagination_btn_text&quot;:&quot;Load More&quot;,&quot;pagination_btn_size&quot;:&quot;&quot;,&quot;pagination_btn_style&quot;:&quot;1&quot;,&quot;pagination_btn_fullwidth&quot;:0,&quot;items_layout&quot;:&quot;11042&quot;,&quot;type&quot;:&quot;grid&quot;,&quot;items_valign&quot;:0,&quot;ignore_items_size&quot;:0,&quot;columns&quot;:&quot;3&quot;,&quot;items_gap&quot;:&quot;1.5rem&quot;,&quot;load_animation&quot;:&quot;afc&quot;,&quot;items_preload_style&quot;:&quot;spinner&quot;,&quot;img_size&quot;:&quot;default&quot;,&quot;img_aspect_ratio&quot;:&quot;&quot;,&quot;title_size&quot;:&quot;&quot;,&quot;item_aspect_ratio&quot;:&quot;&quot;,&quot;overriding_link&quot;:&quot;%7B%22type%22%3A%22post%22%7D&quot;,&quot;popup_page_template&quot;:&quot;0&quot;,&quot;popup_width&quot;:&quot;&quot;,&quot;popup_arrows&quot;:1,&quot;breakpoint_1_width&quot;:&quot;1381px&quot;,&quot;breakpoint_1_cols&quot;:&quot;default&quot;,&quot;breakpoint_1_quantity&quot;:&quot;&quot;,&quot;breakpoint_1_gap&quot;:&quot;&quot;,&quot;breakpoint_2_width&quot;:&quot;1025px&quot;,&quot;breakpoint_2_cols&quot;:&quot;2&quot;,&quot;breakpoint_2_quantity&quot;:&quot;&quot;,&quot;breakpoint_2_gap&quot;:&quot;&quot;,&quot;breakpoint_3_width&quot;:&quot;601px&quot;,&quot;breakpoint_3_cols&quot;:&quot;1&quot;,&quot;breakpoint_3_quantity&quot;:&quot;&quot;,&quot;breakpoint_3_gap&quot;:&quot;&quot;,&quot;conditions_operator&quot;:&quot;always&quot;,&quot;conditions&quot;:[],&quot;css&quot;:null,&quot;el_class&quot;:&quot;&quot;,&quot;el_id&quot;:&quot;&quot;,&quot;enable_custom_html_atts&quot;:0,&quot;custom_html_atts&quot;:null,&quot;hide_on_states&quot;:&quot;&quot;,&quot;hide_for_sticky&quot;:0,&quot;hide_for_not_sticky&quot;:0,&quot;hide_below&quot;:&quot;0px&quot;,&quot;hide_above&quot;:&quot;0px&quot;,&quot;items_ratio&quot;:&quot;&quot;,&quot;items_ratio_width&quot;:&quot;&quot;,&quot;items_ratio_height&quot;:&quot;&quot;,&quot;classes&quot;:&quot;&quot;},&quot;found_posts&quot;:0,&quot;per_page&quot;:999},&quot;facetedFilter&quot;:[]}'><\/div><\/div><\/div><\/div><\/div><\/div><\/div><\/section><section class=\"l-section wpb_row height_huge\"><div class=\"l-section-h i-cf\"><div class=\"g-cols vc_row via_flex valign_top type_default stacking_default\"><div class=\"vc_col-sm-4 wpb_column vc_column_container\"><div class=\"vc_column-inner\"><div class=\"wpb_wrapper\"><div class=\"wpb_text_column\"><div class=\"wpb_wrapper\"><h3>Guia completo da Bienal 2026<\/h3>\n<p>Datas, programa\u00e7\u00e3o, espa\u00e7os, artistas, bilhetes e recomenda\u00e7\u00f5es pr\u00e1ticas num guia geral para compreender a edi\u00e7\u00e3o de 2026.<\/p>\n<\/div><\/div><div class=\"w-btn-wrapper align_none\"><a class=\"w-btn us-btn-style_1\" href=\"https:\/\/www.tablaosflamencos.com\/pt-pt\/bienal-flamenco-sevilha-2026.html\"><span class=\"w-btn-label\">Ler o guia completo<\/span><\/a><\/div><\/div><\/div><\/div><div class=\"vc_col-sm-4 wpb_column vc_column_container\"><div class=\"vc_column-inner\"><div class=\"wpb_wrapper\"><div class=\"wpb_text_column\"><div class=\"wpb_wrapper\"><h3>Noites \u00danicas<\/h3>\n<p>Consulte o calend\u00e1rio, os artistas e os pontos-chave de uma das propostas mais singulares da programa\u00e7\u00e3o da Bienal.<\/p>\n<\/div><\/div><div class=\"w-btn-wrapper align_none\"><a class=\"w-btn us-btn-style_1\" href=\"https:\/\/www.tablaosflamencos.com\/pt-pt\/noites-unicas-bienal-flamenco-sevilha-2026.html\"><span class=\"w-btn-label\">Ver Noites \u00danicas<\/span><\/a><\/div><\/div><\/div><\/div><div class=\"vc_col-sm-4 wpb_column vc_column_container\"><div class=\"vc_column-inner\"><div class=\"wpb_wrapper\"><div class=\"wpb_text_column\"><div class=\"wpb_wrapper\"><h3>Bienal gr\u00e1tis<\/h3>\n<p>Descubra espet\u00e1culos, exposi\u00e7\u00f5es e atividades gratuitas para desfrutar do ambiente da Bienal sem depender apenas das sess\u00f5es pagas.<\/p>\n<\/div><\/div><div class=\"w-btn-wrapper align_none\"><a class=\"w-btn us-btn-style_1\" href=\"https:\/\/www.tablaosflamencos.com\/pt-pt\/bienal-flamenco-sevilha-2026-gratis.html\"><span class=\"w-btn-label\">Ver atividades gratuitas<\/span><\/a><\/div><\/div><\/div><\/div><\/div><\/div><\/section><section class=\"l-section wpb_row height_huge color_alternate with_shape\"><div class=\"l-section-shape type_zigzag pos_top\" style=\"height:3vmin;\"><svg xmlns=\"http:\/\/www.w3.org\/2000\/svg\" viewBox=\"0 0 64 8\" preserveAspectRatio=\"none\" width=\"100%\" height=\"100%\">\r\n\t<path fill=\"currentColor\" d=\"M64 8 L0 8 L0 0 L20 7.9 L40 3 L48 5 L64 0 Z\"\/>\r\n<\/svg><\/div><div class=\"l-section-shape type_zigzag pos_bottom\" style=\"height:3vmin;\"><svg xmlns=\"http:\/\/www.w3.org\/2000\/svg\" viewBox=\"0 0 64 8\" preserveAspectRatio=\"none\" width=\"100%\" height=\"100%\">\r\n\t<path fill=\"currentColor\" d=\"M64 8 L0 8 L0 0 L20 7.9 L40 3 L48 5 L64 0 Z\"\/>\r\n<\/svg><\/div><div class=\"l-section-h i-cf\"><div class=\"g-cols vc_row via_flex valign_top type_default stacking_default\"><div class=\"vc_col-sm-6 wpb_column vc_column_container\"><div class=\"vc_column-inner\"><div class=\"wpb_wrapper\"><div class=\"wpb_text_column\"><div class=\"wpb_wrapper\"><h2>Muito mais do que a programa\u00e7\u00e3o oficial<\/h2>\n<p>A Bienal transforma Sevilha durante v\u00e1rias semanas. Para al\u00e9m dos espet\u00e1culos principais, a cidade acolhe exposi\u00e7\u00f5es, atividades paralelas, propostas gratuitas e encontros ligados ao flamenco.<\/p>\n<p>A nossa cobertura ir\u00e1 acrescentando conte\u00fados espec\u00edficos sobre <strong>grandes estreias, artistas, espa\u00e7os, exposi\u00e7\u00f5es, atividades pr\u00e9vias e oportunidades de \u00faltima hora<\/strong>. Esta landing page funcionar\u00e1 como um \u00edndice vivo de tudo o que precisa de saber sobre cada edi\u00e7\u00e3o.<\/p>\n<\/div><\/div><\/div><\/div><\/div><div class=\"vc_col-sm-6 wpb_column vc_column_container\"><div class=\"vc_column-inner\"><div class=\"wpb_wrapper\"><div class=\"wpb_text_column\"><div class=\"wpb_wrapper\"><h2>Viaja para Sevilha durante a Bienal?<\/h2>\n<p>A programa\u00e7\u00e3o oficial pode ser combinada com a oferta flamenca permanente da cidade. Se n\u00e3o encontrar bilhetes para um espet\u00e1culo, tiver uma noite livre ou quiser comparar o formato de um grande teatro com uma experi\u00eancia mais pr\u00f3xima, tamb\u00e9m pode reservar um tablao flamenco.<\/p>\n<p>Na Tablaos Flamencos reunimos diferentes op\u00e7\u00f5es em Sevilha para consultar hor\u00e1rios, caracter\u00edsticas e disponibilidade.<\/p>\n<\/div><\/div><div class=\"w-btn-wrapper align_none\"><a class=\"w-btn us-btn-style_1\" href=\"https:\/\/www.tablaosflamencos.com\/pt-pt\/flamenco-em-sevilha\"><span class=\"w-btn-label\">Ver flamenco em Sevilha<\/span><\/a><\/div><\/div><\/div><\/div><\/div><\/div><\/section><section class=\"l-section wpb_row height_huge width_custom\" style=\"--site-content-width:850px;\"><div class=\"l-section-h i-cf\"><div class=\"g-cols vc_row via_flex valign_top type_default stacking_default\"><div class=\"vc_col-sm-1\/5 wpb_column vc_column_container\"><div class=\"vc_column-inner\"><div class=\"wpb_wrapper\"><\/div><\/div><\/div><div class=\"vc_col-sm-3\/5 wpb_column vc_column_container\"><div class=\"vc_column-inner\"><div class=\"wpb_wrapper\"><div class=\"wpb_text_column\"><div class=\"wpb_wrapper\"><h2 style=\"text-align: center;\">Perguntas frequentes sobre a Bienal de Flamenco de Sevilha<\/h2>\n<\/div><\/div><div class=\"w-separator size_medium\"><\/div><div class=\"w-tabs accordion toggle_style_1 has_scrolling\" style=\"--sections-title-size:inherit;--sections-gap:0.5rem;\"><div class=\"w-tabs-sections titles-align_none icon_chevron cpos_right\"><div class=\"w-tabs-section\" id=\"rd58\"><button type=\"button\" class=\"w-tabs-section-header\" aria-controls=\"content-rd58\" aria-expanded=\"false\"><div class=\"w-tabs-section-title\">O que \u00e9 a Bienal de Flamenco de Sevilha?<\/div><div class=\"w-tabs-section-control\"><\/div><\/button><div  class=\"w-tabs-section-content\" id=\"content-rd58\"><div class=\"w-tabs-section-content-h i-cf\"><div class=\"wpb_text_column\"><div class=\"wpb_wrapper\"><p>\u00c9 um dos grandes festivais internacionais dedicados ao flamenco. Realiza-se de dois em dois anos em Sevilha e re\u00fane espet\u00e1culos de cante, dan\u00e7a e guitarra, novas produ\u00e7\u00f5es, estreias e atividades culturais em diferentes espa\u00e7os da cidade.<\/p>\n<\/div><\/div><\/div><\/div><\/div><div class=\"w-tabs-section\" id=\"se79\"><button type=\"button\" class=\"w-tabs-section-header\" aria-controls=\"content-se79\" aria-expanded=\"false\"><div class=\"w-tabs-section-title\">Quando se realiza a Bienal de Flamenco de Sevilha 2026?<\/div><div class=\"w-tabs-section-control\"><\/div><\/button><div  class=\"w-tabs-section-content\" id=\"content-se79\"><div class=\"w-tabs-section-content-h i-cf\"><div class=\"wpb_text_column\"><div class=\"wpb_wrapper\"><p>A XXIV Bienal de Flamenco de Sevilha realiza-se de 9 de setembro a 3 de outubro de 2026.<\/p>\n<\/div><\/div><\/div><\/div><\/div><div class=\"w-tabs-section\" id=\"qf60\"><button type=\"button\" class=\"w-tabs-section-header\" aria-controls=\"content-qf60\" aria-expanded=\"false\"><div class=\"w-tabs-section-title\">Onde posso consultar as novidades da Bienal?<\/div><div class=\"w-tabs-section-control\"><\/div><\/button><div  class=\"w-tabs-section-content\" id=\"content-qf60\"><div class=\"w-tabs-section-content-h i-cf\"><div class=\"wpb_text_column\"><div class=\"wpb_wrapper\"><p>Nesta p\u00e1gina reunimos num \u00fanico local todas as publica\u00e7\u00f5es da Tablaos Flamencos dedicadas \u00e0 Bienal: programa\u00e7\u00e3o, artistas, estreias, exposi\u00e7\u00f5es, atividades gratuitas, bilhetes e recomenda\u00e7\u00f5es pr\u00e1ticas.<\/p>\n<\/div><\/div><\/div><\/div><\/div><div class=\"w-tabs-section\" id=\"f030\"><button type=\"button\" class=\"w-tabs-section-header\" aria-controls=\"content-f030\" aria-expanded=\"false\"><div class=\"w-tabs-section-title\">O que posso fazer se n\u00e3o conseguir bilhetes para a Bienal?<\/div><div class=\"w-tabs-section-control\"><\/div><\/button><div  class=\"w-tabs-section-content\" id=\"content-f030\"><div class=\"w-tabs-section-content-h i-cf\"><div class=\"wpb_text_column\"><div class=\"wpb_wrapper\"><p>Para al\u00e9m das atividades gratuitas e paralelas da Bienal, Sevilha mant\u00e9m durante todo o ano uma ampla oferta de tablaos flamencos. \u00c9 uma alternativa \u00fatil para completar uma noite sem espet\u00e1culo ou quando uma sess\u00e3o oficial est\u00e1 esgotada.<\/p>\n<\/div><\/div><\/div><\/div><\/div><\/div><\/div><\/div><\/div><\/div><div class=\"vc_col-sm-1\/5 wpb_column vc_column_container\"><div class=\"vc_column-inner\"><div class=\"wpb_wrapper\"><\/div><\/div><\/div><\/div><\/div><\/section><section class=\"l-section wpb_row height_huge color_alternate with_shape\"><div class=\"l-section-shape type_zigzag pos_top\" style=\"height:3vmin;\"><svg xmlns=\"http:\/\/www.w3.org\/2000\/svg\" viewBox=\"0 0 64 8\" preserveAspectRatio=\"none\" width=\"100%\" height=\"100%\">\r\n\t<path fill=\"currentColor\" d=\"M64 8 L0 8 L0 0 L20 7.9 L40 3 L48 5 L64 0 Z\"\/>\r\n<\/svg><\/div><div class=\"l-section-h i-cf\"><div class=\"g-cols vc_row via_flex valign_top type_default stacking_default\"><div class=\"vc_col-sm-12 wpb_column vc_column_container\"><div class=\"vc_column-inner\"><div class=\"wpb_wrapper\"><div class=\"wpb_text_column\"><div class=\"wpb_wrapper\"><h2 style=\"text-align: center;\">Acompanhe toda a Bienal com a Tablaos Flamencos<\/h2>\n<p style=\"text-align: center;\">Atualizaremos esta p\u00e1gina com novos guias e not\u00edcias \u00e0 medida que a edi\u00e7\u00e3o avance. Guarde este espa\u00e7o como refer\u00eancia para acompanhar a Bienal de Flamenco de Sevilha e organizar a sua experi\u00eancia flamenca na cidade.<\/p>\n<\/div><\/div><div class=\"w-separator size_medium\"><\/div><div class=\"w-hwrapper valign_top wrap stack_on_mobiles align_center\" style=\"--hwrapper-gap:1.2rem\"><div class=\"w-btn-wrapper align_none\"><a class=\"w-btn us-btn-style_1\" href=\"#actualidad-bienal\"><span class=\"w-btn-label\">Ver todos os artigos da Bienal<\/span><\/a><\/div><div class=\"w-btn-wrapper align_none\"><a class=\"w-btn us-btn-style_11\" href=\"https:\/\/www.tablaosflamencos.com\/pt-pt\/flamenco-em-sevilha\"><span class=\"w-btn-label\">Reservar flamenco em Sevilha<\/span><\/a><\/div><\/div><\/div><\/div><\/div><\/div><\/div><\/section>\n","protected":false},"excerpt":{"rendered":"Bienal de Flamenco de Sevilha 2026: um dos grandes encontros internacionais do flamenco A Bienal de Flamenco de Sevilha 2026 voltar\u00e1 a transformar a capital andaluza num dos grandes centros internacionais da arte jondo. De 9 de setembro a 3 de outubro de 2026, Sevilha acolher\u00e1 uma programa\u00e7\u00e3o particularmente intensa de cante, baile, guitarra, estreias...","protected":false},"author":1,"featured_media":13031,"parent":0,"menu_order":0,"comment_status":"closed","ping_status":"closed","template":"","meta":{"_acf_changed":false,"wpai_generated_summary":"","_ayudawp_aiss_exclude":false,"_ayudawp_aiss_exclude_summary":false,"footnotes":""},"class_list":["post-13602","page","type-page","status-publish","has-post-thumbnail","hentry"],"acf":[],"yoast_head":"<!-- This site is optimized with the Yoast SEO Premium plugin v28.3 (Yoast SEO v28.3) - https:\/\/yoast.com\/product\/yoast-seo-premium-wordpress\/ -->\n<title>Bienal de Flamenco de Sevilha 2026: not\u00edcias e guias<\/title>\n<meta name=\"description\" content=\"Acompanhe a Bienal de Flamenco de Sevilha 2026: not\u00edcias, programa\u00e7\u00e3o, artistas, estreias, bilhetes, atividades e guias pr\u00e1ticos.\" \/>\n<meta name=\"robots\" content=\"index, follow, max-snippet:-1, max-image-preview:large, max-video-preview:-1\" \/>\n<link rel=\"canonical\" href=\"https:\/\/www.tablaosflamencos.com\/pt-pt\/bienal-flamenco-sevilha\" \/>\n<meta property=\"og:locale\" content=\"pt_PT\" \/>\n<meta property=\"og:type\" content=\"article\" \/>\n<meta property=\"og:title\" content=\"Bienal de Flamenco de Sevilha\" \/>\n<meta property=\"og:description\" content=\"Acompanhe a Bienal de Flamenco de Sevilha 2026: not\u00edcias, programa\u00e7\u00e3o, artistas, estreias, bilhetes, atividades e guias pr\u00e1ticos.\" \/>\n<meta property=\"og:url\" content=\"https:\/\/www.tablaosflamencos.com\/pt-pt\/bienal-flamenco-sevilha\" \/>\n<meta property=\"og:site_name\" content=\"Tablaos Flamencos\" \/>\n<meta property=\"article:publisher\" content=\"https:\/\/www.facebook.com\/tablaosflamencos\" \/>\n<meta property=\"article:modified_time\" content=\"2026-08-31T13:17:03+00:00\" \/>\n<meta property=\"og:image\" content=\"https:\/\/www.tablaosflamencos.com\/wp-content\/uploads\/bienal-de-flamenco-de-sevilla-2026-programacion-fechas-espacios-y-guia-completa-01.webp\" \/>\n\t<meta property=\"og:image:width\" content=\"1920\" \/>\n\t<meta property=\"og:image:height\" content=\"1072\" \/>\n\t<meta property=\"og:image:type\" content=\"image\/webp\" \/>\n<meta name=\"twitter:card\" content=\"summary_large_image\" \/>\n<meta name=\"twitter:site\" content=\"@tablaosflamenco\" \/>\n<meta name=\"twitter:label1\" content=\"Tempo estimado de leitura\" \/>\n\t<meta name=\"twitter:data1\" content=\"7 minutos\" \/>\n<script type=\"application\/ld+json\" class=\"yoast-schema-graph\">{\"@context\":\"https:\\\/\\\/schema.org\",\"@graph\":[{\"@type\":\"WebPage\",\"@id\":\"https:\\\/\\\/www.tablaosflamencos.com\\\/pt-pt\\\/bienal-flamenco-sevilha\",\"url\":\"https:\\\/\\\/www.tablaosflamencos.com\\\/pt-pt\\\/bienal-flamenco-sevilha\",\"name\":\"Bienal de Flamenco de Sevilha 2026: not\u00edcias e guias\",\"isPartOf\":{\"@id\":\"https:\\\/\\\/www.tablaosflamencos.com\\\/pt-pt#website\"},\"primaryImageOfPage\":{\"@id\":\"https:\\\/\\\/www.tablaosflamencos.com\\\/pt-pt\\\/bienal-flamenco-sevilha#primaryimage\"},\"image\":{\"@id\":\"https:\\\/\\\/www.tablaosflamencos.com\\\/pt-pt\\\/bienal-flamenco-sevilha#primaryimage\"},\"thumbnailUrl\":\"https:\\\/\\\/www.tablaosflamencos.com\\\/wp-content\\\/uploads\\\/bienal-de-flamenco-de-sevilla-2026-programacion-fechas-espacios-y-guia-completa-01.webp\",\"datePublished\":\"2026-08-31T13:04:28+00:00\",\"dateModified\":\"2026-08-31T13:17:03+00:00\",\"description\":\"Acompanhe a Bienal de Flamenco de Sevilha 2026: not\u00edcias, programa\u00e7\u00e3o, artistas, estreias, bilhetes, atividades e guias pr\u00e1ticos.\",\"breadcrumb\":{\"@id\":\"https:\\\/\\\/www.tablaosflamencos.com\\\/pt-pt\\\/bienal-flamenco-sevilha#breadcrumb\"},\"inLanguage\":\"pt-PT\",\"potentialAction\":[{\"@type\":\"ReadAction\",\"target\":[\"https:\\\/\\\/www.tablaosflamencos.com\\\/pt-pt\\\/bienal-flamenco-sevilha\"]}]},{\"@type\":\"ImageObject\",\"inLanguage\":\"pt-PT\",\"@id\":\"https:\\\/\\\/www.tablaosflamencos.com\\\/pt-pt\\\/bienal-flamenco-sevilha#primaryimage\",\"url\":\"https:\\\/\\\/www.tablaosflamencos.com\\\/wp-content\\\/uploads\\\/bienal-de-flamenco-de-sevilla-2026-programacion-fechas-espacios-y-guia-completa-01.webp\",\"contentUrl\":\"https:\\\/\\\/www.tablaosflamencos.com\\\/wp-content\\\/uploads\\\/bienal-de-flamenco-de-sevilla-2026-programacion-fechas-espacios-y-guia-completa-01.webp\",\"width\":1920,\"height\":1072,\"caption\":\"Bienal de Flamenco de Sevilla 2026: programaci\u00f3n, fechas, espacios y gu\u00eda completa\"},{\"@type\":\"BreadcrumbList\",\"@id\":\"https:\\\/\\\/www.tablaosflamencos.com\\\/pt-pt\\\/bienal-flamenco-sevilha#breadcrumb\",\"itemListElement\":[{\"@type\":\"ListItem\",\"position\":1,\"name\":\"Home\",\"item\":\"https:\\\/\\\/www.tablaosflamencos.com\\\/pt-pt\"},{\"@type\":\"ListItem\",\"position\":2,\"name\":\"Bienal de Flamenco de Sevilha\"}]},{\"@type\":\"WebSite\",\"@id\":\"https:\\\/\\\/www.tablaosflamencos.com\\\/pt-pt#website\",\"url\":\"https:\\\/\\\/www.tablaosflamencos.com\\\/pt-pt\",\"name\":\"Tablaos Flamencos\",\"description\":\"Entradas para tablaos flamencos de Espa\u00f1a\",\"publisher\":{\"@id\":\"https:\\\/\\\/www.tablaosflamencos.com\\\/pt-pt#organization\"},\"alternateName\":\"Tablaos Flamencos\",\"potentialAction\":[{\"@type\":\"SearchAction\",\"target\":{\"@type\":\"EntryPoint\",\"urlTemplate\":\"https:\\\/\\\/www.tablaosflamencos.com\\\/pt-pt?s={search_term_string}\"},\"query-input\":{\"@type\":\"PropertyValueSpecification\",\"valueRequired\":true,\"valueName\":\"search_term_string\"}}],\"inLanguage\":\"pt-PT\"},{\"@type\":[\"Organization\",\"Place\",\"EntertainmentBusiness\"],\"@id\":\"https:\\\/\\\/www.tablaosflamencos.com\\\/pt-pt#organization\",\"name\":\"Tablaos Flamencos\",\"alternateName\":\"Tablaos Flamencos\",\"url\":\"https:\\\/\\\/www.tablaosflamencos.com\\\/pt-pt\",\"logo\":{\"@id\":\"https:\\\/\\\/www.tablaosflamencos.com\\\/pt-pt\\\/bienal-flamenco-sevilha#local-main-organization-logo\"},\"image\":{\"@id\":\"https:\\\/\\\/www.tablaosflamencos.com\\\/pt-pt\\\/bienal-flamenco-sevilha#local-main-organization-logo\"},\"sameAs\":[\"https:\\\/\\\/www.facebook.com\\\/tablaosflamencos\",\"https:\\\/\\\/x.com\\\/tablaosflamenco\",\"https:\\\/\\\/mastodon.social\\\/@tablaosflamencos\",\"https:\\\/\\\/www.instagram.com\\\/tablaosflamencos\",\"https:\\\/\\\/tiktok.com\\\/@tablaosflamencos\",\"https:\\\/\\\/www.linkedin.com\\\/company\\\/109408238\\\/\"],\"description\":\"Venta de entradas para espect\u00e1culos flamencos\",\"legalName\":\"Tablaos Flamencos\",\"foundingDate\":\"2015-01-01\",\"numberOfEmployees\":{\"@type\":\"QuantitativeValue\",\"minValue\":\"1\",\"maxValue\":\"10\"},\"address\":{\"@id\":\"https:\\\/\\\/www.tablaosflamencos.com\\\/pt-pt\\\/bienal-flamenco-sevilha#local-main-place-address\"},\"geo\":{\"@type\":\"GeoCoordinates\",\"latitude\":\"37.3868072\",\"longitude\":\"-5.993280299999999\"},\"telephone\":[\"+34623787787\"],\"contactPoint\":{\"@type\":\"ContactPoint\",\"telephone\":\"+34623787787\",\"email\":\"info@tablaosflamencos.com\"},\"openingHoursSpecification\":{\"@type\":\"OpeningHoursSpecification\",\"dayOfWeek\":[\"Monday\",\"Tuesday\",\"Wednesday\",\"Thursday\",\"Friday\",\"Saturday\",\"Sunday\"],\"opens\":\"00:00\",\"closes\":\"23:59\"},\"email\":\"info@tablaosflamencos.com\",\"priceRange\":\"$$$\",\"currenciesAccepted\":\"\u20ac\"},{\"@type\":\"PostalAddress\",\"@id\":\"https:\\\/\\\/www.tablaosflamencos.com\\\/pt-pt\\\/bienal-flamenco-sevilha#local-main-place-address\",\"streetAddress\":\"C\\\/ Alemanes, 19\",\"addressLocality\":\"Sevilla\",\"postalCode\":\"41004\",\"addressRegion\":\"Sevilla\",\"addressCountry\":\"ES\"},{\"@type\":\"ImageObject\",\"inLanguage\":\"pt-PT\",\"@id\":\"https:\\\/\\\/www.tablaosflamencos.com\\\/pt-pt\\\/bienal-flamenco-sevilha#local-main-organization-logo\",\"url\":\"https:\\\/\\\/www.tablaosflamencos.com\\\/wp-content\\\/uploads\\\/tablaos-flamencos-06-3.webp\",\"contentUrl\":\"https:\\\/\\\/www.tablaosflamencos.com\\\/wp-content\\\/uploads\\\/tablaos-flamencos-06-3.webp\",\"width\":600,\"height\":620,\"caption\":\"Tablaos Flamencos\"}]}<\/script>\n<meta name=\"geo.placename\" content=\"Sevilla\" \/>\n<meta name=\"geo.position\" content=\"37.3868072;-5.993280299999999\" \/>\n<meta name=\"geo.region\" content=\"Espanha\" \/>\n<!-- \/ Yoast SEO Premium plugin. -->","yoast_head_json":{"title":"Bienal de Flamenco de Sevilha 2026: not\u00edcias e guias","description":"Acompanhe a Bienal de Flamenco de Sevilha 2026: not\u00edcias, programa\u00e7\u00e3o, artistas, estreias, bilhetes, atividades e guias pr\u00e1ticos.","robots":{"index":"index","follow":"follow","max-snippet":"max-snippet:-1","max-image-preview":"max-image-preview:large","max-video-preview":"max-video-preview:-1"},"canonical":"https:\/\/www.tablaosflamencos.com\/pt-pt\/bienal-flamenco-sevilha","og_locale":"pt_PT","og_type":"article","og_title":"Bienal de Flamenco de Sevilha","og_description":"Acompanhe a Bienal de Flamenco de Sevilha 2026: not\u00edcias, programa\u00e7\u00e3o, artistas, estreias, bilhetes, atividades e guias pr\u00e1ticos.","og_url":"https:\/\/www.tablaosflamencos.com\/pt-pt\/bienal-flamenco-sevilha","og_site_name":"Tablaos Flamencos","article_publisher":"https:\/\/www.facebook.com\/tablaosflamencos","article_modified_time":"2026-08-31T13:17:03+00:00","og_image":[{"width":1920,"height":1072,"url":"https:\/\/www.tablaosflamencos.com\/wp-content\/uploads\/bienal-de-flamenco-de-sevilla-2026-programacion-fechas-espacios-y-guia-completa-01.webp","type":"image\/webp"}],"twitter_card":"summary_large_image","twitter_site":"@tablaosflamenco","twitter_misc":{"Tempo estimado de leitura":"7 minutos"},"schema":{"@context":"https:\/\/schema.org","@graph":[{"@type":"WebPage","@id":"https:\/\/www.tablaosflamencos.com\/pt-pt\/bienal-flamenco-sevilha","url":"https:\/\/www.tablaosflamencos.com\/pt-pt\/bienal-flamenco-sevilha","name":"Bienal de Flamenco de Sevilha 2026: not\u00edcias e guias","isPartOf":{"@id":"https:\/\/www.tablaosflamencos.com\/pt-pt#website"},"primaryImageOfPage":{"@id":"https:\/\/www.tablaosflamencos.com\/pt-pt\/bienal-flamenco-sevilha#primaryimage"},"image":{"@id":"https:\/\/www.tablaosflamencos.com\/pt-pt\/bienal-flamenco-sevilha#primaryimage"},"thumbnailUrl":"https:\/\/www.tablaosflamencos.com\/wp-content\/uploads\/bienal-de-flamenco-de-sevilla-2026-programacion-fechas-espacios-y-guia-completa-01.webp","datePublished":"2026-08-31T13:04:28+00:00","dateModified":"2026-08-31T13:17:03+00:00","description":"Acompanhe a Bienal de Flamenco de Sevilha 2026: not\u00edcias, programa\u00e7\u00e3o, artistas, estreias, bilhetes, atividades e guias pr\u00e1ticos.","breadcrumb":{"@id":"https:\/\/www.tablaosflamencos.com\/pt-pt\/bienal-flamenco-sevilha#breadcrumb"},"inLanguage":"pt-PT","potentialAction":[{"@type":"ReadAction","target":["https:\/\/www.tablaosflamencos.com\/pt-pt\/bienal-flamenco-sevilha"]}]},{"@type":"ImageObject","inLanguage":"pt-PT","@id":"https:\/\/www.tablaosflamencos.com\/pt-pt\/bienal-flamenco-sevilha#primaryimage","url":"https:\/\/www.tablaosflamencos.com\/wp-content\/uploads\/bienal-de-flamenco-de-sevilla-2026-programacion-fechas-espacios-y-guia-completa-01.webp","contentUrl":"https:\/\/www.tablaosflamencos.com\/wp-content\/uploads\/bienal-de-flamenco-de-sevilla-2026-programacion-fechas-espacios-y-guia-completa-01.webp","width":1920,"height":1072,"caption":"Bienal de Flamenco de Sevilla 2026: programaci\u00f3n, fechas, espacios y gu\u00eda completa"},{"@type":"BreadcrumbList","@id":"https:\/\/www.tablaosflamencos.com\/pt-pt\/bienal-flamenco-sevilha#breadcrumb","itemListElement":[{"@type":"ListItem","position":1,"name":"Home","item":"https:\/\/www.tablaosflamencos.com\/pt-pt"},{"@type":"ListItem","position":2,"name":"Bienal de Flamenco de Sevilha"}]},{"@type":"WebSite","@id":"https:\/\/www.tablaosflamencos.com\/pt-pt#website","url":"https:\/\/www.tablaosflamencos.com\/pt-pt","name":"Tablaos Flamencos","description":"Entradas para tablaos flamencos de Espa\u00f1a","publisher":{"@id":"https:\/\/www.tablaosflamencos.com\/pt-pt#organization"},"alternateName":"Tablaos Flamencos","potentialAction":[{"@type":"SearchAction","target":{"@type":"EntryPoint","urlTemplate":"https:\/\/www.tablaosflamencos.com\/pt-pt?s={search_term_string}"},"query-input":{"@type":"PropertyValueSpecification","valueRequired":true,"valueName":"search_term_string"}}],"inLanguage":"pt-PT"},{"@type":["Organization","Place","EntertainmentBusiness"],"@id":"https:\/\/www.tablaosflamencos.com\/pt-pt#organization","name":"Tablaos Flamencos","alternateName":"Tablaos Flamencos","url":"https:\/\/www.tablaosflamencos.com\/pt-pt","logo":{"@id":"https:\/\/www.tablaosflamencos.com\/pt-pt\/bienal-flamenco-sevilha#local-main-organization-logo"},"image":{"@id":"https:\/\/www.tablaosflamencos.com\/pt-pt\/bienal-flamenco-sevilha#local-main-organization-logo"},"sameAs":["https:\/\/www.facebook.com\/tablaosflamencos","https:\/\/x.com\/tablaosflamenco","https:\/\/mastodon.social\/@tablaosflamencos","https:\/\/www.instagram.com\/tablaosflamencos","https:\/\/tiktok.com\/@tablaosflamencos","https:\/\/www.linkedin.com\/company\/109408238\/"],"description":"Venta de entradas para espect\u00e1culos flamencos","legalName":"Tablaos Flamencos","foundingDate":"2015-01-01","numberOfEmployees":{"@type":"QuantitativeValue","minValue":"1","maxValue":"10"},"address":{"@id":"https:\/\/www.tablaosflamencos.com\/pt-pt\/bienal-flamenco-sevilha#local-main-place-address"},"geo":{"@type":"GeoCoordinates","latitude":"37.3868072","longitude":"-5.993280299999999"},"telephone":["+34623787787"],"contactPoint":{"@type":"ContactPoint","telephone":"+34623787787","email":"info@tablaosflamencos.com"},"openingHoursSpecification":{"@type":"OpeningHoursSpecification","dayOfWeek":["Monday","Tuesday","Wednesday","Thursday","Friday","Saturday","Sunday"],"opens":"00:00","closes":"23:59"},"email":"info@tablaosflamencos.com","priceRange":"$$$","currenciesAccepted":"\u20ac"},{"@type":"PostalAddress","@id":"https:\/\/www.tablaosflamencos.com\/pt-pt\/bienal-flamenco-sevilha#local-main-place-address","streetAddress":"C\/ Alemanes, 19","addressLocality":"Sevilla","postalCode":"41004","addressRegion":"Sevilla","addressCountry":"ES"},{"@type":"ImageObject","inLanguage":"pt-PT","@id":"https:\/\/www.tablaosflamencos.com\/pt-pt\/bienal-flamenco-sevilha#local-main-organization-logo","url":"https:\/\/www.tablaosflamencos.com\/wp-content\/uploads\/tablaos-flamencos-06-3.webp","contentUrl":"https:\/\/www.tablaosflamencos.com\/wp-content\/uploads\/tablaos-flamencos-06-3.webp","width":600,"height":620,"caption":"Tablaos Flamencos"}]},"geo.placename":"Sevilla","geo.position":{"lat":"37.3868072","long":"-5.993280299999999"},"geo.region":"Espanha"},"_links":{"self":[{"href":"https:\/\/www.tablaosflamencos.com\/pt-pt\/wp-json\/wp\/v2\/pages\/13602","targetHints":{"allow":["GET"]}}],"collection":[{"href":"https:\/\/www.tablaosflamencos.com\/pt-pt\/wp-json\/wp\/v2\/pages"}],"about":[{"href":"https:\/\/www.tablaosflamencos.com\/pt-pt\/wp-json\/wp\/v2\/types\/page"}],"author":[{"embeddable":true,"href":"https:\/\/www.tablaosflamencos.com\/pt-pt\/wp-json\/wp\/v2\/users\/1"}],"replies":[{"embeddable":true,"href":"https:\/\/www.tablaosflamencos.com\/pt-pt\/wp-json\/wp\/v2\/comments?post=13602"}],"version-history":[{"count":1,"href":"https:\/\/www.tablaosflamencos.com\/pt-pt\/wp-json\/wp\/v2\/pages\/13602\/revisions"}],"predecessor-version":[{"id":13612,"href":"https:\/\/www.tablaosflamencos.com\/pt-pt\/wp-json\/wp\/v2\/pages\/13602\/revisions\/13612"}],"wp:featuredmedia":[{"embeddable":true,"href":"https:\/\/www.tablaosflamencos.com\/pt-pt\/wp-json\/wp\/v2\/media\/13031"}],"wp:attachment":[{"href":"https:\/\/www.tablaosflamencos.com\/pt-pt\/wp-json\/wp\/v2\/media?parent=13602"}],"curies":[{"name":"wp","href":"https:\/\/api.w.org\/{rel}","templated":true}]}}