{"id":13603,"date":"2026-08-31T15:04:28","date_gmt":"2026-08-31T13:04:28","guid":{"rendered":"https:\/\/www.tablaosflamencos.com\/?page_id=13603"},"modified":"2026-08-31T15:17:40","modified_gmt":"2026-08-31T13:17:40","slug":"flamencobiennale-sevilla","status":"publish","type":"page","link":"https:\/\/www.tablaosflamencos.com\/nl\/flamencobiennale-sevilla","title":{"rendered":"Flamencobi\u00ebnnale van Sevilla"},"content":{"rendered":"<section class=\"l-section wpb_row height_huge color_primary with_img with_shape\"><div class=\"l-section-img\" role=\"img\" aria-label=\"Bienal de Flamenco de Sevilla 2026: programaci\u00f3n, fechas, espacios y gu\u00eda completa\" data-img-width=\"1920\" data-img-height=\"1072\" style=\"background-image: url(https:\/\/www.tablaosflamencos.com\/wp-content\/uploads\/bienal-de-flamenco-de-sevilla-2026-programacion-fechas-espacios-y-guia-completa-01.webp);\"><\/div><div class=\"l-section-overlay\" style=\"background:rgba(0,0,0,0.55)\"><\/div><div class=\"l-section-shape type_zigzag pos_bottom\" style=\"height:3vmin;\"><svg xmlns=\"http:\/\/www.w3.org\/2000\/svg\" viewBox=\"0 0 64 8\" preserveAspectRatio=\"none\" width=\"100%\" height=\"100%\">\r\n\t<path fill=\"currentColor\" d=\"M64 8 L0 8 L0 0 L20 7.9 L40 3 L48 5 L64 0 Z\"\/>\r\n<\/svg><\/div><div class=\"l-section-h i-cf\"><div class=\"g-cols vc_row via_flex valign_top type_default stacking_default\"><div class=\"vc_col-sm-12 wpb_column vc_column_container\"><div class=\"vc_column-inner\"><div class=\"wpb_wrapper\"><h1 class=\"w-post-elm post_title align_center color_link_inherit\">Flamencobi\u00ebnnale van Sevilla<\/h1><div class=\"wpb_text_column\"><div class=\"wpb_wrapper\"><p style=\"text-align: center; text-transform: uppercase;\">Gidsen, nieuws, programma en belangrijke informatie om het grote flamenco-evenement in Sevilla te beleven<\/p>\n<\/div><\/div><div class=\"w-separator size_small\"><\/div><div class=\"w-hwrapper valign_top wrap stack_on_mobiles align_center\" style=\"--hwrapper-gap:1.2rem\"><div class=\"w-btn-wrapper align_none\"><a class=\"w-btn us-btn-style_1\" href=\"#actualidad-bienal\"><span class=\"w-btn-label\">Bekijk alle artikelen<\/span><\/a><\/div><div class=\"w-btn-wrapper align_none\"><a class=\"w-btn us-btn-style_4\" href=\"https:\/\/www.tablaosflamencos.com\/nl\/flamenco-biennale-sevilla-2026.html\"><span class=\"w-btn-label\">Complete gids Bi\u00ebnnale 2026<\/span><\/a><\/div><\/div><\/div><\/div><\/div><\/div><\/div><\/section><section class=\"l-section wpb_row height_huge color_alternate with_shape\"><div class=\"l-section-shape type_zigzag pos_bottom\" style=\"height:3vmin;\"><svg xmlns=\"http:\/\/www.w3.org\/2000\/svg\" viewBox=\"0 0 64 8\" preserveAspectRatio=\"none\" width=\"100%\" height=\"100%\">\r\n\t<path fill=\"currentColor\" d=\"M64 8 L0 8 L0 0 L20 7.9 L40 3 L48 5 L64 0 Z\"\/>\r\n<\/svg><\/div><div class=\"l-section-h i-cf\"><div class=\"g-cols vc_row via_flex valign_top type_default stacking_default\"><div class=\"vc_col-sm-6 wpb_column vc_column_container\"><div class=\"vc_column-inner\"><div class=\"wpb_wrapper\"><div class=\"wpb_text_column\"><div class=\"wpb_wrapper\"><h2>Flamencobi\u00ebnnale van Sevilla<\/h2>\n<p>De <strong>Flamencobi\u00ebnnale van Sevilla<\/strong> is een van de grote internationale evenementen rond de flamencokunst. Om de twee jaar brengt de stad gevestigde namen, nieuwe generaties en makers uit verschillende disciplines samen in theaters, erfgoedlocaties en stedelijke ruimtes.<\/p>\n<p>Deze pagina is het centrale punt voor al onze berichtgeving over de Bi\u00ebnnale: <strong>programma, artiesten, premi\u00e8res, tickets, gratis activiteiten, tentoonstellingen, locaties en praktische tips<\/strong> voor wie het festival in Sevilla beleeft of er speciaal voor naartoe reist.<\/p>\n<\/div><\/div><\/div><\/div><\/div><div class=\"vc_col-sm-6 wpb_column vc_column_container\"><div class=\"vc_column-inner\"><div class=\"wpb_wrapper\"><div class=\"wpb_text_column\"><div class=\"wpb_wrapper\"><h2>De editie van 2026<\/h2>\n<p>De 24e Bi\u00ebnnale vindt plaats van <strong>9 september tot 3 oktober 2026<\/strong>. Naarmate de data dichterbij komen en er nieuws verschijnt, breiden we deze landingspagina uit met nieuwe specifieke gidsen.<\/p>\n<p>Het idee is eenvoudig: gebruik deze pagina als een levende index om de Bi\u00ebnnale te volgen, te ontdekken wat extra aandacht verdient en je bezoek aan Sevilla te organiseren.<\/p>\n<\/div><\/div><\/div><\/div><\/div><\/div><\/div><\/section><section class=\"l-section wpb_row height_huge\"><div class=\"l-section-h i-cf\"><div class=\"g-cols vc_row via_flex valign_top type_default stacking_default\"><div class=\"vc_col-sm-12 wpb_column vc_column_container\"><div class=\"vc_column-inner\"><div class=\"wpb_wrapper\"><div class=\"wpb_text_column\"><div class=\"wpb_wrapper\"><p style=\"text-align: center; font-size: 32px;\"><strong>9 SEP \u2014 3 OKT<\/strong><\/p>\n<h3 style=\"text-align: center;\">Data<\/h3>\n<p style=\"text-align: center;\">Bijna vier weken flamenco door heel Sevilla.<\/p>\n<\/div><\/div><\/div><\/div><\/div><div class=\"vc_col-sm-12 wpb_column vc_column_container\"><div class=\"vc_column-inner\"><div class=\"wpb_wrapper\"><div class=\"wpb_text_column\"><div class=\"wpb_wrapper\"><p style=\"text-align: center; font-size: 32px;\"><strong>72<\/strong><\/p>\n<h3 style=\"text-align: center;\">Voorstellingen<\/h3>\n<p style=\"text-align: center;\">Een uitgebreid programma verdeeld over verschillende formats.<\/p>\n<\/div><\/div><\/div><\/div><\/div><div class=\"vc_col-sm-12 wpb_column vc_column_container\"><div class=\"vc_column-inner\"><div class=\"wpb_wrapper\"><div class=\"wpb_text_column\"><div class=\"wpb_wrapper\"><p style=\"text-align: center; font-size: 32px;\"><strong>22<\/strong><\/p>\n<h3 style=\"text-align: center;\">Wereldpremi\u00e8res<\/h3>\n<p style=\"text-align: center;\">Nieuwe werken die voor het eerst in Sevilla worden gepresenteerd.<\/p>\n<\/div><\/div><\/div><\/div><\/div><div class=\"vc_col-sm-12 wpb_column vc_column_container\"><div class=\"vc_column-inner\"><div class=\"wpb_wrapper\"><div class=\"wpb_text_column\"><div class=\"wpb_wrapper\"><p style=\"text-align: center; font-size: 32px;\"><strong>11<\/strong><\/p>\n<h3 style=\"text-align: center;\">Locaties<\/h3>\n<p style=\"text-align: center;\">Theaters en bijzondere locaties maken deel uit van het festival.<\/p>\n<\/div><\/div><\/div><\/div><\/div><\/div><\/div><\/section><section class=\"l-section wpb_row height_huge color_alternate with_shape\"><div class=\"l-section-shape type_zigzag pos_top hor_flip\" style=\"height:3vmin;\"><svg xmlns=\"http:\/\/www.w3.org\/2000\/svg\" viewBox=\"0 0 64 8\" preserveAspectRatio=\"none\" width=\"100%\" height=\"100%\">\r\n\t<path fill=\"currentColor\" d=\"M64 8 L0 8 L0 0 L20 7.9 L40 3 L48 5 L64 0 Z\"\/>\r\n<\/svg><\/div><div class=\"l-section-shape type_zigzag pos_bottom\" style=\"height:3vmin;\"><svg xmlns=\"http:\/\/www.w3.org\/2000\/svg\" viewBox=\"0 0 64 8\" preserveAspectRatio=\"none\" width=\"100%\" height=\"100%\">\r\n\t<path fill=\"currentColor\" d=\"M64 8 L0 8 L0 0 L20 7.9 L40 3 L48 5 L64 0 Z\"\/>\r\n<\/svg><\/div><div class=\"l-section-h i-cf\"><div class=\"g-cols vc_row via_flex valign_top type_default stacking_default\"><div class=\"vc_col-sm-12 wpb_column vc_column_container\"><div class=\"vc_column-inner\"><div class=\"wpb_wrapper\"><div class=\"wpb_text_column\"><div class=\"wpb_wrapper\"><h2 id=\"actualidad-bienal\" style=\"text-align: center;\">Alles over de Flamencobi\u00ebnnale van Sevilla<\/h2>\n<p style=\"text-align: center;\">Hier verzamelen we al het nieuws, de gidsen en de inhoud die we over de Bi\u00ebnnale publiceren. De lijst wordt automatisch bijgewerkt met nieuwe artikelen uit onze speciale rubriek.<\/p>\n<\/div><\/div><div class=\"w-separator size_medium\"><\/div><div class=\"w-grid us_post_list type_grid layout_11042 cols_3 preload_style_spinner with_css_animation overflow_hidden\" id=\"us_post_list_o481\" style=\"--columns:3;--gap:1.5rem;\"><style>@media (max-width:1024px){#us_post_list_o481{--columns:2!important}}@media (max-width:600px){#us_post_list_o481{--columns:1!important}}.layout_11042 .w-grid-item-h{background:var(--color-content-bg);color:var(--color-content-text);box-shadow:0 0.03rem 0.06rem rgba(0,0,0,0.1),0 0.1rem 0.3rem rgba(0,0,0,0.1);transition-duration:0.3s}.no-touch .layout_11042 .w-grid-item-h:hover{box-shadow:0 0.1rem 0.2rem rgba(0,0,0,0.1),0 0.33rem 1rem rgba(0,0,0,0.15);z-index:4}.layout_11042 .usg_post_image_1{margin-bottom:-2rem!important}.layout_11042 .usg_post_title_1{font-size:1.2rem!important}.layout_11042 .usg_vwrapper_1{margin-top:2rem!important;padding:9% 11% 11% 11%!important}.layout_11042 .usg_post_taxonomy_1{font-weight:700!important;text-transform:uppercase!important;font-size:10px!important;position:absolute!important;z-index:2!important;top:1.2rem!important;right:1.2rem!important;left:1.2rem!important}.layout_11042 .usg_hwrapper_1{color:var(--color-content-faded)!important;font-size:0.9rem!important}<\/style><div class=\"w-grid-list\">\t<article class=\"w-grid-item us_animate_afc size_1x1 post-13501 post type-post status-publish format-standard has-post-thumbnail hentry category-flamencobiennale category-flamenco-nieuws tag-agenda-flamenca tag-bienal-2026 tag-bienal-de-flamenco tag-carlos-martin-ballester-nl tag-de-blauwe-nacht tag-festivales-flamencos tag-flamenco-en-sevilla tag-flamenco-opera-nl tag-koninklijke-artilleriefabriek tag-sevilla\" data-id=\"13501\" style=\"animation-delay:0s\">\r\n\t\t<div class=\"w-grid-item-h\">\r\n\t\t\t\t\t\t\t<a href=\"https:\/\/www.tablaosflamencos.com\/nl\/de-blauwe-nacht-flamenco-opera-biennale-sevilla-2026.html\" class=\"w-grid-item-anchor\" aria-label=\"De Blauwe Nacht: de Bi\u00ebnnale-tentoonstelling over het tijdperk van de flamenco-opera\"><\/a>\r\n\t\t\t\t\t\t<div class=\"w-post-elm post_image usg_post_image_1 has_ratio\"><img fetchpriority=\"high\" decoding=\"async\" width=\"600\" height=\"335\" src=\"https:\/\/www.tablaosflamencos.com\/wp-content\/uploads\/la-noche-azul-la-exposicion-de-la-bienal-sobre-la-epoca-de-la-opera-flamenca-01-1-600x335.webp\" class=\"attachment-us_600_600 size-us_600_600 wp-post-image\" alt=\"La noche azul: la exposici\u00f3n de la Bienal sobre la \u00e9poca de la \u00d3pera Flamenca\" loading=\"eager\" \/><div style=\"padding-bottom:66.6667%\"><\/div><\/div><div class=\"w-post-elm post_taxonomy usg_post_taxonomy_1 style_badge color_link_inherit\"><div class=\"w-post-elm-list\"><button class=\"w-btn us-btn-style_badge term-1432 term-flamencobiennale\" type=\"button\"><span class=\"w-btn-label\">Flamencobi\u00ebnnale<\/span><\/button><button class=\"w-btn us-btn-style_badge term-376 term-flamenco-nieuws\" type=\"button\"><span class=\"w-btn-label\">Nieuws \/ Updates<\/span><\/button><\/div><\/div><div class=\"w-vwrapper usg_vwrapper_1 align_none valign_top\" style=\"--vwrapper-gap: 0.7rem;\"><p class=\"w-post-elm post_title usg_post_title_1 color_link_inherit\">De Blauwe Nacht: de Bi\u00ebnnale-tentoonstelling over het tijdperk van de flamenco-opera<\/p><div class=\"w-hwrapper usg_hwrapper_1 has_text_color align_none valign_top wrap\" style=\"--hwrapper-gap: 1.2rem;\"><time class=\"w-post-elm post_date usg_post_date_1 entry-date published\" datetime=\"2026-08-30T15:09:23+02:00\" title=\"30 augustus 2026 om 15:09:23 Europe\/Madrid\">1 dag geleden<\/time><\/div><div class=\"w-post-elm post_content usg_post_content_1\"><p>De Blauwe Nacht belicht het tijdperk van de flamenco-opera aan de hand van circa 150 historische stukken in de Koninklijke Artilleriefabriek van Sevilla.<\/p>\n<\/div><\/div>\t\t<\/div>\r\n\t\t\t<\/article>\r\n\t<article class=\"w-grid-item us_animate_afc size_1x1 post-13464 post type-post status-publish format-standard has-post-thumbnail hentry category-flamencobiennale tag-agenda-flamenca tag-bienal-2026 tag-bienal-de-flamenco tag-festivales-flamencos tag-flamenco-en-sevilla tag-sevilla\" data-id=\"13464\" style=\"animation-delay:0.1s\">\r\n\t\t<div class=\"w-grid-item-h\">\r\n\t\t\t\t\t\t\t<a href=\"https:\/\/www.tablaosflamencos.com\/nl\/flamencobiennale-sevilla-2026-gratis.html\" class=\"w-grid-item-anchor\" aria-label=\"Flamencobi\u00ebnnale Sevilla 2026 gratis: voorstellingen en gratis activiteiten\"><\/a>\r\n\t\t\t\t\t\t<div class=\"w-post-elm post_image usg_post_image_1 has_ratio\"><img decoding=\"async\" width=\"600\" height=\"327\" src=\"https:\/\/www.tablaosflamencos.com\/wp-content\/uploads\/bienal-de-flamenco-de-sevilla-2026-gratis-espectaculos-y-actividades-gratuitas-01-600x327.webp\" class=\"attachment-us_600_600 size-us_600_600 wp-post-image\" alt=\"Bienal de Flamenco de Sevilla 2026 gratis: espect\u00e1culos y actividades gratuitas\" loading=\"eager\" \/><div style=\"padding-bottom:66.6667%\"><\/div><\/div><div class=\"w-post-elm post_taxonomy usg_post_taxonomy_1 style_badge color_link_inherit\"><button class=\"w-btn us-btn-style_badge term-1432 term-flamencobiennale\" type=\"button\"><span class=\"w-btn-label\">Flamencobi\u00ebnnale<\/span><\/button><\/div><div class=\"w-vwrapper usg_vwrapper_1 align_none valign_top\" style=\"--vwrapper-gap: 0.7rem;\"><p class=\"w-post-elm post_title usg_post_title_1 color_link_inherit\">Flamencobi\u00ebnnale Sevilla 2026 gratis: voorstellingen en gratis activiteiten<\/p><div class=\"w-hwrapper usg_hwrapper_1 has_text_color align_none valign_top wrap\" style=\"--hwrapper-gap: 1.2rem;\"><time class=\"w-post-elm post_date usg_post_date_1 entry-date published\" datetime=\"2026-08-30T13:49:46+02:00\" title=\"30 augustus 2026 om 13:49:46 Europe\/Madrid\">1 dag geleden<\/time><\/div><div class=\"w-post-elm post_content usg_post_content_1\"><p>Ontdek wat je gratis kunt zien tijdens de Flamencobi\u00ebnnale Sevilla 2026: straatshows, film, openingsact en workshops, met data en toegangsvoorwaarden.<\/p>\n<\/div><\/div>\t\t<\/div>\r\n\t\t\t<\/article>\r\n\t<article class=\"w-grid-item us_animate_afc size_1x1 post-13344 post type-post status-publish format-standard has-post-thumbnail hentry category-flamencobiennale tag-agenda-flamenca tag-bienal-2026 tag-bienal-de-flamenco tag-festivales-flamencos tag-flamenco-en-sevilla tag-sevilla tag-tablaos-de-sevilla tag-unieke-avonden\" data-id=\"13344\" style=\"animation-delay:0.2s\">\r\n\t\t<div class=\"w-grid-item-h\">\r\n\t\t\t\t\t\t\t<a href=\"https:\/\/www.tablaosflamencos.com\/nl\/unieke-avonden-flamenco-biennale-sevilla-2026.html\" class=\"w-grid-item-anchor\" aria-label=\"Unieke Avonden van de Flamenco Bi\u00ebnnale Sevilla 2026: volledige kalender, artiesten en tickets\"><\/a>\r\n\t\t\t\t\t\t<div class=\"w-post-elm post_image usg_post_image_1 has_ratio\"><img decoding=\"async\" width=\"600\" height=\"335\" src=\"https:\/\/www.tablaosflamencos.com\/wp-content\/uploads\/noches-unicas-de-la-bienal-de-flamenco-de-sevilla-2026-calendario-completo-artistas-y-entradas-01-600x335.webp\" class=\"attachment-us_600_600 size-us_600_600 wp-post-image\" alt=\"Noches \u00danicas de la Bienal de Flamenco de Sevilla 2026: calendario completo, artistas y entradas\" loading=\"eager\" \/><div style=\"padding-bottom:66.6667%\"><\/div><\/div><div class=\"w-post-elm post_taxonomy usg_post_taxonomy_1 style_badge color_link_inherit\"><button class=\"w-btn us-btn-style_badge term-1432 term-flamencobiennale\" type=\"button\"><span class=\"w-btn-label\">Flamencobi\u00ebnnale<\/span><\/button><\/div><div class=\"w-vwrapper usg_vwrapper_1 align_none valign_top\" style=\"--vwrapper-gap: 0.7rem;\"><p class=\"w-post-elm post_title usg_post_title_1 color_link_inherit\">Unieke Avonden van de Flamenco Bi\u00ebnnale Sevilla 2026: volledige kalender, artiesten en tickets<\/p><div class=\"w-hwrapper usg_hwrapper_1 has_text_color align_none valign_top wrap\" style=\"--hwrapper-gap: 1.2rem;\"><time class=\"w-post-elm post_date usg_post_date_1 entry-date published\" datetime=\"2026-08-30T00:22:49+02:00\" title=\"30 augustus 2026 om 00:22:49 Europe\/Madrid\">2 dagen geleden<\/time><\/div><div class=\"w-post-elm post_content usg_post_content_1\"><p>Volledige kalender van de 26 Unieke Avonden van de Flamenco Bi\u00ebnnale Sevilla 2026: data, artiesten, locaties, tickets, uitverkochte voorstellingen en tips om te kiezen.<\/p>\n<\/div><\/div>\t\t<\/div>\r\n\t\t\t<\/article>\r\n\t<article class=\"w-grid-item us_animate_afc size_1x1 post-13322 post type-post status-publish format-standard has-post-thumbnail hentry category-flamencobiennale category-flamenco-nieuws tag-agenda-flamenca tag-bienal-2026 tag-bienal-de-flamenco tag-festivales-flamencos tag-flamenco-en-sevilla tag-sevilla tag-tablaos-de-sevilla\" data-id=\"13322\" style=\"animation-delay:0.3s\">\r\n\t\t<div class=\"w-grid-item-h\">\r\n\t\t\t\t\t\t\t<a href=\"https:\/\/www.tablaosflamencos.com\/nl\/flamencobiennale-sevilla-2026-uitverkocht-alternatieven.html\" class=\"w-grid-item-anchor\" aria-label=\"Flamencobi\u00ebnnale Sevilla 2026: uitverkochte tickets en alternatieven\"><\/a>\r\n\t\t\t\t\t\t<div class=\"w-post-elm post_image usg_post_image_1 has_ratio\"><img decoding=\"async\" width=\"600\" height=\"335\" src=\"https:\/\/www.tablaosflamencos.com\/wp-content\/uploads\/bienal-de-flamenco-2026-entradas-agotadas-y-que-ver-si-ya-no-encuentras-entradas-01-600x335.webp\" class=\"attachment-us_600_600 size-us_600_600 wp-post-image\" alt=\"Bienal de Flamenco 2026: entradas agotadas y qu\u00e9 ver si ya no encuentras entradas\" loading=\"eager\" \/><div style=\"padding-bottom:66.6667%\"><\/div><\/div><div class=\"w-post-elm post_taxonomy usg_post_taxonomy_1 style_badge color_link_inherit\"><div class=\"w-post-elm-list\"><button class=\"w-btn us-btn-style_badge term-1432 term-flamencobiennale\" type=\"button\"><span class=\"w-btn-label\">Flamencobi\u00ebnnale<\/span><\/button><button class=\"w-btn us-btn-style_badge term-376 term-flamenco-nieuws\" type=\"button\"><span class=\"w-btn-label\">Nieuws \/ Updates<\/span><\/button><\/div><\/div><div class=\"w-vwrapper usg_vwrapper_1 align_none valign_top\" style=\"--vwrapper-gap: 0.7rem;\"><p class=\"w-post-elm post_title usg_post_title_1 color_link_inherit\">Flamencobi\u00ebnnale Sevilla 2026: uitverkochte tickets en alternatieven<\/p><div class=\"w-hwrapper usg_hwrapper_1 has_text_color align_none valign_top wrap\" style=\"--hwrapper-gap: 1.2rem;\"><time class=\"w-post-elm post_date usg_post_date_1 entry-date published\" datetime=\"2026-08-29T23:27:34+02:00\" title=\"29 augustus 2026 om 23:27:34 Europe\/Madrid\">2 dagen geleden<\/time><\/div><div class=\"w-post-elm post_content usg_post_content_1\"><p>Voor de Flamencobi\u00ebnnale Sevilla 2026 zijn al veel voorstellingen uitverkocht. Ontdek wat u kunt doen zonder uw gewenste ticket, welke alternatieven er zijn en hoe u toch flamenco in Sevilla kunt beleven.<\/p>\n<\/div><\/div>\t\t<\/div>\r\n\t\t\t<\/article>\r\n\t<article class=\"w-grid-item us_animate_afc size_1x1 post-13039 post type-post status-publish format-standard has-post-thumbnail hentry category-flamencobiennale category-flamenco-nieuws tag-biennale-2026 tag-flamenco-in-sevilla tag-flamenco-evenementen tag-flamencobiennale tag-flamencofestivals tag-sevilla tag-tablaos-in-sevilla\" data-id=\"13039\" style=\"animation-delay:0.4s\">\r\n\t\t<div class=\"w-grid-item-h\">\r\n\t\t\t\t\t\t\t<a href=\"https:\/\/www.tablaosflamencos.com\/nl\/flamenco-biennale-sevilla-2026.html\" class=\"w-grid-item-anchor\" aria-label=\"Flamencobi\u00ebnnale van Sevilla 2026: programma, data, locaties en complete gids\"><\/a>\r\n\t\t\t\t\t\t<div class=\"w-post-elm post_image usg_post_image_1 has_ratio\"><img decoding=\"async\" width=\"600\" height=\"335\" src=\"https:\/\/www.tablaosflamencos.com\/wp-content\/uploads\/bienal-de-flamenco-de-sevilla-2026-programacion-fechas-espacios-y-guia-completa-01-600x335.webp\" class=\"attachment-us_600_600 size-us_600_600 wp-post-image\" alt=\"Bienal de Flamenco de Sevilla 2026: programaci\u00f3n, fechas, espacios y gu\u00eda completa\" loading=\"eager\" \/><div style=\"padding-bottom:66.6667%\"><\/div><\/div><div class=\"w-post-elm post_taxonomy usg_post_taxonomy_1 style_badge color_link_inherit\"><div class=\"w-post-elm-list\"><button class=\"w-btn us-btn-style_badge term-1432 term-flamencobiennale\" type=\"button\"><span class=\"w-btn-label\">Flamencobi\u00ebnnale<\/span><\/button><button class=\"w-btn us-btn-style_badge term-376 term-flamenco-nieuws\" type=\"button\"><span class=\"w-btn-label\">Nieuws \/ Updates<\/span><\/button><\/div><\/div><div class=\"w-vwrapper usg_vwrapper_1 align_none valign_top\" style=\"--vwrapper-gap: 0.7rem;\"><p class=\"w-post-elm post_title usg_post_title_1 color_link_inherit\">Flamencobi\u00ebnnale van Sevilla 2026: programma, data, locaties en complete gids<\/p><div class=\"w-hwrapper usg_hwrapper_1 has_text_color align_none valign_top wrap\" style=\"--hwrapper-gap: 1.2rem;\"><time class=\"w-post-elm post_date usg_post_date_1 entry-date published\" datetime=\"2026-08-01T13:21:43+02:00\" title=\"1 augustus 2026 om 13:21:43 Europe\/Madrid\">1 maand geleden<\/time><\/div><div class=\"w-post-elm post_content usg_post_content_1\"><p>Complete gids voor de Flamencobi\u00ebnnale van Sevilla 2026: data, programma, artiesten, locaties, tickets en tablaos voor je bezoek.<\/p>\n<\/div><\/div>\t\t<\/div>\r\n\t\t\t<\/article>\r\n<\/div><div class=\"g-preloader type_1\"><div><\/div><\/div><div class=\"w-grid-list-json hidden\" onclick='return {&quot;max_num_pages&quot;:0,&quot;paginationBase&quot;:&quot;page&quot;,&quot;pagination&quot;:&quot;none&quot;,&quot;paged&quot;:1,&quot;ajaxData&quot;:{&quot;action&quot;:&quot;us_ajax_post_list&quot;,&quot;meta_type&quot;:&quot;post&quot;,&quot;object_id&quot;:0,&quot;template_vars&quot;:{&quot;shortcode_base&quot;:&quot;us_post_list&quot;,&quot;paged&quot;:1,&quot;max_num_pages&quot;:0,&quot;no_results&quot;:false,&quot;us_post_content_design_css&quot;:[],&quot;found_posts&quot;:0,&quot;per_page&quot;:999,&quot;items_count&quot;:5,&quot;orderby_random_seed&quot;:null,&quot;source&quot;:&quot;all&quot;,&quot;custom_field_name&quot;:&quot;&quot;,&quot;ids&quot;:&quot;&quot;,&quot;post_type&quot;:&quot;post&quot;,&quot;attachment_ids&quot;:null,&quot;include_post_thumbnail&quot;:0,&quot;post_author&quot;:&quot;any&quot;,&quot;post_author_ids&quot;:&quot;&quot;,&quot;apply_url_params&quot;:0,&quot;ignore_sticky_posts&quot;:1,&quot;exclude_children&quot;:0,&quot;exclude_current_post&quot;:1,&quot;exclude_prev_posts&quot;:0,&quot;exclude_past_events&quot;:0,&quot;enable_items_offset&quot;:0,&quot;items_offset&quot;:&quot;1&quot;,&quot;tax_query_relation&quot;:&quot;AND&quot;,&quot;tax_query&quot;:&quot;%5B%7B%22operator%22%3A%22IN%22%2C%22taxonomy%22%3A%22category%22%2C%22terms%22%3A%221426%22%2C%22include_children%22%3A%220%22%7D%5D&quot;,&quot;meta_query_relation&quot;:&quot;none&quot;,&quot;meta_query&quot;:[{&quot;key&quot;:&quot;custom_field_name&quot;,&quot;compare&quot;:&quot;=&quot;,&quot;value&quot;:&quot;&quot;}],&quot;orderby&quot;:&quot;date&quot;,&quot;orderby_custom_field&quot;:&quot;&quot;,&quot;orderby_custom_type&quot;:0,&quot;order_invert&quot;:&quot;1&quot;,&quot;show_all&quot;:&quot;1&quot;,&quot;quantity&quot;:&quot;12&quot;,&quot;posts_per_archive_page&quot;:0,&quot;no_items_action&quot;:&quot;message&quot;,&quot;no_items_message&quot;:&quot;Geen resultaten gevonden.&quot;,&quot;no_items_page_block&quot;:&quot;&quot;,&quot;pagination&quot;:&quot;none&quot;,&quot;pagination_style&quot;:&quot;&quot;,&quot;pagination_btn_text&quot;:&quot;Laad meer&quot;,&quot;pagination_btn_size&quot;:&quot;&quot;,&quot;pagination_btn_style&quot;:&quot;1&quot;,&quot;pagination_btn_fullwidth&quot;:0,&quot;items_layout&quot;:&quot;11042&quot;,&quot;type&quot;:&quot;grid&quot;,&quot;items_valign&quot;:0,&quot;ignore_items_size&quot;:0,&quot;columns&quot;:&quot;3&quot;,&quot;items_gap&quot;:&quot;1.5rem&quot;,&quot;load_animation&quot;:&quot;afc&quot;,&quot;items_preload_style&quot;:&quot;spinner&quot;,&quot;img_size&quot;:&quot;default&quot;,&quot;img_aspect_ratio&quot;:&quot;&quot;,&quot;title_size&quot;:&quot;&quot;,&quot;item_aspect_ratio&quot;:&quot;&quot;,&quot;overriding_link&quot;:&quot;%7B%22type%22%3A%22post%22%7D&quot;,&quot;popup_page_template&quot;:&quot;0&quot;,&quot;popup_width&quot;:&quot;&quot;,&quot;popup_arrows&quot;:1,&quot;breakpoint_1_width&quot;:&quot;1381px&quot;,&quot;breakpoint_1_cols&quot;:&quot;default&quot;,&quot;breakpoint_1_quantity&quot;:&quot;&quot;,&quot;breakpoint_1_gap&quot;:&quot;&quot;,&quot;breakpoint_2_width&quot;:&quot;1025px&quot;,&quot;breakpoint_2_cols&quot;:&quot;2&quot;,&quot;breakpoint_2_quantity&quot;:&quot;&quot;,&quot;breakpoint_2_gap&quot;:&quot;&quot;,&quot;breakpoint_3_width&quot;:&quot;601px&quot;,&quot;breakpoint_3_cols&quot;:&quot;1&quot;,&quot;breakpoint_3_quantity&quot;:&quot;&quot;,&quot;breakpoint_3_gap&quot;:&quot;&quot;,&quot;conditions_operator&quot;:&quot;always&quot;,&quot;conditions&quot;:[],&quot;css&quot;:null,&quot;el_class&quot;:&quot;&quot;,&quot;el_id&quot;:&quot;&quot;,&quot;enable_custom_html_atts&quot;:0,&quot;custom_html_atts&quot;:null,&quot;hide_on_states&quot;:&quot;&quot;,&quot;hide_for_sticky&quot;:0,&quot;hide_for_not_sticky&quot;:0,&quot;hide_below&quot;:&quot;0px&quot;,&quot;hide_above&quot;:&quot;0px&quot;,&quot;items_ratio&quot;:&quot;&quot;,&quot;items_ratio_width&quot;:&quot;&quot;,&quot;items_ratio_height&quot;:&quot;&quot;,&quot;classes&quot;:&quot;&quot;},&quot;found_posts&quot;:0,&quot;per_page&quot;:999},&quot;facetedFilter&quot;:[]}'><\/div><\/div><\/div><\/div><\/div><\/div><\/div><\/section><section class=\"l-section wpb_row height_huge\"><div class=\"l-section-h i-cf\"><div class=\"g-cols vc_row via_flex valign_top type_default stacking_default\"><div class=\"vc_col-sm-4 wpb_column vc_column_container\"><div class=\"vc_column-inner\"><div class=\"wpb_wrapper\"><div class=\"wpb_text_column\"><div class=\"wpb_wrapper\"><h3>Complete gids voor de Bi\u00ebnnale 2026<\/h3>\n<p>Data, programma, locaties, artiesten, tickets en praktische aanbevelingen in een algemene gids om de editie van 2026 te begrijpen.<\/p>\n<\/div><\/div><div class=\"w-btn-wrapper align_none\"><a class=\"w-btn us-btn-style_1\" href=\"https:\/\/www.tablaosflamencos.com\/nl\/flamenco-biennale-sevilla-2026.html\"><span class=\"w-btn-label\">Lees de complete gids<\/span><\/a><\/div><\/div><\/div><\/div><div class=\"vc_col-sm-4 wpb_column vc_column_container\"><div class=\"vc_column-inner\"><div class=\"wpb_wrapper\"><div class=\"wpb_text_column\"><div class=\"wpb_wrapper\"><h3>Unieke Avonden<\/h3>\n<p>Bekijk de kalender, artiesten en belangrijkste kenmerken van een van de meest bijzondere onderdelen van het programma van de Bi\u00ebnnale.<\/p>\n<\/div><\/div><div class=\"w-btn-wrapper align_none\"><a class=\"w-btn us-btn-style_1\" href=\"https:\/\/www.tablaosflamencos.com\/nl\/unieke-avonden-flamenco-biennale-sevilla-2026.html\"><span class=\"w-btn-label\">Bekijk Unieke Avonden<\/span><\/a><\/div><\/div><\/div><\/div><div class=\"vc_col-sm-4 wpb_column vc_column_container\"><div class=\"vc_column-inner\"><div class=\"wpb_wrapper\"><div class=\"wpb_text_column\"><div class=\"wpb_wrapper\"><h3>Gratis Bi\u00ebnnale<\/h3>\n<p>Ontdek gratis voorstellingen, tentoonstellingen en activiteiten om de sfeer van de Bi\u00ebnnale te beleven zonder alleen afhankelijk te zijn van betaalde voorstellingen.<\/p>\n<\/div><\/div><div class=\"w-btn-wrapper align_none\"><a class=\"w-btn us-btn-style_1\" href=\"https:\/\/www.tablaosflamencos.com\/nl\/flamencobiennale-sevilla-2026-gratis.html\"><span class=\"w-btn-label\">Bekijk gratis activiteiten<\/span><\/a><\/div><\/div><\/div><\/div><\/div><\/div><\/section><section class=\"l-section wpb_row height_huge color_alternate with_shape\"><div class=\"l-section-shape type_zigzag pos_top\" style=\"height:3vmin;\"><svg xmlns=\"http:\/\/www.w3.org\/2000\/svg\" viewBox=\"0 0 64 8\" preserveAspectRatio=\"none\" width=\"100%\" height=\"100%\">\r\n\t<path fill=\"currentColor\" d=\"M64 8 L0 8 L0 0 L20 7.9 L40 3 L48 5 L64 0 Z\"\/>\r\n<\/svg><\/div><div class=\"l-section-shape type_zigzag pos_bottom\" style=\"height:3vmin;\"><svg xmlns=\"http:\/\/www.w3.org\/2000\/svg\" viewBox=\"0 0 64 8\" preserveAspectRatio=\"none\" width=\"100%\" height=\"100%\">\r\n\t<path fill=\"currentColor\" d=\"M64 8 L0 8 L0 0 L20 7.9 L40 3 L48 5 L64 0 Z\"\/>\r\n<\/svg><\/div><div class=\"l-section-h i-cf\"><div class=\"g-cols vc_row via_flex valign_top type_default stacking_default\"><div class=\"vc_col-sm-6 wpb_column vc_column_container\"><div class=\"vc_column-inner\"><div class=\"wpb_wrapper\"><div class=\"wpb_text_column\"><div class=\"wpb_wrapper\"><h2>Veel meer dan het offici\u00eble programma<\/h2>\n<p>De Bi\u00ebnnale verandert Sevilla gedurende enkele weken. Naast de belangrijkste voorstellingen organiseert de stad tentoonstellingen, nevenactiviteiten, gratis evenementen en ontmoetingen rond flamenco.<\/p>\n<p>Onze berichtgeving zal steeds meer specifieke inhoud bevatten over <strong>grote premi\u00e8res, artiesten, locaties, tentoonstellingen, activiteiten vooraf en lastminute-mogelijkheden<\/strong>. Deze landingspagina werkt als een levende index van alles wat je over elke editie moet weten.<\/p>\n<\/div><\/div><\/div><\/div><\/div><div class=\"vc_col-sm-6 wpb_column vc_column_container\"><div class=\"vc_column-inner\"><div class=\"wpb_wrapper\"><div class=\"wpb_text_column\"><div class=\"wpb_wrapper\"><h2>Reis je tijdens de Bi\u00ebnnale naar Sevilla?<\/h2>\n<p>Het offici\u00eble programma kan worden gecombineerd met het vaste flamenco-aanbod van de stad. Als je geen tickets voor een voorstelling kunt vinden, een vrije avond hebt of het formaat van een groot theater wilt vergelijken met een intiemere ervaring, kun je ook een flamencotablao boeken.<\/p>\n<p>Bij Tablaos Flamencos verzamelen we verschillende opties in Sevilla waar je tijden, kenmerken en beschikbaarheid kunt bekijken.<\/p>\n<\/div><\/div><div class=\"w-btn-wrapper align_none\"><a class=\"w-btn us-btn-style_1\" href=\"https:\/\/www.tablaosflamencos.com\/nl\/flamenco-in-sevilla\"><span class=\"w-btn-label\">Bekijk flamenco in Sevilla<\/span><\/a><\/div><\/div><\/div><\/div><\/div><\/div><\/section><section class=\"l-section wpb_row height_huge width_custom\" style=\"--site-content-width:850px;\"><div class=\"l-section-h i-cf\"><div class=\"g-cols vc_row via_flex valign_top type_default stacking_default\"><div class=\"vc_col-sm-1\/5 wpb_column vc_column_container\"><div class=\"vc_column-inner\"><div class=\"wpb_wrapper\"><\/div><\/div><\/div><div class=\"vc_col-sm-3\/5 wpb_column vc_column_container\"><div class=\"vc_column-inner\"><div class=\"wpb_wrapper\"><div class=\"wpb_text_column\"><div class=\"wpb_wrapper\"><h2 style=\"text-align: center;\">Veelgestelde vragen over de Flamencobi\u00ebnnale van Sevilla<\/h2>\n<\/div><\/div><div class=\"w-separator size_medium\"><\/div><div class=\"w-tabs accordion toggle_style_1 has_scrolling\" style=\"--sections-title-size:inherit;--sections-gap:0.5rem;\"><div class=\"w-tabs-sections titles-align_none icon_chevron cpos_right\"><div class=\"w-tabs-section\" id=\"lea5\"><button type=\"button\" class=\"w-tabs-section-header\" aria-controls=\"content-lea5\" aria-expanded=\"false\"><div class=\"w-tabs-section-title\">Wat is de Flamencobi\u00ebnnale van Sevilla?<\/div><div class=\"w-tabs-section-control\"><\/div><\/button><div  class=\"w-tabs-section-content\" id=\"content-lea5\"><div class=\"w-tabs-section-content-h i-cf\"><div class=\"wpb_text_column\"><div class=\"wpb_wrapper\"><p>Het is een van de grote internationale festivals die aan flamenco zijn gewijd. Het vindt om de twee jaar plaats in Sevilla en brengt zang, dans en gitaar, nieuwe producties, premi\u00e8res en culturele activiteiten samen op verschillende locaties in de stad.<\/p>\n<\/div><\/div><\/div><\/div><\/div><div class=\"w-tabs-section\" id=\"k007\"><button type=\"button\" class=\"w-tabs-section-header\" aria-controls=\"content-k007\" aria-expanded=\"false\"><div class=\"w-tabs-section-title\">Wanneer vindt de Flamencobi\u00ebnnale van Sevilla 2026 plaats?<\/div><div class=\"w-tabs-section-control\"><\/div><\/button><div  class=\"w-tabs-section-content\" id=\"content-k007\"><div class=\"w-tabs-section-content-h i-cf\"><div class=\"wpb_text_column\"><div class=\"wpb_wrapper\"><p>De 24e Flamencobi\u00ebnnale van Sevilla vindt plaats van 9 september tot 3 oktober 2026.<\/p>\n<\/div><\/div><\/div><\/div><\/div><div class=\"w-tabs-section\" id=\"v149\"><button type=\"button\" class=\"w-tabs-section-header\" aria-controls=\"content-v149\" aria-expanded=\"false\"><div class=\"w-tabs-section-title\">Waar kan ik het laatste nieuws over de Bi\u00ebnnale bekijken?<\/div><div class=\"w-tabs-section-control\"><\/div><\/button><div  class=\"w-tabs-section-content\" id=\"content-v149\"><div class=\"w-tabs-section-content-h i-cf\"><div class=\"wpb_text_column\"><div class=\"wpb_wrapper\"><p>Op deze pagina verzamelen we op \u00e9\u00e9n plek alle artikelen van Tablaos Flamencos over de Bi\u00ebnnale: programma, artiesten, premi\u00e8res, tentoonstellingen, gratis activiteiten, tickets en praktische aanbevelingen.<\/p>\n<\/div><\/div><\/div><\/div><\/div><div class=\"w-tabs-section\" id=\"n2b8\"><button type=\"button\" class=\"w-tabs-section-header\" aria-controls=\"content-n2b8\" aria-expanded=\"false\"><div class=\"w-tabs-section-title\">Wat kan ik doen als ik geen tickets voor de Bi\u00ebnnale kan krijgen?<\/div><div class=\"w-tabs-section-control\"><\/div><\/button><div  class=\"w-tabs-section-content\" id=\"content-n2b8\"><div class=\"w-tabs-section-content-h i-cf\"><div class=\"wpb_text_column\"><div class=\"wpb_wrapper\"><p>Naast de gratis en aanvullende activiteiten van de Bi\u00ebnnale heeft Sevilla het hele jaar door een ruim aanbod aan flamencotablaos. Dat is een goede optie voor een avond zonder voorstelling of wanneer een offici\u00eble show is uitverkocht.<\/p>\n<\/div><\/div><\/div><\/div><\/div><\/div><\/div><\/div><\/div><\/div><div class=\"vc_col-sm-1\/5 wpb_column vc_column_container\"><div class=\"vc_column-inner\"><div class=\"wpb_wrapper\"><\/div><\/div><\/div><\/div><\/div><\/section><section class=\"l-section wpb_row height_huge color_alternate with_shape\"><div class=\"l-section-shape type_zigzag pos_top\" style=\"height:3vmin;\"><svg xmlns=\"http:\/\/www.w3.org\/2000\/svg\" viewBox=\"0 0 64 8\" preserveAspectRatio=\"none\" width=\"100%\" height=\"100%\">\r\n\t<path fill=\"currentColor\" d=\"M64 8 L0 8 L0 0 L20 7.9 L40 3 L48 5 L64 0 Z\"\/>\r\n<\/svg><\/div><div class=\"l-section-h i-cf\"><div class=\"g-cols vc_row via_flex valign_top type_default stacking_default\"><div class=\"vc_col-sm-12 wpb_column vc_column_container\"><div class=\"vc_column-inner\"><div class=\"wpb_wrapper\"><div class=\"wpb_text_column\"><div class=\"wpb_wrapper\"><h2 style=\"text-align: center;\">Volg de hele Bi\u00ebnnale met Tablaos Flamencos<\/h2>\n<p style=\"text-align: center;\">We werken deze pagina tijdens de editie bij met nieuwe gidsen en nieuws. Bewaar deze pagina als referentie om de Flamencobi\u00ebnnale van Sevilla te volgen en je flamenco-ervaring in de stad te organiseren.<\/p>\n<\/div><\/div><div class=\"w-separator size_medium\"><\/div><div class=\"w-hwrapper valign_top wrap stack_on_mobiles align_center\" style=\"--hwrapper-gap:1.2rem\"><div class=\"w-btn-wrapper align_none\"><a class=\"w-btn us-btn-style_1\" href=\"#actualidad-bienal\"><span class=\"w-btn-label\">Bekijk alle artikelen over de Bi\u00ebnnale<\/span><\/a><\/div><div class=\"w-btn-wrapper align_none\"><a class=\"w-btn us-btn-style_11\" href=\"https:\/\/www.tablaosflamencos.com\/nl\/flamenco-in-sevilla\"><span class=\"w-btn-label\">Boek flamenco in Sevilla<\/span><\/a><\/div><\/div><\/div><\/div><\/div><\/div><\/div><\/section>\n","protected":false},"excerpt":{"rendered":"Flamencobi\u00ebnnale van Sevilla 2026: het grote internationale flamenco-evenement De Flamencobi\u00ebnnale van Sevilla 2026 maakt van de Andalusische hoofdstad opnieuw een van de belangrijkste internationale centra van de arte jondo. Van 9 september tot en met 3 oktober 2026 biedt Sevilla een intens programma met zang, dans, gitaar, wereldpremi\u00e8res, nevenactiviteiten, tentoonstellingen en podiumproducties op enkele van...","protected":false},"author":1,"featured_media":13031,"parent":0,"menu_order":0,"comment_status":"closed","ping_status":"closed","template":"","meta":{"_acf_changed":false,"wpai_generated_summary":"","_ayudawp_aiss_exclude":false,"_ayudawp_aiss_exclude_summary":false,"footnotes":""},"class_list":["post-13603","page","type-page","status-publish","has-post-thumbnail","hentry"],"acf":[],"yoast_head":"<!-- This site is optimized with the Yoast SEO Premium plugin v28.3 (Yoast SEO v28.3) - https:\/\/yoast.com\/product\/yoast-seo-premium-wordpress\/ -->\n<title>Flamencobi\u00ebnnale Sevilla 2026: nieuws, gidsen en programma<\/title>\n<meta name=\"description\" content=\"Volg de Flamencobi\u00ebnnale Sevilla 2026: nieuws, programma, artiesten, premi\u00e8res, tickets, activiteiten en praktische gidsen voor je bezoek.\" \/>\n<meta name=\"robots\" content=\"index, follow, max-snippet:-1, max-image-preview:large, max-video-preview:-1\" \/>\n<link rel=\"canonical\" href=\"https:\/\/www.tablaosflamencos.com\/nl\/flamencobiennale-sevilla\" \/>\n<meta property=\"og:locale\" content=\"nl_NL\" \/>\n<meta property=\"og:type\" content=\"article\" \/>\n<meta property=\"og:title\" content=\"Flamencobi\u00ebnnale van Sevilla\" \/>\n<meta property=\"og:description\" content=\"Volg de Flamencobi\u00ebnnale Sevilla 2026: nieuws, programma, artiesten, premi\u00e8res, tickets, activiteiten en praktische gidsen voor je bezoek.\" \/>\n<meta property=\"og:url\" content=\"https:\/\/www.tablaosflamencos.com\/nl\/flamencobiennale-sevilla\" \/>\n<meta property=\"og:site_name\" content=\"Tablaos Flamencos\" \/>\n<meta property=\"article:publisher\" content=\"https:\/\/www.facebook.com\/tablaosflamencos\" \/>\n<meta property=\"article:modified_time\" content=\"2026-08-31T13:17:40+00:00\" \/>\n<meta property=\"og:image\" content=\"https:\/\/www.tablaosflamencos.com\/wp-content\/uploads\/bienal-de-flamenco-de-sevilla-2026-programacion-fechas-espacios-y-guia-completa-01.webp\" \/>\n\t<meta property=\"og:image:width\" content=\"1920\" \/>\n\t<meta property=\"og:image:height\" content=\"1072\" \/>\n\t<meta property=\"og:image:type\" content=\"image\/webp\" \/>\n<meta name=\"twitter:card\" content=\"summary_large_image\" \/>\n<meta name=\"twitter:site\" content=\"@tablaosflamenco\" \/>\n<meta name=\"twitter:label1\" content=\"Geschatte leestijd\" \/>\n\t<meta name=\"twitter:data1\" content=\"7 minuten\" \/>\n<script type=\"application\/ld+json\" class=\"yoast-schema-graph\">{\"@context\":\"https:\\\/\\\/schema.org\",\"@graph\":[{\"@type\":\"WebPage\",\"@id\":\"https:\\\/\\\/www.tablaosflamencos.com\\\/nl\\\/flamencobiennale-sevilla\",\"url\":\"https:\\\/\\\/www.tablaosflamencos.com\\\/nl\\\/flamencobiennale-sevilla\",\"name\":\"Flamencobi\u00ebnnale Sevilla 2026: nieuws, gidsen en programma\",\"isPartOf\":{\"@id\":\"https:\\\/\\\/www.tablaosflamencos.com\\\/nl#website\"},\"primaryImageOfPage\":{\"@id\":\"https:\\\/\\\/www.tablaosflamencos.com\\\/nl\\\/flamencobiennale-sevilla#primaryimage\"},\"image\":{\"@id\":\"https:\\\/\\\/www.tablaosflamencos.com\\\/nl\\\/flamencobiennale-sevilla#primaryimage\"},\"thumbnailUrl\":\"https:\\\/\\\/www.tablaosflamencos.com\\\/wp-content\\\/uploads\\\/bienal-de-flamenco-de-sevilla-2026-programacion-fechas-espacios-y-guia-completa-01.webp\",\"datePublished\":\"2026-08-31T13:04:28+00:00\",\"dateModified\":\"2026-08-31T13:17:40+00:00\",\"description\":\"Volg de Flamencobi\u00ebnnale Sevilla 2026: nieuws, programma, artiesten, premi\u00e8res, tickets, activiteiten en praktische gidsen voor je bezoek.\",\"breadcrumb\":{\"@id\":\"https:\\\/\\\/www.tablaosflamencos.com\\\/nl\\\/flamencobiennale-sevilla#breadcrumb\"},\"inLanguage\":\"nl-NL\",\"potentialAction\":[{\"@type\":\"ReadAction\",\"target\":[\"https:\\\/\\\/www.tablaosflamencos.com\\\/nl\\\/flamencobiennale-sevilla\"]}]},{\"@type\":\"ImageObject\",\"inLanguage\":\"nl-NL\",\"@id\":\"https:\\\/\\\/www.tablaosflamencos.com\\\/nl\\\/flamencobiennale-sevilla#primaryimage\",\"url\":\"https:\\\/\\\/www.tablaosflamencos.com\\\/wp-content\\\/uploads\\\/bienal-de-flamenco-de-sevilla-2026-programacion-fechas-espacios-y-guia-completa-01.webp\",\"contentUrl\":\"https:\\\/\\\/www.tablaosflamencos.com\\\/wp-content\\\/uploads\\\/bienal-de-flamenco-de-sevilla-2026-programacion-fechas-espacios-y-guia-completa-01.webp\",\"width\":1920,\"height\":1072,\"caption\":\"Bienal de Flamenco de Sevilla 2026: programaci\u00f3n, fechas, espacios y gu\u00eda completa\"},{\"@type\":\"BreadcrumbList\",\"@id\":\"https:\\\/\\\/www.tablaosflamencos.com\\\/nl\\\/flamencobiennale-sevilla#breadcrumb\",\"itemListElement\":[{\"@type\":\"ListItem\",\"position\":1,\"name\":\"Home\",\"item\":\"https:\\\/\\\/www.tablaosflamencos.com\\\/nl\"},{\"@type\":\"ListItem\",\"position\":2,\"name\":\"Flamencobi\u00ebnnale van Sevilla\"}]},{\"@type\":\"WebSite\",\"@id\":\"https:\\\/\\\/www.tablaosflamencos.com\\\/nl#website\",\"url\":\"https:\\\/\\\/www.tablaosflamencos.com\\\/nl\",\"name\":\"Tablaos Flamencos\",\"description\":\"Entradas para tablaos flamencos de Espa\u00f1a\",\"publisher\":{\"@id\":\"https:\\\/\\\/www.tablaosflamencos.com\\\/nl#organization\"},\"alternateName\":\"Tablaos Flamencos\",\"potentialAction\":[{\"@type\":\"SearchAction\",\"target\":{\"@type\":\"EntryPoint\",\"urlTemplate\":\"https:\\\/\\\/www.tablaosflamencos.com\\\/nl?s={search_term_string}\"},\"query-input\":{\"@type\":\"PropertyValueSpecification\",\"valueRequired\":true,\"valueName\":\"search_term_string\"}}],\"inLanguage\":\"nl-NL\"},{\"@type\":[\"Organization\",\"Place\",\"EntertainmentBusiness\"],\"@id\":\"https:\\\/\\\/www.tablaosflamencos.com\\\/nl#organization\",\"name\":\"Tablaos Flamencos\",\"alternateName\":\"Tablaos Flamencos\",\"url\":\"https:\\\/\\\/www.tablaosflamencos.com\\\/nl\",\"logo\":{\"@id\":\"https:\\\/\\\/www.tablaosflamencos.com\\\/nl\\\/flamencobiennale-sevilla#local-main-organization-logo\"},\"image\":{\"@id\":\"https:\\\/\\\/www.tablaosflamencos.com\\\/nl\\\/flamencobiennale-sevilla#local-main-organization-logo\"},\"sameAs\":[\"https:\\\/\\\/www.facebook.com\\\/tablaosflamencos\",\"https:\\\/\\\/x.com\\\/tablaosflamenco\",\"https:\\\/\\\/mastodon.social\\\/@tablaosflamencos\",\"https:\\\/\\\/www.instagram.com\\\/tablaosflamencos\",\"https:\\\/\\\/tiktok.com\\\/@tablaosflamencos\",\"https:\\\/\\\/www.linkedin.com\\\/company\\\/109408238\\\/\"],\"description\":\"Venta de entradas para espect\u00e1culos flamencos\",\"legalName\":\"Tablaos Flamencos\",\"foundingDate\":\"2015-01-01\",\"numberOfEmployees\":{\"@type\":\"QuantitativeValue\",\"minValue\":\"1\",\"maxValue\":\"10\"},\"address\":{\"@id\":\"https:\\\/\\\/www.tablaosflamencos.com\\\/nl\\\/flamencobiennale-sevilla#local-main-place-address\"},\"geo\":{\"@type\":\"GeoCoordinates\",\"latitude\":\"37.3868072\",\"longitude\":\"-5.993280299999999\"},\"telephone\":[\"+34623787787\"],\"contactPoint\":{\"@type\":\"ContactPoint\",\"telephone\":\"+34623787787\",\"email\":\"info@tablaosflamencos.com\"},\"openingHoursSpecification\":{\"@type\":\"OpeningHoursSpecification\",\"dayOfWeek\":[\"Monday\",\"Tuesday\",\"Wednesday\",\"Thursday\",\"Friday\",\"Saturday\",\"Sunday\"],\"opens\":\"00:00\",\"closes\":\"23:59\"},\"email\":\"info@tablaosflamencos.com\",\"priceRange\":\"$$$\",\"currenciesAccepted\":\"\u20ac\"},{\"@type\":\"PostalAddress\",\"@id\":\"https:\\\/\\\/www.tablaosflamencos.com\\\/nl\\\/flamencobiennale-sevilla#local-main-place-address\",\"streetAddress\":\"C\\\/ Alemanes, 19\",\"addressLocality\":\"Sevilla\",\"postalCode\":\"41004\",\"addressRegion\":\"Sevilla\",\"addressCountry\":\"ES\"},{\"@type\":\"ImageObject\",\"inLanguage\":\"nl-NL\",\"@id\":\"https:\\\/\\\/www.tablaosflamencos.com\\\/nl\\\/flamencobiennale-sevilla#local-main-organization-logo\",\"url\":\"https:\\\/\\\/www.tablaosflamencos.com\\\/wp-content\\\/uploads\\\/tablaos-flamencos-06-3.webp\",\"contentUrl\":\"https:\\\/\\\/www.tablaosflamencos.com\\\/wp-content\\\/uploads\\\/tablaos-flamencos-06-3.webp\",\"width\":600,\"height\":620,\"caption\":\"Tablaos Flamencos\"}]}<\/script>\n<meta name=\"geo.placename\" content=\"Sevilla\" \/>\n<meta name=\"geo.position\" content=\"37.3868072;-5.993280299999999\" \/>\n<meta name=\"geo.region\" content=\"Spanje\" \/>\n<!-- \/ Yoast SEO Premium plugin. -->","yoast_head_json":{"title":"Flamencobi\u00ebnnale Sevilla 2026: nieuws, gidsen en programma","description":"Volg de Flamencobi\u00ebnnale Sevilla 2026: nieuws, programma, artiesten, premi\u00e8res, tickets, activiteiten en praktische gidsen voor je bezoek.","robots":{"index":"index","follow":"follow","max-snippet":"max-snippet:-1","max-image-preview":"max-image-preview:large","max-video-preview":"max-video-preview:-1"},"canonical":"https:\/\/www.tablaosflamencos.com\/nl\/flamencobiennale-sevilla","og_locale":"nl_NL","og_type":"article","og_title":"Flamencobi\u00ebnnale van Sevilla","og_description":"Volg de Flamencobi\u00ebnnale Sevilla 2026: nieuws, programma, artiesten, premi\u00e8res, tickets, activiteiten en praktische gidsen voor je bezoek.","og_url":"https:\/\/www.tablaosflamencos.com\/nl\/flamencobiennale-sevilla","og_site_name":"Tablaos Flamencos","article_publisher":"https:\/\/www.facebook.com\/tablaosflamencos","article_modified_time":"2026-08-31T13:17:40+00:00","og_image":[{"width":1920,"height":1072,"url":"https:\/\/www.tablaosflamencos.com\/wp-content\/uploads\/bienal-de-flamenco-de-sevilla-2026-programacion-fechas-espacios-y-guia-completa-01.webp","type":"image\/webp"}],"twitter_card":"summary_large_image","twitter_site":"@tablaosflamenco","twitter_misc":{"Geschatte leestijd":"7 minuten"},"schema":{"@context":"https:\/\/schema.org","@graph":[{"@type":"WebPage","@id":"https:\/\/www.tablaosflamencos.com\/nl\/flamencobiennale-sevilla","url":"https:\/\/www.tablaosflamencos.com\/nl\/flamencobiennale-sevilla","name":"Flamencobi\u00ebnnale Sevilla 2026: nieuws, gidsen en programma","isPartOf":{"@id":"https:\/\/www.tablaosflamencos.com\/nl#website"},"primaryImageOfPage":{"@id":"https:\/\/www.tablaosflamencos.com\/nl\/flamencobiennale-sevilla#primaryimage"},"image":{"@id":"https:\/\/www.tablaosflamencos.com\/nl\/flamencobiennale-sevilla#primaryimage"},"thumbnailUrl":"https:\/\/www.tablaosflamencos.com\/wp-content\/uploads\/bienal-de-flamenco-de-sevilla-2026-programacion-fechas-espacios-y-guia-completa-01.webp","datePublished":"2026-08-31T13:04:28+00:00","dateModified":"2026-08-31T13:17:40+00:00","description":"Volg de Flamencobi\u00ebnnale Sevilla 2026: nieuws, programma, artiesten, premi\u00e8res, tickets, activiteiten en praktische gidsen voor je bezoek.","breadcrumb":{"@id":"https:\/\/www.tablaosflamencos.com\/nl\/flamencobiennale-sevilla#breadcrumb"},"inLanguage":"nl-NL","potentialAction":[{"@type":"ReadAction","target":["https:\/\/www.tablaosflamencos.com\/nl\/flamencobiennale-sevilla"]}]},{"@type":"ImageObject","inLanguage":"nl-NL","@id":"https:\/\/www.tablaosflamencos.com\/nl\/flamencobiennale-sevilla#primaryimage","url":"https:\/\/www.tablaosflamencos.com\/wp-content\/uploads\/bienal-de-flamenco-de-sevilla-2026-programacion-fechas-espacios-y-guia-completa-01.webp","contentUrl":"https:\/\/www.tablaosflamencos.com\/wp-content\/uploads\/bienal-de-flamenco-de-sevilla-2026-programacion-fechas-espacios-y-guia-completa-01.webp","width":1920,"height":1072,"caption":"Bienal de Flamenco de Sevilla 2026: programaci\u00f3n, fechas, espacios y gu\u00eda completa"},{"@type":"BreadcrumbList","@id":"https:\/\/www.tablaosflamencos.com\/nl\/flamencobiennale-sevilla#breadcrumb","itemListElement":[{"@type":"ListItem","position":1,"name":"Home","item":"https:\/\/www.tablaosflamencos.com\/nl"},{"@type":"ListItem","position":2,"name":"Flamencobi\u00ebnnale van Sevilla"}]},{"@type":"WebSite","@id":"https:\/\/www.tablaosflamencos.com\/nl#website","url":"https:\/\/www.tablaosflamencos.com\/nl","name":"Tablaos Flamencos","description":"Entradas para tablaos flamencos de Espa\u00f1a","publisher":{"@id":"https:\/\/www.tablaosflamencos.com\/nl#organization"},"alternateName":"Tablaos Flamencos","potentialAction":[{"@type":"SearchAction","target":{"@type":"EntryPoint","urlTemplate":"https:\/\/www.tablaosflamencos.com\/nl?s={search_term_string}"},"query-input":{"@type":"PropertyValueSpecification","valueRequired":true,"valueName":"search_term_string"}}],"inLanguage":"nl-NL"},{"@type":["Organization","Place","EntertainmentBusiness"],"@id":"https:\/\/www.tablaosflamencos.com\/nl#organization","name":"Tablaos Flamencos","alternateName":"Tablaos Flamencos","url":"https:\/\/www.tablaosflamencos.com\/nl","logo":{"@id":"https:\/\/www.tablaosflamencos.com\/nl\/flamencobiennale-sevilla#local-main-organization-logo"},"image":{"@id":"https:\/\/www.tablaosflamencos.com\/nl\/flamencobiennale-sevilla#local-main-organization-logo"},"sameAs":["https:\/\/www.facebook.com\/tablaosflamencos","https:\/\/x.com\/tablaosflamenco","https:\/\/mastodon.social\/@tablaosflamencos","https:\/\/www.instagram.com\/tablaosflamencos","https:\/\/tiktok.com\/@tablaosflamencos","https:\/\/www.linkedin.com\/company\/109408238\/"],"description":"Venta de entradas para espect\u00e1culos flamencos","legalName":"Tablaos Flamencos","foundingDate":"2015-01-01","numberOfEmployees":{"@type":"QuantitativeValue","minValue":"1","maxValue":"10"},"address":{"@id":"https:\/\/www.tablaosflamencos.com\/nl\/flamencobiennale-sevilla#local-main-place-address"},"geo":{"@type":"GeoCoordinates","latitude":"37.3868072","longitude":"-5.993280299999999"},"telephone":["+34623787787"],"contactPoint":{"@type":"ContactPoint","telephone":"+34623787787","email":"info@tablaosflamencos.com"},"openingHoursSpecification":{"@type":"OpeningHoursSpecification","dayOfWeek":["Monday","Tuesday","Wednesday","Thursday","Friday","Saturday","Sunday"],"opens":"00:00","closes":"23:59"},"email":"info@tablaosflamencos.com","priceRange":"$$$","currenciesAccepted":"\u20ac"},{"@type":"PostalAddress","@id":"https:\/\/www.tablaosflamencos.com\/nl\/flamencobiennale-sevilla#local-main-place-address","streetAddress":"C\/ Alemanes, 19","addressLocality":"Sevilla","postalCode":"41004","addressRegion":"Sevilla","addressCountry":"ES"},{"@type":"ImageObject","inLanguage":"nl-NL","@id":"https:\/\/www.tablaosflamencos.com\/nl\/flamencobiennale-sevilla#local-main-organization-logo","url":"https:\/\/www.tablaosflamencos.com\/wp-content\/uploads\/tablaos-flamencos-06-3.webp","contentUrl":"https:\/\/www.tablaosflamencos.com\/wp-content\/uploads\/tablaos-flamencos-06-3.webp","width":600,"height":620,"caption":"Tablaos Flamencos"}]},"geo.placename":"Sevilla","geo.position":{"lat":"37.3868072","long":"-5.993280299999999"},"geo.region":"Spanje"},"_links":{"self":[{"href":"https:\/\/www.tablaosflamencos.com\/nl\/wp-json\/wp\/v2\/pages\/13603","targetHints":{"allow":["GET"]}}],"collection":[{"href":"https:\/\/www.tablaosflamencos.com\/nl\/wp-json\/wp\/v2\/pages"}],"about":[{"href":"https:\/\/www.tablaosflamencos.com\/nl\/wp-json\/wp\/v2\/types\/page"}],"author":[{"embeddable":true,"href":"https:\/\/www.tablaosflamencos.com\/nl\/wp-json\/wp\/v2\/users\/1"}],"replies":[{"embeddable":true,"href":"https:\/\/www.tablaosflamencos.com\/nl\/wp-json\/wp\/v2\/comments?post=13603"}],"version-history":[{"count":1,"href":"https:\/\/www.tablaosflamencos.com\/nl\/wp-json\/wp\/v2\/pages\/13603\/revisions"}],"predecessor-version":[{"id":13614,"href":"https:\/\/www.tablaosflamencos.com\/nl\/wp-json\/wp\/v2\/pages\/13603\/revisions\/13614"}],"wp:featuredmedia":[{"embeddable":true,"href":"https:\/\/www.tablaosflamencos.com\/nl\/wp-json\/wp\/v2\/media\/13031"}],"wp:attachment":[{"href":"https:\/\/www.tablaosflamencos.com\/nl\/wp-json\/wp\/v2\/media?parent=13603"}],"curies":[{"name":"wp","href":"https:\/\/api.w.org\/{rel}","templated":true}]}}