{"id":11094,"date":"2019-05-10T14:40:15","date_gmt":"2019-05-10T13:40:15","guid":{"rendered":"https:\/\/www.tablaosflamencos.com\/?page_id=11094"},"modified":"2026-05-22T16:57:40","modified_gmt":"2026-05-22T15:57:40","slug":"home","status":"publish","type":"page","link":"https:\/\/www.tablaosflamencos.com\/nl","title":{"rendered":"Home"},"content":{"rendered":"<section class=\"l-section wpb_row height_huge full_height valign_bottom color_primary with_img with_shape\"><div class=\"l-section-img\" role=\"img\" aria-label=\"Tablaos flamencos y espect\u00e1culos | Flamenco shows\" data-img-width=\"1920\" data-img-height=\"1072\" style=\"background-image: url(https:\/\/www.tablaosflamencos.com\/wp-content\/uploads\/tablaos-flamencos-3.webp);\"><\/div><div class=\"l-section-overlay\" style=\"background:rgba(0,0,0,0.30)\"><\/div><div class=\"l-section-shape type_zigzag pos_bottom\" style=\"height:3vmin;\"><svg xmlns=\"http:\/\/www.w3.org\/2000\/svg\" viewBox=\"0 0 64 8\" preserveAspectRatio=\"none\" width=\"100%\" height=\"100%\">\r\n\t<path fill=\"currentColor\" d=\"M64 8 L0 8 L0 0 L20 7.9 L40 3 L48 5 L64 0 Z\"\/>\r\n<\/svg><\/div><div class=\"l-section-h i-cf\"><div class=\"g-cols vc_row via_flex valign_bottom type_default stacking_default\"><div class=\"vc_col-sm-12 wpb_column vc_column_container\"><div class=\"vc_column-inner\"><div class=\"wpb_wrapper\"><div class=\"wpb_text_column us_custom_064d3121\"><div class=\"wpb_wrapper\"><h1 style=\"text-align: center;\">Flamenco tablao\u2019s in Spanje<\/h1>\n<\/div><\/div><div class=\"w-separator size_small\"><\/div><div class=\"wpb_text_column\"><div class=\"wpb_wrapper\"><p style=\"text-align: center;\">Boek live flamencoshows in Sevilla, Madrid, Barcelona, M\u00e1laga, Granada en meer steden.<\/p>\n<\/div><\/div><div class=\"w-separator size_small\"><\/div><div class=\"w-hwrapper valign_middle wrap align_center\" style=\"--hwrapper-gap:1.2rem\"><div class=\"w-btn-wrapper align_center\"><a class=\"w-btn us-btn-style_1 icon_atleft\" href=\"https:\/\/www.tablaosflamencos.com\/nl\/flamenco-tabloos\"><i class=\"fas fa-calendar\"><\/i><span class=\"w-btn-label\">Bekijk tablao\u2019s &amp; boek<\/span><\/a><\/div><div class=\"w-btn-wrapper align_center\"><a class=\"w-btn us-btn-style_1 icon_atleft\" href=\"https:\/\/www.tablaosflamencos.com\/nl\/steden\"><i class=\"fas fa-map\"><\/i><span class=\"w-btn-label\">Bekijk steden<\/span><\/a><\/div><\/div><\/div><\/div><\/div><\/div><\/div><\/section><section class=\"l-section wpb_row height_small\"><div class=\"l-section-h i-cf\"><div class=\"g-cols vc_row via_flex valign_top type_default stacking_default\"><div class=\"vc_col-sm-12 wpb_column vc_column_container\"><div class=\"vc_column-inner\"><div class=\"wpb_wrapper\"><div class=\"w-hwrapper valign_top wrap stack_on_mobiles align_center\" style=\"--hwrapper-gap:1.2rem\"><div class=\"wpb_text_column\"><div class=\"wpb_wrapper\"><p><strong>Zo boek je in 3 stappen:<\/strong><\/p>\n<\/div><\/div><div class=\"w-iconbox iconpos_left style_default color_primary align_center no_text\"><a href=\"https:\/\/www.tablaosflamencos.com\/nl\/steden\" class=\"w-iconbox-link\" aria-label=\"1 &#8211; Kies je stad\"><div class=\"w-iconbox-icon\" style=\"font-size:1rem;\"><i class=\"fas fa-map\"><\/i><\/div><\/a><div class=\"w-iconbox-meta\"><p class=\"w-iconbox-title\"><a href=\"https:\/\/www.tablaosflamencos.com\/nl\/steden\" class=\"w-iconbox-link\" aria-label=\"1 &#8211; Kies je stad\">1 &#8211; Kies je stad<\/a><\/p><\/div><\/div><div class=\"w-iconbox iconpos_left style_default color_primary align_center no_text\"><a href=\"https:\/\/www.tablaosflamencos.com\/nl\/flamenco-tabloos\" class=\"w-iconbox-link\" aria-label=\"2 &#8211; Vergelijk en kies een tablao\"><div class=\"w-iconbox-icon\" style=\"font-size:1rem;\"><i class=\"fas fa-calendar\"><\/i><\/div><\/a><div class=\"w-iconbox-meta\"><p class=\"w-iconbox-title\"><a href=\"https:\/\/www.tablaosflamencos.com\/nl\/flamenco-tabloos\" class=\"w-iconbox-link\" aria-label=\"2 &#8211; Vergelijk en kies een tablao\">2 &#8211; Vergelijk en kies een tablao<\/a><\/p><\/div><\/div><div class=\"w-iconbox iconpos_left style_default color_primary align_center no_text\"><a href=\"https:\/\/www.tablaosflamencos.com\/nl\/hoe-boeken\" class=\"w-iconbox-link\" aria-label=\"3 &#8211; Boek in \u00e9\u00e9n minuut\"><div class=\"w-iconbox-icon\" style=\"font-size:1rem;\"><i class=\"fas fa-tag\"><\/i><\/div><\/a><div class=\"w-iconbox-meta\"><p class=\"w-iconbox-title\"><a href=\"https:\/\/www.tablaosflamencos.com\/nl\/hoe-boeken\" class=\"w-iconbox-link\" aria-label=\"3 &#8211; Boek in \u00e9\u00e9n minuut\">3 &#8211; Boek in \u00e9\u00e9n minuut<\/a><\/p><\/div><\/div><\/div><\/div><\/div><\/div><\/div><\/div><\/section><section class=\"l-section wpb_row height_huge width_custom\" style=\"--site-content-width:1400px;\"><div class=\"l-section-h i-cf\"><div class=\"g-cols vc_row via_flex valign_top type_default stacking_default\"><div class=\"vc_col-sm-12 wpb_column vc_column_container\"><div class=\"vc_column-inner\"><div class=\"wpb_wrapper\"><div class=\"wpb_text_column\"><div class=\"wpb_wrapper\"><h2 style=\"text-align: center;\">Flamenco tablao\u2019s per stad<\/h2>\n<p style=\"text-align: center;\">Kies een stad en boek je flamenco tablao in seconden. Bij <strong>Tablaos Flamencos<\/strong> vind je de beste shows in heel Spanje:<\/p>\n<\/div><\/div><div class=\"w-separator size_large\"><\/div><div class=\"w-grid us_post_list type_grid layout_8855 cols_4 valign_center preload_style_spinner overflow_hidden items_have_ratio\" id=\"us_post_list_u318\" style=\"--columns:4;--gap:2px;--item-aspect-ratio:3\/2;\"><style>@media (max-width:1024px){#us_post_list_u318{--columns:2!important}}@media (max-width:600px){#us_post_list_u318{--columns:1!important}}.layout_8855 .w-grid-item-h{background:#000000}.layout_8855 .usg_post_image_1{transition-duration:0.35s;transform-origin:50% 50%;transform:scale(1) translate(0%,0%)}.layout_8855 .w-grid-item-h:focus-within .usg_post_image_1,.layout_8855 .w-grid-item-h:hover .usg_post_image_1{transform:scale(1.1) translate(0%,0%);opacity:0.1}.layout_8855 .usg_post_image_1{position:absolute!important;left:0!important;top:0!important;bottom:0!important;right:0!important}.layout_8855 .usg_vwrapper_1{position:absolute!important;right:0!important;bottom:0!important;left:0!important;background:linear-gradient(transparent,rgba(30,30,30,0.8))!important;padding:4rem 2rem 1.5rem 2rem!important}.layout_8855 .usg_post_title_1{color:#ffffff!important;text-align:center!important;font-size:1.4rem!important;font-family:var(--font-family)!important;font-weight:500!important}<\/style><div class=\"w-grid-list\">\t<article class=\"w-grid-item size_1x1 post-10054 page type-page status-publish has-post-thumbnail hentry\" data-id=\"10054\">\r\n\t\t<div class=\"w-grid-item-h\">\r\n\t\t\t\t\t\t\t<a href=\"https:\/\/www.tablaosflamencos.com\/nl\/flamenco-in-sevilla\" class=\"w-grid-item-anchor\" aria-label=\"Sevilla\"><\/a>\r\n\t\t\t\t\t\t<div class=\"w-post-elm post_image usg_post_image_1 stretched\"><img fetchpriority=\"high\" decoding=\"async\" width=\"600\" height=\"335\" src=\"https:\/\/www.tablaosflamencos.com\/wp-content\/uploads\/sevilla-01-600x335.webp\" class=\"attachment-us_600_600 size-us_600_600 wp-post-image\" alt=\"Flamenco Sevilla | Tablaos Flamencos\" srcset=\"https:\/\/www.tablaosflamencos.com\/wp-content\/uploads\/sevilla-01-600x335.webp 600w, https:\/\/www.tablaosflamencos.com\/wp-content\/uploads\/sevilla-01-300x168.webp 300w, https:\/\/www.tablaosflamencos.com\/wp-content\/uploads\/sevilla-01-1024x572.webp 1024w, https:\/\/www.tablaosflamencos.com\/wp-content\/uploads\/sevilla-01-1536x858.webp 1536w, https:\/\/www.tablaosflamencos.com\/wp-content\/uploads\/sevilla-01-150x84.webp 150w, https:\/\/www.tablaosflamencos.com\/wp-content\/uploads\/sevilla-01.webp 1920w\" sizes=\"(max-width: 600px) 100vw, 600px\" loading=\"eager\" \/><\/div><div class=\"w-vwrapper usg_vwrapper_1 align_none valign_top\" style=\"--vwrapper-gap: 0.7rem;\"><p class=\"w-post-elm post_title usg_post_title_1 has_text_color align_center color_link_inherit\">Sevilla<\/p><\/div>\t\t<\/div>\r\n\t\t\t<\/article>\r\n\t<article class=\"w-grid-item size_1x1 post-10139 page type-page status-publish has-post-thumbnail hentry\" data-id=\"10139\">\r\n\t\t<div class=\"w-grid-item-h\">\r\n\t\t\t\t\t\t\t<a href=\"https:\/\/www.tablaosflamencos.com\/nl\/flamenco-in-madrid\" class=\"w-grid-item-anchor\" aria-label=\"Madrid\"><\/a>\r\n\t\t\t\t\t\t<div class=\"w-post-elm post_image usg_post_image_1 stretched\"><img decoding=\"async\" width=\"600\" height=\"335\" src=\"https:\/\/www.tablaosflamencos.com\/wp-content\/uploads\/madrid-01-1-600x335.webp\" class=\"attachment-us_600_600 size-us_600_600 wp-post-image\" alt=\"Flamenco Madrid | Tablaos Flamencos\" srcset=\"https:\/\/www.tablaosflamencos.com\/wp-content\/uploads\/madrid-01-1-600x335.webp 600w, https:\/\/www.tablaosflamencos.com\/wp-content\/uploads\/madrid-01-1-300x168.webp 300w, https:\/\/www.tablaosflamencos.com\/wp-content\/uploads\/madrid-01-1-1024x572.webp 1024w, https:\/\/www.tablaosflamencos.com\/wp-content\/uploads\/madrid-01-1-1536x858.webp 1536w, https:\/\/www.tablaosflamencos.com\/wp-content\/uploads\/madrid-01-1-150x84.webp 150w, https:\/\/www.tablaosflamencos.com\/wp-content\/uploads\/madrid-01-1.webp 1920w\" sizes=\"(max-width: 600px) 100vw, 600px\" loading=\"eager\" \/><\/div><div class=\"w-vwrapper usg_vwrapper_1 align_none valign_top\" style=\"--vwrapper-gap: 0.7rem;\"><p class=\"w-post-elm post_title usg_post_title_1 has_text_color align_center color_link_inherit\">Madrid<\/p><\/div>\t\t<\/div>\r\n\t\t\t<\/article>\r\n\t<article class=\"w-grid-item size_1x1 post-10156 page type-page status-publish has-post-thumbnail hentry\" data-id=\"10156\">\r\n\t\t<div class=\"w-grid-item-h\">\r\n\t\t\t\t\t\t\t<a href=\"https:\/\/www.tablaosflamencos.com\/nl\/flamenco-in-barcelona\" class=\"w-grid-item-anchor\" aria-label=\"Barcelona\"><\/a>\r\n\t\t\t\t\t\t<div class=\"w-post-elm post_image usg_post_image_1 stretched\"><img decoding=\"async\" width=\"600\" height=\"335\" src=\"https:\/\/www.tablaosflamencos.com\/wp-content\/uploads\/barcelona-01-1-1-600x335.webp\" class=\"attachment-us_600_600 size-us_600_600 wp-post-image\" alt=\"Flamenco Barcelona | Tablaos Flamencos\" srcset=\"https:\/\/www.tablaosflamencos.com\/wp-content\/uploads\/barcelona-01-1-1-600x335.webp 600w, https:\/\/www.tablaosflamencos.com\/wp-content\/uploads\/barcelona-01-1-1-300x168.webp 300w, https:\/\/www.tablaosflamencos.com\/wp-content\/uploads\/barcelona-01-1-1-1024x572.webp 1024w, https:\/\/www.tablaosflamencos.com\/wp-content\/uploads\/barcelona-01-1-1-1536x858.webp 1536w, https:\/\/www.tablaosflamencos.com\/wp-content\/uploads\/barcelona-01-1-1-150x84.webp 150w, https:\/\/www.tablaosflamencos.com\/wp-content\/uploads\/barcelona-01-1-1.webp 1920w\" sizes=\"(max-width: 600px) 100vw, 600px\" loading=\"eager\" \/><\/div><div class=\"w-vwrapper usg_vwrapper_1 align_none valign_top\" style=\"--vwrapper-gap: 0.7rem;\"><p class=\"w-post-elm post_title usg_post_title_1 has_text_color align_center color_link_inherit\">Barcelona<\/p><\/div>\t\t<\/div>\r\n\t\t\t<\/article>\r\n\t<article class=\"w-grid-item size_1x1 post-10171 page type-page status-publish has-post-thumbnail hentry\" data-id=\"10171\">\r\n\t\t<div class=\"w-grid-item-h\">\r\n\t\t\t\t\t\t\t<a href=\"https:\/\/www.tablaosflamencos.com\/nl\/flamenco-in-granada\" class=\"w-grid-item-anchor\" aria-label=\"Granada\"><\/a>\r\n\t\t\t\t\t\t<div class=\"w-post-elm post_image usg_post_image_1 stretched\"><img decoding=\"async\" width=\"600\" height=\"335\" src=\"https:\/\/www.tablaosflamencos.com\/wp-content\/uploads\/granada-01-1-1-600x335.webp\" class=\"attachment-us_600_600 size-us_600_600 wp-post-image\" alt=\"Flamenco Granada | Tablaos Flamencos\" srcset=\"https:\/\/www.tablaosflamencos.com\/wp-content\/uploads\/granada-01-1-1-600x335.webp 600w, https:\/\/www.tablaosflamencos.com\/wp-content\/uploads\/granada-01-1-1-300x168.webp 300w, https:\/\/www.tablaosflamencos.com\/wp-content\/uploads\/granada-01-1-1-1024x572.webp 1024w, https:\/\/www.tablaosflamencos.com\/wp-content\/uploads\/granada-01-1-1-1536x858.webp 1536w, https:\/\/www.tablaosflamencos.com\/wp-content\/uploads\/granada-01-1-1-150x84.webp 150w, https:\/\/www.tablaosflamencos.com\/wp-content\/uploads\/granada-01-1-1.webp 1920w\" sizes=\"(max-width: 600px) 100vw, 600px\" loading=\"eager\" \/><\/div><div class=\"w-vwrapper usg_vwrapper_1 align_none valign_top\" style=\"--vwrapper-gap: 0.7rem;\"><p class=\"w-post-elm post_title usg_post_title_1 has_text_color align_center color_link_inherit\">Granada<\/p><\/div>\t\t<\/div>\r\n\t\t\t<\/article>\r\n\t<article class=\"w-grid-item size_1x1 post-10189 page type-page status-publish has-post-thumbnail hentry\" data-id=\"10189\">\r\n\t\t<div class=\"w-grid-item-h\">\r\n\t\t\t\t\t\t\t<a href=\"https:\/\/www.tablaosflamencos.com\/nl\/flamenco-in-cordoba\" class=\"w-grid-item-anchor\" aria-label=\"Cordoba\"><\/a>\r\n\t\t\t\t\t\t<div class=\"w-post-elm post_image usg_post_image_1 stretched\"><img decoding=\"async\" width=\"600\" height=\"335\" src=\"https:\/\/www.tablaosflamencos.com\/wp-content\/uploads\/cordoba-01-600x335.webp\" class=\"attachment-us_600_600 size-us_600_600 wp-post-image\" alt=\"Flamenco C\u00f3rdoba | Tablaos Flamencos\" srcset=\"https:\/\/www.tablaosflamencos.com\/wp-content\/uploads\/cordoba-01-600x335.webp 600w, https:\/\/www.tablaosflamencos.com\/wp-content\/uploads\/cordoba-01-300x168.webp 300w, https:\/\/www.tablaosflamencos.com\/wp-content\/uploads\/cordoba-01-1024x572.webp 1024w, https:\/\/www.tablaosflamencos.com\/wp-content\/uploads\/cordoba-01-1536x858.webp 1536w, https:\/\/www.tablaosflamencos.com\/wp-content\/uploads\/cordoba-01-150x84.webp 150w, https:\/\/www.tablaosflamencos.com\/wp-content\/uploads\/cordoba-01.webp 1920w\" sizes=\"(max-width: 600px) 100vw, 600px\" loading=\"eager\" \/><\/div><div class=\"w-vwrapper usg_vwrapper_1 align_none valign_top\" style=\"--vwrapper-gap: 0.7rem;\"><p class=\"w-post-elm post_title usg_post_title_1 has_text_color align_center color_link_inherit\">Cordoba<\/p><\/div>\t\t<\/div>\r\n\t\t\t<\/article>\r\n\t<article class=\"w-grid-item size_1x1 post-10204 page type-page status-publish has-post-thumbnail hentry\" data-id=\"10204\">\r\n\t\t<div class=\"w-grid-item-h\">\r\n\t\t\t\t\t\t\t<a href=\"https:\/\/www.tablaosflamencos.com\/nl\/flamenco-in-malaga\" class=\"w-grid-item-anchor\" aria-label=\"Malaga\"><\/a>\r\n\t\t\t\t\t\t<div class=\"w-post-elm post_image usg_post_image_1 stretched\"><img decoding=\"async\" width=\"600\" height=\"335\" src=\"https:\/\/www.tablaosflamencos.com\/wp-content\/uploads\/malaga-01-1-1-600x335.webp\" class=\"attachment-us_600_600 size-us_600_600 wp-post-image\" alt=\"Flamenco M\u00e1laga | Tablaos Flamencos\" srcset=\"https:\/\/www.tablaosflamencos.com\/wp-content\/uploads\/malaga-01-1-1-600x335.webp 600w, https:\/\/www.tablaosflamencos.com\/wp-content\/uploads\/malaga-01-1-1-300x168.webp 300w, https:\/\/www.tablaosflamencos.com\/wp-content\/uploads\/malaga-01-1-1-1024x572.webp 1024w, https:\/\/www.tablaosflamencos.com\/wp-content\/uploads\/malaga-01-1-1-1536x858.webp 1536w, https:\/\/www.tablaosflamencos.com\/wp-content\/uploads\/malaga-01-1-1-150x84.webp 150w, https:\/\/www.tablaosflamencos.com\/wp-content\/uploads\/malaga-01-1-1.webp 1920w\" sizes=\"(max-width: 600px) 100vw, 600px\" loading=\"eager\" \/><\/div><div class=\"w-vwrapper usg_vwrapper_1 align_none valign_top\" style=\"--vwrapper-gap: 0.7rem;\"><p class=\"w-post-elm post_title usg_post_title_1 has_text_color align_center color_link_inherit\">Malaga<\/p><\/div>\t\t<\/div>\r\n\t\t\t<\/article>\r\n\t<article class=\"w-grid-item size_1x1 post-10284 page type-page status-publish has-post-thumbnail hentry\" data-id=\"10284\">\r\n\t\t<div class=\"w-grid-item-h\">\r\n\t\t\t\t\t\t\t<a href=\"https:\/\/www.tablaosflamencos.com\/nl\/flamenco-in-jerez\" class=\"w-grid-item-anchor\" aria-label=\"Jerez\"><\/a>\r\n\t\t\t\t\t\t<div class=\"w-post-elm post_image usg_post_image_1 stretched\"><img decoding=\"async\" width=\"600\" height=\"335\" src=\"https:\/\/www.tablaosflamencos.com\/wp-content\/uploads\/jerez-01-1-3-600x335.webp\" class=\"attachment-us_600_600 size-us_600_600 wp-post-image\" alt=\"Flamenco Jerez | Tablaos Flamencos\" srcset=\"https:\/\/www.tablaosflamencos.com\/wp-content\/uploads\/jerez-01-1-3-600x335.webp 600w, https:\/\/www.tablaosflamencos.com\/wp-content\/uploads\/jerez-01-1-3-300x168.webp 300w, https:\/\/www.tablaosflamencos.com\/wp-content\/uploads\/jerez-01-1-3-1024x572.webp 1024w, https:\/\/www.tablaosflamencos.com\/wp-content\/uploads\/jerez-01-1-3-1536x858.webp 1536w, https:\/\/www.tablaosflamencos.com\/wp-content\/uploads\/jerez-01-1-3-150x84.webp 150w, https:\/\/www.tablaosflamencos.com\/wp-content\/uploads\/jerez-01-1-3.webp 1920w\" sizes=\"(max-width: 600px) 100vw, 600px\" loading=\"eager\" \/><\/div><div class=\"w-vwrapper usg_vwrapper_1 align_none valign_top\" style=\"--vwrapper-gap: 0.7rem;\"><p class=\"w-post-elm post_title usg_post_title_1 has_text_color align_center color_link_inherit\">Jerez<\/p><\/div>\t\t<\/div>\r\n\t\t\t<\/article>\r\n\t<article class=\"w-grid-item size_1x1 post-10267 page type-page status-publish has-post-thumbnail hentry\" data-id=\"10267\">\r\n\t\t<div class=\"w-grid-item-h\">\r\n\t\t\t\t\t\t\t<a href=\"https:\/\/www.tablaosflamencos.com\/nl\/flamenco-in-valencia\" class=\"w-grid-item-anchor\" aria-label=\"Valencia\"><\/a>\r\n\t\t\t\t\t\t<div class=\"w-post-elm post_image usg_post_image_1 stretched\"><img decoding=\"async\" width=\"600\" height=\"335\" src=\"https:\/\/www.tablaosflamencos.com\/wp-content\/uploads\/valencia-01-600x335.webp\" class=\"attachment-us_600_600 size-us_600_600 wp-post-image\" alt=\"Flamenco Valencia | Tablaos Flamencos\" srcset=\"https:\/\/www.tablaosflamencos.com\/wp-content\/uploads\/valencia-01-600x335.webp 600w, https:\/\/www.tablaosflamencos.com\/wp-content\/uploads\/valencia-01-300x168.webp 300w, https:\/\/www.tablaosflamencos.com\/wp-content\/uploads\/valencia-01-1024x572.webp 1024w, https:\/\/www.tablaosflamencos.com\/wp-content\/uploads\/valencia-01-1536x858.webp 1536w, https:\/\/www.tablaosflamencos.com\/wp-content\/uploads\/valencia-01-150x84.webp 150w, https:\/\/www.tablaosflamencos.com\/wp-content\/uploads\/valencia-01.webp 1920w\" sizes=\"(max-width: 600px) 100vw, 600px\" loading=\"eager\" \/><\/div><div class=\"w-vwrapper usg_vwrapper_1 align_none valign_top\" style=\"--vwrapper-gap: 0.7rem;\"><p class=\"w-post-elm post_title usg_post_title_1 has_text_color align_center color_link_inherit\">Valencia<\/p><\/div>\t\t<\/div>\r\n\t\t\t<\/article>\r\n<\/div><div class=\"g-preloader type_1\"><div><\/div><\/div><div class=\"w-grid-list-json hidden\" onclick='return {&quot;max_num_pages&quot;:0,&quot;paginationBase&quot;:&quot;page&quot;,&quot;pagination&quot;:&quot;none&quot;,&quot;paged&quot;:1,&quot;ajaxData&quot;:{&quot;action&quot;:&quot;us_ajax_post_list&quot;,&quot;meta_type&quot;:&quot;post&quot;,&quot;object_id&quot;:0,&quot;template_vars&quot;:{&quot;shortcode_base&quot;:&quot;us_post_list&quot;,&quot;paged&quot;:1,&quot;max_num_pages&quot;:0,&quot;no_results&quot;:false,&quot;us_post_content_design_css&quot;:[],&quot;found_posts&quot;:0,&quot;per_page&quot;:8,&quot;items_count&quot;:8,&quot;orderby_random_seed&quot;:null,&quot;source&quot;:&quot;post__in&quot;,&quot;custom_field_name&quot;:&quot;&quot;,&quot;ids&quot;:&quot;8549,8793,8796,8787,8790,8784,9733,9841&quot;,&quot;post_type&quot;:&quot;&quot;,&quot;attachment_ids&quot;:null,&quot;include_post_thumbnail&quot;:0,&quot;post_author&quot;:&quot;any&quot;,&quot;post_author_ids&quot;:&quot;&quot;,&quot;apply_url_params&quot;:0,&quot;ignore_sticky_posts&quot;:1,&quot;exclude_children&quot;:0,&quot;exclude_current_post&quot;:1,&quot;exclude_prev_posts&quot;:0,&quot;exclude_past_events&quot;:0,&quot;enable_items_offset&quot;:0,&quot;items_offset&quot;:&quot;1&quot;,&quot;tax_query_relation&quot;:&quot;none&quot;,&quot;tax_query&quot;:[{&quot;operator&quot;:&quot;IN&quot;,&quot;taxonomy&quot;:&quot;category&quot;,&quot;terms&quot;:&quot;&quot;,&quot;include_children&quot;:0}],&quot;meta_query_relation&quot;:&quot;none&quot;,&quot;meta_query&quot;:[{&quot;key&quot;:&quot;custom_field_name&quot;,&quot;compare&quot;:&quot;=&quot;,&quot;value&quot;:&quot;&quot;}],&quot;orderby&quot;:&quot;post__in&quot;,&quot;orderby_custom_field&quot;:&quot;&quot;,&quot;orderby_custom_type&quot;:0,&quot;order_invert&quot;:0,&quot;show_all&quot;:0,&quot;quantity&quot;:&quot;8&quot;,&quot;posts_per_archive_page&quot;:0,&quot;no_items_action&quot;:&quot;message&quot;,&quot;no_items_message&quot;:&quot;Geen resultaten gevonden.&quot;,&quot;no_items_page_block&quot;:&quot;&quot;,&quot;pagination&quot;:&quot;none&quot;,&quot;pagination_style&quot;:&quot;&quot;,&quot;pagination_btn_text&quot;:&quot;Laad meer&quot;,&quot;pagination_btn_size&quot;:&quot;&quot;,&quot;pagination_btn_style&quot;:&quot;1&quot;,&quot;pagination_btn_fullwidth&quot;:0,&quot;items_layout&quot;:&quot;8855&quot;,&quot;type&quot;:&quot;grid&quot;,&quot;items_valign&quot;:&quot;1&quot;,&quot;ignore_items_size&quot;:0,&quot;columns&quot;:&quot;4&quot;,&quot;items_gap&quot;:&quot;2px&quot;,&quot;load_animation&quot;:&quot;none&quot;,&quot;items_preload_style&quot;:&quot;spinner&quot;,&quot;img_size&quot;:&quot;default&quot;,&quot;img_aspect_ratio&quot;:&quot;&quot;,&quot;title_size&quot;:&quot;&quot;,&quot;item_aspect_ratio&quot;:&quot;&quot;,&quot;overriding_link&quot;:&quot;%7B%22type%22%3A%22post%22%7D&quot;,&quot;popup_page_template&quot;:&quot;0&quot;,&quot;popup_width&quot;:&quot;&quot;,&quot;popup_arrows&quot;:1,&quot;breakpoint_1_width&quot;:&quot;1381px&quot;,&quot;breakpoint_1_cols&quot;:&quot;default&quot;,&quot;breakpoint_1_quantity&quot;:&quot;&quot;,&quot;breakpoint_1_gap&quot;:&quot;&quot;,&quot;breakpoint_2_width&quot;:&quot;1025px&quot;,&quot;breakpoint_2_cols&quot;:&quot;2&quot;,&quot;breakpoint_2_quantity&quot;:&quot;&quot;,&quot;breakpoint_2_gap&quot;:&quot;&quot;,&quot;breakpoint_3_width&quot;:&quot;601px&quot;,&quot;breakpoint_3_cols&quot;:&quot;1&quot;,&quot;breakpoint_3_quantity&quot;:&quot;&quot;,&quot;breakpoint_3_gap&quot;:&quot;&quot;,&quot;conditions_operator&quot;:&quot;always&quot;,&quot;conditions&quot;:[],&quot;css&quot;:null,&quot;el_class&quot;:&quot;&quot;,&quot;el_id&quot;:&quot;&quot;,&quot;enable_custom_html_atts&quot;:0,&quot;custom_html_atts&quot;:null,&quot;hide_on_states&quot;:&quot;&quot;,&quot;hide_for_sticky&quot;:0,&quot;hide_for_not_sticky&quot;:0,&quot;hide_below&quot;:&quot;0px&quot;,&quot;hide_above&quot;:&quot;0px&quot;,&quot;items_ratio&quot;:&quot;&quot;,&quot;items_ratio_width&quot;:&quot;&quot;,&quot;items_ratio_height&quot;:&quot;&quot;,&quot;classes&quot;:&quot;&quot;},&quot;found_posts&quot;:0,&quot;per_page&quot;:8},&quot;facetedFilter&quot;:[]}'><\/div><\/div><div class=\"w-separator size_small\"><\/div><div class=\"wpb_text_column\"><div class=\"wpb_wrapper\"><p style=\"text-align: center;\">We helpen je het beste flamenco tablao te kiezen voor jouw plan.<\/p>\n<\/div><\/div><div class=\"w-separator size_small\"><\/div><div class=\"w-btn-wrapper align_center\"><a class=\"w-btn us-btn-style_1 icon_atleft\" href=\"https:\/\/www.tablaosflamencos.com\/nl\/steden\"><i class=\"fas fa-map\"><\/i><span class=\"w-btn-label\">Bekijk steden<\/span><\/a><\/div><\/div><\/div><\/div><\/div><\/div><\/section><section class=\"l-section wpb_row height_huge width_custom color_primary with_img with_shape\" style=\"--site-content-width:1400px;\"><div class=\"l-section-img\" role=\"img\" aria-label=\"Flamenco Valencia | Tablaos Flamencos\" data-img-width=\"1920\" data-img-height=\"1072\" style=\"background-image: url(https:\/\/www.tablaosflamencos.com\/wp-content\/uploads\/valencia-01.webp);\"><\/div><div class=\"l-section-overlay\" style=\"background:rgba(0,0,0,0.85)\"><\/div><div class=\"l-section-shape type_zigzag pos_top hor_flip\" style=\"height:3vmin;\"><svg xmlns=\"http:\/\/www.w3.org\/2000\/svg\" viewBox=\"0 0 64 8\" preserveAspectRatio=\"none\" width=\"100%\" height=\"100%\">\r\n\t<path fill=\"currentColor\" d=\"M64 8 L0 8 L0 0 L20 7.9 L40 3 L48 5 L64 0 Z\"\/>\r\n<\/svg><\/div><div class=\"l-section-shape type_zigzag pos_bottom\" style=\"height:3vmin;\"><svg xmlns=\"http:\/\/www.w3.org\/2000\/svg\" viewBox=\"0 0 64 8\" preserveAspectRatio=\"none\" width=\"100%\" height=\"100%\">\r\n\t<path fill=\"currentColor\" d=\"M64 8 L0 8 L0 0 L20 7.9 L40 3 L48 5 L64 0 Z\"\/>\r\n<\/svg><\/div><div class=\"l-section-h i-cf\"><div class=\"g-cols vc_row via_flex valign_top type_default stacking_default\"><div class=\"vc_col-sm-12 wpb_column vc_column_container\"><div class=\"vc_column-inner\"><div class=\"wpb_wrapper\"><div class=\"wpb_text_column\"><div class=\"wpb_wrapper\"><h2 style=\"text-align: center;\">Uitgelichte flamenco tablao\u2019s<\/h2>\n<p style=\"text-align: center;\">Flamencoshows die je niet mag missen:<\/p>\n<\/div><\/div><div class=\"w-separator size_large\"><\/div><div class=\"w-grid us_post_list type_grid layout_8554 cols_4 preload_style_spinner overflow_hidden items_have_ratio\" id=\"us_post_list_de8e\" style=\"--columns:4;--gap:2px;--item-aspect-ratio:1\/1;\"><style>@media (max-width:1024px){#us_post_list_de8e{--columns:2!important}}@media (max-width:600px){#us_post_list_de8e{--columns:1!important}}.layout_8554 .w-grid-item-h{background:#000000}.layout_8554 .usg_post_image_1{transition-duration:0.35s;transform-origin:50% 50%;transform:scale(1) translate(0%,0%)}.layout_8554 .w-grid-item-h:focus-within .usg_post_image_1,.layout_8554 .w-grid-item-h:hover .usg_post_image_1{transform:scale(1.1) translate(0%,0%);opacity:0.1}.layout_8554 .usg_post_image_1{position:absolute!important;top:0!important;right:0!important;bottom:0!important;left:0!important}.layout_8554 .usg_vwrapper_1{position:absolute!important;right:0!important;bottom:0!important;left:0!important;background:linear-gradient(transparent,rgba(30,30,30,0.8))!important;padding:4rem 2rem 1.5rem 2rem!important}.layout_8554 .usg_post_title_1{color:#ffffff!important;font-size:1.2rem!important;font-family:var(--h1-font-family)!important}.layout_8554 .usg_post_taxonomy_1{color:#ffffff!important;font-size:0.7rem!important;text-transform:uppercase!important}<\/style><div class=\"w-grid-list\">\t<article class=\"w-grid-item size_1x1 post-12750 us_portfolio type-us_portfolio status-publish has-post-thumbnail hentry us_portfolio_category-tenerife us_portfolio_tag-destacado\" data-id=\"12750\">\r\n\t\t<div class=\"w-grid-item-h\">\r\n\t\t\t\t\t\t\t<a href=\"https:\/\/www.tablaosflamencos.com\/nl\/tablao\/ole-flamenco-show\" class=\"w-grid-item-anchor\" aria-label=\"\u00a1Ol\u00e9! Flamenco Show\"><\/a>\r\n\t\t\t\t\t\t<div class=\"w-post-elm post_image usg_post_image_1 stretched\"><img decoding=\"async\" width=\"1024\" height=\"683\" src=\"https:\/\/www.tablaosflamencos.com\/wp-content\/uploads\/ole-flamenco-show-01-4-1024x683.webp\" class=\"attachment-large size-large wp-post-image\" alt=\"Ole Flamenco Show | Tablao Flamenco Tenerife\" srcset=\"https:\/\/www.tablaosflamencos.com\/wp-content\/uploads\/ole-flamenco-show-01-4-1024x683.webp 1024w, https:\/\/www.tablaosflamencos.com\/wp-content\/uploads\/ole-flamenco-show-01-4-300x200.webp 300w, https:\/\/www.tablaosflamencos.com\/wp-content\/uploads\/ole-flamenco-show-01-4-1536x1024.webp 1536w, https:\/\/www.tablaosflamencos.com\/wp-content\/uploads\/ole-flamenco-show-01-4-600x400.webp 600w, https:\/\/www.tablaosflamencos.com\/wp-content\/uploads\/ole-flamenco-show-01-4-150x100.webp 150w, https:\/\/www.tablaosflamencos.com\/wp-content\/uploads\/ole-flamenco-show-01-4.webp 1920w\" sizes=\"(max-width: 1024px) 100vw, 1024px\" loading=\"eager\" \/><\/div><div class=\"w-vwrapper usg_vwrapper_1 align_none valign_top\" style=\"--vwrapper-gap: 0.7rem;\"><div class=\"w-post-elm post_taxonomy usg_post_taxonomy_1 has_text_color style_simple color_link_inherit\"><span class=\"term-1045 term-tenerife\">Tenerife<\/span><\/div><p class=\"w-post-elm post_title usg_post_title_1 has_text_color color_link_inherit\">\u00a1Ol\u00e9! Flamenco Show<\/p><\/div>\t\t<\/div>\r\n\t\t\t<\/article>\r\n\t<article class=\"w-grid-item size_1x1 post-11630 us_portfolio type-us_portfolio status-publish has-post-thumbnail hentry us_portfolio_category-triana us_portfolio_tag-destacado\" data-id=\"11630\">\r\n\t\t<div class=\"w-grid-item-h\">\r\n\t\t\t\t\t\t\t<a href=\"https:\/\/www.tablaosflamencos.com\/nl\/tablao\/baraka-sala-flamenca\" class=\"w-grid-item-anchor\" aria-label=\"Baraka Sala Flamenca\"><\/a>\r\n\t\t\t\t\t\t<div class=\"w-post-elm post_image usg_post_image_1 stretched\"><img decoding=\"async\" width=\"1024\" height=\"683\" src=\"https:\/\/www.tablaosflamencos.com\/wp-content\/uploads\/baraka-sala-flamenca-01-1-1024x683.webp\" class=\"attachment-large size-large wp-post-image\" alt=\"Baraka Sala Flamenca - Baraka Flamenco show | Tablaos Flamencos\" srcset=\"https:\/\/www.tablaosflamencos.com\/wp-content\/uploads\/baraka-sala-flamenca-01-1-1024x683.webp 1024w, https:\/\/www.tablaosflamencos.com\/wp-content\/uploads\/baraka-sala-flamenca-01-1-300x200.webp 300w, https:\/\/www.tablaosflamencos.com\/wp-content\/uploads\/baraka-sala-flamenca-01-1-1536x1025.webp 1536w, https:\/\/www.tablaosflamencos.com\/wp-content\/uploads\/baraka-sala-flamenca-01-1-600x400.webp 600w, https:\/\/www.tablaosflamencos.com\/wp-content\/uploads\/baraka-sala-flamenca-01-1-150x100.webp 150w, https:\/\/www.tablaosflamencos.com\/wp-content\/uploads\/baraka-sala-flamenca-01-1.webp 1920w\" sizes=\"(max-width: 1024px) 100vw, 1024px\" loading=\"eager\" \/><\/div><div class=\"w-vwrapper usg_vwrapper_1 align_none valign_top\" style=\"--vwrapper-gap: 0.7rem;\"><div class=\"w-post-elm post_taxonomy usg_post_taxonomy_1 has_text_color style_simple color_link_inherit\"><span class=\"term-437 term-triana\">Triana<\/span><\/div><p class=\"w-post-elm post_title usg_post_title_1 has_text_color color_link_inherit\">Baraka Sala Flamenca<\/p><\/div>\t\t<\/div>\r\n\t\t\t<\/article>\r\n\t<article class=\"w-grid-item size_1x1 post-12139 us_portfolio type-us_portfolio status-publish has-post-thumbnail hentry us_portfolio_category-sevilla us_portfolio_category-triana us_portfolio_tag-destacado\" data-id=\"12139\">\r\n\t\t<div class=\"w-grid-item-h\">\r\n\t\t\t\t\t\t\t<a href=\"https:\/\/www.tablaosflamencos.com\/nl\/tablao\/prive-flamencoshow\" class=\"w-grid-item-anchor\" aria-label=\"Priv\u00e9 Flamencoshow\"><\/a>\r\n\t\t\t\t\t\t<div class=\"w-post-elm post_image usg_post_image_1 stretched\"><img decoding=\"async\" width=\"1024\" height=\"683\" src=\"https:\/\/www.tablaosflamencos.com\/wp-content\/uploads\/flamenco-privado-01-17-1024x683.webp\" class=\"attachment-large size-large wp-post-image\" alt=\"Flamenco Privado Sevilla\" srcset=\"https:\/\/www.tablaosflamencos.com\/wp-content\/uploads\/flamenco-privado-01-17-1024x683.webp 1024w, https:\/\/www.tablaosflamencos.com\/wp-content\/uploads\/flamenco-privado-01-17-300x200.webp 300w, https:\/\/www.tablaosflamencos.com\/wp-content\/uploads\/flamenco-privado-01-17-1536x1025.webp 1536w, https:\/\/www.tablaosflamencos.com\/wp-content\/uploads\/flamenco-privado-01-17-600x400.webp 600w, https:\/\/www.tablaosflamencos.com\/wp-content\/uploads\/flamenco-privado-01-17-150x100.webp 150w, https:\/\/www.tablaosflamencos.com\/wp-content\/uploads\/flamenco-privado-01-17.webp 1920w\" sizes=\"(max-width: 1024px) 100vw, 1024px\" loading=\"eager\" \/><\/div><div class=\"w-vwrapper usg_vwrapper_1 align_none valign_top\" style=\"--vwrapper-gap: 0.7rem;\"><div class=\"w-post-elm post_taxonomy usg_post_taxonomy_1 has_text_color style_simple color_link_inherit\"><span class=\"term-430 term-sevilla\">Sevilla<\/span><b>, <\/b><span class=\"term-437 term-triana\">Triana<\/span><\/div><p class=\"w-post-elm post_title usg_post_title_1 has_text_color color_link_inherit\">Priv\u00e9 Flamencoshow<\/p><\/div>\t\t<\/div>\r\n\t\t\t<\/article>\r\n\t<article class=\"w-grid-item size_1x1 post-12898 us_portfolio type-us_portfolio status-publish has-post-thumbnail hentry us_portfolio_category-madrid us_portfolio_tag-destacado\" data-id=\"12898\">\r\n\t\t<div class=\"w-grid-item-h\">\r\n\t\t\t\t\t\t\t<a href=\"https:\/\/www.tablaosflamencos.com\/nl\/tablao\/tablao-opera-flamenca\" class=\"w-grid-item-anchor\" aria-label=\"Tablao \u00d3pera Flamenca\"><\/a>\r\n\t\t\t\t\t\t<div class=\"w-post-elm post_image usg_post_image_1 stretched\"><img decoding=\"async\" width=\"1024\" height=\"683\" src=\"https:\/\/www.tablaosflamencos.com\/wp-content\/uploads\/tablao-opera-flamenca-01-13-1024x683.webp\" class=\"attachment-large size-large wp-post-image\" alt=\"Tablao \u00d3pera Flamenca | Flamenco Madrid\" srcset=\"https:\/\/www.tablaosflamencos.com\/wp-content\/uploads\/tablao-opera-flamenca-01-13-1024x683.webp 1024w, https:\/\/www.tablaosflamencos.com\/wp-content\/uploads\/tablao-opera-flamenca-01-13-300x200.webp 300w, https:\/\/www.tablaosflamencos.com\/wp-content\/uploads\/tablao-opera-flamenca-01-13-1536x1024.webp 1536w, https:\/\/www.tablaosflamencos.com\/wp-content\/uploads\/tablao-opera-flamenca-01-13-600x400.webp 600w, https:\/\/www.tablaosflamencos.com\/wp-content\/uploads\/tablao-opera-flamenca-01-13-150x100.webp 150w, https:\/\/www.tablaosflamencos.com\/wp-content\/uploads\/tablao-opera-flamenca-01-13.webp 1920w\" sizes=\"(max-width: 1024px) 100vw, 1024px\" loading=\"eager\" \/><\/div><div class=\"w-vwrapper usg_vwrapper_1 align_none valign_top\" style=\"--vwrapper-gap: 0.7rem;\"><div class=\"w-post-elm post_taxonomy usg_post_taxonomy_1 has_text_color style_simple color_link_inherit\"><span class=\"term-1035 term-madrid\">Madrid<\/span><\/div><p class=\"w-post-elm post_title usg_post_title_1 has_text_color color_link_inherit\">Tablao \u00d3pera Flamenca<\/p><\/div>\t\t<\/div>\r\n\t\t\t<\/article>\r\n\t<article class=\"w-grid-item size_1x1 post-12823 us_portfolio type-us_portfolio status-publish has-post-thumbnail hentry us_portfolio_category-madrid us_portfolio_tag-destacado\" data-id=\"12823\">\r\n\t\t<div class=\"w-grid-item-h\">\r\n\t\t\t\t\t\t\t<a href=\"https:\/\/www.tablaosflamencos.com\/nl\/tablao\/tablao-flamenco-cafe-ziryab\" class=\"w-grid-item-anchor\" aria-label=\"Tablao Flamenco Caf\u00e9 Ziryab\"><\/a>\r\n\t\t\t\t\t\t<div class=\"w-post-elm post_image usg_post_image_1 stretched\"><img decoding=\"async\" width=\"1024\" height=\"683\" src=\"https:\/\/www.tablaosflamencos.com\/wp-content\/uploads\/tablao-flamenco-cafe-ziryab-01-1-1024x683.webp\" class=\"attachment-large size-large wp-post-image\" alt=\"Tablao Flamenco Caf\u00e9 Ziryab | Flamenco Madrid\" srcset=\"https:\/\/www.tablaosflamencos.com\/wp-content\/uploads\/tablao-flamenco-cafe-ziryab-01-1-1024x683.webp 1024w, https:\/\/www.tablaosflamencos.com\/wp-content\/uploads\/tablao-flamenco-cafe-ziryab-01-1-300x200.webp 300w, https:\/\/www.tablaosflamencos.com\/wp-content\/uploads\/tablao-flamenco-cafe-ziryab-01-1-1536x1024.webp 1536w, https:\/\/www.tablaosflamencos.com\/wp-content\/uploads\/tablao-flamenco-cafe-ziryab-01-1-600x400.webp 600w, https:\/\/www.tablaosflamencos.com\/wp-content\/uploads\/tablao-flamenco-cafe-ziryab-01-1-150x100.webp 150w, https:\/\/www.tablaosflamencos.com\/wp-content\/uploads\/tablao-flamenco-cafe-ziryab-01-1.webp 1920w\" sizes=\"(max-width: 1024px) 100vw, 1024px\" loading=\"eager\" \/><\/div><div class=\"w-vwrapper usg_vwrapper_1 align_none valign_top\" style=\"--vwrapper-gap: 0.7rem;\"><div class=\"w-post-elm post_taxonomy usg_post_taxonomy_1 has_text_color style_simple color_link_inherit\"><span class=\"term-1035 term-madrid\">Madrid<\/span><\/div><p class=\"w-post-elm post_title usg_post_title_1 has_text_color color_link_inherit\">Tablao Flamenco Caf\u00e9 Ziryab<\/p><\/div>\t\t<\/div>\r\n\t\t\t<\/article>\r\n\t<article class=\"w-grid-item size_1x1 post-11996 us_portfolio type-us_portfolio status-publish has-post-thumbnail hentry us_portfolio_category-granada us_portfolio_tag-destacado\" data-id=\"11996\">\r\n\t\t<div class=\"w-grid-item-h\">\r\n\t\t\t\t\t\t\t<a href=\"https:\/\/www.tablaosflamencos.com\/nl\/tablao\/tablao-flamenco-casa-ana\" class=\"w-grid-item-anchor\" aria-label=\"Tablao Flamenco Casa Ana\"><\/a>\r\n\t\t\t\t\t\t<div class=\"w-post-elm post_image usg_post_image_1 stretched\"><img decoding=\"async\" width=\"1024\" height=\"685\" src=\"https:\/\/www.tablaosflamencos.com\/wp-content\/uploads\/tablao-flamenco-casa-ana-12-1024x685.webp\" class=\"attachment-large size-large wp-post-image\" alt=\"Tablao Flamenco Casa Ana | Flamenco Granada\" srcset=\"https:\/\/www.tablaosflamencos.com\/wp-content\/uploads\/tablao-flamenco-casa-ana-12-1024x685.webp 1024w, https:\/\/www.tablaosflamencos.com\/wp-content\/uploads\/tablao-flamenco-casa-ana-12-300x201.webp 300w, https:\/\/www.tablaosflamencos.com\/wp-content\/uploads\/tablao-flamenco-casa-ana-12-600x402.webp 600w, https:\/\/www.tablaosflamencos.com\/wp-content\/uploads\/tablao-flamenco-casa-ana-12-150x100.webp 150w, https:\/\/www.tablaosflamencos.com\/wp-content\/uploads\/tablao-flamenco-casa-ana-12.webp 1200w\" sizes=\"(max-width: 1024px) 100vw, 1024px\" loading=\"eager\" \/><\/div><div class=\"w-vwrapper usg_vwrapper_1 align_none valign_top\" style=\"--vwrapper-gap: 0.7rem;\"><div class=\"w-post-elm post_taxonomy usg_post_taxonomy_1 has_text_color style_simple color_link_inherit\"><span class=\"term-569 term-granada\">Granada<\/span><\/div><p class=\"w-post-elm post_title usg_post_title_1 has_text_color color_link_inherit\">Tablao Flamenco Casa Ana<\/p><\/div>\t\t<\/div>\r\n\t\t\t<\/article>\r\n\t<article class=\"w-grid-item size_1x1 post-12934 us_portfolio type-us_portfolio status-publish has-post-thumbnail hentry us_portfolio_category-sevilla us_portfolio_tag-destacado\" data-id=\"12934\">\r\n\t\t<div class=\"w-grid-item-h\">\r\n\t\t\t\t\t\t\t<a href=\"https:\/\/www.tablaosflamencos.com\/nl\/tablao\/tablao-flamenco-el-jardin-de-murillo\" class=\"w-grid-item-anchor\" aria-label=\"Tablao Flamenco El Jard\u00edn de Murillo\"><\/a>\r\n\t\t\t\t\t\t<div class=\"w-post-elm post_image usg_post_image_1 stretched\"><img decoding=\"async\" width=\"683\" height=\"1024\" src=\"https:\/\/www.tablaosflamencos.com\/wp-content\/uploads\/15-de-descuento-en-el-jardin-de-murillo-con-el-codigo-murillo15-01-3-683x1024.webp\" class=\"attachment-large size-large wp-post-image\" alt=\"15% de descuento en El Jard\u00edn de Murillo con el c\u00f3digo MURILLO15\" srcset=\"https:\/\/www.tablaosflamencos.com\/wp-content\/uploads\/15-de-descuento-en-el-jardin-de-murillo-con-el-codigo-murillo15-01-3-683x1024.webp 683w, https:\/\/www.tablaosflamencos.com\/wp-content\/uploads\/15-de-descuento-en-el-jardin-de-murillo-con-el-codigo-murillo15-01-3-200x300.webp 200w, https:\/\/www.tablaosflamencos.com\/wp-content\/uploads\/15-de-descuento-en-el-jardin-de-murillo-con-el-codigo-murillo15-01-3-1024x1536.webp 1024w, https:\/\/www.tablaosflamencos.com\/wp-content\/uploads\/15-de-descuento-en-el-jardin-de-murillo-con-el-codigo-murillo15-01-3-400x600.webp 400w, https:\/\/www.tablaosflamencos.com\/wp-content\/uploads\/15-de-descuento-en-el-jardin-de-murillo-con-el-codigo-murillo15-01-3-100x150.webp 100w, https:\/\/www.tablaosflamencos.com\/wp-content\/uploads\/15-de-descuento-en-el-jardin-de-murillo-con-el-codigo-murillo15-01-3.webp 1280w\" sizes=\"(max-width: 683px) 100vw, 683px\" loading=\"eager\" \/><\/div><div class=\"w-vwrapper usg_vwrapper_1 align_none valign_top\" style=\"--vwrapper-gap: 0.7rem;\"><div class=\"w-post-elm post_taxonomy usg_post_taxonomy_1 has_text_color style_simple color_link_inherit\"><span class=\"term-430 term-sevilla\">Sevilla<\/span><\/div><p class=\"w-post-elm post_title usg_post_title_1 has_text_color color_link_inherit\">Tablao Flamenco El Jard\u00edn de Murillo<\/p><\/div>\t\t<\/div>\r\n\t\t\t<\/article>\r\n\t<article class=\"w-grid-item size_1x1 post-12872 us_portfolio type-us_portfolio status-publish has-post-thumbnail hentry us_portfolio_category-granada us_portfolio_tag-destacado\" data-id=\"12872\">\r\n\t\t<div class=\"w-grid-item-h\">\r\n\t\t\t\t\t\t\t<a href=\"https:\/\/www.tablaosflamencos.com\/nl\/tablao\/tablao-flamenco-la-alborea\" class=\"w-grid-item-anchor\" aria-label=\"Tablao Flamenco La Albore\u00e1\"><\/a>\r\n\t\t\t\t\t\t<div class=\"w-post-elm post_image usg_post_image_1 stretched\"><img decoding=\"async\" width=\"1024\" height=\"992\" src=\"https:\/\/www.tablaosflamencos.com\/wp-content\/uploads\/tablao-flamenco-la-alborea-01-7-1024x992.webp\" class=\"attachment-large size-large wp-post-image\" alt=\"Tablao Flamenco La Albore\u00e1 | Tablaos Flamencos\" srcset=\"https:\/\/www.tablaosflamencos.com\/wp-content\/uploads\/tablao-flamenco-la-alborea-01-7-1024x992.webp 1024w, https:\/\/www.tablaosflamencos.com\/wp-content\/uploads\/tablao-flamenco-la-alborea-01-7-300x291.webp 300w, https:\/\/www.tablaosflamencos.com\/wp-content\/uploads\/tablao-flamenco-la-alborea-01-7-600x581.webp 600w, https:\/\/www.tablaosflamencos.com\/wp-content\/uploads\/tablao-flamenco-la-alborea-01-7-150x145.webp 150w, https:\/\/www.tablaosflamencos.com\/wp-content\/uploads\/tablao-flamenco-la-alborea-01-7.webp 1129w\" sizes=\"(max-width: 1024px) 100vw, 1024px\" loading=\"eager\" \/><\/div><div class=\"w-vwrapper usg_vwrapper_1 align_none valign_top\" style=\"--vwrapper-gap: 0.7rem;\"><div class=\"w-post-elm post_taxonomy usg_post_taxonomy_1 has_text_color style_simple color_link_inherit\"><span class=\"term-569 term-granada\">Granada<\/span><\/div><p class=\"w-post-elm post_title usg_post_title_1 has_text_color color_link_inherit\">Tablao Flamenco La Albore\u00e1<\/p><\/div>\t\t<\/div>\r\n\t\t\t<\/article>\r\n<\/div><div class=\"g-preloader type_1\"><div><\/div><\/div><div class=\"w-grid-list-json hidden\" onclick='return {&quot;max_num_pages&quot;:0,&quot;paginationBase&quot;:&quot;page&quot;,&quot;pagination&quot;:&quot;none&quot;,&quot;paged&quot;:1,&quot;ajaxData&quot;:{&quot;action&quot;:&quot;us_ajax_post_list&quot;,&quot;meta_type&quot;:&quot;post&quot;,&quot;object_id&quot;:0,&quot;template_vars&quot;:{&quot;shortcode_base&quot;:&quot;us_post_list&quot;,&quot;paged&quot;:1,&quot;max_num_pages&quot;:0,&quot;no_results&quot;:false,&quot;us_post_content_design_css&quot;:[],&quot;found_posts&quot;:0,&quot;per_page&quot;:8,&quot;items_count&quot;:8,&quot;orderby_random_seed&quot;:null,&quot;source&quot;:&quot;all&quot;,&quot;custom_field_name&quot;:&quot;&quot;,&quot;ids&quot;:&quot;&quot;,&quot;post_type&quot;:&quot;us_portfolio&quot;,&quot;attachment_ids&quot;:null,&quot;include_post_thumbnail&quot;:0,&quot;post_author&quot;:&quot;any&quot;,&quot;post_author_ids&quot;:&quot;&quot;,&quot;apply_url_params&quot;:0,&quot;ignore_sticky_posts&quot;:1,&quot;exclude_children&quot;:0,&quot;exclude_current_post&quot;:1,&quot;exclude_prev_posts&quot;:0,&quot;exclude_past_events&quot;:0,&quot;enable_items_offset&quot;:0,&quot;items_offset&quot;:&quot;1&quot;,&quot;tax_query_relation&quot;:&quot;AND&quot;,&quot;tax_query&quot;:&quot;%5B%7B%22operator%22%3A%22IN%22%2C%22taxonomy%22%3A%22us_portfolio_tag%22%2C%22terms%22%3A%22148%22%2C%22include_children%22%3A%220%22%7D%5D&quot;,&quot;meta_query_relation&quot;:&quot;none&quot;,&quot;meta_query&quot;:[{&quot;key&quot;:&quot;custom_field_name&quot;,&quot;compare&quot;:&quot;=&quot;,&quot;value&quot;:&quot;&quot;}],&quot;orderby&quot;:&quot;title&quot;,&quot;orderby_custom_field&quot;:&quot;&quot;,&quot;orderby_custom_type&quot;:0,&quot;order_invert&quot;:0,&quot;show_all&quot;:0,&quot;quantity&quot;:&quot;8&quot;,&quot;posts_per_archive_page&quot;:0,&quot;no_items_action&quot;:&quot;message&quot;,&quot;no_items_message&quot;:&quot;Geen resultaten gevonden.&quot;,&quot;no_items_page_block&quot;:&quot;&quot;,&quot;pagination&quot;:&quot;none&quot;,&quot;pagination_style&quot;:&quot;&quot;,&quot;pagination_btn_text&quot;:&quot;Laad meer&quot;,&quot;pagination_btn_size&quot;:&quot;&quot;,&quot;pagination_btn_style&quot;:&quot;1&quot;,&quot;pagination_btn_fullwidth&quot;:0,&quot;items_layout&quot;:&quot;8554&quot;,&quot;type&quot;:&quot;grid&quot;,&quot;items_valign&quot;:0,&quot;ignore_items_size&quot;:0,&quot;columns&quot;:&quot;4&quot;,&quot;items_gap&quot;:&quot;2px&quot;,&quot;load_animation&quot;:&quot;none&quot;,&quot;items_preload_style&quot;:&quot;spinner&quot;,&quot;img_size&quot;:&quot;default&quot;,&quot;img_aspect_ratio&quot;:&quot;&quot;,&quot;title_size&quot;:&quot;&quot;,&quot;item_aspect_ratio&quot;:&quot;&quot;,&quot;overriding_link&quot;:&quot;%7B%22type%22%3A%22post%22%7D&quot;,&quot;popup_page_template&quot;:&quot;0&quot;,&quot;popup_width&quot;:&quot;&quot;,&quot;popup_arrows&quot;:1,&quot;breakpoint_1_width&quot;:&quot;1381px&quot;,&quot;breakpoint_1_cols&quot;:&quot;default&quot;,&quot;breakpoint_1_quantity&quot;:&quot;&quot;,&quot;breakpoint_1_gap&quot;:&quot;&quot;,&quot;breakpoint_2_width&quot;:&quot;1025px&quot;,&quot;breakpoint_2_cols&quot;:&quot;2&quot;,&quot;breakpoint_2_quantity&quot;:&quot;&quot;,&quot;breakpoint_2_gap&quot;:&quot;&quot;,&quot;breakpoint_3_width&quot;:&quot;601px&quot;,&quot;breakpoint_3_cols&quot;:&quot;1&quot;,&quot;breakpoint_3_quantity&quot;:&quot;&quot;,&quot;breakpoint_3_gap&quot;:&quot;&quot;,&quot;conditions_operator&quot;:&quot;always&quot;,&quot;conditions&quot;:[],&quot;css&quot;:null,&quot;el_class&quot;:&quot;&quot;,&quot;el_id&quot;:&quot;&quot;,&quot;enable_custom_html_atts&quot;:0,&quot;custom_html_atts&quot;:null,&quot;hide_on_states&quot;:&quot;&quot;,&quot;hide_for_sticky&quot;:0,&quot;hide_for_not_sticky&quot;:0,&quot;hide_below&quot;:&quot;0px&quot;,&quot;hide_above&quot;:&quot;0px&quot;,&quot;items_ratio&quot;:&quot;&quot;,&quot;items_ratio_width&quot;:&quot;&quot;,&quot;items_ratio_height&quot;:&quot;&quot;,&quot;classes&quot;:&quot;&quot;},&quot;found_posts&quot;:0,&quot;per_page&quot;:8},&quot;facetedFilter&quot;:[]}'><\/div><\/div><div class=\"w-separator size_small\"><\/div><div class=\"w-btn-wrapper align_center\"><a class=\"w-btn us-btn-style_1 icon_atleft\" href=\"https:\/\/www.tablaosflamencos.com\/nl\/flamenco-tabloos\"><i class=\"fas fa-calendar\"><\/i><span class=\"w-btn-label\">Bekijk flamenco tablao\u2019s<\/span><\/a><\/div><\/div><\/div><\/div><\/div><\/div><\/section><section class=\"l-section wpb_row height_huge\"><div class=\"l-section-h i-cf\"><div class=\"g-cols vc_row via_flex valign_middle type_default stacking_default\"><div class=\"vc_col-sm-6 wpb_column vc_column_container\"><div class=\"vc_column-inner\"><div class=\"wpb_wrapper\"><div class=\"wpb_text_column\"><div class=\"wpb_wrapper\"><h2>Wat is een flamenco tablao en hoe kies je?<\/h2>\n<p>In een <strong>flamenco tablao<\/strong> beleef je de show van heel dichtbij: <strong>dans, zang en gitaar live<\/strong> in een intieme sfeer waar elk detail telt. Het is de meest authentieke manier om <strong>flamencoshows<\/strong> te beleven, of het nu je eerste keer is of niet.<\/p>\n<p>Bij <strong>Tablaos Flamencos<\/strong> bundelen we een selectie van tablao\u2019s en shows in verschillende steden in Spanje zodat je makkelijk kunt <strong>vergelijken en boeken<\/strong>: locatie, tijden, optie met diner of alleen show, en vooral het soort ervaring dat je zoekt. Heb je vragen, bekijk <a href=\"https:\/\/www.tablaosflamencos.com\/nl\/hoe-boeken\"><strong>hoe je boekt<\/strong><\/a> en onze <a href=\"https:\/\/www.tablaosflamencos.com\/nl\/veelgestelde-vragen\"><strong>veelgestelde vragen<\/strong><\/a>; en wil je termen en stijlen leren, ga dan naar het <a href=\"https:\/\/www.tablaosflamencos.com\/nl\/flamenco-woordenboek\"><strong>flamenco-woordenboek<\/strong><\/a>.<\/p>\n<\/div><\/div><\/div><\/div><\/div><div class=\"vc_col-sm-6 wpb_column vc_column_container\"><div class=\"vc_column-inner\"><div class=\"wpb_wrapper\"><div class=\"w-image has_ratio align_center\"><div class=\"w-image-h\"><div style=\"padding-bottom:75%\"><\/div><img decoding=\"async\" width=\"600\" height=\"335\" src=\"https:\/\/www.tablaosflamencos.com\/wp-content\/uploads\/tablaos-flamencos-4-600x335.webp\" class=\"attachment-us_600_600 size-us_600_600\" alt=\"Tablaos flamencos y espect\u00e1culos | Flamenco shows\" loading=\"eager\" \/><\/div><\/div><\/div><\/div><\/div><\/div><\/div><\/section><section class=\"l-section wpb_row height_huge width_custom with_shape\" style=\"--site-content-width:1400px;\"><div class=\"l-section-overlay\" style=\"background:#f5f5f5\"><\/div><div class=\"l-section-shape type_zigzag pos_top hor_flip\" style=\"height:3vmin;\"><svg xmlns=\"http:\/\/www.w3.org\/2000\/svg\" viewBox=\"0 0 64 8\" preserveAspectRatio=\"none\" width=\"100%\" height=\"100%\">\r\n\t<path fill=\"currentColor\" d=\"M64 8 L0 8 L0 0 L20 7.9 L40 3 L48 5 L64 0 Z\"\/>\r\n<\/svg><\/div><div class=\"l-section-shape type_zigzag pos_bottom\" style=\"height:3vmin;\"><svg xmlns=\"http:\/\/www.w3.org\/2000\/svg\" viewBox=\"0 0 64 8\" preserveAspectRatio=\"none\" width=\"100%\" height=\"100%\">\r\n\t<path fill=\"currentColor\" d=\"M64 8 L0 8 L0 0 L20 7.9 L40 3 L48 5 L64 0 Z\"\/>\r\n<\/svg><\/div><div class=\"l-section-h i-cf\"><div class=\"g-cols vc_row via_flex valign_top type_default stacking_default\"><div class=\"vc_col-sm-2 wpb_column vc_column_container\"><div class=\"vc_column-inner\"><div class=\"wpb_wrapper\"><\/div><\/div><\/div><div class=\"vc_col-sm-8 wpb_column vc_column_container\"><div class=\"vc_column-inner\"><div class=\"wpb_wrapper\"><div class=\"wpb_text_column\"><div class=\"wpb_wrapper\"><h2 style=\"text-align: center;\">Veelgestelde vragen over flamenco tablao\u2019s<\/h2>\n<p style=\"text-align: center;\">We beantwoorden de meest gestelde vragen voordat je boekt.<\/p>\n<\/div><\/div><div class=\"w-separator size_small\"><\/div><div class=\"w-tabs accordion toggle_style_1\" style=\"--sections-gap:0.5rem;\"><div class=\"w-tabs-sections titles-align_none icon_chevron cpos_right\"><div class=\"w-tabs-section\" id=\"eca7\"><button type=\"button\" class=\"w-tabs-section-header\" aria-controls=\"content-eca7\" aria-expanded=\"false\"><div class=\"w-tabs-section-title\">Wat is een flamenco tablao?<\/div><div class=\"w-tabs-section-control\"><\/div><\/button><div  class=\"w-tabs-section-content\" id=\"content-eca7\"><div class=\"w-tabs-section-content-h i-cf\"><div class=\"wpb_text_column\"><div class=\"wpb_wrapper\"><p>Een tablao is een intieme plek waar je flamenco van dichtbij beleeft: dans, zang en gitaar live. Het is de meest authentieke manier om een flamencoshow te zien.<\/p>\n<\/div><\/div><\/div><\/div><\/div><div class=\"w-tabs-section\" id=\"rdad\"><button type=\"button\" class=\"w-tabs-section-header\" aria-controls=\"content-rdad\" aria-expanded=\"false\"><div class=\"w-tabs-section-title\">Diner + show of alleen show?<\/div><div class=\"w-tabs-section-control\"><\/div><\/button><div  class=\"w-tabs-section-content\" id=\"content-rdad\"><div class=\"w-tabs-section-content-h i-cf\"><div class=\"wpb_text_column\"><div class=\"wpb_wrapper\"><p>Met diner is het een completere ervaring, maar als je prioriteit is om flamenco op z\u2019n best te beleven, raden we \u201calleen show\u201d aan: er is minder beweging in de zaal (bediening en mensen die opstaan) en de aandacht gaat 100% naar dans, zang en gitaar. Bij elke tablao zie je welke optie beschikbaar is.<\/p>\n<\/div><\/div><\/div><\/div><\/div><div class=\"w-tabs-section\" id=\"ve9b\"><button type=\"button\" class=\"w-tabs-section-header\" aria-controls=\"content-ve9b\" aria-expanded=\"false\"><div class=\"w-tabs-section-title\">Hoe lang duurt een flamencoshow?<\/div><div class=\"w-tabs-section-control\"><\/div><\/button><div  class=\"w-tabs-section-content\" id=\"content-ve9b\"><div class=\"w-tabs-section-content-h i-cf\"><div class=\"wpb_text_column\"><div class=\"wpb_wrapper\"><p>De duur verschilt per tablao en voorstelling, maar ligt meestal tussen 60 en 90 minuten. Op elke pagina vind je tijden en details.<\/p>\n<\/div><\/div><\/div><\/div><\/div><div class=\"w-tabs-section\" id=\"ef78\"><button type=\"button\" class=\"w-tabs-section-header\" aria-controls=\"content-ef78\" aria-expanded=\"false\"><div class=\"w-tabs-section-title\">Moet ik vooraf reserveren?<\/div><div class=\"w-tabs-section-control\"><\/div><\/button><div  class=\"w-tabs-section-content\" id=\"content-ef78\"><div class=\"w-tabs-section-content-h i-cf\"><div class=\"wpb_text_column\"><div class=\"wpb_wrapper\"><p>Ja, vooral in het weekend en op drukke data. Vroeg boeken verzekert je plek, het gewenste tijdstip en betere zichtbaarheid.<\/p>\n<\/div><\/div><\/div><\/div><\/div><div class=\"w-tabs-section\" id=\"c048\"><button type=\"button\" class=\"w-tabs-section-header\" aria-controls=\"content-c048\" aria-expanded=\"false\"><div class=\"w-tabs-section-title\">Is het geschikt voor gezinnen of kinderen?<\/div><div class=\"w-tabs-section-control\"><\/div><\/button><div  class=\"w-tabs-section-content\" id=\"content-c048\"><div class=\"w-tabs-section-content-h i-cf\"><div class=\"wpb_text_column\"><div class=\"wpb_wrapper\"><p>Dat hangt af van de tablao. Sommige zijn ideaal voor gezinnen, andere zijn meer gericht op volwassenen. Elke tablao heeft eigen regels.<\/p>\n<\/div><\/div><\/div><\/div><\/div><div class=\"w-tabs-section\" id=\"e121\"><button type=\"button\" class=\"w-tabs-section-header\" aria-controls=\"content-e121\" aria-expanded=\"false\"><div class=\"w-tabs-section-title\">Kan ik mijn boeking annuleren of wijzigen?<\/div><div class=\"w-tabs-section-control\"><\/div><\/button><div  class=\"w-tabs-section-content\" id=\"content-e121\"><div class=\"w-tabs-section-content-h i-cf\"><div class=\"wpb_text_column\"><div class=\"wpb_wrapper\"><p>Bij Tablaos Flamencos zijn boekingen definitief en niet-restitueerbaar (annuleren is niet mogelijk). Controleer daarom datum, tijd en stad voordat je bevestigt. Hulp nodig? Stuur ons een bericht en we adviseren je v\u00f3\u00f3r je boekt.<\/p>\n<\/div><\/div><\/div><\/div><\/div><div class=\"w-tabs-section\" id=\"t201\"><button type=\"button\" class=\"w-tabs-section-header\" aria-controls=\"content-t201\" aria-expanded=\"false\"><div class=\"w-tabs-section-title\">Mag ik foto\u2019s of video\u2019s maken?<\/div><div class=\"w-tabs-section-control\"><\/div><\/button><div  class=\"w-tabs-section-content\" id=\"content-t201\"><div class=\"w-tabs-section-content-h i-cf\"><div class=\"wpb_text_column\"><div class=\"wpb_wrapper\"><p>Tijdens de show zijn foto\u2019s en video\u2019s niet toegestaan, uit respect voor artiesten, publiek en beeldrechten. In sommige gevallen is aan het einde een snelle foto toegestaan (als de tablao het goedkeurt), meestal zonder flits.<\/p>\n<\/div><\/div><\/div><\/div><\/div><\/div><\/div><div class=\"w-separator size_small\"><\/div><div class=\"w-btn-wrapper align_center\"><a class=\"w-btn us-btn-style_11 icon_atleft\" href=\"https:\/\/www.tablaosflamencos.com\/nl\/veelgestelde-vragen\"><i class=\"fas fa-question-circle\"><\/i><span class=\"w-btn-label\">Bekijk veelgestelde vragen<\/span><\/a><\/div><\/div><\/div><\/div><div class=\"vc_col-sm-2 wpb_column vc_column_container\"><div class=\"vc_column-inner\"><div class=\"wpb_wrapper\"><\/div><\/div><\/div><\/div><\/div><\/section><section class=\"l-section wpb_row height_huge\"><div class=\"l-section-h i-cf\"><div class=\"g-cols vc_row via_flex valign_top type_default stacking_default\"><div class=\"vc_col-sm-12 wpb_column vc_column_container\"><div class=\"vc_column-inner\"><div class=\"wpb_wrapper\"><div class=\"wpb_text_column\"><div class=\"wpb_wrapper\"><h2 style=\"text-align: center;\">Op de blog van Tablaos Flamencos&#8230;<\/h2>\n<p style=\"text-align: center;\">Mis onze artikelen op de flamencoblog niet&#8230;<\/p>\n<\/div><\/div><div class=\"w-separator size_large\"><\/div><div class=\"w-grid us_post_list type_grid layout_11042 cols_3 preload_style_spinner overflow_hidden\" id=\"us_post_list_t868\" style=\"--columns:3;--gap:1rem;\"><style>@media (max-width:1024px){#us_post_list_t868{--columns:2!important}}@media (max-width:600px){#us_post_list_t868{--columns:1!important}}.layout_11042 .w-grid-item-h{background:var(--color-content-bg);color:var(--color-content-text);box-shadow:0 0.03rem 0.06rem rgba(0,0,0,0.1),0 0.1rem 0.3rem rgba(0,0,0,0.1);transition-duration:0.3s}.no-touch .layout_11042 .w-grid-item-h:hover{box-shadow:0 0.1rem 0.2rem rgba(0,0,0,0.1),0 0.33rem 1rem rgba(0,0,0,0.15);z-index:4}.layout_11042 .usg_post_image_1{margin-bottom:-2rem!important}.layout_11042 .usg_post_title_1{font-size:1.2rem!important}.layout_11042 .usg_vwrapper_1{margin-top:2rem!important;padding:9% 11% 11% 11%!important}.layout_11042 .usg_post_taxonomy_1{font-weight:700!important;text-transform:uppercase!important;font-size:10px!important;position:absolute!important;z-index:2!important;top:1.2rem!important;right:1.2rem!important;left:1.2rem!important}.layout_11042 .usg_hwrapper_1{color:var(--color-content-faded)!important;font-size:0.9rem!important}<\/style><div class=\"w-grid-list\">\t<article class=\"w-grid-item size_1x1 post-13560 post type-post status-publish format-standard has-post-thumbnail hentry category-flamenco-per-stad tag-flamenco-in-madrid-nl tag-flamencofestivals tag-suma-flamenca-nl tag-teatros-del-canal-nl\" data-id=\"13560\">\r\n\t\t<div class=\"w-grid-item-h\">\r\n\t\t\t\t\t\t<div class=\"w-post-elm post_image usg_post_image_1 has_ratio\"><a href=\"https:\/\/www.tablaosflamencos.com\/nl\/wat-is-suma-flamenca-madrid.html\" aria-label=\"Wat is Suma Flamenca in Madrid? Geschiedenis en werking van het festival\"><img decoding=\"async\" width=\"600\" height=\"335\" src=\"https:\/\/www.tablaosflamencos.com\/wp-content\/uploads\/que-es-suma-flamenca-de-madrid-historia-y-como-funciona-el-festival-01-1-600x335.webp\" class=\"attachment-us_600_600 size-us_600_600 wp-post-image\" alt=\"Qu\u00e9 es Suma Flamenca de Madrid: historia y c\u00f3mo funciona el festival\" loading=\"eager\" \/><\/a><div style=\"padding-bottom:66.6667%\"><\/div><\/div><div class=\"w-post-elm post_taxonomy usg_post_taxonomy_1 style_badge color_link_inherit\"><a class=\"w-btn us-btn-style_badge term-358 term-flamenco-per-stad\" href=\"https:\/\/www.tablaosflamencos.com\/nl\/categorie\/flamenco-per-stad\"><span class=\"w-btn-label\">Flamenco per stad<\/span><\/a><\/div><div class=\"w-vwrapper usg_vwrapper_1 align_none valign_top\" style=\"--vwrapper-gap: 0.7rem;\"><p class=\"w-post-elm post_title usg_post_title_1 color_link_inherit\"><a href=\"https:\/\/www.tablaosflamencos.com\/nl\/wat-is-suma-flamenca-madrid.html\">Wat is Suma Flamenca in Madrid? Geschiedenis en werking van het festival<\/a><\/p><div class=\"w-hwrapper usg_hwrapper_1 has_text_color align_none valign_top wrap\" style=\"--hwrapper-gap: 1.2rem;\"><time class=\"w-post-elm post_date usg_post_date_1 entry-date published\" datetime=\"2026-08-30T17:18:11+02:00\" title=\"30 augustus 2026 om 17:18:11 Europe\/Madrid\">18 uur geleden<\/time><\/div><div class=\"w-post-elm post_content usg_post_content_1\"><p>Ontdek wat Suma Flamenca is, hoe het flamencofestival van de regio Madrid is ontstaan, hoe het werkt, waar het plaatsvindt en welke bijbehorende reeksen erbij horen.<\/p>\n<\/div><\/div>\t\t<\/div>\r\n\t\t\t<\/article>\r\n\t<article class=\"w-grid-item size_1x1 post-13533 post type-post status-publish format-standard has-post-thumbnail hentry category-tablaos-en-flamencoshows tag-flamenco-in-palma-de-mallorca-nl tag-flamenco-mallorca-reserveren tag-flamenco-met-tapas tag-flamenco-op-mallorca tag-flamencotablao-mallorca tag-flamencotablaos tag-live-flamencoshow tag-tablao-flamenco-alma-nl\" data-id=\"13533\">\r\n\t\t<div class=\"w-grid-item-h\">\r\n\t\t\t\t\t\t<div class=\"w-post-elm post_image usg_post_image_1 has_ratio\"><a href=\"https:\/\/www.tablaosflamencos.com\/nl\/tablao-flamenco-alma-mallorca.html\" aria-label=\"Tablao Flamenco Alma: flamenco beleven op Mallorca\"><img decoding=\"async\" width=\"600\" height=\"400\" src=\"https:\/\/www.tablaosflamencos.com\/wp-content\/uploads\/tablao-flamenco-alma-01-600x400.webp\" class=\"attachment-us_600_600 size-us_600_600 wp-post-image\" alt=\"Tablao Flamenco Alma | Flamenco Mallorca\" loading=\"eager\" \/><\/a><div style=\"padding-bottom:66.6667%\"><\/div><\/div><div class=\"w-post-elm post_taxonomy usg_post_taxonomy_1 style_badge color_link_inherit\"><a class=\"w-btn us-btn-style_badge term-352 term-tablaos-en-flamencoshows\" href=\"https:\/\/www.tablaosflamencos.com\/nl\/categorie\/tablaos-en-flamencoshows\"><span class=\"w-btn-label\">Tablaos en flamencoshows<\/span><\/a><\/div><div class=\"w-vwrapper usg_vwrapper_1 align_none valign_top\" style=\"--vwrapper-gap: 0.7rem;\"><p class=\"w-post-elm post_title usg_post_title_1 color_link_inherit\"><a href=\"https:\/\/www.tablaosflamencos.com\/nl\/tablao-flamenco-alma-mallorca.html\">Tablao Flamenco Alma: flamenco beleven op Mallorca<\/a><\/p><div class=\"w-hwrapper usg_hwrapper_1 has_text_color align_none valign_top wrap\" style=\"--hwrapper-gap: 1.2rem;\"><time class=\"w-post-elm post_date usg_post_date_1 entry-date published\" datetime=\"2026-08-30T15:31:50+02:00\" title=\"30 augustus 2026 om 15:31:50 Europe\/Madrid\">20 uur geleden<\/time><\/div><div class=\"w-post-elm post_content usg_post_content_1\"><p>Ontdek Tablao Flamenco Alma in Palma de Mallorca: de show, het verhaal, artiesten, drank- en eetopties en hoe je je bezoek plant.<\/p>\n<\/div><\/div>\t\t<\/div>\r\n\t\t\t<\/article>\r\n\t<article class=\"w-grid-item size_1x1 post-13501 post type-post status-publish format-standard has-post-thumbnail hentry category-flamencobiennale category-flamenco-nieuws tag-agenda-flamenca tag-bienal-2026 tag-bienal-de-flamenco tag-carlos-martin-ballester-nl tag-de-blauwe-nacht tag-festivales-flamencos tag-flamenco-en-sevilla tag-flamenco-opera-nl tag-koninklijke-artilleriefabriek tag-sevilla\" data-id=\"13501\">\r\n\t\t<div class=\"w-grid-item-h\">\r\n\t\t\t\t\t\t<div class=\"w-post-elm post_image usg_post_image_1 has_ratio\"><a href=\"https:\/\/www.tablaosflamencos.com\/nl\/de-blauwe-nacht-flamenco-opera-biennale-sevilla-2026.html\" aria-label=\"De Blauwe Nacht: de Bi\u00ebnnale-tentoonstelling over het tijdperk van de flamenco-opera\"><img decoding=\"async\" width=\"600\" height=\"335\" src=\"https:\/\/www.tablaosflamencos.com\/wp-content\/uploads\/la-noche-azul-la-exposicion-de-la-bienal-sobre-la-epoca-de-la-opera-flamenca-01-1-600x335.webp\" class=\"attachment-us_600_600 size-us_600_600 wp-post-image\" alt=\"La noche azul: la exposici\u00f3n de la Bienal sobre la \u00e9poca de la \u00d3pera Flamenca\" loading=\"eager\" \/><\/a><div style=\"padding-bottom:66.6667%\"><\/div><\/div><div class=\"w-post-elm post_taxonomy usg_post_taxonomy_1 style_badge color_link_inherit\"><div class=\"w-post-elm-list\"><a class=\"w-btn us-btn-style_badge term-1432 term-flamencobiennale\" href=\"https:\/\/www.tablaosflamencos.com\/nl\/categorie\/flamencobiennale\"><span class=\"w-btn-label\">Flamencobi\u00ebnnale<\/span><\/a><a class=\"w-btn us-btn-style_badge term-376 term-flamenco-nieuws\" href=\"https:\/\/www.tablaosflamencos.com\/nl\/categorie\/flamenco-nieuws\"><span class=\"w-btn-label\">Nieuws \/ Updates<\/span><\/a><\/div><\/div><div class=\"w-vwrapper usg_vwrapper_1 align_none valign_top\" style=\"--vwrapper-gap: 0.7rem;\"><p class=\"w-post-elm post_title usg_post_title_1 color_link_inherit\"><a href=\"https:\/\/www.tablaosflamencos.com\/nl\/de-blauwe-nacht-flamenco-opera-biennale-sevilla-2026.html\">De Blauwe Nacht: de Bi\u00ebnnale-tentoonstelling over het tijdperk van de flamenco-opera<\/a><\/p><div class=\"w-hwrapper usg_hwrapper_1 has_text_color align_none valign_top wrap\" style=\"--hwrapper-gap: 1.2rem;\"><time class=\"w-post-elm post_date usg_post_date_1 entry-date published\" datetime=\"2026-08-30T15:09:23+02:00\" title=\"30 augustus 2026 om 15:09:23 Europe\/Madrid\">20 uur geleden<\/time><\/div><div class=\"w-post-elm post_content usg_post_content_1\"><p>De Blauwe Nacht belicht het tijdperk van de flamenco-opera aan de hand van circa 150 historische stukken in de Koninklijke Artilleriefabriek van Sevilla.<\/p>\n<\/div><\/div>\t\t<\/div>\r\n\t\t\t<\/article>\r\n<\/div><div class=\"g-preloader type_1\"><div><\/div><\/div><div class=\"w-grid-list-json hidden\" onclick='return {&quot;max_num_pages&quot;:0,&quot;paginationBase&quot;:&quot;page&quot;,&quot;pagination&quot;:&quot;none&quot;,&quot;paged&quot;:1,&quot;ajaxData&quot;:{&quot;action&quot;:&quot;us_ajax_post_list&quot;,&quot;meta_type&quot;:&quot;post&quot;,&quot;object_id&quot;:0,&quot;template_vars&quot;:{&quot;shortcode_base&quot;:&quot;us_post_list&quot;,&quot;paged&quot;:1,&quot;max_num_pages&quot;:0,&quot;no_results&quot;:false,&quot;us_post_content_design_css&quot;:[],&quot;found_posts&quot;:0,&quot;per_page&quot;:3,&quot;items_count&quot;:3,&quot;orderby_random_seed&quot;:null,&quot;source&quot;:&quot;all&quot;,&quot;custom_field_name&quot;:&quot;&quot;,&quot;ids&quot;:&quot;&quot;,&quot;post_type&quot;:&quot;post&quot;,&quot;attachment_ids&quot;:null,&quot;include_post_thumbnail&quot;:0,&quot;post_author&quot;:&quot;any&quot;,&quot;post_author_ids&quot;:&quot;&quot;,&quot;apply_url_params&quot;:0,&quot;ignore_sticky_posts&quot;:1,&quot;exclude_children&quot;:0,&quot;exclude_current_post&quot;:1,&quot;exclude_prev_posts&quot;:0,&quot;exclude_past_events&quot;:0,&quot;enable_items_offset&quot;:0,&quot;items_offset&quot;:&quot;1&quot;,&quot;tax_query_relation&quot;:&quot;none&quot;,&quot;tax_query&quot;:[{&quot;operator&quot;:&quot;IN&quot;,&quot;taxonomy&quot;:&quot;category&quot;,&quot;terms&quot;:&quot;&quot;,&quot;include_children&quot;:0}],&quot;meta_query_relation&quot;:&quot;none&quot;,&quot;meta_query&quot;:[{&quot;key&quot;:&quot;custom_field_name&quot;,&quot;compare&quot;:&quot;=&quot;,&quot;value&quot;:&quot;&quot;}],&quot;orderby&quot;:&quot;date&quot;,&quot;orderby_custom_field&quot;:&quot;&quot;,&quot;orderby_custom_type&quot;:0,&quot;order_invert&quot;:&quot;1&quot;,&quot;show_all&quot;:0,&quot;quantity&quot;:&quot;3&quot;,&quot;posts_per_archive_page&quot;:0,&quot;no_items_action&quot;:&quot;message&quot;,&quot;no_items_message&quot;:&quot;Geen resultaten gevonden.&quot;,&quot;no_items_page_block&quot;:&quot;&quot;,&quot;pagination&quot;:&quot;none&quot;,&quot;pagination_style&quot;:&quot;&quot;,&quot;pagination_btn_text&quot;:&quot;Laad meer&quot;,&quot;pagination_btn_size&quot;:&quot;&quot;,&quot;pagination_btn_style&quot;:&quot;1&quot;,&quot;pagination_btn_fullwidth&quot;:0,&quot;items_layout&quot;:&quot;11042&quot;,&quot;type&quot;:&quot;grid&quot;,&quot;items_valign&quot;:0,&quot;ignore_items_size&quot;:0,&quot;columns&quot;:&quot;3&quot;,&quot;items_gap&quot;:&quot;1rem&quot;,&quot;load_animation&quot;:&quot;none&quot;,&quot;items_preload_style&quot;:&quot;spinner&quot;,&quot;img_size&quot;:&quot;default&quot;,&quot;img_aspect_ratio&quot;:&quot;&quot;,&quot;title_size&quot;:&quot;&quot;,&quot;item_aspect_ratio&quot;:&quot;&quot;,&quot;overriding_link&quot;:&quot;%7B%22url%22%3A%22%22%7D&quot;,&quot;popup_page_template&quot;:&quot;0&quot;,&quot;popup_width&quot;:&quot;&quot;,&quot;popup_arrows&quot;:1,&quot;breakpoint_1_width&quot;:&quot;1381px&quot;,&quot;breakpoint_1_cols&quot;:&quot;default&quot;,&quot;breakpoint_1_quantity&quot;:&quot;&quot;,&quot;breakpoint_1_gap&quot;:&quot;&quot;,&quot;breakpoint_2_width&quot;:&quot;1025px&quot;,&quot;breakpoint_2_cols&quot;:&quot;2&quot;,&quot;breakpoint_2_quantity&quot;:&quot;&quot;,&quot;breakpoint_2_gap&quot;:&quot;&quot;,&quot;breakpoint_3_width&quot;:&quot;601px&quot;,&quot;breakpoint_3_cols&quot;:&quot;1&quot;,&quot;breakpoint_3_quantity&quot;:&quot;&quot;,&quot;breakpoint_3_gap&quot;:&quot;&quot;,&quot;conditions_operator&quot;:&quot;always&quot;,&quot;conditions&quot;:[],&quot;css&quot;:null,&quot;el_class&quot;:&quot;&quot;,&quot;el_id&quot;:&quot;&quot;,&quot;enable_custom_html_atts&quot;:0,&quot;custom_html_atts&quot;:null,&quot;hide_on_states&quot;:&quot;&quot;,&quot;hide_for_sticky&quot;:0,&quot;hide_for_not_sticky&quot;:0,&quot;hide_below&quot;:&quot;0px&quot;,&quot;hide_above&quot;:&quot;0px&quot;,&quot;items_ratio&quot;:&quot;&quot;,&quot;items_ratio_width&quot;:&quot;&quot;,&quot;items_ratio_height&quot;:&quot;&quot;,&quot;classes&quot;:&quot;&quot;},&quot;found_posts&quot;:0,&quot;per_page&quot;:3},&quot;facetedFilter&quot;:[]}'><\/div><\/div><div class=\"w-separator size_small\"><\/div><div class=\"w-btn-wrapper align_center\"><a class=\"w-btn us-btn-style_1 icon_atleft\" href=\"https:\/\/www.tablaosflamencos.com\/nl\/flamenco-blog\"><i class=\"fas fa-newspaper\"><\/i><span class=\"w-btn-label\">Bekijk blog<\/span><\/a><\/div><\/div><\/div><\/div><\/div><\/div><\/section><section class=\"l-section wpb_row height_medium color_primary with_shape\"><div class=\"l-section-shape type_zigzag pos_top\" style=\"height:3vmin;\"><svg xmlns=\"http:\/\/www.w3.org\/2000\/svg\" viewBox=\"0 0 64 8\" preserveAspectRatio=\"none\" width=\"100%\" height=\"100%\">\r\n\t<path fill=\"currentColor\" d=\"M64 8 L0 8 L0 0 L20 7.9 L40 3 L48 5 L64 0 Z\"\/>\r\n<\/svg><\/div><div class=\"l-section-shape type_zigzag pos_bottom\" style=\"height:3vmin;\"><svg xmlns=\"http:\/\/www.w3.org\/2000\/svg\" viewBox=\"0 0 64 8\" preserveAspectRatio=\"none\" width=\"100%\" height=\"100%\">\r\n\t<path fill=\"currentColor\" d=\"M64 8 L0 8 L0 0 L20 7.9 L40 3 L48 5 L64 0 Z\"\/>\r\n<\/svg><\/div><div class=\"l-section-h i-cf\"><div class=\"g-cols vc_row via_flex valign_top type_default stacking_default\"><div class=\"vc_col-sm-12 wpb_column vc_column_container\"><div class=\"vc_column-inner\"><div class=\"wpb_wrapper\"><div class=\"w-actionbox color_primary controls_right\"><div class=\"w-actionbox-text\"><h2 class=\"w-actionbox-title\">Heb je vragen?<\/h2><div class=\"w-actionbox-description\"><p>Stuur ons een bericht en we helpen je de beste flamencoshow te kiezen<\/p>\n<\/div><\/div><div class=\"w-actionbox-controls\"><a class=\"w-btn us-btn-style_4\" style=\"font-size:1.2rem\" href=\"https:\/\/www.tablaosflamencos.com\/nl\/contact\"><span class=\"w-btn-label\">CONTACT<\/span><\/a><\/div><\/div><\/div><\/div><\/div><\/div><\/div><\/section>\n","protected":false},"excerpt":{"rendered":"De 24e Flamencobi\u00ebnnale van Sevilla 2026 begint niet alleen op de podia. Een week v\u00f3\u00f3r de offici\u00eble opening presenteert de Koninklijke Artilleriefabriek een van de interessantste erfgoedprojecten van deze editie: De Blauwe Nacht. Flamenco-opera in de collectie Carlos Mart\u00edn Ballester, een tentoonstelling die een van de meest bepalende \u2014 en ook meest besproken \u2014 perioden...","protected":false},"author":1,"featured_media":11064,"parent":0,"menu_order":0,"comment_status":"closed","ping_status":"closed","template":"","meta":{"_acf_changed":false,"wpai_generated_summary":"","_ayudawp_aiss_exclude":false,"_ayudawp_aiss_exclude_summary":false,"footnotes":""},"class_list":["post-11094","page","type-page","status-publish","has-post-thumbnail","hentry"],"acf":[],"yoast_head":"<!-- This site is optimized with the Yoast SEO Premium plugin v28.3 (Yoast SEO v28.3) - https:\/\/yoast.com\/product\/yoast-seo-premium-wordpress\/ -->\n<title>Flamenco tablao\u2019s in Spanje | Tickets &amp; boeken<\/title>\n<meta name=\"description\" content=\"Boek live flamenco in Sevilla, Madrid, Barcelona, M\u00e1laga, Granada en meer steden. Vergelijk flamenco tablao\u2019s en boek in seconden.\" \/>\n<meta name=\"robots\" content=\"index, follow, max-snippet:-1, max-image-preview:large, max-video-preview:-1\" \/>\n<link rel=\"canonical\" href=\"https:\/\/www.tablaosflamencos.com\/nl\" \/>\n<meta property=\"og:locale\" content=\"nl_NL\" \/>\n<meta property=\"og:type\" content=\"article\" \/>\n<meta property=\"og:title\" content=\"Home\" \/>\n<meta property=\"og:description\" content=\"Boek live flamenco in Sevilla, Madrid, Barcelona, M\u00e1laga, Granada en meer steden. Vergelijk flamenco tablao\u2019s en boek in seconden.\" \/>\n<meta property=\"og:url\" content=\"https:\/\/www.tablaosflamencos.com\/nl\" \/>\n<meta property=\"og:site_name\" content=\"Tablaos Flamencos\" \/>\n<meta property=\"article:publisher\" content=\"https:\/\/www.facebook.com\/tablaosflamencos\" \/>\n<meta property=\"article:modified_time\" content=\"2026-05-22T15:57:40+00:00\" \/>\n<meta property=\"og:image\" content=\"https:\/\/www.tablaosflamencos.com\/wp-content\/uploads\/tablaos-flamencos-3.webp\" \/>\n\t<meta property=\"og:image:width\" content=\"1920\" \/>\n\t<meta property=\"og:image:height\" content=\"1072\" \/>\n\t<meta property=\"og:image:type\" content=\"image\/webp\" \/>\n<meta name=\"twitter:card\" content=\"summary_large_image\" \/>\n<meta name=\"twitter:site\" content=\"@tablaosflamenco\" \/>\n<meta name=\"twitter:label1\" content=\"Geschatte leestijd\" \/>\n\t<meta name=\"twitter:data1\" content=\"4 minuten\" \/>\n<script type=\"application\/ld+json\" class=\"yoast-schema-graph\">{\"@context\":\"https:\\\/\\\/schema.org\",\"@graph\":[{\"@type\":\"WebPage\",\"@id\":\"https:\\\/\\\/www.tablaosflamencos.com\\\/nl\",\"url\":\"https:\\\/\\\/www.tablaosflamencos.com\\\/nl\",\"name\":\"Flamenco tablao\u2019s in Spanje | Tickets & boeken\",\"isPartOf\":{\"@id\":\"https:\\\/\\\/www.tablaosflamencos.com\\\/nl#website\"},\"primaryImageOfPage\":{\"@id\":\"https:\\\/\\\/www.tablaosflamencos.com\\\/nl#primaryimage\"},\"image\":{\"@id\":\"https:\\\/\\\/www.tablaosflamencos.com\\\/nl#primaryimage\"},\"thumbnailUrl\":\"https:\\\/\\\/www.tablaosflamencos.com\\\/wp-content\\\/uploads\\\/tablaos-flamencos-3.webp\",\"datePublished\":\"2019-05-10T13:40:15+00:00\",\"dateModified\":\"2026-05-22T15:57:40+00:00\",\"description\":\"Boek live flamenco in Sevilla, Madrid, Barcelona, M\u00e1laga, Granada en meer steden. Vergelijk flamenco tablao\u2019s en boek in seconden.\",\"breadcrumb\":{\"@id\":\"https:\\\/\\\/www.tablaosflamencos.com\\\/nl#breadcrumb\"},\"inLanguage\":\"nl-NL\",\"potentialAction\":[{\"@type\":\"ReadAction\",\"target\":[\"https:\\\/\\\/www.tablaosflamencos.com\\\/nl\"]}]},{\"@type\":\"ImageObject\",\"inLanguage\":\"nl-NL\",\"@id\":\"https:\\\/\\\/www.tablaosflamencos.com\\\/nl#primaryimage\",\"url\":\"https:\\\/\\\/www.tablaosflamencos.com\\\/wp-content\\\/uploads\\\/tablaos-flamencos-3.webp\",\"contentUrl\":\"https:\\\/\\\/www.tablaosflamencos.com\\\/wp-content\\\/uploads\\\/tablaos-flamencos-3.webp\",\"width\":1920,\"height\":1072,\"caption\":\"Tablaos flamencos y espect\u00e1culos | Flamenco shows\"},{\"@type\":\"BreadcrumbList\",\"@id\":\"https:\\\/\\\/www.tablaosflamencos.com\\\/nl#breadcrumb\",\"itemListElement\":[{\"@type\":\"ListItem\",\"position\":1,\"name\":\"Home\",\"item\":\"https:\\\/\\\/www.tablaosflamencos.com\\\/nl\"},{\"@type\":\"ListItem\",\"position\":2,\"name\":\"Home\"}]},{\"@type\":\"WebSite\",\"@id\":\"https:\\\/\\\/www.tablaosflamencos.com\\\/nl#website\",\"url\":\"https:\\\/\\\/www.tablaosflamencos.com\\\/nl\",\"name\":\"Tablaos Flamencos\",\"description\":\"Entradas para tablaos flamencos de Espa\u00f1a\",\"publisher\":{\"@id\":\"https:\\\/\\\/www.tablaosflamencos.com\\\/nl#organization\"},\"alternateName\":\"Tablaos Flamencos\",\"potentialAction\":[{\"@type\":\"SearchAction\",\"target\":{\"@type\":\"EntryPoint\",\"urlTemplate\":\"https:\\\/\\\/www.tablaosflamencos.com\\\/nl?s={search_term_string}\"},\"query-input\":{\"@type\":\"PropertyValueSpecification\",\"valueRequired\":true,\"valueName\":\"search_term_string\"}}],\"inLanguage\":\"nl-NL\"},{\"@type\":[\"Organization\",\"Place\",\"EntertainmentBusiness\"],\"@id\":\"https:\\\/\\\/www.tablaosflamencos.com\\\/nl#organization\",\"name\":\"Tablaos Flamencos\",\"alternateName\":\"Tablaos Flamencos\",\"url\":\"https:\\\/\\\/www.tablaosflamencos.com\\\/nl\",\"logo\":{\"@id\":\"https:\\\/\\\/www.tablaosflamencos.com\\\/nl#local-main-organization-logo\"},\"image\":{\"@id\":\"https:\\\/\\\/www.tablaosflamencos.com\\\/nl#local-main-organization-logo\"},\"sameAs\":[\"https:\\\/\\\/www.facebook.com\\\/tablaosflamencos\",\"https:\\\/\\\/x.com\\\/tablaosflamenco\",\"https:\\\/\\\/mastodon.social\\\/@tablaosflamencos\",\"https:\\\/\\\/www.instagram.com\\\/tablaosflamencos\",\"https:\\\/\\\/tiktok.com\\\/@tablaosflamencos\",\"https:\\\/\\\/www.linkedin.com\\\/company\\\/109408238\\\/\"],\"description\":\"Venta de entradas para espect\u00e1culos flamencos\",\"legalName\":\"Tablaos Flamencos\",\"foundingDate\":\"2015-01-01\",\"numberOfEmployees\":{\"@type\":\"QuantitativeValue\",\"minValue\":\"1\",\"maxValue\":\"10\"},\"address\":{\"@id\":\"https:\\\/\\\/www.tablaosflamencos.com\\\/nl#local-main-place-address\"},\"geo\":{\"@type\":\"GeoCoordinates\",\"latitude\":\"37.3868072\",\"longitude\":\"-5.993280299999999\"},\"telephone\":[\"+34623787787\"],\"contactPoint\":{\"@type\":\"ContactPoint\",\"telephone\":\"+34623787787\",\"email\":\"info@tablaosflamencos.com\"},\"openingHoursSpecification\":{\"@type\":\"OpeningHoursSpecification\",\"dayOfWeek\":[\"Monday\",\"Tuesday\",\"Wednesday\",\"Thursday\",\"Friday\",\"Saturday\",\"Sunday\"],\"opens\":\"00:00\",\"closes\":\"23:59\"},\"email\":\"info@tablaosflamencos.com\",\"priceRange\":\"$$$\",\"currenciesAccepted\":\"\u20ac\"},{\"@type\":\"PostalAddress\",\"@id\":\"https:\\\/\\\/www.tablaosflamencos.com\\\/nl#local-main-place-address\",\"streetAddress\":\"C\\\/ Alemanes, 19\",\"addressLocality\":\"Sevilla\",\"postalCode\":\"41004\",\"addressRegion\":\"Sevilla\",\"addressCountry\":\"ES\"},{\"@type\":\"ImageObject\",\"inLanguage\":\"nl-NL\",\"@id\":\"https:\\\/\\\/www.tablaosflamencos.com\\\/nl#local-main-organization-logo\",\"url\":\"https:\\\/\\\/www.tablaosflamencos.com\\\/wp-content\\\/uploads\\\/tablaos-flamencos-06-3.webp\",\"contentUrl\":\"https:\\\/\\\/www.tablaosflamencos.com\\\/wp-content\\\/uploads\\\/tablaos-flamencos-06-3.webp\",\"width\":600,\"height\":620,\"caption\":\"Tablaos Flamencos\"}]}<\/script>\n<meta name=\"geo.placename\" content=\"Sevilla\" \/>\n<meta name=\"geo.position\" content=\"37.3868072;-5.993280299999999\" \/>\n<meta name=\"geo.region\" content=\"Spanje\" \/>\n<!-- \/ Yoast SEO Premium plugin. -->","yoast_head_json":{"title":"Flamenco tablao\u2019s in Spanje | Tickets & boeken","description":"Boek live flamenco in Sevilla, Madrid, Barcelona, M\u00e1laga, Granada en meer steden. Vergelijk flamenco tablao\u2019s en boek in seconden.","robots":{"index":"index","follow":"follow","max-snippet":"max-snippet:-1","max-image-preview":"max-image-preview:large","max-video-preview":"max-video-preview:-1"},"canonical":"https:\/\/www.tablaosflamencos.com\/nl","og_locale":"nl_NL","og_type":"article","og_title":"Home","og_description":"Boek live flamenco in Sevilla, Madrid, Barcelona, M\u00e1laga, Granada en meer steden. Vergelijk flamenco tablao\u2019s en boek in seconden.","og_url":"https:\/\/www.tablaosflamencos.com\/nl","og_site_name":"Tablaos Flamencos","article_publisher":"https:\/\/www.facebook.com\/tablaosflamencos","article_modified_time":"2026-05-22T15:57:40+00:00","og_image":[{"width":1920,"height":1072,"url":"https:\/\/www.tablaosflamencos.com\/wp-content\/uploads\/tablaos-flamencos-3.webp","type":"image\/webp"}],"twitter_card":"summary_large_image","twitter_site":"@tablaosflamenco","twitter_misc":{"Geschatte leestijd":"4 minuten"},"schema":{"@context":"https:\/\/schema.org","@graph":[{"@type":"WebPage","@id":"https:\/\/www.tablaosflamencos.com\/nl","url":"https:\/\/www.tablaosflamencos.com\/nl","name":"Flamenco tablao\u2019s in Spanje | Tickets & boeken","isPartOf":{"@id":"https:\/\/www.tablaosflamencos.com\/nl#website"},"primaryImageOfPage":{"@id":"https:\/\/www.tablaosflamencos.com\/nl#primaryimage"},"image":{"@id":"https:\/\/www.tablaosflamencos.com\/nl#primaryimage"},"thumbnailUrl":"https:\/\/www.tablaosflamencos.com\/wp-content\/uploads\/tablaos-flamencos-3.webp","datePublished":"2019-05-10T13:40:15+00:00","dateModified":"2026-05-22T15:57:40+00:00","description":"Boek live flamenco in Sevilla, Madrid, Barcelona, M\u00e1laga, Granada en meer steden. Vergelijk flamenco tablao\u2019s en boek in seconden.","breadcrumb":{"@id":"https:\/\/www.tablaosflamencos.com\/nl#breadcrumb"},"inLanguage":"nl-NL","potentialAction":[{"@type":"ReadAction","target":["https:\/\/www.tablaosflamencos.com\/nl"]}]},{"@type":"ImageObject","inLanguage":"nl-NL","@id":"https:\/\/www.tablaosflamencos.com\/nl#primaryimage","url":"https:\/\/www.tablaosflamencos.com\/wp-content\/uploads\/tablaos-flamencos-3.webp","contentUrl":"https:\/\/www.tablaosflamencos.com\/wp-content\/uploads\/tablaos-flamencos-3.webp","width":1920,"height":1072,"caption":"Tablaos flamencos y espect\u00e1culos | Flamenco shows"},{"@type":"BreadcrumbList","@id":"https:\/\/www.tablaosflamencos.com\/nl#breadcrumb","itemListElement":[{"@type":"ListItem","position":1,"name":"Home","item":"https:\/\/www.tablaosflamencos.com\/nl"},{"@type":"ListItem","position":2,"name":"Home"}]},{"@type":"WebSite","@id":"https:\/\/www.tablaosflamencos.com\/nl#website","url":"https:\/\/www.tablaosflamencos.com\/nl","name":"Tablaos Flamencos","description":"Entradas para tablaos flamencos de Espa\u00f1a","publisher":{"@id":"https:\/\/www.tablaosflamencos.com\/nl#organization"},"alternateName":"Tablaos Flamencos","potentialAction":[{"@type":"SearchAction","target":{"@type":"EntryPoint","urlTemplate":"https:\/\/www.tablaosflamencos.com\/nl?s={search_term_string}"},"query-input":{"@type":"PropertyValueSpecification","valueRequired":true,"valueName":"search_term_string"}}],"inLanguage":"nl-NL"},{"@type":["Organization","Place","EntertainmentBusiness"],"@id":"https:\/\/www.tablaosflamencos.com\/nl#organization","name":"Tablaos Flamencos","alternateName":"Tablaos Flamencos","url":"https:\/\/www.tablaosflamencos.com\/nl","logo":{"@id":"https:\/\/www.tablaosflamencos.com\/nl#local-main-organization-logo"},"image":{"@id":"https:\/\/www.tablaosflamencos.com\/nl#local-main-organization-logo"},"sameAs":["https:\/\/www.facebook.com\/tablaosflamencos","https:\/\/x.com\/tablaosflamenco","https:\/\/mastodon.social\/@tablaosflamencos","https:\/\/www.instagram.com\/tablaosflamencos","https:\/\/tiktok.com\/@tablaosflamencos","https:\/\/www.linkedin.com\/company\/109408238\/"],"description":"Venta de entradas para espect\u00e1culos flamencos","legalName":"Tablaos Flamencos","foundingDate":"2015-01-01","numberOfEmployees":{"@type":"QuantitativeValue","minValue":"1","maxValue":"10"},"address":{"@id":"https:\/\/www.tablaosflamencos.com\/nl#local-main-place-address"},"geo":{"@type":"GeoCoordinates","latitude":"37.3868072","longitude":"-5.993280299999999"},"telephone":["+34623787787"],"contactPoint":{"@type":"ContactPoint","telephone":"+34623787787","email":"info@tablaosflamencos.com"},"openingHoursSpecification":{"@type":"OpeningHoursSpecification","dayOfWeek":["Monday","Tuesday","Wednesday","Thursday","Friday","Saturday","Sunday"],"opens":"00:00","closes":"23:59"},"email":"info@tablaosflamencos.com","priceRange":"$$$","currenciesAccepted":"\u20ac"},{"@type":"PostalAddress","@id":"https:\/\/www.tablaosflamencos.com\/nl#local-main-place-address","streetAddress":"C\/ Alemanes, 19","addressLocality":"Sevilla","postalCode":"41004","addressRegion":"Sevilla","addressCountry":"ES"},{"@type":"ImageObject","inLanguage":"nl-NL","@id":"https:\/\/www.tablaosflamencos.com\/nl#local-main-organization-logo","url":"https:\/\/www.tablaosflamencos.com\/wp-content\/uploads\/tablaos-flamencos-06-3.webp","contentUrl":"https:\/\/www.tablaosflamencos.com\/wp-content\/uploads\/tablaos-flamencos-06-3.webp","width":600,"height":620,"caption":"Tablaos Flamencos"}]},"geo.placename":"Sevilla","geo.position":{"lat":"37.3868072","long":"-5.993280299999999"},"geo.region":"Spanje"},"_links":{"self":[{"href":"https:\/\/www.tablaosflamencos.com\/nl\/wp-json\/wp\/v2\/pages\/11094","targetHints":{"allow":["GET"]}}],"collection":[{"href":"https:\/\/www.tablaosflamencos.com\/nl\/wp-json\/wp\/v2\/pages"}],"about":[{"href":"https:\/\/www.tablaosflamencos.com\/nl\/wp-json\/wp\/v2\/types\/page"}],"author":[{"embeddable":true,"href":"https:\/\/www.tablaosflamencos.com\/nl\/wp-json\/wp\/v2\/users\/1"}],"replies":[{"embeddable":true,"href":"https:\/\/www.tablaosflamencos.com\/nl\/wp-json\/wp\/v2\/comments?post=11094"}],"version-history":[{"count":0,"href":"https:\/\/www.tablaosflamencos.com\/nl\/wp-json\/wp\/v2\/pages\/11094\/revisions"}],"wp:featuredmedia":[{"embeddable":true,"href":"https:\/\/www.tablaosflamencos.com\/nl\/wp-json\/wp\/v2\/media\/11064"}],"wp:attachment":[{"href":"https:\/\/www.tablaosflamencos.com\/nl\/wp-json\/wp\/v2\/media?parent=11094"}],"curies":[{"name":"wp","href":"https:\/\/api.w.org\/{rel}","templated":true}]}}