{"id":13601,"date":"2026-08-31T15:04:28","date_gmt":"2026-08-31T13:04:28","guid":{"rendered":"https:\/\/www.tablaosflamencos.com\/?page_id=13601"},"modified":"2026-08-31T15:16:26","modified_gmt":"2026-08-31T13:16:26","slug":"biennale-flamenco-siviglia","status":"publish","type":"page","link":"https:\/\/www.tablaosflamencos.com\/it\/biennale-flamenco-siviglia","title":{"rendered":"Biennale di Flamenco di Siviglia"},"content":{"rendered":"<section class=\"l-section wpb_row height_huge color_primary with_img with_shape\"><div class=\"l-section-img\" role=\"img\" aria-label=\"Bienal de Flamenco de Sevilla 2026: programaci\u00f3n, fechas, espacios y gu\u00eda completa\" data-img-width=\"1920\" data-img-height=\"1072\" style=\"background-image: url(https:\/\/www.tablaosflamencos.com\/wp-content\/uploads\/bienal-de-flamenco-de-sevilla-2026-programacion-fechas-espacios-y-guia-completa-01.webp);\"><\/div><div class=\"l-section-overlay\" style=\"background:rgba(0,0,0,0.55)\"><\/div><div class=\"l-section-shape type_zigzag pos_bottom\" style=\"height:3vmin;\"><svg xmlns=\"http:\/\/www.w3.org\/2000\/svg\" viewBox=\"0 0 64 8\" preserveAspectRatio=\"none\" width=\"100%\" height=\"100%\">\r\n\t<path fill=\"currentColor\" d=\"M64 8 L0 8 L0 0 L20 7.9 L40 3 L48 5 L64 0 Z\"\/>\r\n<\/svg><\/div><div class=\"l-section-h i-cf\"><div class=\"g-cols vc_row via_flex valign_top type_default stacking_default\"><div class=\"vc_col-sm-12 wpb_column vc_column_container\"><div class=\"vc_column-inner\"><div class=\"wpb_wrapper\"><h1 class=\"w-post-elm post_title align_center color_link_inherit\">Biennale di Flamenco di Siviglia<\/h1><div class=\"wpb_text_column\"><div class=\"wpb_wrapper\"><p style=\"text-align: center; text-transform: uppercase;\">Guide, notizie, programma e informazioni chiave per vivere il grande appuntamento del flamenco a Siviglia<\/p>\n<\/div><\/div><div class=\"w-separator size_small\"><\/div><div class=\"w-hwrapper valign_top wrap stack_on_mobiles align_center\" style=\"--hwrapper-gap:1.2rem\"><div class=\"w-btn-wrapper align_none\"><a class=\"w-btn us-btn-style_1\" href=\"#actualidad-bienal\"><span class=\"w-btn-label\">Vedi tutti gli articoli<\/span><\/a><\/div><div class=\"w-btn-wrapper align_none\"><a class=\"w-btn us-btn-style_4\" href=\"https:\/\/www.tablaosflamencos.com\/it\/biennale-flamenco-siviglia-2026.html\"><span class=\"w-btn-label\">Guida completa Biennale 2026<\/span><\/a><\/div><\/div><\/div><\/div><\/div><\/div><\/div><\/section><section class=\"l-section wpb_row height_huge color_alternate with_shape\"><div class=\"l-section-shape type_zigzag pos_bottom\" style=\"height:3vmin;\"><svg xmlns=\"http:\/\/www.w3.org\/2000\/svg\" viewBox=\"0 0 64 8\" preserveAspectRatio=\"none\" width=\"100%\" height=\"100%\">\r\n\t<path fill=\"currentColor\" d=\"M64 8 L0 8 L0 0 L20 7.9 L40 3 L48 5 L64 0 Z\"\/>\r\n<\/svg><\/div><div class=\"l-section-h i-cf\"><div class=\"g-cols vc_row via_flex valign_top type_default stacking_default\"><div class=\"vc_col-sm-6 wpb_column vc_column_container\"><div class=\"vc_column-inner\"><div class=\"wpb_wrapper\"><div class=\"wpb_text_column\"><div class=\"wpb_wrapper\"><h2>Biennale di Flamenco di Siviglia<\/h2>\n<p>La <strong>Biennale di Flamenco di Siviglia<\/strong> \u00e8 uno dei grandi appuntamenti internazionali dell\u2019arte flamenca. Ogni due anni la citt\u00e0 riunisce figure affermate, nuove generazioni e creatori di diverse discipline in teatri, spazi storici e scenari urbani.<\/p>\n<p>Questa pagina \u00e8 il punto di riferimento per tutta la nostra copertura della Biennale: <strong>programma, artisti, prime, biglietti, attivit\u00e0 gratuite, mostre, spazi e consigli pratici<\/strong> per chi vive il festival da Siviglia o viaggia appositamente per parteciparvi.<\/p>\n<\/div><\/div><\/div><\/div><\/div><div class=\"vc_col-sm-6 wpb_column vc_column_container\"><div class=\"vc_column-inner\"><div class=\"wpb_wrapper\"><div class=\"wpb_text_column\"><div class=\"wpb_wrapper\"><h2>L\u2019edizione 2026<\/h2>\n<p>La XXIV Biennale si svolge dal <strong>9 settembre al 3 ottobre 2026<\/strong>. Con l\u2019avvicinarsi delle date e l\u2019arrivo di nuove informazioni, amplieremo questa landing page con nuove guide specifiche.<\/p>\n<p>L\u2019idea \u00e8 semplice: usare questa pagina come indice vivo per seguire la Biennale, scoprire ci\u00f2 che merita particolare attenzione e organizzare la tua visita a Siviglia.<\/p>\n<\/div><\/div><\/div><\/div><\/div><\/div><\/div><\/section><section class=\"l-section wpb_row height_huge\"><div class=\"l-section-h i-cf\"><div class=\"g-cols vc_row via_flex valign_top type_default stacking_default\"><div class=\"vc_col-sm-12 wpb_column vc_column_container\"><div class=\"vc_column-inner\"><div class=\"wpb_wrapper\"><div class=\"wpb_text_column\"><div class=\"wpb_wrapper\"><p style=\"text-align: center; font-size: 32px;\"><strong>9 SET \u2014 3 OTT<\/strong><\/p>\n<h3 style=\"text-align: center;\">Date<\/h3>\n<p style=\"text-align: center;\">Quasi quattro settimane di flamenco in tutta Siviglia.<\/p>\n<\/div><\/div><\/div><\/div><\/div><div class=\"vc_col-sm-12 wpb_column vc_column_container\"><div class=\"vc_column-inner\"><div class=\"wpb_wrapper\"><div class=\"wpb_text_column\"><div class=\"wpb_wrapper\"><p style=\"text-align: center; font-size: 32px;\"><strong>72<\/strong><\/p>\n<h3 style=\"text-align: center;\">Spettacoli<\/h3>\n<p style=\"text-align: center;\">Un programma ampio distribuito tra diversi formati.<\/p>\n<\/div><\/div><\/div><\/div><\/div><div class=\"vc_col-sm-12 wpb_column vc_column_container\"><div class=\"vc_column-inner\"><div class=\"wpb_wrapper\"><div class=\"wpb_text_column\"><div class=\"wpb_wrapper\"><p style=\"text-align: center; font-size: 32px;\"><strong>22<\/strong><\/p>\n<h3 style=\"text-align: center;\">Prime assolute<\/h3>\n<p style=\"text-align: center;\">Nuove opere presentate per la prima volta a Siviglia.<\/p>\n<\/div><\/div><\/div><\/div><\/div><div class=\"vc_col-sm-12 wpb_column vc_column_container\"><div class=\"vc_column-inner\"><div class=\"wpb_wrapper\"><div class=\"wpb_text_column\"><div class=\"wpb_wrapper\"><p style=\"text-align: center; font-size: 32px;\"><strong>11<\/strong><\/p>\n<h3 style=\"text-align: center;\">Spazi<\/h3>\n<p style=\"text-align: center;\">Teatri e luoghi speciali fanno parte del festival.<\/p>\n<\/div><\/div><\/div><\/div><\/div><\/div><\/div><\/section><section class=\"l-section wpb_row height_huge color_alternate with_shape\"><div class=\"l-section-shape type_zigzag pos_top hor_flip\" style=\"height:3vmin;\"><svg xmlns=\"http:\/\/www.w3.org\/2000\/svg\" viewBox=\"0 0 64 8\" preserveAspectRatio=\"none\" width=\"100%\" height=\"100%\">\r\n\t<path fill=\"currentColor\" d=\"M64 8 L0 8 L0 0 L20 7.9 L40 3 L48 5 L64 0 Z\"\/>\r\n<\/svg><\/div><div class=\"l-section-shape type_zigzag pos_bottom\" style=\"height:3vmin;\"><svg xmlns=\"http:\/\/www.w3.org\/2000\/svg\" viewBox=\"0 0 64 8\" preserveAspectRatio=\"none\" width=\"100%\" height=\"100%\">\r\n\t<path fill=\"currentColor\" d=\"M64 8 L0 8 L0 0 L20 7.9 L40 3 L48 5 L64 0 Z\"\/>\r\n<\/svg><\/div><div class=\"l-section-h i-cf\"><div class=\"g-cols vc_row via_flex valign_top type_default stacking_default\"><div class=\"vc_col-sm-12 wpb_column vc_column_container\"><div class=\"vc_column-inner\"><div class=\"wpb_wrapper\"><div class=\"wpb_text_column\"><div class=\"wpb_wrapper\"><h2 id=\"actualidad-bienal\" style=\"text-align: center;\">Tutto sulla Biennale di Flamenco di Siviglia<\/h2>\n<p style=\"text-align: center;\">Qui raccogliamo tutte le notizie, le guide e i contenuti che pubblichiamo sulla Biennale. L\u2019elenco si aggiorna automaticamente con i nuovi articoli della nostra sezione speciale.<\/p>\n<\/div><\/div><div class=\"w-separator size_medium\"><\/div><div class=\"w-grid us_post_list type_grid layout_11042 cols_3 preload_style_spinner with_css_animation overflow_hidden\" id=\"us_post_list_vc37\" style=\"--columns:3;--gap:1.5rem;\"><style>@media (max-width:1024px){#us_post_list_vc37{--columns:2!important}}@media (max-width:600px){#us_post_list_vc37{--columns:1!important}}.layout_11042 .w-grid-item-h{background:var(--color-content-bg);color:var(--color-content-text);box-shadow:0 0.03rem 0.06rem rgba(0,0,0,0.1),0 0.1rem 0.3rem rgba(0,0,0,0.1);transition-duration:0.3s}.no-touch .layout_11042 .w-grid-item-h:hover{box-shadow:0 0.1rem 0.2rem rgba(0,0,0,0.1),0 0.33rem 1rem rgba(0,0,0,0.15);z-index:4}.layout_11042 .usg_post_image_1{margin-bottom:-2rem!important}.layout_11042 .usg_post_title_1{font-size:1.2rem!important}.layout_11042 .usg_vwrapper_1{margin-top:2rem!important;padding:9% 11% 11% 11%!important}.layout_11042 .usg_post_taxonomy_1{font-weight:700!important;text-transform:uppercase!important;font-size:10px!important;position:absolute!important;z-index:2!important;top:1.2rem!important;right:1.2rem!important;left:1.2rem!important}.layout_11042 .usg_hwrapper_1{color:var(--color-content-faded)!important;font-size:0.9rem!important}<\/style><div class=\"w-grid-list\">\t<article class=\"w-grid-item us_animate_afc size_1x1 post-13623 post type-post status-publish format-standard has-post-thumbnail hentry category-biennale-di-flamenco category-notizie-flamenco tag-agenda-flamenco-it tag-altre-perle tag-biennale-di-flamenco-tag tag-biennale-di-flamenco-2026 tag-festival-di-flamenco-siviglia tag-flamenco-a-siviglia tag-flamenco-per-le-strade tag-siviglia\" data-id=\"13623\" style=\"animation-delay:0s\">\r\n\t\t<div class=\"w-grid-item-h\">\r\n\t\t\t\t\t\t\t<a href=\"https:\/\/www.tablaosflamencos.com\/it\/biennale-flamenco-siviglia-2026-prima-9-settembre.html\" class=\"w-grid-item-anchor\" aria-label=\"La Biennale inizia prima del 9 settembre: primi eventi e attivit\u00e0\"><\/a>\r\n\t\t\t\t\t\t<div class=\"w-post-elm post_image usg_post_image_1 has_ratio\"><img fetchpriority=\"high\" decoding=\"async\" width=\"600\" height=\"335\" src=\"https:\/\/www.tablaosflamencos.com\/wp-content\/uploads\/la-bienal-empieza-antes-del-9-de-septiembre-primeros-eventos-y-actividades-01-600x335.webp\" class=\"attachment-us_600_600 size-us_600_600 wp-post-image\" alt=\"La Bienal empieza antes del 9 de septiembre: primeros eventos y actividades\" loading=\"eager\" \/><div style=\"padding-bottom:66.6667%\"><\/div><\/div><div class=\"w-post-elm post_taxonomy usg_post_taxonomy_1 style_badge color_link_inherit\"><div class=\"w-post-elm-list\"><button class=\"w-btn us-btn-style_badge term-1429 term-biennale-di-flamenco\" type=\"button\"><span class=\"w-btn-label\">Biennale di Flamenco<\/span><\/button><button class=\"w-btn us-btn-style_badge term-373 term-notizie-flamenco\" type=\"button\"><span class=\"w-btn-label\">Notizie \/ Attualit\u00e0<\/span><\/button><\/div><\/div><div class=\"w-vwrapper usg_vwrapper_1 align_none valign_top\" style=\"--vwrapper-gap: 0.7rem;\"><p class=\"w-post-elm post_title usg_post_title_1 color_link_inherit\">La Biennale inizia prima del 9 settembre: primi eventi e attivit\u00e0<\/p><div class=\"w-hwrapper usg_hwrapper_1 has_text_color align_none valign_top wrap\" style=\"--hwrapper-gap: 1.2rem;\"><time class=\"w-post-elm post_date usg_post_date_1 entry-date published\" datetime=\"2026-08-31T15:23:02+02:00\" title=\"31 Agosto 2026 alle 15:23:02 Europe\/Madrid\">2 ore fa<\/time><\/div><div class=\"w-post-elm post_content usg_post_content_1\"><p>La Biennale di Flamenco di Siviglia 2026 comincia gi\u00e0 il 2 settembre, con mostra, flamenco gratuito nei quartieri, cinema e attivit\u00e0 prima dell\u2019apertura ufficiale.<\/p>\n<\/div><\/div>\t\t<\/div>\r\n\t\t\t<\/article>\r\n\t<article class=\"w-grid-item us_animate_afc size_1x1 post-13493 post type-post status-publish format-standard has-post-thumbnail hentry category-biennale-di-flamenco category-notizie-flamenco tag-agenda-flamenca tag-bienal-2026 tag-bienal-de-flamenco tag-carlos-martin-ballester-it tag-festivales-flamencos tag-flamenco-en-sevilla tag-la-notte-blu tag-opera-flamenca-it tag-reale-fabbrica-artiglieria tag-sevilla\" data-id=\"13493\" style=\"animation-delay:0.1s\">\r\n\t\t<div class=\"w-grid-item-h\">\r\n\t\t\t\t\t\t\t<a href=\"https:\/\/www.tablaosflamencos.com\/it\/la-notte-blu-opera-flamenca-biennale-siviglia-2026.html\" class=\"w-grid-item-anchor\" aria-label=\"La notte blu: la mostra della Biennale sull\u2019epoca dell\u2019Opera Flamenca\"><\/a>\r\n\t\t\t\t\t\t<div class=\"w-post-elm post_image usg_post_image_1 has_ratio\"><img decoding=\"async\" width=\"600\" height=\"335\" src=\"https:\/\/www.tablaosflamencos.com\/wp-content\/uploads\/la-noche-azul-la-exposicion-de-la-bienal-sobre-la-epoca-de-la-opera-flamenca-01-1-600x335.webp\" class=\"attachment-us_600_600 size-us_600_600 wp-post-image\" alt=\"La noche azul: la exposici\u00f3n de la Bienal sobre la \u00e9poca de la \u00d3pera Flamenca\" loading=\"eager\" \/><div style=\"padding-bottom:66.6667%\"><\/div><\/div><div class=\"w-post-elm post_taxonomy usg_post_taxonomy_1 style_badge color_link_inherit\"><div class=\"w-post-elm-list\"><button class=\"w-btn us-btn-style_badge term-1429 term-biennale-di-flamenco\" type=\"button\"><span class=\"w-btn-label\">Biennale di Flamenco<\/span><\/button><button class=\"w-btn us-btn-style_badge term-373 term-notizie-flamenco\" type=\"button\"><span class=\"w-btn-label\">Notizie \/ Attualit\u00e0<\/span><\/button><\/div><\/div><div class=\"w-vwrapper usg_vwrapper_1 align_none valign_top\" style=\"--vwrapper-gap: 0.7rem;\"><p class=\"w-post-elm post_title usg_post_title_1 color_link_inherit\">La notte blu: la mostra della Biennale sull\u2019epoca dell\u2019Opera Flamenca<\/p><div class=\"w-hwrapper usg_hwrapper_1 has_text_color align_none valign_top wrap\" style=\"--hwrapper-gap: 1.2rem;\"><time class=\"w-post-elm post_date usg_post_date_1 entry-date published\" datetime=\"2026-08-30T15:09:23+02:00\" title=\"30 Agosto 2026 alle 15:09:23 Europe\/Madrid\">1 giorno fa<\/time><\/div><div class=\"w-post-elm post_content usg_post_content_1\"><p>La notte blu ripercorre l\u2019epoca dell\u2019Opera Flamenca attraverso circa 150 pezzi storici nella Reale Fabbrica d\u2019Artiglieria di Siviglia.<\/p>\n<\/div><\/div>\t\t<\/div>\r\n\t\t\t<\/article>\r\n\t<article class=\"w-grid-item us_animate_afc size_1x1 post-13445 post type-post status-publish format-standard has-post-thumbnail hentry category-biennale-di-flamenco tag-agenda-flamenca tag-bienal-2026 tag-bienal-de-flamenco tag-festivales-flamencos tag-flamenco-en-sevilla tag-sevilla\" data-id=\"13445\" style=\"animation-delay:0.2s\">\r\n\t\t<div class=\"w-grid-item-h\">\r\n\t\t\t\t\t\t\t<a href=\"https:\/\/www.tablaosflamencos.com\/it\/biennale-flamenco-siviglia-2026-gratis.html\" class=\"w-grid-item-anchor\" aria-label=\"Biennale di Flamenco di Siviglia 2026 gratis: spettacoli e attivit\u00e0 gratuite\"><\/a>\r\n\t\t\t\t\t\t<div class=\"w-post-elm post_image usg_post_image_1 has_ratio\"><img decoding=\"async\" width=\"600\" height=\"327\" src=\"https:\/\/www.tablaosflamencos.com\/wp-content\/uploads\/bienal-de-flamenco-de-sevilla-2026-gratis-espectaculos-y-actividades-gratuitas-01-600x327.webp\" class=\"attachment-us_600_600 size-us_600_600 wp-post-image\" alt=\"Bienal de Flamenco de Sevilla 2026 gratis: espect\u00e1culos y actividades gratuitas\" loading=\"eager\" \/><div style=\"padding-bottom:66.6667%\"><\/div><\/div><div class=\"w-post-elm post_taxonomy usg_post_taxonomy_1 style_badge color_link_inherit\"><button class=\"w-btn us-btn-style_badge term-1429 term-biennale-di-flamenco\" type=\"button\"><span class=\"w-btn-label\">Biennale di Flamenco<\/span><\/button><\/div><div class=\"w-vwrapper usg_vwrapper_1 align_none valign_top\" style=\"--vwrapper-gap: 0.7rem;\"><p class=\"w-post-elm post_title usg_post_title_1 color_link_inherit\">Biennale di Flamenco di Siviglia 2026 gratis: spettacoli e attivit\u00e0 gratuite<\/p><div class=\"w-hwrapper usg_hwrapper_1 has_text_color align_none valign_top wrap\" style=\"--hwrapper-gap: 1.2rem;\"><time class=\"w-post-elm post_date usg_post_date_1 entry-date published\" datetime=\"2026-08-30T13:49:46+02:00\" title=\"30 Agosto 2026 alle 13:49:46 Europe\/Madrid\">1 giorno fa<\/time><\/div><div class=\"w-post-elm post_content usg_post_content_1\"><p>Scopri cosa vedere gratis alla Biennale di Flamenco di Siviglia 2026: spettacoli in strada, cinema, preg\u00f3n e laboratori, con date e condizioni di accesso.<\/p>\n<\/div><\/div>\t\t<\/div>\r\n\t\t\t<\/article>\r\n\t<article class=\"w-grid-item us_animate_afc size_1x1 post-13340 post type-post status-publish format-standard has-post-thumbnail hentry category-biennale-di-flamenco tag-agenda-flamenca tag-bienal-2026 tag-bienal-de-flamenco tag-festivales-flamencos tag-flamenco-en-sevilla tag-notti-uniche tag-sevilla tag-tablaos-de-sevilla\" data-id=\"13340\" style=\"animation-delay:0.3s\">\r\n\t\t<div class=\"w-grid-item-h\">\r\n\t\t\t\t\t\t\t<a href=\"https:\/\/www.tablaosflamencos.com\/it\/notti-uniche-biennale-flamenco-siviglia-2026.html\" class=\"w-grid-item-anchor\" aria-label=\"Notti Uniche della Biennale di Flamenco di Siviglia 2026: calendario completo, artisti e biglietti\"><\/a>\r\n\t\t\t\t\t\t<div class=\"w-post-elm post_image usg_post_image_1 has_ratio\"><img decoding=\"async\" width=\"600\" height=\"335\" src=\"https:\/\/www.tablaosflamencos.com\/wp-content\/uploads\/noches-unicas-de-la-bienal-de-flamenco-de-sevilla-2026-calendario-completo-artistas-y-entradas-01-600x335.webp\" class=\"attachment-us_600_600 size-us_600_600 wp-post-image\" alt=\"Noches \u00danicas de la Bienal de Flamenco de Sevilla 2026: calendario completo, artistas y entradas\" loading=\"eager\" \/><div style=\"padding-bottom:66.6667%\"><\/div><\/div><div class=\"w-post-elm post_taxonomy usg_post_taxonomy_1 style_badge color_link_inherit\"><button class=\"w-btn us-btn-style_badge term-1429 term-biennale-di-flamenco\" type=\"button\"><span class=\"w-btn-label\">Biennale di Flamenco<\/span><\/button><\/div><div class=\"w-vwrapper usg_vwrapper_1 align_none valign_top\" style=\"--vwrapper-gap: 0.7rem;\"><p class=\"w-post-elm post_title usg_post_title_1 color_link_inherit\">Notti Uniche della Biennale di Flamenco di Siviglia 2026: calendario completo, artisti e biglietti<\/p><div class=\"w-hwrapper usg_hwrapper_1 has_text_color align_none valign_top wrap\" style=\"--hwrapper-gap: 1.2rem;\"><time class=\"w-post-elm post_date usg_post_date_1 entry-date published\" datetime=\"2026-08-30T00:22:49+02:00\" title=\"30 Agosto 2026 alle 00:22:49 Europe\/Madrid\">2 giorni fa<\/time><\/div><div class=\"w-post-elm post_content usg_post_content_1\"><p>Calendario completo delle 26 Notti Uniche della Biennale di Flamenco di Siviglia 2026: date, artisti, spazi, biglietti, spettacoli esauriti e consigli per scegliere.<\/p>\n<\/div><\/div>\t\t<\/div>\r\n\t\t\t<\/article>\r\n\t<article class=\"w-grid-item us_animate_afc size_1x1 post-13319 post type-post status-publish format-standard has-post-thumbnail hentry category-biennale-di-flamenco category-notizie-flamenco tag-agenda-flamenca tag-bienal-2026 tag-bienal-de-flamenco tag-festivales-flamencos tag-flamenco-en-sevilla tag-sevilla tag-tablaos-de-sevilla\" data-id=\"13319\" style=\"animation-delay:0.4s\">\r\n\t\t<div class=\"w-grid-item-h\">\r\n\t\t\t\t\t\t\t<a href=\"https:\/\/www.tablaosflamencos.com\/it\/biennale-flamenco-siviglia-2026-biglietti-esauriti-alternative.html\" class=\"w-grid-item-anchor\" aria-label=\"Biennale di Flamenco di Siviglia 2026: biglietti esauriti e alternative\"><\/a>\r\n\t\t\t\t\t\t<div class=\"w-post-elm post_image usg_post_image_1 has_ratio\"><img decoding=\"async\" width=\"600\" height=\"335\" src=\"https:\/\/www.tablaosflamencos.com\/wp-content\/uploads\/bienal-de-flamenco-2026-entradas-agotadas-y-que-ver-si-ya-no-encuentras-entradas-01-600x335.webp\" class=\"attachment-us_600_600 size-us_600_600 wp-post-image\" alt=\"Bienal de Flamenco 2026: entradas agotadas y qu\u00e9 ver si ya no encuentras entradas\" loading=\"eager\" \/><div style=\"padding-bottom:66.6667%\"><\/div><\/div><div class=\"w-post-elm post_taxonomy usg_post_taxonomy_1 style_badge color_link_inherit\"><div class=\"w-post-elm-list\"><button class=\"w-btn us-btn-style_badge term-1429 term-biennale-di-flamenco\" type=\"button\"><span class=\"w-btn-label\">Biennale di Flamenco<\/span><\/button><button class=\"w-btn us-btn-style_badge term-373 term-notizie-flamenco\" type=\"button\"><span class=\"w-btn-label\">Notizie \/ Attualit\u00e0<\/span><\/button><\/div><\/div><div class=\"w-vwrapper usg_vwrapper_1 align_none valign_top\" style=\"--vwrapper-gap: 0.7rem;\"><p class=\"w-post-elm post_title usg_post_title_1 color_link_inherit\">Biennale di Flamenco di Siviglia 2026: biglietti esauriti e alternative<\/p><div class=\"w-hwrapper usg_hwrapper_1 has_text_color align_none valign_top wrap\" style=\"--hwrapper-gap: 1.2rem;\"><time class=\"w-post-elm post_date usg_post_date_1 entry-date published\" datetime=\"2026-08-29T23:27:34+02:00\" title=\"29 Agosto 2026 alle 23:27:34 Europe\/Madrid\">2 giorni fa<\/time><\/div><div class=\"w-post-elm post_content usg_post_content_1\"><p>La Biennale di Flamenco di Siviglia 2026 ha gi\u00e0 numerosi spettacoli esauriti. Scopri cosa fare se non trovi un biglietto, quali alternative valutare e come continuare a vivere il flamenco a Siviglia.<\/p>\n<\/div><\/div>\t\t<\/div>\r\n\t\t\t<\/article>\r\n\t<article class=\"w-grid-item us_animate_afc size_1x1 post-13043 post type-post status-publish format-standard has-post-thumbnail hentry category-biennale-di-flamenco category-notizie-flamenco tag-biennale-2026 tag-biennale-di-flamenco tag-eventi-flamencos tag-festival-di-flamenco tag-flamenco-a-siviglia tag-siviglia tag-tablaos-di-siviglia\" data-id=\"13043\" style=\"animation-delay:0.5s\">\r\n\t\t<div class=\"w-grid-item-h\">\r\n\t\t\t\t\t\t\t<a href=\"https:\/\/www.tablaosflamencos.com\/it\/biennale-flamenco-siviglia-2026.html\" class=\"w-grid-item-anchor\" aria-label=\"Biennale di Flamenco di Siviglia 2026: programma, date, spazi e guida completa\"><\/a>\r\n\t\t\t\t\t\t<div class=\"w-post-elm post_image usg_post_image_1 has_ratio\"><img decoding=\"async\" width=\"600\" height=\"335\" src=\"https:\/\/www.tablaosflamencos.com\/wp-content\/uploads\/bienal-de-flamenco-de-sevilla-2026-programacion-fechas-espacios-y-guia-completa-01-600x335.webp\" class=\"attachment-us_600_600 size-us_600_600 wp-post-image\" alt=\"Bienal de Flamenco de Sevilla 2026: programaci\u00f3n, fechas, espacios y gu\u00eda completa\" loading=\"eager\" \/><div style=\"padding-bottom:66.6667%\"><\/div><\/div><div class=\"w-post-elm post_taxonomy usg_post_taxonomy_1 style_badge color_link_inherit\"><div class=\"w-post-elm-list\"><button class=\"w-btn us-btn-style_badge term-1429 term-biennale-di-flamenco\" type=\"button\"><span class=\"w-btn-label\">Biennale di Flamenco<\/span><\/button><button class=\"w-btn us-btn-style_badge term-373 term-notizie-flamenco\" type=\"button\"><span class=\"w-btn-label\">Notizie \/ Attualit\u00e0<\/span><\/button><\/div><\/div><div class=\"w-vwrapper usg_vwrapper_1 align_none valign_top\" style=\"--vwrapper-gap: 0.7rem;\"><p class=\"w-post-elm post_title usg_post_title_1 color_link_inherit\">Biennale di Flamenco di Siviglia 2026: programma, date, spazi e guida completa<\/p><div class=\"w-hwrapper usg_hwrapper_1 has_text_color align_none valign_top wrap\" style=\"--hwrapper-gap: 1.2rem;\"><time class=\"w-post-elm post_date usg_post_date_1 entry-date published\" datetime=\"2026-08-01T13:21:43+02:00\" title=\"1 Agosto 2026 alle 13:21:43 Europe\/Madrid\">1 mese fa<\/time><\/div><div class=\"w-post-elm post_content usg_post_content_1\"><p>Guida completa alla Biennale di Flamenco di Siviglia 2026: date, programma, artisti, sedi, biglietti e tablaos per completare la visita.<\/p>\n<\/div><\/div>\t\t<\/div>\r\n\t\t\t<\/article>\r\n<\/div><div class=\"g-preloader type_1\"><div><\/div><\/div><div class=\"w-grid-list-json hidden\" onclick='return {&quot;max_num_pages&quot;:0,&quot;paginationBase&quot;:&quot;page&quot;,&quot;pagination&quot;:&quot;none&quot;,&quot;paged&quot;:1,&quot;ajaxData&quot;:{&quot;action&quot;:&quot;us_ajax_post_list&quot;,&quot;meta_type&quot;:&quot;post&quot;,&quot;object_id&quot;:0,&quot;template_vars&quot;:{&quot;shortcode_base&quot;:&quot;us_post_list&quot;,&quot;paged&quot;:1,&quot;max_num_pages&quot;:0,&quot;no_results&quot;:false,&quot;us_post_content_design_css&quot;:[],&quot;found_posts&quot;:0,&quot;per_page&quot;:999,&quot;items_count&quot;:6,&quot;orderby_random_seed&quot;:null,&quot;source&quot;:&quot;all&quot;,&quot;custom_field_name&quot;:&quot;&quot;,&quot;ids&quot;:&quot;&quot;,&quot;post_type&quot;:&quot;post&quot;,&quot;attachment_ids&quot;:null,&quot;include_post_thumbnail&quot;:0,&quot;post_author&quot;:&quot;any&quot;,&quot;post_author_ids&quot;:&quot;&quot;,&quot;apply_url_params&quot;:0,&quot;ignore_sticky_posts&quot;:1,&quot;exclude_children&quot;:0,&quot;exclude_current_post&quot;:1,&quot;exclude_prev_posts&quot;:0,&quot;exclude_past_events&quot;:0,&quot;enable_items_offset&quot;:0,&quot;items_offset&quot;:&quot;1&quot;,&quot;tax_query_relation&quot;:&quot;AND&quot;,&quot;tax_query&quot;:&quot;%5B%7B%22operator%22%3A%22IN%22%2C%22taxonomy%22%3A%22category%22%2C%22terms%22%3A%221426%22%2C%22include_children%22%3A%220%22%7D%5D&quot;,&quot;meta_query_relation&quot;:&quot;none&quot;,&quot;meta_query&quot;:[{&quot;key&quot;:&quot;custom_field_name&quot;,&quot;compare&quot;:&quot;=&quot;,&quot;value&quot;:&quot;&quot;}],&quot;orderby&quot;:&quot;date&quot;,&quot;orderby_custom_field&quot;:&quot;&quot;,&quot;orderby_custom_type&quot;:0,&quot;order_invert&quot;:&quot;1&quot;,&quot;show_all&quot;:&quot;1&quot;,&quot;quantity&quot;:&quot;12&quot;,&quot;posts_per_archive_page&quot;:0,&quot;no_items_action&quot;:&quot;message&quot;,&quot;no_items_message&quot;:&quot;Nessun risultato trovato.&quot;,&quot;no_items_page_block&quot;:&quot;&quot;,&quot;pagination&quot;:&quot;none&quot;,&quot;pagination_style&quot;:&quot;&quot;,&quot;pagination_btn_text&quot;:&quot;Carica altro&quot;,&quot;pagination_btn_size&quot;:&quot;&quot;,&quot;pagination_btn_style&quot;:&quot;1&quot;,&quot;pagination_btn_fullwidth&quot;:0,&quot;items_layout&quot;:&quot;11042&quot;,&quot;type&quot;:&quot;grid&quot;,&quot;items_valign&quot;:0,&quot;ignore_items_size&quot;:0,&quot;columns&quot;:&quot;3&quot;,&quot;items_gap&quot;:&quot;1.5rem&quot;,&quot;load_animation&quot;:&quot;afc&quot;,&quot;items_preload_style&quot;:&quot;spinner&quot;,&quot;img_size&quot;:&quot;default&quot;,&quot;img_aspect_ratio&quot;:&quot;&quot;,&quot;title_size&quot;:&quot;&quot;,&quot;item_aspect_ratio&quot;:&quot;&quot;,&quot;overriding_link&quot;:&quot;%7B%22type%22%3A%22post%22%7D&quot;,&quot;popup_page_template&quot;:&quot;0&quot;,&quot;popup_width&quot;:&quot;&quot;,&quot;popup_arrows&quot;:1,&quot;breakpoint_1_width&quot;:&quot;1381px&quot;,&quot;breakpoint_1_cols&quot;:&quot;default&quot;,&quot;breakpoint_1_quantity&quot;:&quot;&quot;,&quot;breakpoint_1_gap&quot;:&quot;&quot;,&quot;breakpoint_2_width&quot;:&quot;1025px&quot;,&quot;breakpoint_2_cols&quot;:&quot;2&quot;,&quot;breakpoint_2_quantity&quot;:&quot;&quot;,&quot;breakpoint_2_gap&quot;:&quot;&quot;,&quot;breakpoint_3_width&quot;:&quot;601px&quot;,&quot;breakpoint_3_cols&quot;:&quot;1&quot;,&quot;breakpoint_3_quantity&quot;:&quot;&quot;,&quot;breakpoint_3_gap&quot;:&quot;&quot;,&quot;conditions_operator&quot;:&quot;always&quot;,&quot;conditions&quot;:[],&quot;css&quot;:null,&quot;el_class&quot;:&quot;&quot;,&quot;el_id&quot;:&quot;&quot;,&quot;enable_custom_html_atts&quot;:0,&quot;custom_html_atts&quot;:null,&quot;hide_on_states&quot;:&quot;&quot;,&quot;hide_for_sticky&quot;:0,&quot;hide_for_not_sticky&quot;:0,&quot;hide_below&quot;:&quot;0px&quot;,&quot;hide_above&quot;:&quot;0px&quot;,&quot;items_ratio&quot;:&quot;&quot;,&quot;items_ratio_width&quot;:&quot;&quot;,&quot;items_ratio_height&quot;:&quot;&quot;,&quot;classes&quot;:&quot;&quot;},&quot;found_posts&quot;:0,&quot;per_page&quot;:999},&quot;facetedFilter&quot;:[]}'><\/div><\/div><\/div><\/div><\/div><\/div><\/div><\/section><section class=\"l-section wpb_row height_huge\"><div class=\"l-section-h i-cf\"><div class=\"g-cols vc_row via_flex valign_top type_default stacking_default\"><div class=\"vc_col-sm-4 wpb_column vc_column_container\"><div class=\"vc_column-inner\"><div class=\"wpb_wrapper\"><div class=\"wpb_text_column\"><div class=\"wpb_wrapper\"><h3>Guida completa alla Biennale 2026<\/h3>\n<p>Date, programma, spazi, artisti, biglietti e consigli pratici in una guida generale per comprendere l\u2019edizione 2026.<\/p>\n<\/div><\/div><div class=\"w-btn-wrapper align_none\"><a class=\"w-btn us-btn-style_1\" href=\"https:\/\/www.tablaosflamencos.com\/it\/biennale-flamenco-siviglia-2026.html\"><span class=\"w-btn-label\">Leggi la guida completa<\/span><\/a><\/div><\/div><\/div><\/div><div class=\"vc_col-sm-4 wpb_column vc_column_container\"><div class=\"vc_column-inner\"><div class=\"wpb_wrapper\"><div class=\"wpb_text_column\"><div class=\"wpb_wrapper\"><h3>Notti Uniche<\/h3>\n<p>Consulta il calendario, gli artisti e gli elementi chiave di una delle proposte pi\u00f9 particolari del programma della Biennale.<\/p>\n<\/div><\/div><div class=\"w-btn-wrapper align_none\"><a class=\"w-btn us-btn-style_1\" href=\"https:\/\/www.tablaosflamencos.com\/it\/notti-uniche-biennale-flamenco-siviglia-2026.html\"><span class=\"w-btn-label\">Vedi le Notti Uniche<\/span><\/a><\/div><\/div><\/div><\/div><div class=\"vc_col-sm-4 wpb_column vc_column_container\"><div class=\"vc_column-inner\"><div class=\"wpb_wrapper\"><div class=\"wpb_text_column\"><div class=\"wpb_wrapper\"><h3>Biennale gratuita<\/h3>\n<p>Scopri spettacoli, mostre e attivit\u00e0 gratuite per vivere l\u2019atmosfera della Biennale senza dipendere esclusivamente dagli eventi a pagamento.<\/p>\n<\/div><\/div><div class=\"w-btn-wrapper align_none\"><a class=\"w-btn us-btn-style_1\" href=\"https:\/\/www.tablaosflamencos.com\/it\/biennale-flamenco-siviglia-2026-gratis.html\"><span class=\"w-btn-label\">Vedi le attivit\u00e0 gratuite<\/span><\/a><\/div><\/div><\/div><\/div><\/div><\/div><\/section><section class=\"l-section wpb_row height_huge color_alternate with_shape\"><div class=\"l-section-shape type_zigzag pos_top\" style=\"height:3vmin;\"><svg xmlns=\"http:\/\/www.w3.org\/2000\/svg\" viewBox=\"0 0 64 8\" preserveAspectRatio=\"none\" width=\"100%\" height=\"100%\">\r\n\t<path fill=\"currentColor\" d=\"M64 8 L0 8 L0 0 L20 7.9 L40 3 L48 5 L64 0 Z\"\/>\r\n<\/svg><\/div><div class=\"l-section-shape type_zigzag pos_bottom\" style=\"height:3vmin;\"><svg xmlns=\"http:\/\/www.w3.org\/2000\/svg\" viewBox=\"0 0 64 8\" preserveAspectRatio=\"none\" width=\"100%\" height=\"100%\">\r\n\t<path fill=\"currentColor\" d=\"M64 8 L0 8 L0 0 L20 7.9 L40 3 L48 5 L64 0 Z\"\/>\r\n<\/svg><\/div><div class=\"l-section-h i-cf\"><div class=\"g-cols vc_row via_flex valign_top type_default stacking_default\"><div class=\"vc_col-sm-6 wpb_column vc_column_container\"><div class=\"vc_column-inner\"><div class=\"wpb_wrapper\"><div class=\"wpb_text_column\"><div class=\"wpb_wrapper\"><h2>Molto pi\u00f9 del programma ufficiale<\/h2>\n<p>La Biennale trasforma Siviglia per diverse settimane. Oltre agli spettacoli principali, la citt\u00e0 ospita mostre, attivit\u00e0 parallele, proposte gratuite e incontri legati al flamenco.<\/p>\n<p>La nostra copertura aggiunger\u00e0 progressivamente contenuti specifici su <strong>grandi prime, artisti, spazi, mostre, attivit\u00e0 precedenti e opportunit\u00e0 dell\u2019ultimo minuto<\/strong>. Questa landing page funzioner\u00e0 come indice vivo di tutto ci\u00f2 che devi sapere su ogni edizione.<\/p>\n<\/div><\/div><\/div><\/div><\/div><div class=\"vc_col-sm-6 wpb_column vc_column_container\"><div class=\"vc_column-inner\"><div class=\"wpb_wrapper\"><div class=\"wpb_text_column\"><div class=\"wpb_wrapper\"><h2>Viaggi a Siviglia durante la Biennale?<\/h2>\n<p>Il programma ufficiale pu\u00f2 essere combinato con l\u2019offerta flamenca stabile della citt\u00e0. Se non trovi biglietti per uno spettacolo, hai una serata libera o vuoi confrontare il formato di un grande teatro con un\u2019esperienza pi\u00f9 intima, puoi anche prenotare un tablao flamenco.<\/p>\n<p>Su Tablaos Flamencos raccogliamo diverse opzioni a Siviglia per consultare orari, caratteristiche e disponibilit\u00e0.<\/p>\n<\/div><\/div><div class=\"w-btn-wrapper align_none\"><a class=\"w-btn us-btn-style_1\" href=\"https:\/\/www.tablaosflamencos.com\/it\/flamenco-a-siviglia\"><span class=\"w-btn-label\">Vedi flamenco a Siviglia<\/span><\/a><\/div><\/div><\/div><\/div><\/div><\/div><\/section><section class=\"l-section wpb_row height_huge width_custom\" style=\"--site-content-width:850px;\"><div class=\"l-section-h i-cf\"><div class=\"g-cols vc_row via_flex valign_top type_default stacking_default\"><div class=\"vc_col-sm-1\/5 wpb_column vc_column_container\"><div class=\"vc_column-inner\"><div class=\"wpb_wrapper\"><\/div><\/div><\/div><div class=\"vc_col-sm-3\/5 wpb_column vc_column_container\"><div class=\"vc_column-inner\"><div class=\"wpb_wrapper\"><div class=\"wpb_text_column\"><div class=\"wpb_wrapper\"><h2 style=\"text-align: center;\">Domande frequenti sulla Biennale di Flamenco di Siviglia<\/h2>\n<\/div><\/div><div class=\"w-separator size_medium\"><\/div><div class=\"w-tabs accordion toggle_style_1 has_scrolling\" style=\"--sections-title-size:inherit;--sections-gap:0.5rem;\"><div class=\"w-tabs-sections titles-align_none icon_chevron cpos_right\"><div class=\"w-tabs-section\" id=\"m50f\"><button type=\"button\" class=\"w-tabs-section-header\" aria-controls=\"content-m50f\" aria-expanded=\"false\"><div class=\"w-tabs-section-title\">Cos\u2019\u00e8 la Biennale di Flamenco di Siviglia?<\/div><div class=\"w-tabs-section-control\"><\/div><\/button><div  class=\"w-tabs-section-content\" id=\"content-m50f\"><div class=\"w-tabs-section-content-h i-cf\"><div class=\"wpb_text_column\"><div class=\"wpb_wrapper\"><p>\u00c8 uno dei grandi festival internazionali dedicati al flamenco. Si svolge ogni due anni a Siviglia e riunisce spettacoli di canto, danza e chitarra, nuove produzioni, prime e attivit\u00e0 culturali in diversi spazi della citt\u00e0.<\/p>\n<\/div><\/div><\/div><\/div><\/div><div class=\"w-tabs-section\" id=\"y608\"><button type=\"button\" class=\"w-tabs-section-header\" aria-controls=\"content-y608\" aria-expanded=\"false\"><div class=\"w-tabs-section-title\">Quando si svolge la Biennale di Flamenco di Siviglia 2026?<\/div><div class=\"w-tabs-section-control\"><\/div><\/button><div  class=\"w-tabs-section-content\" id=\"content-y608\"><div class=\"w-tabs-section-content-h i-cf\"><div class=\"wpb_text_column\"><div class=\"wpb_wrapper\"><p>La XXIV Biennale di Flamenco di Siviglia si svolge dal 9 settembre al 3 ottobre 2026.<\/p>\n<\/div><\/div><\/div><\/div><\/div><div class=\"w-tabs-section\" id=\"m6e1\"><button type=\"button\" class=\"w-tabs-section-header\" aria-controls=\"content-m6e1\" aria-expanded=\"false\"><div class=\"w-tabs-section-title\">Dove posso consultare le ultime novit\u00e0 sulla Biennale?<\/div><div class=\"w-tabs-section-control\"><\/div><\/button><div  class=\"w-tabs-section-content\" id=\"content-m6e1\"><div class=\"w-tabs-section-content-h i-cf\"><div class=\"wpb_text_column\"><div class=\"wpb_wrapper\"><p>In questa pagina raccogliamo in un unico spazio tutti gli articoli di Tablaos Flamencos dedicati alla Biennale: programma, artisti, prime, mostre, attivit\u00e0 gratuite, biglietti e consigli pratici.<\/p>\n<\/div><\/div><\/div><\/div><\/div><div class=\"w-tabs-section\" id=\"f7bd\"><button type=\"button\" class=\"w-tabs-section-header\" aria-controls=\"content-f7bd\" aria-expanded=\"false\"><div class=\"w-tabs-section-title\">Cosa posso fare se non riesco a trovare biglietti per la Biennale?<\/div><div class=\"w-tabs-section-control\"><\/div><\/button><div  class=\"w-tabs-section-content\" id=\"content-f7bd\"><div class=\"w-tabs-section-content-h i-cf\"><div class=\"wpb_text_column\"><div class=\"wpb_wrapper\"><p>Oltre alle attivit\u00e0 gratuite e parallele della Biennale, Siviglia offre durante tutto l\u2019anno un\u2019ampia scelta di tablaos flamencos. Sono un\u2019alternativa utile per una serata senza spettacolo o quando un evento ufficiale \u00e8 esaurito.<\/p>\n<\/div><\/div><\/div><\/div><\/div><\/div><\/div><\/div><\/div><\/div><div class=\"vc_col-sm-1\/5 wpb_column vc_column_container\"><div class=\"vc_column-inner\"><div class=\"wpb_wrapper\"><\/div><\/div><\/div><\/div><\/div><\/section><section class=\"l-section wpb_row height_huge color_alternate with_shape\"><div class=\"l-section-shape type_zigzag pos_top\" style=\"height:3vmin;\"><svg xmlns=\"http:\/\/www.w3.org\/2000\/svg\" viewBox=\"0 0 64 8\" preserveAspectRatio=\"none\" width=\"100%\" height=\"100%\">\r\n\t<path fill=\"currentColor\" d=\"M64 8 L0 8 L0 0 L20 7.9 L40 3 L48 5 L64 0 Z\"\/>\r\n<\/svg><\/div><div class=\"l-section-h i-cf\"><div class=\"g-cols vc_row via_flex valign_top type_default stacking_default\"><div class=\"vc_col-sm-12 wpb_column vc_column_container\"><div class=\"vc_column-inner\"><div class=\"wpb_wrapper\"><div class=\"wpb_text_column\"><div class=\"wpb_wrapper\"><h2 style=\"text-align: center;\">Segui tutta la Biennale con Tablaos Flamencos<\/h2>\n<p style=\"text-align: center;\">Aggiorneremo questa pagina con nuove guide e notizie man mano che l\u2019edizione prosegue. Salvala come riferimento per seguire la Biennale di Flamenco di Siviglia e organizzare la tua esperienza flamenca in citt\u00e0.<\/p>\n<\/div><\/div><div class=\"w-separator size_medium\"><\/div><div class=\"w-hwrapper valign_top wrap stack_on_mobiles align_center\" style=\"--hwrapper-gap:1.2rem\"><div class=\"w-btn-wrapper align_none\"><a class=\"w-btn us-btn-style_1\" href=\"#actualidad-bienal\"><span class=\"w-btn-label\">Vedi tutti gli articoli sulla Biennale<\/span><\/a><\/div><div class=\"w-btn-wrapper align_none\"><a class=\"w-btn us-btn-style_11\" href=\"https:\/\/www.tablaosflamencos.com\/it\/flamenco-a-siviglia\"><span class=\"w-btn-label\">Prenota flamenco a Siviglia<\/span><\/a><\/div><\/div><\/div><\/div><\/div><\/div><\/div><\/section>\n","protected":false},"excerpt":{"rendered":"Biennale di Flamenco di Siviglia 2026: uno dei grandi appuntamenti internazionali del flamenco La Biennale di Flamenco di Siviglia 2026 torner\u00e0 a trasformare la capitale andalusa in uno dei grandi centri internazionali dell\u2019arte jondo. Dal 9 settembre al 3 ottobre 2026, Siviglia ospiter\u00e0 un programma particolarmente intenso di cante, danza, chitarra, prime assolute, attivit\u00e0 parallele,...","protected":false},"author":1,"featured_media":13031,"parent":0,"menu_order":0,"comment_status":"closed","ping_status":"closed","template":"","meta":{"_acf_changed":false,"wpai_generated_summary":"","_ayudawp_aiss_exclude":false,"_ayudawp_aiss_exclude_summary":false,"footnotes":""},"class_list":["post-13601","page","type-page","status-publish","has-post-thumbnail","hentry"],"acf":[],"yoast_head":"<!-- This site is optimized with the Yoast SEO Premium plugin v28.3 (Yoast SEO v28.3) - https:\/\/yoast.com\/product\/yoast-seo-premium-wordpress\/ -->\n<title>Biennale di Flamenco di Siviglia 2026: notizie e guide<\/title>\n<meta name=\"description\" content=\"Segui la Biennale di Flamenco di Siviglia 2026: notizie, programma, artisti, prime, biglietti, attivit\u00e0 e guide pratiche per la visita.\" \/>\n<meta name=\"robots\" content=\"index, follow, max-snippet:-1, max-image-preview:large, max-video-preview:-1\" \/>\n<link rel=\"canonical\" href=\"https:\/\/www.tablaosflamencos.com\/it\/biennale-flamenco-siviglia\" \/>\n<meta property=\"og:locale\" content=\"it_IT\" \/>\n<meta property=\"og:type\" content=\"article\" \/>\n<meta property=\"og:title\" content=\"Biennale di Flamenco di Siviglia\" \/>\n<meta property=\"og:description\" content=\"Segui la Biennale di Flamenco di Siviglia 2026: notizie, programma, artisti, prime, biglietti, attivit\u00e0 e guide pratiche per la visita.\" \/>\n<meta property=\"og:url\" content=\"https:\/\/www.tablaosflamencos.com\/it\/biennale-flamenco-siviglia\" \/>\n<meta property=\"og:site_name\" content=\"Tablaos Flamencos\" \/>\n<meta property=\"article:publisher\" content=\"https:\/\/www.facebook.com\/tablaosflamencos\" \/>\n<meta property=\"article:modified_time\" content=\"2026-08-31T13:16:26+00:00\" \/>\n<meta property=\"og:image\" content=\"https:\/\/www.tablaosflamencos.com\/wp-content\/uploads\/bienal-de-flamenco-de-sevilla-2026-programacion-fechas-espacios-y-guia-completa-01.webp\" \/>\n\t<meta property=\"og:image:width\" content=\"1920\" \/>\n\t<meta property=\"og:image:height\" content=\"1072\" \/>\n\t<meta property=\"og:image:type\" content=\"image\/webp\" \/>\n<meta name=\"twitter:card\" content=\"summary_large_image\" \/>\n<meta name=\"twitter:site\" content=\"@tablaosflamenco\" \/>\n<meta name=\"twitter:label1\" content=\"Tempo di lettura stimato\" \/>\n\t<meta name=\"twitter:data1\" content=\"6 minuti\" \/>\n<script type=\"application\/ld+json\" class=\"yoast-schema-graph\">{\"@context\":\"https:\\\/\\\/schema.org\",\"@graph\":[{\"@type\":\"WebPage\",\"@id\":\"https:\\\/\\\/www.tablaosflamencos.com\\\/it\\\/biennale-flamenco-siviglia\",\"url\":\"https:\\\/\\\/www.tablaosflamencos.com\\\/it\\\/biennale-flamenco-siviglia\",\"name\":\"Biennale di Flamenco di Siviglia 2026: notizie e guide\",\"isPartOf\":{\"@id\":\"https:\\\/\\\/www.tablaosflamencos.com\\\/it#website\"},\"primaryImageOfPage\":{\"@id\":\"https:\\\/\\\/www.tablaosflamencos.com\\\/it\\\/biennale-flamenco-siviglia#primaryimage\"},\"image\":{\"@id\":\"https:\\\/\\\/www.tablaosflamencos.com\\\/it\\\/biennale-flamenco-siviglia#primaryimage\"},\"thumbnailUrl\":\"https:\\\/\\\/www.tablaosflamencos.com\\\/wp-content\\\/uploads\\\/bienal-de-flamenco-de-sevilla-2026-programacion-fechas-espacios-y-guia-completa-01.webp\",\"datePublished\":\"2026-08-31T13:04:28+00:00\",\"dateModified\":\"2026-08-31T13:16:26+00:00\",\"description\":\"Segui la Biennale di Flamenco di Siviglia 2026: notizie, programma, artisti, prime, biglietti, attivit\u00e0 e guide pratiche per la visita.\",\"breadcrumb\":{\"@id\":\"https:\\\/\\\/www.tablaosflamencos.com\\\/it\\\/biennale-flamenco-siviglia#breadcrumb\"},\"inLanguage\":\"it-IT\",\"potentialAction\":[{\"@type\":\"ReadAction\",\"target\":[\"https:\\\/\\\/www.tablaosflamencos.com\\\/it\\\/biennale-flamenco-siviglia\"]}]},{\"@type\":\"ImageObject\",\"inLanguage\":\"it-IT\",\"@id\":\"https:\\\/\\\/www.tablaosflamencos.com\\\/it\\\/biennale-flamenco-siviglia#primaryimage\",\"url\":\"https:\\\/\\\/www.tablaosflamencos.com\\\/wp-content\\\/uploads\\\/bienal-de-flamenco-de-sevilla-2026-programacion-fechas-espacios-y-guia-completa-01.webp\",\"contentUrl\":\"https:\\\/\\\/www.tablaosflamencos.com\\\/wp-content\\\/uploads\\\/bienal-de-flamenco-de-sevilla-2026-programacion-fechas-espacios-y-guia-completa-01.webp\",\"width\":1920,\"height\":1072,\"caption\":\"Bienal de Flamenco de Sevilla 2026: programaci\u00f3n, fechas, espacios y gu\u00eda completa\"},{\"@type\":\"BreadcrumbList\",\"@id\":\"https:\\\/\\\/www.tablaosflamencos.com\\\/it\\\/biennale-flamenco-siviglia#breadcrumb\",\"itemListElement\":[{\"@type\":\"ListItem\",\"position\":1,\"name\":\"Home\",\"item\":\"https:\\\/\\\/www.tablaosflamencos.com\\\/it\"},{\"@type\":\"ListItem\",\"position\":2,\"name\":\"Biennale di Flamenco di Siviglia\"}]},{\"@type\":\"WebSite\",\"@id\":\"https:\\\/\\\/www.tablaosflamencos.com\\\/it#website\",\"url\":\"https:\\\/\\\/www.tablaosflamencos.com\\\/it\",\"name\":\"Tablaos Flamencos\",\"description\":\"Entradas para tablaos flamencos de Espa\u00f1a\",\"publisher\":{\"@id\":\"https:\\\/\\\/www.tablaosflamencos.com\\\/it#organization\"},\"alternateName\":\"Tablaos Flamencos\",\"potentialAction\":[{\"@type\":\"SearchAction\",\"target\":{\"@type\":\"EntryPoint\",\"urlTemplate\":\"https:\\\/\\\/www.tablaosflamencos.com\\\/it?s={search_term_string}\"},\"query-input\":{\"@type\":\"PropertyValueSpecification\",\"valueRequired\":true,\"valueName\":\"search_term_string\"}}],\"inLanguage\":\"it-IT\"},{\"@type\":[\"Organization\",\"Place\",\"EntertainmentBusiness\"],\"@id\":\"https:\\\/\\\/www.tablaosflamencos.com\\\/it#organization\",\"name\":\"Tablaos Flamencos\",\"alternateName\":\"Tablaos Flamencos\",\"url\":\"https:\\\/\\\/www.tablaosflamencos.com\\\/it\",\"logo\":{\"@id\":\"https:\\\/\\\/www.tablaosflamencos.com\\\/it\\\/biennale-flamenco-siviglia#local-main-organization-logo\"},\"image\":{\"@id\":\"https:\\\/\\\/www.tablaosflamencos.com\\\/it\\\/biennale-flamenco-siviglia#local-main-organization-logo\"},\"sameAs\":[\"https:\\\/\\\/www.facebook.com\\\/tablaosflamencos\",\"https:\\\/\\\/x.com\\\/tablaosflamenco\",\"https:\\\/\\\/mastodon.social\\\/@tablaosflamencos\",\"https:\\\/\\\/www.instagram.com\\\/tablaosflamencos\",\"https:\\\/\\\/tiktok.com\\\/@tablaosflamencos\",\"https:\\\/\\\/www.linkedin.com\\\/company\\\/109408238\\\/\"],\"description\":\"Venta de entradas para espect\u00e1culos flamencos\",\"legalName\":\"Tablaos Flamencos\",\"foundingDate\":\"2015-01-01\",\"numberOfEmployees\":{\"@type\":\"QuantitativeValue\",\"minValue\":\"1\",\"maxValue\":\"10\"},\"address\":{\"@id\":\"https:\\\/\\\/www.tablaosflamencos.com\\\/it\\\/biennale-flamenco-siviglia#local-main-place-address\"},\"geo\":{\"@type\":\"GeoCoordinates\",\"latitude\":\"37.3868072\",\"longitude\":\"-5.993280299999999\"},\"telephone\":[\"+34623787787\"],\"contactPoint\":{\"@type\":\"ContactPoint\",\"telephone\":\"+34623787787\",\"email\":\"info@tablaosflamencos.com\"},\"openingHoursSpecification\":{\"@type\":\"OpeningHoursSpecification\",\"dayOfWeek\":[\"Monday\",\"Tuesday\",\"Wednesday\",\"Thursday\",\"Friday\",\"Saturday\",\"Sunday\"],\"opens\":\"00:00\",\"closes\":\"23:59\"},\"email\":\"info@tablaosflamencos.com\",\"priceRange\":\"$$$\",\"currenciesAccepted\":\"\u20ac\"},{\"@type\":\"PostalAddress\",\"@id\":\"https:\\\/\\\/www.tablaosflamencos.com\\\/it\\\/biennale-flamenco-siviglia#local-main-place-address\",\"streetAddress\":\"C\\\/ Alemanes, 19\",\"addressLocality\":\"Sevilla\",\"postalCode\":\"41004\",\"addressRegion\":\"Sevilla\",\"addressCountry\":\"ES\"},{\"@type\":\"ImageObject\",\"inLanguage\":\"it-IT\",\"@id\":\"https:\\\/\\\/www.tablaosflamencos.com\\\/it\\\/biennale-flamenco-siviglia#local-main-organization-logo\",\"url\":\"https:\\\/\\\/www.tablaosflamencos.com\\\/wp-content\\\/uploads\\\/tablaos-flamencos-06-3.webp\",\"contentUrl\":\"https:\\\/\\\/www.tablaosflamencos.com\\\/wp-content\\\/uploads\\\/tablaos-flamencos-06-3.webp\",\"width\":600,\"height\":620,\"caption\":\"Tablaos Flamencos\"}]}<\/script>\n<meta name=\"geo.placename\" content=\"Sevilla\" \/>\n<meta name=\"geo.position\" content=\"37.3868072;-5.993280299999999\" \/>\n<meta name=\"geo.region\" content=\"Spagna\" \/>\n<!-- \/ Yoast SEO Premium plugin. -->","yoast_head_json":{"title":"Biennale di Flamenco di Siviglia 2026: notizie e guide","description":"Segui la Biennale di Flamenco di Siviglia 2026: notizie, programma, artisti, prime, biglietti, attivit\u00e0 e guide pratiche per la visita.","robots":{"index":"index","follow":"follow","max-snippet":"max-snippet:-1","max-image-preview":"max-image-preview:large","max-video-preview":"max-video-preview:-1"},"canonical":"https:\/\/www.tablaosflamencos.com\/it\/biennale-flamenco-siviglia","og_locale":"it_IT","og_type":"article","og_title":"Biennale di Flamenco di Siviglia","og_description":"Segui la Biennale di Flamenco di Siviglia 2026: notizie, programma, artisti, prime, biglietti, attivit\u00e0 e guide pratiche per la visita.","og_url":"https:\/\/www.tablaosflamencos.com\/it\/biennale-flamenco-siviglia","og_site_name":"Tablaos Flamencos","article_publisher":"https:\/\/www.facebook.com\/tablaosflamencos","article_modified_time":"2026-08-31T13:16:26+00:00","og_image":[{"width":1920,"height":1072,"url":"https:\/\/www.tablaosflamencos.com\/wp-content\/uploads\/bienal-de-flamenco-de-sevilla-2026-programacion-fechas-espacios-y-guia-completa-01.webp","type":"image\/webp"}],"twitter_card":"summary_large_image","twitter_site":"@tablaosflamenco","twitter_misc":{"Tempo di lettura stimato":"6 minuti"},"schema":{"@context":"https:\/\/schema.org","@graph":[{"@type":"WebPage","@id":"https:\/\/www.tablaosflamencos.com\/it\/biennale-flamenco-siviglia","url":"https:\/\/www.tablaosflamencos.com\/it\/biennale-flamenco-siviglia","name":"Biennale di Flamenco di Siviglia 2026: notizie e guide","isPartOf":{"@id":"https:\/\/www.tablaosflamencos.com\/it#website"},"primaryImageOfPage":{"@id":"https:\/\/www.tablaosflamencos.com\/it\/biennale-flamenco-siviglia#primaryimage"},"image":{"@id":"https:\/\/www.tablaosflamencos.com\/it\/biennale-flamenco-siviglia#primaryimage"},"thumbnailUrl":"https:\/\/www.tablaosflamencos.com\/wp-content\/uploads\/bienal-de-flamenco-de-sevilla-2026-programacion-fechas-espacios-y-guia-completa-01.webp","datePublished":"2026-08-31T13:04:28+00:00","dateModified":"2026-08-31T13:16:26+00:00","description":"Segui la Biennale di Flamenco di Siviglia 2026: notizie, programma, artisti, prime, biglietti, attivit\u00e0 e guide pratiche per la visita.","breadcrumb":{"@id":"https:\/\/www.tablaosflamencos.com\/it\/biennale-flamenco-siviglia#breadcrumb"},"inLanguage":"it-IT","potentialAction":[{"@type":"ReadAction","target":["https:\/\/www.tablaosflamencos.com\/it\/biennale-flamenco-siviglia"]}]},{"@type":"ImageObject","inLanguage":"it-IT","@id":"https:\/\/www.tablaosflamencos.com\/it\/biennale-flamenco-siviglia#primaryimage","url":"https:\/\/www.tablaosflamencos.com\/wp-content\/uploads\/bienal-de-flamenco-de-sevilla-2026-programacion-fechas-espacios-y-guia-completa-01.webp","contentUrl":"https:\/\/www.tablaosflamencos.com\/wp-content\/uploads\/bienal-de-flamenco-de-sevilla-2026-programacion-fechas-espacios-y-guia-completa-01.webp","width":1920,"height":1072,"caption":"Bienal de Flamenco de Sevilla 2026: programaci\u00f3n, fechas, espacios y gu\u00eda completa"},{"@type":"BreadcrumbList","@id":"https:\/\/www.tablaosflamencos.com\/it\/biennale-flamenco-siviglia#breadcrumb","itemListElement":[{"@type":"ListItem","position":1,"name":"Home","item":"https:\/\/www.tablaosflamencos.com\/it"},{"@type":"ListItem","position":2,"name":"Biennale di Flamenco di Siviglia"}]},{"@type":"WebSite","@id":"https:\/\/www.tablaosflamencos.com\/it#website","url":"https:\/\/www.tablaosflamencos.com\/it","name":"Tablaos Flamencos","description":"Entradas para tablaos flamencos de Espa\u00f1a","publisher":{"@id":"https:\/\/www.tablaosflamencos.com\/it#organization"},"alternateName":"Tablaos Flamencos","potentialAction":[{"@type":"SearchAction","target":{"@type":"EntryPoint","urlTemplate":"https:\/\/www.tablaosflamencos.com\/it?s={search_term_string}"},"query-input":{"@type":"PropertyValueSpecification","valueRequired":true,"valueName":"search_term_string"}}],"inLanguage":"it-IT"},{"@type":["Organization","Place","EntertainmentBusiness"],"@id":"https:\/\/www.tablaosflamencos.com\/it#organization","name":"Tablaos Flamencos","alternateName":"Tablaos Flamencos","url":"https:\/\/www.tablaosflamencos.com\/it","logo":{"@id":"https:\/\/www.tablaosflamencos.com\/it\/biennale-flamenco-siviglia#local-main-organization-logo"},"image":{"@id":"https:\/\/www.tablaosflamencos.com\/it\/biennale-flamenco-siviglia#local-main-organization-logo"},"sameAs":["https:\/\/www.facebook.com\/tablaosflamencos","https:\/\/x.com\/tablaosflamenco","https:\/\/mastodon.social\/@tablaosflamencos","https:\/\/www.instagram.com\/tablaosflamencos","https:\/\/tiktok.com\/@tablaosflamencos","https:\/\/www.linkedin.com\/company\/109408238\/"],"description":"Venta de entradas para espect\u00e1culos flamencos","legalName":"Tablaos Flamencos","foundingDate":"2015-01-01","numberOfEmployees":{"@type":"QuantitativeValue","minValue":"1","maxValue":"10"},"address":{"@id":"https:\/\/www.tablaosflamencos.com\/it\/biennale-flamenco-siviglia#local-main-place-address"},"geo":{"@type":"GeoCoordinates","latitude":"37.3868072","longitude":"-5.993280299999999"},"telephone":["+34623787787"],"contactPoint":{"@type":"ContactPoint","telephone":"+34623787787","email":"info@tablaosflamencos.com"},"openingHoursSpecification":{"@type":"OpeningHoursSpecification","dayOfWeek":["Monday","Tuesday","Wednesday","Thursday","Friday","Saturday","Sunday"],"opens":"00:00","closes":"23:59"},"email":"info@tablaosflamencos.com","priceRange":"$$$","currenciesAccepted":"\u20ac"},{"@type":"PostalAddress","@id":"https:\/\/www.tablaosflamencos.com\/it\/biennale-flamenco-siviglia#local-main-place-address","streetAddress":"C\/ Alemanes, 19","addressLocality":"Sevilla","postalCode":"41004","addressRegion":"Sevilla","addressCountry":"ES"},{"@type":"ImageObject","inLanguage":"it-IT","@id":"https:\/\/www.tablaosflamencos.com\/it\/biennale-flamenco-siviglia#local-main-organization-logo","url":"https:\/\/www.tablaosflamencos.com\/wp-content\/uploads\/tablaos-flamencos-06-3.webp","contentUrl":"https:\/\/www.tablaosflamencos.com\/wp-content\/uploads\/tablaos-flamencos-06-3.webp","width":600,"height":620,"caption":"Tablaos Flamencos"}]},"geo.placename":"Sevilla","geo.position":{"lat":"37.3868072","long":"-5.993280299999999"},"geo.region":"Spagna"},"_links":{"self":[{"href":"https:\/\/www.tablaosflamencos.com\/it\/wp-json\/wp\/v2\/pages\/13601","targetHints":{"allow":["GET"]}}],"collection":[{"href":"https:\/\/www.tablaosflamencos.com\/it\/wp-json\/wp\/v2\/pages"}],"about":[{"href":"https:\/\/www.tablaosflamencos.com\/it\/wp-json\/wp\/v2\/types\/page"}],"author":[{"embeddable":true,"href":"https:\/\/www.tablaosflamencos.com\/it\/wp-json\/wp\/v2\/users\/1"}],"replies":[{"embeddable":true,"href":"https:\/\/www.tablaosflamencos.com\/it\/wp-json\/wp\/v2\/comments?post=13601"}],"version-history":[{"count":1,"href":"https:\/\/www.tablaosflamencos.com\/it\/wp-json\/wp\/v2\/pages\/13601\/revisions"}],"predecessor-version":[{"id":13611,"href":"https:\/\/www.tablaosflamencos.com\/it\/wp-json\/wp\/v2\/pages\/13601\/revisions\/13611"}],"wp:featuredmedia":[{"embeddable":true,"href":"https:\/\/www.tablaosflamencos.com\/it\/wp-json\/wp\/v2\/media\/13031"}],"wp:attachment":[{"href":"https:\/\/www.tablaosflamencos.com\/it\/wp-json\/wp\/v2\/media?parent=13601"}],"curies":[{"name":"wp","href":"https:\/\/api.w.org\/{rel}","templated":true}]}}