{"id":9212,"date":"2019-05-10T14:40:15","date_gmt":"2019-05-10T13:40:15","guid":{"rendered":"https:\/\/www.tablaosflamencos.com\/inicio"},"modified":"2026-05-22T16:55:03","modified_gmt":"2026-05-22T15:55:03","slug":"home","status":"publish","type":"page","link":"https:\/\/www.tablaosflamencos.com\/fr","title":{"rendered":"Home"},"content":{"rendered":"<section class=\"l-section wpb_row height_huge full_height valign_bottom color_primary with_img with_shape\"><div class=\"l-section-img\" role=\"img\" aria-label=\"Tablaos flamencos y espect\u00e1culos | Flamenco shows\" data-img-width=\"1920\" data-img-height=\"1072\" style=\"background-image: url(https:\/\/www.tablaosflamencos.com\/wp-content\/uploads\/tablaos-flamencos-3.webp);\"><\/div><div class=\"l-section-overlay\" style=\"background:rgba(0,0,0,0.30)\"><\/div><div class=\"l-section-shape type_zigzag pos_bottom\" style=\"height:3vmin;\"><svg xmlns=\"http:\/\/www.w3.org\/2000\/svg\" viewBox=\"0 0 64 8\" preserveAspectRatio=\"none\" width=\"100%\" height=\"100%\">\r\n\t<path fill=\"currentColor\" d=\"M64 8 L0 8 L0 0 L20 7.9 L40 3 L48 5 L64 0 Z\"\/>\r\n<\/svg><\/div><div class=\"l-section-h i-cf\"><div class=\"g-cols vc_row via_flex valign_bottom type_default stacking_default\"><div class=\"vc_col-sm-12 wpb_column vc_column_container\"><div class=\"vc_column-inner\"><div class=\"wpb_wrapper\"><div class=\"wpb_text_column us_custom_064d3121\"><div class=\"wpb_wrapper\"><h1 style=\"text-align: center;\">Tablaos flamenco en Espagne<\/h1>\n<\/div><\/div><div class=\"w-separator size_small\"><\/div><div class=\"wpb_text_column\"><div class=\"wpb_wrapper\"><p style=\"text-align: center;\">R\u00e9servez des spectacles de flamenco en direct \u00e0 S\u00e9ville, Madrid, Barcelone, M\u00e1laga, Grenade et dans d\u2019autres villes.<\/p>\n<\/div><\/div><div class=\"w-separator size_small\"><\/div><div class=\"w-hwrapper valign_middle wrap align_center\" style=\"--hwrapper-gap:1.2rem\"><div class=\"w-btn-wrapper align_center\"><a class=\"w-btn us-btn-style_1 icon_atleft\" href=\"https:\/\/www.tablaosflamencos.com\/fr\/tablaos-flamenco\"><i class=\"fas fa-calendar\"><\/i><span class=\"w-btn-label\">Voir les tablaos et r\u00e9server<\/span><\/a><\/div><div class=\"w-btn-wrapper align_center\"><a class=\"w-btn us-btn-style_1 icon_atleft\" href=\"https:\/\/www.tablaosflamencos.com\/fr\/villes\"><i class=\"fas fa-map\"><\/i><span class=\"w-btn-label\">Voir les villes<\/span><\/a><\/div><\/div><\/div><\/div><\/div><\/div><\/div><\/section><section class=\"l-section wpb_row height_small\"><div class=\"l-section-h i-cf\"><div class=\"g-cols vc_row via_flex valign_top type_default stacking_default\"><div class=\"vc_col-sm-12 wpb_column vc_column_container\"><div class=\"vc_column-inner\"><div class=\"wpb_wrapper\"><div class=\"w-hwrapper valign_top wrap stack_on_mobiles align_center\" style=\"--hwrapper-gap:1.2rem\"><div class=\"wpb_text_column\"><div class=\"wpb_wrapper\"><p><strong>Comment r\u00e9server en 3 \u00e9tapes\u00a0:<\/strong><\/p>\n<\/div><\/div><div class=\"w-iconbox iconpos_left style_default color_primary align_center no_text\"><a href=\"https:\/\/www.tablaosflamencos.com\/fr\/villes\" class=\"w-iconbox-link\" aria-label=\"1 &#8211; Choisissez votre ville\"><div class=\"w-iconbox-icon\" style=\"font-size:1rem;\"><i class=\"fas fa-map\"><\/i><\/div><\/a><div class=\"w-iconbox-meta\"><p class=\"w-iconbox-title\"><a href=\"https:\/\/www.tablaosflamencos.com\/fr\/villes\" class=\"w-iconbox-link\" aria-label=\"1 &#8211; Choisissez votre ville\">1 &#8211; Choisissez votre ville<\/a><\/p><\/div><\/div><div class=\"w-iconbox iconpos_left style_default color_primary align_center no_text\"><a href=\"https:\/\/www.tablaosflamencos.com\/fr\/tablaos-flamenco\" class=\"w-iconbox-link\" aria-label=\"2 &#8211; Comparez et choisissez un tablao\"><div class=\"w-iconbox-icon\" style=\"font-size:1rem;\"><i class=\"fas fa-calendar\"><\/i><\/div><\/a><div class=\"w-iconbox-meta\"><p class=\"w-iconbox-title\"><a href=\"https:\/\/www.tablaosflamencos.com\/fr\/tablaos-flamenco\" class=\"w-iconbox-link\" aria-label=\"2 &#8211; Comparez et choisissez un tablao\">2 &#8211; Comparez et choisissez un tablao<\/a><\/p><\/div><\/div><div class=\"w-iconbox iconpos_left style_default color_primary align_center no_text\"><a href=\"https:\/\/www.tablaosflamencos.com\/fr\/comment-reserver\" class=\"w-iconbox-link\" aria-label=\"3 &#8211; R\u00e9servez en une minute\"><div class=\"w-iconbox-icon\" style=\"font-size:1rem;\"><i class=\"fas fa-tag\"><\/i><\/div><\/a><div class=\"w-iconbox-meta\"><p class=\"w-iconbox-title\"><a href=\"https:\/\/www.tablaosflamencos.com\/fr\/comment-reserver\" class=\"w-iconbox-link\" aria-label=\"3 &#8211; R\u00e9servez en une minute\">3 &#8211; R\u00e9servez en une minute<\/a><\/p><\/div><\/div><\/div><\/div><\/div><\/div><\/div><\/div><\/section><section class=\"l-section wpb_row height_huge width_custom\" style=\"--site-content-width:1400px;\"><div class=\"l-section-h i-cf\"><div class=\"g-cols vc_row via_flex valign_top type_default stacking_default\"><div class=\"vc_col-sm-12 wpb_column vc_column_container\"><div class=\"vc_column-inner\"><div class=\"wpb_wrapper\"><div class=\"wpb_text_column\"><div class=\"wpb_wrapper\"><h2 style=\"text-align: center;\">Tablaos flamenco par ville<\/h2>\n<p style=\"text-align: center;\">Choisissez une ville et r\u00e9servez votre tablao flamenco en quelques secondes. Sur <strong>Tablaos Flamencos<\/strong>, vous trouverez les meilleurs spectacles dans toutes les villes d\u2019Espagne\u00a0:<\/p>\n<\/div><\/div><div class=\"w-separator size_large\"><\/div><div class=\"w-grid us_post_list type_grid layout_8855 cols_4 valign_center preload_style_spinner overflow_hidden items_have_ratio\" id=\"us_post_list_w686\" style=\"--columns:4;--gap:2px;--item-aspect-ratio:3\/2;\"><style>@media (max-width:1024px){#us_post_list_w686{--columns:2!important}}@media (max-width:600px){#us_post_list_w686{--columns:1!important}}.layout_8855 .w-grid-item-h{background:#000000}.layout_8855 .usg_post_image_1{transition-duration:0.35s;transform-origin:50% 50%;transform:scale(1) translate(0%,0%)}.layout_8855 .w-grid-item-h:focus-within .usg_post_image_1,.layout_8855 .w-grid-item-h:hover .usg_post_image_1{transform:scale(1.1) translate(0%,0%);opacity:0.1}.layout_8855 .usg_post_image_1{position:absolute!important;left:0!important;top:0!important;bottom:0!important;right:0!important}.layout_8855 .usg_vwrapper_1{position:absolute!important;right:0!important;bottom:0!important;left:0!important;background:linear-gradient(transparent,rgba(30,30,30,0.8))!important;padding:4rem 2rem 1.5rem 2rem!important}.layout_8855 .usg_post_title_1{color:#ffffff!important;text-align:center!important;font-size:1.4rem!important;font-family:var(--font-family)!important;font-weight:500!important}<\/style><div class=\"w-grid-list\">\t<article class=\"w-grid-item size_1x1 post-9041 page type-page status-publish has-post-thumbnail hentry\" data-id=\"9041\">\r\n\t\t<div class=\"w-grid-item-h\">\r\n\t\t\t\t\t\t\t<a href=\"https:\/\/www.tablaosflamencos.com\/fr\/flamenco-a-seville\" class=\"w-grid-item-anchor\" aria-label=\"S\u00e9ville\"><\/a>\r\n\t\t\t\t\t\t<div class=\"w-post-elm post_image usg_post_image_1 stretched\"><img fetchpriority=\"high\" decoding=\"async\" width=\"600\" height=\"335\" src=\"https:\/\/www.tablaosflamencos.com\/wp-content\/uploads\/sevilla-01-600x335.webp\" class=\"attachment-us_600_600 size-us_600_600 wp-post-image\" alt=\"Flamenco Sevilla | Tablaos Flamencos\" srcset=\"https:\/\/www.tablaosflamencos.com\/wp-content\/uploads\/sevilla-01-600x335.webp 600w, https:\/\/www.tablaosflamencos.com\/wp-content\/uploads\/sevilla-01-300x168.webp 300w, https:\/\/www.tablaosflamencos.com\/wp-content\/uploads\/sevilla-01-1024x572.webp 1024w, https:\/\/www.tablaosflamencos.com\/wp-content\/uploads\/sevilla-01-1536x858.webp 1536w, https:\/\/www.tablaosflamencos.com\/wp-content\/uploads\/sevilla-01-150x84.webp 150w, https:\/\/www.tablaosflamencos.com\/wp-content\/uploads\/sevilla-01.webp 1920w\" sizes=\"(max-width: 600px) 100vw, 600px\" loading=\"eager\" \/><\/div><div class=\"w-vwrapper usg_vwrapper_1 align_none valign_top\" style=\"--vwrapper-gap: 0.7rem;\"><p class=\"w-post-elm post_title usg_post_title_1 has_text_color align_center color_link_inherit\">S\u00e9ville<\/p><\/div>\t\t<\/div>\r\n\t\t\t<\/article>\r\n\t<article class=\"w-grid-item size_1x1 post-9138 page type-page status-publish has-post-thumbnail hentry\" data-id=\"9138\">\r\n\t\t<div class=\"w-grid-item-h\">\r\n\t\t\t\t\t\t\t<a href=\"https:\/\/www.tablaosflamencos.com\/fr\/flamenco-a-madrid\" class=\"w-grid-item-anchor\" aria-label=\"Madrid\"><\/a>\r\n\t\t\t\t\t\t<div class=\"w-post-elm post_image usg_post_image_1 stretched\"><img decoding=\"async\" width=\"600\" height=\"335\" src=\"https:\/\/www.tablaosflamencos.com\/wp-content\/uploads\/madrid-01-1-600x335.webp\" class=\"attachment-us_600_600 size-us_600_600 wp-post-image\" alt=\"Flamenco Madrid | Tablaos Flamencos\" srcset=\"https:\/\/www.tablaosflamencos.com\/wp-content\/uploads\/madrid-01-1-600x335.webp 600w, https:\/\/www.tablaosflamencos.com\/wp-content\/uploads\/madrid-01-1-300x168.webp 300w, https:\/\/www.tablaosflamencos.com\/wp-content\/uploads\/madrid-01-1-1024x572.webp 1024w, https:\/\/www.tablaosflamencos.com\/wp-content\/uploads\/madrid-01-1-1536x858.webp 1536w, https:\/\/www.tablaosflamencos.com\/wp-content\/uploads\/madrid-01-1-150x84.webp 150w, https:\/\/www.tablaosflamencos.com\/wp-content\/uploads\/madrid-01-1.webp 1920w\" sizes=\"(max-width: 600px) 100vw, 600px\" loading=\"eager\" \/><\/div><div class=\"w-vwrapper usg_vwrapper_1 align_none valign_top\" style=\"--vwrapper-gap: 0.7rem;\"><p class=\"w-post-elm post_title usg_post_title_1 has_text_color align_center color_link_inherit\">Madrid<\/p><\/div>\t\t<\/div>\r\n\t\t\t<\/article>\r\n\t<article class=\"w-grid-item size_1x1 post-9179 page type-page status-publish has-post-thumbnail hentry\" data-id=\"9179\">\r\n\t\t<div class=\"w-grid-item-h\">\r\n\t\t\t\t\t\t\t<a href=\"https:\/\/www.tablaosflamencos.com\/fr\/flamenco-a-barcelone\" class=\"w-grid-item-anchor\" aria-label=\"Barcelone\"><\/a>\r\n\t\t\t\t\t\t<div class=\"w-post-elm post_image usg_post_image_1 stretched\"><img decoding=\"async\" width=\"600\" height=\"335\" src=\"https:\/\/www.tablaosflamencos.com\/wp-content\/uploads\/barcelona-01-1-1-600x335.webp\" class=\"attachment-us_600_600 size-us_600_600 wp-post-image\" alt=\"Flamenco Barcelona | Tablaos Flamencos\" srcset=\"https:\/\/www.tablaosflamencos.com\/wp-content\/uploads\/barcelona-01-1-1-600x335.webp 600w, https:\/\/www.tablaosflamencos.com\/wp-content\/uploads\/barcelona-01-1-1-300x168.webp 300w, https:\/\/www.tablaosflamencos.com\/wp-content\/uploads\/barcelona-01-1-1-1024x572.webp 1024w, https:\/\/www.tablaosflamencos.com\/wp-content\/uploads\/barcelona-01-1-1-1536x858.webp 1536w, https:\/\/www.tablaosflamencos.com\/wp-content\/uploads\/barcelona-01-1-1-150x84.webp 150w, https:\/\/www.tablaosflamencos.com\/wp-content\/uploads\/barcelona-01-1-1.webp 1920w\" sizes=\"(max-width: 600px) 100vw, 600px\" loading=\"eager\" \/><\/div><div class=\"w-vwrapper usg_vwrapper_1 align_none valign_top\" style=\"--vwrapper-gap: 0.7rem;\"><p class=\"w-post-elm post_title usg_post_title_1 has_text_color align_center color_link_inherit\">Barcelone<\/p><\/div>\t\t<\/div>\r\n\t\t\t<\/article>\r\n\t<article class=\"w-grid-item size_1x1 post-9152 page type-page status-publish has-post-thumbnail hentry\" data-id=\"9152\">\r\n\t\t<div class=\"w-grid-item-h\">\r\n\t\t\t\t\t\t\t<a href=\"https:\/\/www.tablaosflamencos.com\/fr\/flamenco-a-grenade\" class=\"w-grid-item-anchor\" aria-label=\"Grenade\"><\/a>\r\n\t\t\t\t\t\t<div class=\"w-post-elm post_image usg_post_image_1 stretched\"><img decoding=\"async\" width=\"600\" height=\"335\" src=\"https:\/\/www.tablaosflamencos.com\/wp-content\/uploads\/granada-01-1-1-600x335.webp\" class=\"attachment-us_600_600 size-us_600_600 wp-post-image\" alt=\"Flamenco Granada | Tablaos Flamencos\" srcset=\"https:\/\/www.tablaosflamencos.com\/wp-content\/uploads\/granada-01-1-1-600x335.webp 600w, https:\/\/www.tablaosflamencos.com\/wp-content\/uploads\/granada-01-1-1-300x168.webp 300w, https:\/\/www.tablaosflamencos.com\/wp-content\/uploads\/granada-01-1-1-1024x572.webp 1024w, https:\/\/www.tablaosflamencos.com\/wp-content\/uploads\/granada-01-1-1-1536x858.webp 1536w, https:\/\/www.tablaosflamencos.com\/wp-content\/uploads\/granada-01-1-1-150x84.webp 150w, https:\/\/www.tablaosflamencos.com\/wp-content\/uploads\/granada-01-1-1.webp 1920w\" sizes=\"(max-width: 600px) 100vw, 600px\" loading=\"eager\" \/><\/div><div class=\"w-vwrapper usg_vwrapper_1 align_none valign_top\" style=\"--vwrapper-gap: 0.7rem;\"><p class=\"w-post-elm post_title usg_post_title_1 has_text_color align_center color_link_inherit\">Grenade<\/p><\/div>\t\t<\/div>\r\n\t\t\t<\/article>\r\n\t<article class=\"w-grid-item size_1x1 post-9165 page type-page status-publish has-post-thumbnail hentry\" data-id=\"9165\">\r\n\t\t<div class=\"w-grid-item-h\">\r\n\t\t\t\t\t\t\t<a href=\"https:\/\/www.tablaosflamencos.com\/fr\/flamenco-a-cordoue\" class=\"w-grid-item-anchor\" aria-label=\"Cordoue\"><\/a>\r\n\t\t\t\t\t\t<div class=\"w-post-elm post_image usg_post_image_1 stretched\"><img decoding=\"async\" width=\"600\" height=\"335\" src=\"https:\/\/www.tablaosflamencos.com\/wp-content\/uploads\/cordoba-01-600x335.webp\" class=\"attachment-us_600_600 size-us_600_600 wp-post-image\" alt=\"Flamenco C\u00f3rdoba | Tablaos Flamencos\" srcset=\"https:\/\/www.tablaosflamencos.com\/wp-content\/uploads\/cordoba-01-600x335.webp 600w, https:\/\/www.tablaosflamencos.com\/wp-content\/uploads\/cordoba-01-300x168.webp 300w, https:\/\/www.tablaosflamencos.com\/wp-content\/uploads\/cordoba-01-1024x572.webp 1024w, https:\/\/www.tablaosflamencos.com\/wp-content\/uploads\/cordoba-01-1536x858.webp 1536w, https:\/\/www.tablaosflamencos.com\/wp-content\/uploads\/cordoba-01-150x84.webp 150w, https:\/\/www.tablaosflamencos.com\/wp-content\/uploads\/cordoba-01.webp 1920w\" sizes=\"(max-width: 600px) 100vw, 600px\" loading=\"eager\" \/><\/div><div class=\"w-vwrapper usg_vwrapper_1 align_none valign_top\" style=\"--vwrapper-gap: 0.7rem;\"><p class=\"w-post-elm post_title usg_post_title_1 has_text_color align_center color_link_inherit\">Cordoue<\/p><\/div>\t\t<\/div>\r\n\t\t\t<\/article>\r\n\t<article class=\"w-grid-item size_1x1 post-9122 page type-page status-publish has-post-thumbnail hentry\" data-id=\"9122\">\r\n\t\t<div class=\"w-grid-item-h\">\r\n\t\t\t\t\t\t\t<a href=\"https:\/\/www.tablaosflamencos.com\/fr\/flamenco-a-malaga\" class=\"w-grid-item-anchor\" aria-label=\"Malaga\"><\/a>\r\n\t\t\t\t\t\t<div class=\"w-post-elm post_image usg_post_image_1 stretched\"><img decoding=\"async\" width=\"600\" height=\"335\" src=\"https:\/\/www.tablaosflamencos.com\/wp-content\/uploads\/malaga-01-1-1-600x335.webp\" class=\"attachment-us_600_600 size-us_600_600 wp-post-image\" alt=\"Flamenco M\u00e1laga | Tablaos Flamencos\" srcset=\"https:\/\/www.tablaosflamencos.com\/wp-content\/uploads\/malaga-01-1-1-600x335.webp 600w, https:\/\/www.tablaosflamencos.com\/wp-content\/uploads\/malaga-01-1-1-300x168.webp 300w, https:\/\/www.tablaosflamencos.com\/wp-content\/uploads\/malaga-01-1-1-1024x572.webp 1024w, https:\/\/www.tablaosflamencos.com\/wp-content\/uploads\/malaga-01-1-1-1536x858.webp 1536w, https:\/\/www.tablaosflamencos.com\/wp-content\/uploads\/malaga-01-1-1-150x84.webp 150w, https:\/\/www.tablaosflamencos.com\/wp-content\/uploads\/malaga-01-1-1.webp 1920w\" sizes=\"(max-width: 600px) 100vw, 600px\" loading=\"eager\" \/><\/div><div class=\"w-vwrapper usg_vwrapper_1 align_none valign_top\" style=\"--vwrapper-gap: 0.7rem;\"><p class=\"w-post-elm post_title usg_post_title_1 has_text_color align_center color_link_inherit\">Malaga<\/p><\/div>\t\t<\/div>\r\n\t\t\t<\/article>\r\n\t<article class=\"w-grid-item size_1x1 post-9736 page type-page status-publish has-post-thumbnail hentry\" data-id=\"9736\">\r\n\t\t<div class=\"w-grid-item-h\">\r\n\t\t\t\t\t\t\t<a href=\"https:\/\/www.tablaosflamencos.com\/fr\/flamenco-a-jerez\" class=\"w-grid-item-anchor\" aria-label=\"Jerez\"><\/a>\r\n\t\t\t\t\t\t<div class=\"w-post-elm post_image usg_post_image_1 stretched\"><img decoding=\"async\" width=\"600\" height=\"335\" src=\"https:\/\/www.tablaosflamencos.com\/wp-content\/uploads\/jerez-01-1-3-600x335.webp\" class=\"attachment-us_600_600 size-us_600_600 wp-post-image\" alt=\"Flamenco Jerez | Tablaos Flamencos\" srcset=\"https:\/\/www.tablaosflamencos.com\/wp-content\/uploads\/jerez-01-1-3-600x335.webp 600w, https:\/\/www.tablaosflamencos.com\/wp-content\/uploads\/jerez-01-1-3-300x168.webp 300w, https:\/\/www.tablaosflamencos.com\/wp-content\/uploads\/jerez-01-1-3-1024x572.webp 1024w, https:\/\/www.tablaosflamencos.com\/wp-content\/uploads\/jerez-01-1-3-1536x858.webp 1536w, https:\/\/www.tablaosflamencos.com\/wp-content\/uploads\/jerez-01-1-3-150x84.webp 150w, https:\/\/www.tablaosflamencos.com\/wp-content\/uploads\/jerez-01-1-3.webp 1920w\" sizes=\"(max-width: 600px) 100vw, 600px\" loading=\"eager\" \/><\/div><div class=\"w-vwrapper usg_vwrapper_1 align_none valign_top\" style=\"--vwrapper-gap: 0.7rem;\"><p class=\"w-post-elm post_title usg_post_title_1 has_text_color align_center color_link_inherit\">Jerez<\/p><\/div>\t\t<\/div>\r\n\t\t\t<\/article>\r\n\t<article class=\"w-grid-item size_1x1 post-10258 page type-page status-publish has-post-thumbnail hentry\" data-id=\"10258\">\r\n\t\t<div class=\"w-grid-item-h\">\r\n\t\t\t\t\t\t\t<a href=\"https:\/\/www.tablaosflamencos.com\/fr\/flamenco-a-valence\" class=\"w-grid-item-anchor\" aria-label=\"Valence\"><\/a>\r\n\t\t\t\t\t\t<div class=\"w-post-elm post_image usg_post_image_1 stretched\"><img decoding=\"async\" width=\"600\" height=\"335\" src=\"https:\/\/www.tablaosflamencos.com\/wp-content\/uploads\/valencia-01-600x335.webp\" class=\"attachment-us_600_600 size-us_600_600 wp-post-image\" alt=\"Flamenco Valencia | Tablaos Flamencos\" srcset=\"https:\/\/www.tablaosflamencos.com\/wp-content\/uploads\/valencia-01-600x335.webp 600w, https:\/\/www.tablaosflamencos.com\/wp-content\/uploads\/valencia-01-300x168.webp 300w, https:\/\/www.tablaosflamencos.com\/wp-content\/uploads\/valencia-01-1024x572.webp 1024w, https:\/\/www.tablaosflamencos.com\/wp-content\/uploads\/valencia-01-1536x858.webp 1536w, https:\/\/www.tablaosflamencos.com\/wp-content\/uploads\/valencia-01-150x84.webp 150w, https:\/\/www.tablaosflamencos.com\/wp-content\/uploads\/valencia-01.webp 1920w\" sizes=\"(max-width: 600px) 100vw, 600px\" loading=\"eager\" \/><\/div><div class=\"w-vwrapper usg_vwrapper_1 align_none valign_top\" style=\"--vwrapper-gap: 0.7rem;\"><p class=\"w-post-elm post_title usg_post_title_1 has_text_color align_center color_link_inherit\">Valence<\/p><\/div>\t\t<\/div>\r\n\t\t\t<\/article>\r\n<\/div><div class=\"g-preloader type_1\"><div><\/div><\/div><div class=\"w-grid-list-json hidden\" onclick='return {&quot;max_num_pages&quot;:0,&quot;paginationBase&quot;:&quot;page&quot;,&quot;pagination&quot;:&quot;none&quot;,&quot;paged&quot;:1,&quot;ajaxData&quot;:{&quot;action&quot;:&quot;us_ajax_post_list&quot;,&quot;meta_type&quot;:&quot;post&quot;,&quot;object_id&quot;:0,&quot;template_vars&quot;:{&quot;shortcode_base&quot;:&quot;us_post_list&quot;,&quot;paged&quot;:1,&quot;max_num_pages&quot;:0,&quot;no_results&quot;:false,&quot;us_post_content_design_css&quot;:[],&quot;found_posts&quot;:0,&quot;per_page&quot;:8,&quot;items_count&quot;:8,&quot;orderby_random_seed&quot;:null,&quot;source&quot;:&quot;post__in&quot;,&quot;custom_field_name&quot;:&quot;&quot;,&quot;ids&quot;:&quot;8549,8793,8796,8787,8790,8784,9733,9841&quot;,&quot;post_type&quot;:&quot;&quot;,&quot;attachment_ids&quot;:null,&quot;include_post_thumbnail&quot;:0,&quot;post_author&quot;:&quot;any&quot;,&quot;post_author_ids&quot;:&quot;&quot;,&quot;apply_url_params&quot;:0,&quot;ignore_sticky_posts&quot;:1,&quot;exclude_children&quot;:0,&quot;exclude_current_post&quot;:1,&quot;exclude_prev_posts&quot;:0,&quot;exclude_past_events&quot;:0,&quot;enable_items_offset&quot;:0,&quot;items_offset&quot;:&quot;1&quot;,&quot;tax_query_relation&quot;:&quot;none&quot;,&quot;tax_query&quot;:[{&quot;operator&quot;:&quot;IN&quot;,&quot;taxonomy&quot;:&quot;category&quot;,&quot;terms&quot;:&quot;&quot;,&quot;include_children&quot;:0}],&quot;meta_query_relation&quot;:&quot;none&quot;,&quot;meta_query&quot;:[{&quot;key&quot;:&quot;custom_field_name&quot;,&quot;compare&quot;:&quot;=&quot;,&quot;value&quot;:&quot;&quot;}],&quot;orderby&quot;:&quot;post__in&quot;,&quot;orderby_custom_field&quot;:&quot;&quot;,&quot;orderby_custom_type&quot;:0,&quot;order_invert&quot;:0,&quot;show_all&quot;:0,&quot;quantity&quot;:&quot;8&quot;,&quot;posts_per_archive_page&quot;:0,&quot;no_items_action&quot;:&quot;message&quot;,&quot;no_items_message&quot;:&quot;Aucun r\\u00e9sultat.&quot;,&quot;no_items_page_block&quot;:&quot;&quot;,&quot;pagination&quot;:&quot;none&quot;,&quot;pagination_style&quot;:&quot;&quot;,&quot;pagination_btn_text&quot;:&quot;Charger plus&quot;,&quot;pagination_btn_size&quot;:&quot;&quot;,&quot;pagination_btn_style&quot;:&quot;1&quot;,&quot;pagination_btn_fullwidth&quot;:0,&quot;items_layout&quot;:&quot;8855&quot;,&quot;type&quot;:&quot;grid&quot;,&quot;items_valign&quot;:&quot;1&quot;,&quot;ignore_items_size&quot;:0,&quot;columns&quot;:&quot;4&quot;,&quot;items_gap&quot;:&quot;2px&quot;,&quot;load_animation&quot;:&quot;none&quot;,&quot;items_preload_style&quot;:&quot;spinner&quot;,&quot;img_size&quot;:&quot;default&quot;,&quot;img_aspect_ratio&quot;:&quot;&quot;,&quot;title_size&quot;:&quot;&quot;,&quot;item_aspect_ratio&quot;:&quot;&quot;,&quot;overriding_link&quot;:&quot;%7B%22type%22%3A%22post%22%7D&quot;,&quot;popup_page_template&quot;:&quot;0&quot;,&quot;popup_width&quot;:&quot;&quot;,&quot;popup_arrows&quot;:1,&quot;breakpoint_1_width&quot;:&quot;1381px&quot;,&quot;breakpoint_1_cols&quot;:&quot;default&quot;,&quot;breakpoint_1_quantity&quot;:&quot;&quot;,&quot;breakpoint_1_gap&quot;:&quot;&quot;,&quot;breakpoint_2_width&quot;:&quot;1025px&quot;,&quot;breakpoint_2_cols&quot;:&quot;2&quot;,&quot;breakpoint_2_quantity&quot;:&quot;&quot;,&quot;breakpoint_2_gap&quot;:&quot;&quot;,&quot;breakpoint_3_width&quot;:&quot;601px&quot;,&quot;breakpoint_3_cols&quot;:&quot;1&quot;,&quot;breakpoint_3_quantity&quot;:&quot;&quot;,&quot;breakpoint_3_gap&quot;:&quot;&quot;,&quot;conditions_operator&quot;:&quot;always&quot;,&quot;conditions&quot;:[],&quot;css&quot;:null,&quot;el_class&quot;:&quot;&quot;,&quot;el_id&quot;:&quot;&quot;,&quot;enable_custom_html_atts&quot;:0,&quot;custom_html_atts&quot;:null,&quot;hide_on_states&quot;:&quot;&quot;,&quot;hide_for_sticky&quot;:0,&quot;hide_for_not_sticky&quot;:0,&quot;hide_below&quot;:&quot;0px&quot;,&quot;hide_above&quot;:&quot;0px&quot;,&quot;items_ratio&quot;:&quot;&quot;,&quot;items_ratio_width&quot;:&quot;&quot;,&quot;items_ratio_height&quot;:&quot;&quot;,&quot;classes&quot;:&quot;&quot;},&quot;found_posts&quot;:0,&quot;per_page&quot;:8},&quot;facetedFilter&quot;:[]}'><\/div><\/div><div class=\"w-separator size_small\"><\/div><div class=\"wpb_text_column\"><div class=\"wpb_wrapper\"><p style=\"text-align: center;\">Nous vous conseillons pour choisir le meilleur tablao flamenco selon votre plan.<\/p>\n<\/div><\/div><div class=\"w-separator size_small\"><\/div><div class=\"w-btn-wrapper align_center\"><a class=\"w-btn us-btn-style_1 icon_atleft\" href=\"https:\/\/www.tablaosflamencos.com\/fr\/villes\"><i class=\"fas fa-map\"><\/i><span class=\"w-btn-label\">Voir les villes<\/span><\/a><\/div><\/div><\/div><\/div><\/div><\/div><\/section><section class=\"l-section wpb_row height_huge width_custom color_primary with_img with_shape\" style=\"--site-content-width:1400px;\"><div class=\"l-section-img\" role=\"img\" aria-label=\"Flamenco Valencia | Tablaos Flamencos\" data-img-width=\"1920\" data-img-height=\"1072\" style=\"background-image: url(https:\/\/www.tablaosflamencos.com\/wp-content\/uploads\/valencia-01.webp);\"><\/div><div class=\"l-section-overlay\" style=\"background:rgba(0,0,0,0.85)\"><\/div><div class=\"l-section-shape type_zigzag pos_top hor_flip\" style=\"height:3vmin;\"><svg xmlns=\"http:\/\/www.w3.org\/2000\/svg\" viewBox=\"0 0 64 8\" preserveAspectRatio=\"none\" width=\"100%\" height=\"100%\">\r\n\t<path fill=\"currentColor\" d=\"M64 8 L0 8 L0 0 L20 7.9 L40 3 L48 5 L64 0 Z\"\/>\r\n<\/svg><\/div><div class=\"l-section-shape type_zigzag pos_bottom\" style=\"height:3vmin;\"><svg xmlns=\"http:\/\/www.w3.org\/2000\/svg\" viewBox=\"0 0 64 8\" preserveAspectRatio=\"none\" width=\"100%\" height=\"100%\">\r\n\t<path fill=\"currentColor\" d=\"M64 8 L0 8 L0 0 L20 7.9 L40 3 L48 5 L64 0 Z\"\/>\r\n<\/svg><\/div><div class=\"l-section-h i-cf\"><div class=\"g-cols vc_row via_flex valign_top type_default stacking_default\"><div class=\"vc_col-sm-12 wpb_column vc_column_container\"><div class=\"vc_column-inner\"><div class=\"wpb_wrapper\"><div class=\"wpb_text_column\"><div class=\"wpb_wrapper\"><h2 style=\"text-align: center;\">Tablaos flamenco incontournables<\/h2>\n<p style=\"text-align: center;\">Des spectacles de flamenco \u00e0 ne pas manquer\u00a0:<\/p>\n<\/div><\/div><div class=\"w-separator size_large\"><\/div><div class=\"w-grid us_post_list type_grid layout_8554 cols_4 preload_style_spinner overflow_hidden items_have_ratio\" id=\"us_post_list_j9b5\" style=\"--columns:4;--gap:2px;--item-aspect-ratio:1\/1;\"><style>@media (max-width:1024px){#us_post_list_j9b5{--columns:2!important}}@media (max-width:600px){#us_post_list_j9b5{--columns:1!important}}.layout_8554 .w-grid-item-h{background:#000000}.layout_8554 .usg_post_image_1{transition-duration:0.35s;transform-origin:50% 50%;transform:scale(1) translate(0%,0%)}.layout_8554 .w-grid-item-h:focus-within .usg_post_image_1,.layout_8554 .w-grid-item-h:hover .usg_post_image_1{transform:scale(1.1) translate(0%,0%);opacity:0.1}.layout_8554 .usg_post_image_1{position:absolute!important;top:0!important;right:0!important;bottom:0!important;left:0!important}.layout_8554 .usg_vwrapper_1{position:absolute!important;right:0!important;bottom:0!important;left:0!important;background:linear-gradient(transparent,rgba(30,30,30,0.8))!important;padding:4rem 2rem 1.5rem 2rem!important}.layout_8554 .usg_post_title_1{color:#ffffff!important;font-size:1.2rem!important;font-family:var(--h1-font-family)!important}.layout_8554 .usg_post_taxonomy_1{color:#ffffff!important;font-size:0.7rem!important;text-transform:uppercase!important}<\/style><div class=\"w-grid-list\">\t<article class=\"w-grid-item size_1x1 post-12752 us_portfolio type-us_portfolio status-publish has-post-thumbnail hentry us_portfolio_category-tenerife-fr us_portfolio_tag-en-vedette\" data-id=\"12752\">\r\n\t\t<div class=\"w-grid-item-h\">\r\n\t\t\t\t\t\t\t<a href=\"https:\/\/www.tablaosflamencos.com\/fr\/tablao\/ole-flamenco-show\" class=\"w-grid-item-anchor\" aria-label=\"\u00a1Ol\u00e9! Flamenco Show\"><\/a>\r\n\t\t\t\t\t\t<div class=\"w-post-elm post_image usg_post_image_1 stretched\"><img decoding=\"async\" width=\"1024\" height=\"683\" src=\"https:\/\/www.tablaosflamencos.com\/wp-content\/uploads\/ole-flamenco-show-01-4-1024x683.webp\" class=\"attachment-large size-large wp-post-image\" alt=\"Ole Flamenco Show | Tablao Flamenco Tenerife\" srcset=\"https:\/\/www.tablaosflamencos.com\/wp-content\/uploads\/ole-flamenco-show-01-4-1024x683.webp 1024w, https:\/\/www.tablaosflamencos.com\/wp-content\/uploads\/ole-flamenco-show-01-4-300x200.webp 300w, https:\/\/www.tablaosflamencos.com\/wp-content\/uploads\/ole-flamenco-show-01-4-1536x1024.webp 1536w, https:\/\/www.tablaosflamencos.com\/wp-content\/uploads\/ole-flamenco-show-01-4-600x400.webp 600w, https:\/\/www.tablaosflamencos.com\/wp-content\/uploads\/ole-flamenco-show-01-4-150x100.webp 150w, https:\/\/www.tablaosflamencos.com\/wp-content\/uploads\/ole-flamenco-show-01-4.webp 1920w\" sizes=\"(max-width: 1024px) 100vw, 1024px\" loading=\"eager\" \/><\/div><div class=\"w-vwrapper usg_vwrapper_1 align_none valign_top\" style=\"--vwrapper-gap: 0.7rem;\"><div class=\"w-post-elm post_taxonomy usg_post_taxonomy_1 has_text_color style_simple color_link_inherit\"><span class=\"term-116 term-tenerife-fr\">Tenerife<\/span><\/div><p class=\"w-post-elm post_title usg_post_title_1 has_text_color color_link_inherit\">\u00a1Ol\u00e9! Flamenco Show<\/p><\/div>\t\t<\/div>\r\n\t\t\t<\/article>\r\n\t<article class=\"w-grid-item size_1x1 post-11556 us_portfolio type-us_portfolio status-publish has-post-thumbnail hentry us_portfolio_category-triana us_portfolio_tag-en-vedette\" data-id=\"11556\">\r\n\t\t<div class=\"w-grid-item-h\">\r\n\t\t\t\t\t\t\t<a href=\"https:\/\/www.tablaosflamencos.com\/fr\/tablao\/baraka-sala-flamenca\" class=\"w-grid-item-anchor\" aria-label=\"Baraka Sala Flamenca\"><\/a>\r\n\t\t\t\t\t\t<div class=\"w-post-elm post_image usg_post_image_1 stretched\"><img decoding=\"async\" width=\"1024\" height=\"683\" src=\"https:\/\/www.tablaosflamencos.com\/wp-content\/uploads\/baraka-sala-flamenca-01-1-1024x683.webp\" class=\"attachment-large size-large wp-post-image\" alt=\"Baraka Sala Flamenca - Baraka Flamenco show | Tablaos Flamencos\" srcset=\"https:\/\/www.tablaosflamencos.com\/wp-content\/uploads\/baraka-sala-flamenca-01-1-1024x683.webp 1024w, https:\/\/www.tablaosflamencos.com\/wp-content\/uploads\/baraka-sala-flamenca-01-1-300x200.webp 300w, https:\/\/www.tablaosflamencos.com\/wp-content\/uploads\/baraka-sala-flamenca-01-1-1536x1025.webp 1536w, https:\/\/www.tablaosflamencos.com\/wp-content\/uploads\/baraka-sala-flamenca-01-1-600x400.webp 600w, https:\/\/www.tablaosflamencos.com\/wp-content\/uploads\/baraka-sala-flamenca-01-1-150x100.webp 150w, https:\/\/www.tablaosflamencos.com\/wp-content\/uploads\/baraka-sala-flamenca-01-1.webp 1920w\" sizes=\"(max-width: 1024px) 100vw, 1024px\" loading=\"eager\" \/><\/div><div class=\"w-vwrapper usg_vwrapper_1 align_none valign_top\" style=\"--vwrapper-gap: 0.7rem;\"><div class=\"w-post-elm post_taxonomy usg_post_taxonomy_1 has_text_color style_simple color_link_inherit\"><span class=\"term-429 term-triana\">Triana<\/span><\/div><p class=\"w-post-elm post_title usg_post_title_1 has_text_color color_link_inherit\">Baraka Sala Flamenca<\/p><\/div>\t\t<\/div>\r\n\t\t\t<\/article>\r\n\t<article class=\"w-grid-item size_1x1 post-12141 us_portfolio type-us_portfolio status-publish has-post-thumbnail hentry us_portfolio_category-seville us_portfolio_category-triana us_portfolio_tag-en-vedette\" data-id=\"12141\">\r\n\t\t<div class=\"w-grid-item-h\">\r\n\t\t\t\t\t\t\t<a href=\"https:\/\/www.tablaosflamencos.com\/fr\/tablao\/spectacle-de-flamenco-prive\" class=\"w-grid-item-anchor\" aria-label=\"Spectacle de Flamenco Priv\u00e9\"><\/a>\r\n\t\t\t\t\t\t<div class=\"w-post-elm post_image usg_post_image_1 stretched\"><img decoding=\"async\" width=\"1024\" height=\"683\" src=\"https:\/\/www.tablaosflamencos.com\/wp-content\/uploads\/flamenco-privado-01-17-1024x683.webp\" class=\"attachment-large size-large wp-post-image\" alt=\"Flamenco Privado Sevilla\" srcset=\"https:\/\/www.tablaosflamencos.com\/wp-content\/uploads\/flamenco-privado-01-17-1024x683.webp 1024w, https:\/\/www.tablaosflamencos.com\/wp-content\/uploads\/flamenco-privado-01-17-300x200.webp 300w, https:\/\/www.tablaosflamencos.com\/wp-content\/uploads\/flamenco-privado-01-17-1536x1025.webp 1536w, https:\/\/www.tablaosflamencos.com\/wp-content\/uploads\/flamenco-privado-01-17-600x400.webp 600w, https:\/\/www.tablaosflamencos.com\/wp-content\/uploads\/flamenco-privado-01-17-150x100.webp 150w, https:\/\/www.tablaosflamencos.com\/wp-content\/uploads\/flamenco-privado-01-17.webp 1920w\" sizes=\"(max-width: 1024px) 100vw, 1024px\" loading=\"eager\" \/><\/div><div class=\"w-vwrapper usg_vwrapper_1 align_none valign_top\" style=\"--vwrapper-gap: 0.7rem;\"><div class=\"w-post-elm post_taxonomy usg_post_taxonomy_1 has_text_color style_simple color_link_inherit\"><span class=\"term-60 term-seville\">S\u00e9ville<\/span><b>, <\/b><span class=\"term-429 term-triana\">Triana<\/span><\/div><p class=\"w-post-elm post_title usg_post_title_1 has_text_color color_link_inherit\">Spectacle de Flamenco Priv\u00e9<\/p><\/div>\t\t<\/div>\r\n\t\t\t<\/article>\r\n\t<article class=\"w-grid-item size_1x1 post-12900 us_portfolio type-us_portfolio status-publish has-post-thumbnail hentry us_portfolio_category-madrid-fr us_portfolio_tag-en-vedette\" data-id=\"12900\">\r\n\t\t<div class=\"w-grid-item-h\">\r\n\t\t\t\t\t\t\t<a href=\"https:\/\/www.tablaosflamencos.com\/fr\/tablao\/tablao-opera-flamenca\" class=\"w-grid-item-anchor\" aria-label=\"Tablao \u00d3pera Flamenca\"><\/a>\r\n\t\t\t\t\t\t<div class=\"w-post-elm post_image usg_post_image_1 stretched\"><img decoding=\"async\" width=\"1024\" height=\"683\" src=\"https:\/\/www.tablaosflamencos.com\/wp-content\/uploads\/tablao-opera-flamenca-01-13-1024x683.webp\" class=\"attachment-large size-large wp-post-image\" alt=\"Tablao \u00d3pera Flamenca | Flamenco Madrid\" srcset=\"https:\/\/www.tablaosflamencos.com\/wp-content\/uploads\/tablao-opera-flamenca-01-13-1024x683.webp 1024w, https:\/\/www.tablaosflamencos.com\/wp-content\/uploads\/tablao-opera-flamenca-01-13-300x200.webp 300w, https:\/\/www.tablaosflamencos.com\/wp-content\/uploads\/tablao-opera-flamenca-01-13-1536x1024.webp 1536w, https:\/\/www.tablaosflamencos.com\/wp-content\/uploads\/tablao-opera-flamenca-01-13-600x400.webp 600w, https:\/\/www.tablaosflamencos.com\/wp-content\/uploads\/tablao-opera-flamenca-01-13-150x100.webp 150w, https:\/\/www.tablaosflamencos.com\/wp-content\/uploads\/tablao-opera-flamenca-01-13.webp 1920w\" sizes=\"(max-width: 1024px) 100vw, 1024px\" loading=\"eager\" \/><\/div><div class=\"w-vwrapper usg_vwrapper_1 align_none valign_top\" style=\"--vwrapper-gap: 0.7rem;\"><div class=\"w-post-elm post_taxonomy usg_post_taxonomy_1 has_text_color style_simple color_link_inherit\"><span class=\"term-71 term-madrid-fr\">Madrid<\/span><\/div><p class=\"w-post-elm post_title usg_post_title_1 has_text_color color_link_inherit\">Tablao \u00d3pera Flamenca<\/p><\/div>\t\t<\/div>\r\n\t\t\t<\/article>\r\n\t<article class=\"w-grid-item size_1x1 post-12825 us_portfolio type-us_portfolio status-publish has-post-thumbnail hentry us_portfolio_category-madrid-fr us_portfolio_tag-en-vedette\" data-id=\"12825\">\r\n\t\t<div class=\"w-grid-item-h\">\r\n\t\t\t\t\t\t\t<a href=\"https:\/\/www.tablaosflamencos.com\/fr\/tablao\/tablao-flamenco-cafe-ziryab\" class=\"w-grid-item-anchor\" aria-label=\"Tablao Flamenco Caf\u00e9 Ziryab\"><\/a>\r\n\t\t\t\t\t\t<div class=\"w-post-elm post_image usg_post_image_1 stretched\"><img decoding=\"async\" width=\"1024\" height=\"683\" src=\"https:\/\/www.tablaosflamencos.com\/wp-content\/uploads\/tablao-flamenco-cafe-ziryab-01-1-1024x683.webp\" class=\"attachment-large size-large wp-post-image\" alt=\"Tablao Flamenco Caf\u00e9 Ziryab | Flamenco Madrid\" srcset=\"https:\/\/www.tablaosflamencos.com\/wp-content\/uploads\/tablao-flamenco-cafe-ziryab-01-1-1024x683.webp 1024w, https:\/\/www.tablaosflamencos.com\/wp-content\/uploads\/tablao-flamenco-cafe-ziryab-01-1-300x200.webp 300w, https:\/\/www.tablaosflamencos.com\/wp-content\/uploads\/tablao-flamenco-cafe-ziryab-01-1-1536x1024.webp 1536w, https:\/\/www.tablaosflamencos.com\/wp-content\/uploads\/tablao-flamenco-cafe-ziryab-01-1-600x400.webp 600w, https:\/\/www.tablaosflamencos.com\/wp-content\/uploads\/tablao-flamenco-cafe-ziryab-01-1-150x100.webp 150w, https:\/\/www.tablaosflamencos.com\/wp-content\/uploads\/tablao-flamenco-cafe-ziryab-01-1.webp 1920w\" sizes=\"(max-width: 1024px) 100vw, 1024px\" loading=\"eager\" \/><\/div><div class=\"w-vwrapper usg_vwrapper_1 align_none valign_top\" style=\"--vwrapper-gap: 0.7rem;\"><div class=\"w-post-elm post_taxonomy usg_post_taxonomy_1 has_text_color style_simple color_link_inherit\"><span class=\"term-71 term-madrid-fr\">Madrid<\/span><\/div><p class=\"w-post-elm post_title usg_post_title_1 has_text_color color_link_inherit\">Tablao Flamenco Caf\u00e9 Ziryab<\/p><\/div>\t\t<\/div>\r\n\t\t\t<\/article>\r\n\t<article class=\"w-grid-item size_1x1 post-11998 us_portfolio type-us_portfolio status-publish has-post-thumbnail hentry us_portfolio_category-grenade us_portfolio_tag-en-vedette\" data-id=\"11998\">\r\n\t\t<div class=\"w-grid-item-h\">\r\n\t\t\t\t\t\t\t<a href=\"https:\/\/www.tablaosflamencos.com\/fr\/tablao\/tablao-flamenco-casa-ana\" class=\"w-grid-item-anchor\" aria-label=\"Tablao Flamenco Casa Ana\"><\/a>\r\n\t\t\t\t\t\t<div class=\"w-post-elm post_image usg_post_image_1 stretched\"><img decoding=\"async\" width=\"1024\" height=\"685\" src=\"https:\/\/www.tablaosflamencos.com\/wp-content\/uploads\/tablao-flamenco-casa-ana-12-1024x685.webp\" class=\"attachment-large size-large wp-post-image\" alt=\"Tablao Flamenco Casa Ana | Flamenco Granada\" srcset=\"https:\/\/www.tablaosflamencos.com\/wp-content\/uploads\/tablao-flamenco-casa-ana-12-1024x685.webp 1024w, https:\/\/www.tablaosflamencos.com\/wp-content\/uploads\/tablao-flamenco-casa-ana-12-300x201.webp 300w, https:\/\/www.tablaosflamencos.com\/wp-content\/uploads\/tablao-flamenco-casa-ana-12-600x402.webp 600w, https:\/\/www.tablaosflamencos.com\/wp-content\/uploads\/tablao-flamenco-casa-ana-12-150x100.webp 150w, https:\/\/www.tablaosflamencos.com\/wp-content\/uploads\/tablao-flamenco-casa-ana-12.webp 1200w\" sizes=\"(max-width: 1024px) 100vw, 1024px\" loading=\"eager\" \/><\/div><div class=\"w-vwrapper usg_vwrapper_1 align_none valign_top\" style=\"--vwrapper-gap: 0.7rem;\"><div class=\"w-post-elm post_taxonomy usg_post_taxonomy_1 has_text_color style_simple color_link_inherit\"><span class=\"term-68 term-grenade\">Grenade<\/span><\/div><p class=\"w-post-elm post_title usg_post_title_1 has_text_color color_link_inherit\">Tablao Flamenco Casa Ana<\/p><\/div>\t\t<\/div>\r\n\t\t\t<\/article>\r\n\t<article class=\"w-grid-item size_1x1 post-12936 us_portfolio type-us_portfolio status-publish has-post-thumbnail hentry us_portfolio_category-seville us_portfolio_tag-en-vedette\" data-id=\"12936\">\r\n\t\t<div class=\"w-grid-item-h\">\r\n\t\t\t\t\t\t\t<a href=\"https:\/\/www.tablaosflamencos.com\/fr\/tablao\/tablao-flamenco-el-jardin-de-murillo\" class=\"w-grid-item-anchor\" aria-label=\"Tablao Flamenco El Jard\u00edn de Murillo\"><\/a>\r\n\t\t\t\t\t\t<div class=\"w-post-elm post_image usg_post_image_1 stretched\"><img decoding=\"async\" width=\"683\" height=\"1024\" src=\"https:\/\/www.tablaosflamencos.com\/wp-content\/uploads\/15-de-descuento-en-el-jardin-de-murillo-con-el-codigo-murillo15-01-3-683x1024.webp\" class=\"attachment-large size-large wp-post-image\" alt=\"15% de descuento en El Jard\u00edn de Murillo con el c\u00f3digo MURILLO15\" srcset=\"https:\/\/www.tablaosflamencos.com\/wp-content\/uploads\/15-de-descuento-en-el-jardin-de-murillo-con-el-codigo-murillo15-01-3-683x1024.webp 683w, https:\/\/www.tablaosflamencos.com\/wp-content\/uploads\/15-de-descuento-en-el-jardin-de-murillo-con-el-codigo-murillo15-01-3-200x300.webp 200w, https:\/\/www.tablaosflamencos.com\/wp-content\/uploads\/15-de-descuento-en-el-jardin-de-murillo-con-el-codigo-murillo15-01-3-1024x1536.webp 1024w, https:\/\/www.tablaosflamencos.com\/wp-content\/uploads\/15-de-descuento-en-el-jardin-de-murillo-con-el-codigo-murillo15-01-3-400x600.webp 400w, https:\/\/www.tablaosflamencos.com\/wp-content\/uploads\/15-de-descuento-en-el-jardin-de-murillo-con-el-codigo-murillo15-01-3-100x150.webp 100w, https:\/\/www.tablaosflamencos.com\/wp-content\/uploads\/15-de-descuento-en-el-jardin-de-murillo-con-el-codigo-murillo15-01-3.webp 1280w\" sizes=\"(max-width: 683px) 100vw, 683px\" loading=\"eager\" \/><\/div><div class=\"w-vwrapper usg_vwrapper_1 align_none valign_top\" style=\"--vwrapper-gap: 0.7rem;\"><div class=\"w-post-elm post_taxonomy usg_post_taxonomy_1 has_text_color style_simple color_link_inherit\"><span class=\"term-60 term-seville\">S\u00e9ville<\/span><\/div><p class=\"w-post-elm post_title usg_post_title_1 has_text_color color_link_inherit\">Tablao Flamenco El Jard\u00edn de Murillo<\/p><\/div>\t\t<\/div>\r\n\t\t\t<\/article>\r\n\t<article class=\"w-grid-item size_1x1 post-12874 us_portfolio type-us_portfolio status-publish hentry us_portfolio_category-grenade us_portfolio_tag-en-vedette\" data-id=\"12874\">\r\n\t\t<div class=\"w-grid-item-h\">\r\n\t\t\t\t\t\t\t<a href=\"https:\/\/www.tablaosflamencos.com\/fr\/tablao\/tablao-flamenco-la-alborea\" class=\"w-grid-item-anchor\" aria-label=\"Tablao Flamenco La Albore\u00e1\"><\/a>\r\n\t\t\t\t\t\t<div class=\"w-post-elm post_image usg_post_image_1 stretched with_placeholder\"><img decoding=\"async\" class=\"g-placeholder\" src=\"https:\/\/www.tablaosflamencos.com\/wp-content\/plugins\/us-core\/assets\/images\/placeholder.svg\" width=\"1024\" height=\"1024\" alt><\/div><div class=\"w-vwrapper usg_vwrapper_1 align_none valign_top\" style=\"--vwrapper-gap: 0.7rem;\"><div class=\"w-post-elm post_taxonomy usg_post_taxonomy_1 has_text_color style_simple color_link_inherit\"><span class=\"term-68 term-grenade\">Grenade<\/span><\/div><p class=\"w-post-elm post_title usg_post_title_1 has_text_color color_link_inherit\">Tablao Flamenco La Albore\u00e1<\/p><\/div>\t\t<\/div>\r\n\t\t\t<\/article>\r\n<\/div><div class=\"g-preloader type_1\"><div><\/div><\/div><div class=\"w-grid-list-json hidden\" onclick='return {&quot;max_num_pages&quot;:0,&quot;paginationBase&quot;:&quot;page&quot;,&quot;pagination&quot;:&quot;none&quot;,&quot;paged&quot;:1,&quot;ajaxData&quot;:{&quot;action&quot;:&quot;us_ajax_post_list&quot;,&quot;meta_type&quot;:&quot;post&quot;,&quot;object_id&quot;:0,&quot;template_vars&quot;:{&quot;shortcode_base&quot;:&quot;us_post_list&quot;,&quot;paged&quot;:1,&quot;max_num_pages&quot;:0,&quot;no_results&quot;:false,&quot;us_post_content_design_css&quot;:[],&quot;found_posts&quot;:0,&quot;per_page&quot;:8,&quot;items_count&quot;:8,&quot;orderby_random_seed&quot;:null,&quot;source&quot;:&quot;all&quot;,&quot;custom_field_name&quot;:&quot;&quot;,&quot;ids&quot;:&quot;&quot;,&quot;post_type&quot;:&quot;us_portfolio&quot;,&quot;attachment_ids&quot;:null,&quot;include_post_thumbnail&quot;:0,&quot;post_author&quot;:&quot;any&quot;,&quot;post_author_ids&quot;:&quot;&quot;,&quot;apply_url_params&quot;:0,&quot;ignore_sticky_posts&quot;:1,&quot;exclude_children&quot;:0,&quot;exclude_current_post&quot;:1,&quot;exclude_prev_posts&quot;:0,&quot;exclude_past_events&quot;:0,&quot;enable_items_offset&quot;:0,&quot;items_offset&quot;:&quot;1&quot;,&quot;tax_query_relation&quot;:&quot;AND&quot;,&quot;tax_query&quot;:&quot;%5B%7B%22operator%22%3A%22IN%22%2C%22taxonomy%22%3A%22us_portfolio_tag%22%2C%22terms%22%3A%22148%22%2C%22include_children%22%3A%220%22%7D%5D&quot;,&quot;meta_query_relation&quot;:&quot;none&quot;,&quot;meta_query&quot;:[{&quot;key&quot;:&quot;custom_field_name&quot;,&quot;compare&quot;:&quot;=&quot;,&quot;value&quot;:&quot;&quot;}],&quot;orderby&quot;:&quot;title&quot;,&quot;orderby_custom_field&quot;:&quot;&quot;,&quot;orderby_custom_type&quot;:0,&quot;order_invert&quot;:0,&quot;show_all&quot;:0,&quot;quantity&quot;:&quot;8&quot;,&quot;posts_per_archive_page&quot;:0,&quot;no_items_action&quot;:&quot;message&quot;,&quot;no_items_message&quot;:&quot;Aucun r\\u00e9sultat.&quot;,&quot;no_items_page_block&quot;:&quot;&quot;,&quot;pagination&quot;:&quot;none&quot;,&quot;pagination_style&quot;:&quot;&quot;,&quot;pagination_btn_text&quot;:&quot;Charger plus&quot;,&quot;pagination_btn_size&quot;:&quot;&quot;,&quot;pagination_btn_style&quot;:&quot;1&quot;,&quot;pagination_btn_fullwidth&quot;:0,&quot;items_layout&quot;:&quot;8554&quot;,&quot;type&quot;:&quot;grid&quot;,&quot;items_valign&quot;:0,&quot;ignore_items_size&quot;:0,&quot;columns&quot;:&quot;4&quot;,&quot;items_gap&quot;:&quot;2px&quot;,&quot;load_animation&quot;:&quot;none&quot;,&quot;items_preload_style&quot;:&quot;spinner&quot;,&quot;img_size&quot;:&quot;default&quot;,&quot;img_aspect_ratio&quot;:&quot;&quot;,&quot;title_size&quot;:&quot;&quot;,&quot;item_aspect_ratio&quot;:&quot;&quot;,&quot;overriding_link&quot;:&quot;%7B%22type%22%3A%22post%22%7D&quot;,&quot;popup_page_template&quot;:&quot;0&quot;,&quot;popup_width&quot;:&quot;&quot;,&quot;popup_arrows&quot;:1,&quot;breakpoint_1_width&quot;:&quot;1381px&quot;,&quot;breakpoint_1_cols&quot;:&quot;default&quot;,&quot;breakpoint_1_quantity&quot;:&quot;&quot;,&quot;breakpoint_1_gap&quot;:&quot;&quot;,&quot;breakpoint_2_width&quot;:&quot;1025px&quot;,&quot;breakpoint_2_cols&quot;:&quot;2&quot;,&quot;breakpoint_2_quantity&quot;:&quot;&quot;,&quot;breakpoint_2_gap&quot;:&quot;&quot;,&quot;breakpoint_3_width&quot;:&quot;601px&quot;,&quot;breakpoint_3_cols&quot;:&quot;1&quot;,&quot;breakpoint_3_quantity&quot;:&quot;&quot;,&quot;breakpoint_3_gap&quot;:&quot;&quot;,&quot;conditions_operator&quot;:&quot;always&quot;,&quot;conditions&quot;:[],&quot;css&quot;:null,&quot;el_class&quot;:&quot;&quot;,&quot;el_id&quot;:&quot;&quot;,&quot;enable_custom_html_atts&quot;:0,&quot;custom_html_atts&quot;:null,&quot;hide_on_states&quot;:&quot;&quot;,&quot;hide_for_sticky&quot;:0,&quot;hide_for_not_sticky&quot;:0,&quot;hide_below&quot;:&quot;0px&quot;,&quot;hide_above&quot;:&quot;0px&quot;,&quot;items_ratio&quot;:&quot;&quot;,&quot;items_ratio_width&quot;:&quot;&quot;,&quot;items_ratio_height&quot;:&quot;&quot;,&quot;classes&quot;:&quot;&quot;},&quot;found_posts&quot;:0,&quot;per_page&quot;:8},&quot;facetedFilter&quot;:[]}'><\/div><\/div><div class=\"w-separator size_small\"><\/div><div class=\"w-btn-wrapper align_center\"><a class=\"w-btn us-btn-style_1 icon_atleft\" href=\"https:\/\/www.tablaosflamencos.com\/fr\/tablaos-flamenco\"><i class=\"fas fa-calendar\"><\/i><span class=\"w-btn-label\">Voir les tablaos flamenco<\/span><\/a><\/div><\/div><\/div><\/div><\/div><\/div><\/section><section class=\"l-section wpb_row height_huge\"><div class=\"l-section-h i-cf\"><div class=\"g-cols vc_row via_flex valign_middle type_default stacking_default\"><div class=\"vc_col-sm-6 wpb_column vc_column_container\"><div class=\"vc_column-inner\"><div class=\"wpb_wrapper\"><div class=\"wpb_text_column\"><div class=\"wpb_wrapper\"><h2>Qu\u2019est-ce qu\u2019un tablao flamenco et comment choisir\u00a0?<\/h2>\n<p>Dans un <strong>tablao flamenco<\/strong>, le spectacle se vit de tr\u00e8s pr\u00e8s\u00a0: <strong>danse, chant et guitare en direct<\/strong> dans une ambiance intime o\u00f9 chaque d\u00e9tail compte. C\u2019est la fa\u00e7on la plus authentique de profiter des <strong>spectacles de flamenco<\/strong>, que ce soit votre premi\u00e8re fois ou non.<\/p>\n<p>Sur <strong>Tablaos Flamencos<\/strong>, nous r\u00e9unissons une s\u00e9lection de tablaos et de shows dans diff\u00e9rentes villes d\u2019Espagne afin que vous puissiez <strong>comparer et r\u00e9server<\/strong> facilement\u00a0: emplacement, horaires, option d\u00eener ou spectacle seul, et surtout le type d\u2019exp\u00e9rience que vous recherchez. En cas de doute, consultez <a href=\"https:\/\/www.tablaosflamencos.com\/fr\/comment-reserver\"><strong>comment r\u00e9server<\/strong><\/a> et nos <a href=\"https:\/\/www.tablaosflamencos.com\/fr\/questions-frequentes\"><strong>questions fr\u00e9quentes<\/strong><\/a>\u00a0; et si vous souhaitez approfondir les termes et styles, visitez le <a href=\"https:\/\/www.tablaosflamencos.com\/fr\/dictionnaire-du-flamenco\"><strong>dictionnaire du flamenco<\/strong><\/a>.<\/p>\n<\/div><\/div><\/div><\/div><\/div><div class=\"vc_col-sm-6 wpb_column vc_column_container\"><div class=\"vc_column-inner\"><div class=\"wpb_wrapper\"><div class=\"w-image has_ratio align_center\"><div class=\"w-image-h\"><div style=\"padding-bottom:75%\"><\/div><img decoding=\"async\" width=\"600\" height=\"335\" src=\"https:\/\/www.tablaosflamencos.com\/wp-content\/uploads\/tablaos-flamencos-4-600x335.webp\" class=\"attachment-us_600_600 size-us_600_600\" alt=\"Tablaos flamencos y espect\u00e1culos | Flamenco shows\" loading=\"eager\" \/><\/div><\/div><\/div><\/div><\/div><\/div><\/div><\/section><section class=\"l-section wpb_row height_huge width_custom with_shape\" style=\"--site-content-width:1400px;\"><div class=\"l-section-overlay\" style=\"background:#f5f5f5\"><\/div><div class=\"l-section-shape type_zigzag pos_top hor_flip\" style=\"height:3vmin;\"><svg xmlns=\"http:\/\/www.w3.org\/2000\/svg\" viewBox=\"0 0 64 8\" preserveAspectRatio=\"none\" width=\"100%\" height=\"100%\">\r\n\t<path fill=\"currentColor\" d=\"M64 8 L0 8 L0 0 L20 7.9 L40 3 L48 5 L64 0 Z\"\/>\r\n<\/svg><\/div><div class=\"l-section-shape type_zigzag pos_bottom\" style=\"height:3vmin;\"><svg xmlns=\"http:\/\/www.w3.org\/2000\/svg\" viewBox=\"0 0 64 8\" preserveAspectRatio=\"none\" width=\"100%\" height=\"100%\">\r\n\t<path fill=\"currentColor\" d=\"M64 8 L0 8 L0 0 L20 7.9 L40 3 L48 5 L64 0 Z\"\/>\r\n<\/svg><\/div><div class=\"l-section-h i-cf\"><div class=\"g-cols vc_row via_flex valign_top type_default stacking_default\"><div class=\"vc_col-sm-2 wpb_column vc_column_container\"><div class=\"vc_column-inner\"><div class=\"wpb_wrapper\"><\/div><\/div><\/div><div class=\"vc_col-sm-8 wpb_column vc_column_container\"><div class=\"vc_column-inner\"><div class=\"wpb_wrapper\"><div class=\"wpb_text_column\"><div class=\"wpb_wrapper\"><h2 style=\"text-align: center;\">Questions fr\u00e9quentes sur les tablaos flamenco<\/h2>\n<p style=\"text-align: center;\">Nous r\u00e9pondons aux questions les plus courantes avant de r\u00e9server.<\/p>\n<\/div><\/div><div class=\"w-separator size_small\"><\/div><div class=\"w-tabs accordion toggle_style_1\" style=\"--sections-gap:0.5rem;\"><div class=\"w-tabs-sections titles-align_none icon_chevron cpos_right\"><div class=\"w-tabs-section\" id=\"pe48\"><button type=\"button\" class=\"w-tabs-section-header\" aria-controls=\"content-pe48\" aria-expanded=\"false\"><div class=\"w-tabs-section-title\">Qu\u2019est-ce qu\u2019un tablao flamenco ?<\/div><div class=\"w-tabs-section-control\"><\/div><\/button><div  class=\"w-tabs-section-content\" id=\"content-pe48\"><div class=\"w-tabs-section-content-h i-cf\"><div class=\"wpb_text_column\"><div class=\"wpb_wrapper\"><p>Un tablao est un lieu intime o\u00f9 l\u2019on vit le flamenco de tr\u00e8s pr\u00e8s\u00a0: danse, chant et guitare en direct. C\u2019est la fa\u00e7on la plus authentique de profiter d\u2019un spectacle de flamenco.<\/p>\n<\/div><\/div><\/div><\/div><\/div><div class=\"w-tabs-section\" id=\"ef3f\"><button type=\"button\" class=\"w-tabs-section-header\" aria-controls=\"content-ef3f\" aria-expanded=\"false\"><div class=\"w-tabs-section-title\">D\u00eener + spectacle ou spectacle seul ?<\/div><div class=\"w-tabs-section-control\"><\/div><\/button><div  class=\"w-tabs-section-content\" id=\"content-ef3f\"><div class=\"w-tabs-section-content-h i-cf\"><div class=\"wpb_text_column\"><div class=\"wpb_wrapper\"><p>Le d\u00eener est une exp\u00e9rience plus compl\u00e8te, mais si votre priorit\u00e9 est de profiter du flamenco au maximum, nous recommandons l\u2019option \u00ab\u00a0spectacle seul\u00a0\u00bb\u00a0: il y a moins de mouvement en salle (serveurs et personnes qui se l\u00e8vent) et l\u2019attention est 100% sur la danse, le chant et la guitare. Chaque tablao indique l\u2019option propos\u00e9e.<\/p>\n<\/div><\/div><\/div><\/div><\/div><div class=\"w-tabs-section\" id=\"n02e\"><button type=\"button\" class=\"w-tabs-section-header\" aria-controls=\"content-n02e\" aria-expanded=\"false\"><div class=\"w-tabs-section-title\">Combien de temps dure un spectacle de flamenco ?<\/div><div class=\"w-tabs-section-control\"><\/div><\/button><div  class=\"w-tabs-section-content\" id=\"content-n02e\"><div class=\"w-tabs-section-content-h i-cf\"><div class=\"wpb_text_column\"><div class=\"wpb_wrapper\"><p>La dur\u00e9e varie selon le tablao et la repr\u00e9sentation, mais elle est g\u00e9n\u00e9ralement comprise entre 60 et 90 minutes. Vous trouverez les horaires et d\u00e9tails sur chaque fiche.<\/p>\n<\/div><\/div><\/div><\/div><\/div><div class=\"w-tabs-section\" id=\"i10c\"><button type=\"button\" class=\"w-tabs-section-header\" aria-controls=\"content-i10c\" aria-expanded=\"false\"><div class=\"w-tabs-section-title\">Faut-il r\u00e9server \u00e0 l\u2019avance ?<\/div><div class=\"w-tabs-section-control\"><\/div><\/button><div  class=\"w-tabs-section-content\" id=\"content-i10c\"><div class=\"w-tabs-section-content-h i-cf\"><div class=\"wpb_text_column\"><div class=\"wpb_wrapper\"><p>Oui, surtout les week-ends et les dates tr\u00e8s demand\u00e9es. R\u00e9server \u00e0 l\u2019avance garantit votre place, l\u2019horaire souhait\u00e9 et une meilleure visibilit\u00e9.<\/p>\n<\/div><\/div><\/div><\/div><\/div><div class=\"w-tabs-section\" id=\"p1e4\"><button type=\"button\" class=\"w-tabs-section-header\" aria-controls=\"content-p1e4\" aria-expanded=\"false\"><div class=\"w-tabs-section-title\">Est-ce adapt\u00e9 aux familles ou aux enfants ?<\/div><div class=\"w-tabs-section-control\"><\/div><\/button><div  class=\"w-tabs-section-content\" id=\"content-p1e4\"><div class=\"w-tabs-section-content-h i-cf\"><div class=\"wpb_text_column\"><div class=\"wpb_wrapper\"><p>Cela d\u00e9pend du tablao. Certains sont parfaits pour les familles et d\u2019autres sont davantage orient\u00e9s vers un public adulte. Chaque tablao a ses propres r\u00e8gles.<\/p>\n<\/div><\/div><\/div><\/div><\/div><div class=\"w-tabs-section\" id=\"r2b4\"><button type=\"button\" class=\"w-tabs-section-header\" aria-controls=\"content-r2b4\" aria-expanded=\"false\"><div class=\"w-tabs-section-title\">Puis-je annuler ou modifier la r\u00e9servation ?<\/div><div class=\"w-tabs-section-control\"><\/div><\/button><div  class=\"w-tabs-section-content\" id=\"content-r2b4\"><div class=\"w-tabs-section-content-h i-cf\"><div class=\"wpb_text_column\"><div class=\"wpb_wrapper\"><p>Chez Tablaos Flamencos, les r\u00e9servations sont d\u00e9finitives et non remboursables (aucune annulation n\u2019est accept\u00e9e). V\u00e9rifiez bien la date, l\u2019heure et la ville avant de confirmer. Si vous avez besoin d\u2019aide, \u00e9crivez-nous et nous vous conseillons avant de r\u00e9server.<\/p>\n<\/div><\/div><\/div><\/div><\/div><div class=\"w-tabs-section\" id=\"l38a\"><button type=\"button\" class=\"w-tabs-section-header\" aria-controls=\"content-l38a\" aria-expanded=\"false\"><div class=\"w-tabs-section-title\">Peut-on prendre des photos ou des vid\u00e9os ?<\/div><div class=\"w-tabs-section-control\"><\/div><\/button><div  class=\"w-tabs-section-content\" id=\"content-l38a\"><div class=\"w-tabs-section-content-h i-cf\"><div class=\"wpb_text_column\"><div class=\"wpb_wrapper\"><p>Pendant le spectacle, les photos et vid\u00e9os ne sont pas autoris\u00e9es, afin de respecter les artistes, le public et les droits \u00e0 l\u2019image. Dans certains cas, une photo rapide peut \u00eatre permise \u00e0 la fin (si le tablao l\u2019autorise), g\u00e9n\u00e9ralement sans flash.<\/p>\n<\/div><\/div><\/div><\/div><\/div><\/div><\/div><div class=\"w-separator size_small\"><\/div><div class=\"w-btn-wrapper align_center\"><a class=\"w-btn us-btn-style_11 icon_atleft\" href=\"https:\/\/www.tablaosflamencos.com\/fr\/questions-frequentes\"><i class=\"fas fa-question-circle\"><\/i><span class=\"w-btn-label\">Voir les questions fr\u00e9quentes<\/span><\/a><\/div><\/div><\/div><\/div><div class=\"vc_col-sm-2 wpb_column vc_column_container\"><div class=\"vc_column-inner\"><div class=\"wpb_wrapper\"><\/div><\/div><\/div><\/div><\/div><\/section><section class=\"l-section wpb_row height_huge\"><div class=\"l-section-h i-cf\"><div class=\"g-cols vc_row via_flex valign_top type_default stacking_default\"><div class=\"vc_col-sm-12 wpb_column vc_column_container\"><div class=\"vc_column-inner\"><div class=\"wpb_wrapper\"><div class=\"wpb_text_column\"><div class=\"wpb_wrapper\"><h2 style=\"text-align: center;\">Sur le blog de Tablaos Flamencos&#8230;<\/h2>\n<p style=\"text-align: center;\">Ne manquez pas les articles de notre blog flamenco&#8230;<\/p>\n<\/div><\/div><div class=\"w-separator size_large\"><\/div><div class=\"w-grid us_post_list type_grid layout_11042 cols_3 preload_style_spinner overflow_hidden\" id=\"us_post_list_m215\" style=\"--columns:3;--gap:1rem;\"><style>@media (max-width:1024px){#us_post_list_m215{--columns:2!important}}@media (max-width:600px){#us_post_list_m215{--columns:1!important}}.layout_11042 .w-grid-item-h{background:var(--color-content-bg);color:var(--color-content-text);box-shadow:0 0.03rem 0.06rem rgba(0,0,0,0.1),0 0.1rem 0.3rem rgba(0,0,0,0.1);transition-duration:0.3s}.no-touch .layout_11042 .w-grid-item-h:hover{box-shadow:0 0.1rem 0.2rem rgba(0,0,0,0.1),0 0.33rem 1rem rgba(0,0,0,0.15);z-index:4}.layout_11042 .usg_post_image_1{margin-bottom:-2rem!important}.layout_11042 .usg_post_title_1{font-size:1.2rem!important}.layout_11042 .usg_vwrapper_1{margin-top:2rem!important;padding:9% 11% 11% 11%!important}.layout_11042 .usg_post_taxonomy_1{font-weight:700!important;text-transform:uppercase!important;font-size:10px!important;position:absolute!important;z-index:2!important;top:1.2rem!important;right:1.2rem!important;left:1.2rem!important}.layout_11042 .usg_hwrapper_1{color:var(--color-content-faded)!important;font-size:0.9rem!important}<\/style><div class=\"w-grid-list\">\t<article class=\"w-grid-item size_1x1 post-13556 post type-post status-publish format-standard has-post-thumbnail hentry category-flamenco-par-ville tag-festivals-de-flamenco tag-flamenco-a-madrid tag-suma-flamenca-fr tag-teatros-del-canal-fr\" data-id=\"13556\">\r\n\t\t<div class=\"w-grid-item-h\">\r\n\t\t\t\t\t\t<div class=\"w-post-elm post_image usg_post_image_1 has_ratio\"><a href=\"https:\/\/www.tablaosflamencos.com\/fr\/qu-est-ce-que-suma-flamenca-madrid.html\" aria-label=\"Qu\u2019est-ce que Suma Flamenca \u00e0 Madrid ? Histoire et fonctionnement du festival\"><img decoding=\"async\" width=\"600\" height=\"335\" src=\"https:\/\/www.tablaosflamencos.com\/wp-content\/uploads\/que-es-suma-flamenca-de-madrid-historia-y-como-funciona-el-festival-01-1-600x335.webp\" class=\"attachment-us_600_600 size-us_600_600 wp-post-image\" alt=\"Qu\u00e9 es Suma Flamenca de Madrid: historia y c\u00f3mo funciona el festival\" loading=\"eager\" \/><\/a><div style=\"padding-bottom:66.6667%\"><\/div><\/div><div class=\"w-post-elm post_taxonomy usg_post_taxonomy_1 style_badge color_link_inherit\"><a class=\"w-btn us-btn-style_badge term-354 term-flamenco-par-ville\" href=\"https:\/\/www.tablaosflamencos.com\/fr\/categorie\/flamenco-par-ville\"><span class=\"w-btn-label\">Flamenco par ville<\/span><\/a><\/div><div class=\"w-vwrapper usg_vwrapper_1 align_none valign_top\" style=\"--vwrapper-gap: 0.7rem;\"><p class=\"w-post-elm post_title usg_post_title_1 color_link_inherit\"><a href=\"https:\/\/www.tablaosflamencos.com\/fr\/qu-est-ce-que-suma-flamenca-madrid.html\">Qu\u2019est-ce que Suma Flamenca \u00e0 Madrid ? Histoire et fonctionnement du festival<\/a><\/p><div class=\"w-hwrapper usg_hwrapper_1 has_text_color align_none valign_top wrap\" style=\"--hwrapper-gap: 1.2rem;\"><time class=\"w-post-elm post_date usg_post_date_1 entry-date published\" datetime=\"2026-08-30T17:18:11+02:00\" title=\"30 ao\u00fbt 2026 \u00e0 17:18:11 Europe\/Madrid\">il y a 18 heures<\/time><\/div><div class=\"w-post-elm post_content usg_post_content_1\"><p>D\u00e9couvrez ce qu\u2019est Suma Flamenca, comment est n\u00e9 le festival flamenco de la Communaut\u00e9 de Madrid, comment il fonctionne, o\u00f9 il se d\u00e9roule et quels cycles lui sont associ\u00e9s.<\/p>\n<\/div><\/div>\t\t<\/div>\r\n\t\t\t<\/article>\r\n\t<article class=\"w-grid-item size_1x1 post-13505 post type-post status-publish format-standard has-post-thumbnail hentry category-tablaos-et-spectacles-flamenco tag-flamenco-a-majorque tag-flamenco-palma-majorque tag-flamenco-avec-tapas tag-reserver-flamenco-majorque tag-spectacle-flamenco-en-direct tag-tablao-flamenco-majorque tag-tablao-flamenco-alma-fr tag-tablaos-flamenco\" data-id=\"13505\">\r\n\t\t<div class=\"w-grid-item-h\">\r\n\t\t\t\t\t\t<div class=\"w-post-elm post_image usg_post_image_1 has_ratio\"><a href=\"https:\/\/www.tablaosflamencos.com\/fr\/tablao-flamenco-alma-majorque.html\" aria-label=\"Tablao Flamenco Alma : une proposition pour voir du flamenco \u00e0 Majorque\"><img decoding=\"async\" width=\"600\" height=\"400\" src=\"https:\/\/www.tablaosflamencos.com\/wp-content\/uploads\/tablao-flamenco-alma-01-600x400.webp\" class=\"attachment-us_600_600 size-us_600_600 wp-post-image\" alt=\"Tablao Flamenco Alma | Flamenco Mallorca\" loading=\"eager\" \/><\/a><div style=\"padding-bottom:66.6667%\"><\/div><\/div><div class=\"w-post-elm post_taxonomy usg_post_taxonomy_1 style_badge color_link_inherit\"><a class=\"w-btn us-btn-style_badge term-348 term-tablaos-et-spectacles-flamenco\" href=\"https:\/\/www.tablaosflamencos.com\/fr\/categorie\/tablaos-et-spectacles-flamenco\"><span class=\"w-btn-label\">Tablaos et spectacles flamenco<\/span><\/a><\/div><div class=\"w-vwrapper usg_vwrapper_1 align_none valign_top\" style=\"--vwrapper-gap: 0.7rem;\"><p class=\"w-post-elm post_title usg_post_title_1 color_link_inherit\"><a href=\"https:\/\/www.tablaosflamencos.com\/fr\/tablao-flamenco-alma-majorque.html\">Tablao Flamenco Alma : une proposition pour voir du flamenco \u00e0 Majorque<\/a><\/p><div class=\"w-hwrapper usg_hwrapper_1 has_text_color align_none valign_top wrap\" style=\"--hwrapper-gap: 1.2rem;\"><time class=\"w-post-elm post_date usg_post_date_1 entry-date published\" datetime=\"2026-08-30T15:31:50+02:00\" title=\"30 ao\u00fbt 2026 \u00e0 15:31:50 Europe\/Madrid\">il y a 20 heures<\/time><\/div><div class=\"w-post-elm post_content usg_post_content_1\"><p>D\u00e9couvrez Tablao Flamenco Alma \u00e0 Palma de Majorque : le spectacle, son histoire, les artistes, les options avec boisson et restauration et comment organiser votre visite.<\/p>\n<\/div><\/div>\t\t<\/div>\r\n\t\t\t<\/article>\r\n\t<article class=\"w-grid-item size_1x1 post-13488 post type-post status-publish format-standard has-post-thumbnail hentry category-actualites-flamenco category-biennale-de-flamenco tag-agenda-flamenca tag-bienal-2026 tag-bienal-de-flamenco tag-carlos-martin-ballester-fr tag-festivales-flamencos tag-flamenco-en-sevilla tag-la-nuit-bleue tag-manufacture-royale-artillerie tag-opera-flamenco tag-sevilla\" data-id=\"13488\">\r\n\t\t<div class=\"w-grid-item-h\">\r\n\t\t\t\t\t\t<div class=\"w-post-elm post_image usg_post_image_1 has_ratio\"><a href=\"https:\/\/www.tablaosflamencos.com\/fr\/la-nuit-bleue-opera-flamenco-biennale-seville-2026.html\" aria-label=\"La Nuit bleue : l\u2019exposition de la Biennale sur l\u2019\u00e9poque de l\u2019Op\u00e9ra flamenco\"><img decoding=\"async\" width=\"600\" height=\"335\" src=\"https:\/\/www.tablaosflamencos.com\/wp-content\/uploads\/la-noche-azul-la-exposicion-de-la-bienal-sobre-la-epoca-de-la-opera-flamenca-01-1-600x335.webp\" class=\"attachment-us_600_600 size-us_600_600 wp-post-image\" alt=\"La noche azul: la exposici\u00f3n de la Bienal sobre la \u00e9poca de la \u00d3pera Flamenca\" loading=\"eager\" \/><\/a><div style=\"padding-bottom:66.6667%\"><\/div><\/div><div class=\"w-post-elm post_taxonomy usg_post_taxonomy_1 style_badge color_link_inherit\"><div class=\"w-post-elm-list\"><a class=\"w-btn us-btn-style_badge term-372 term-actualites-flamenco\" href=\"https:\/\/www.tablaosflamencos.com\/fr\/categorie\/actualites-flamenco\"><span class=\"w-btn-label\">Actualit\u00e9s<\/span><\/a><a class=\"w-btn us-btn-style_badge term-1428 term-biennale-de-flamenco\" href=\"https:\/\/www.tablaosflamencos.com\/fr\/categorie\/biennale-de-flamenco\"><span class=\"w-btn-label\">Biennale de Flamenco<\/span><\/a><\/div><\/div><div class=\"w-vwrapper usg_vwrapper_1 align_none valign_top\" style=\"--vwrapper-gap: 0.7rem;\"><p class=\"w-post-elm post_title usg_post_title_1 color_link_inherit\"><a href=\"https:\/\/www.tablaosflamencos.com\/fr\/la-nuit-bleue-opera-flamenco-biennale-seville-2026.html\">La Nuit bleue : l\u2019exposition de la Biennale sur l\u2019\u00e9poque de l\u2019Op\u00e9ra flamenco<\/a><\/p><div class=\"w-hwrapper usg_hwrapper_1 has_text_color align_none valign_top wrap\" style=\"--hwrapper-gap: 1.2rem;\"><time class=\"w-post-elm post_date usg_post_date_1 entry-date published\" datetime=\"2026-08-30T15:09:23+02:00\" title=\"30 ao\u00fbt 2026 \u00e0 15:09:23 Europe\/Madrid\">il y a 20 heures<\/time><\/div><div class=\"w-post-elm post_content usg_post_content_1\"><p>La Nuit bleue revisite l\u2019\u00e9poque de l\u2019Op\u00e9ra flamenco \u00e0 travers pr\u00e8s de 150 pi\u00e8ces historiques \u00e0 la Manufacture royale d\u2019artillerie de S\u00e9ville.<\/p>\n<\/div><\/div>\t\t<\/div>\r\n\t\t\t<\/article>\r\n<\/div><div class=\"g-preloader type_1\"><div><\/div><\/div><div class=\"w-grid-list-json hidden\" onclick='return {&quot;max_num_pages&quot;:0,&quot;paginationBase&quot;:&quot;page&quot;,&quot;pagination&quot;:&quot;none&quot;,&quot;paged&quot;:1,&quot;ajaxData&quot;:{&quot;action&quot;:&quot;us_ajax_post_list&quot;,&quot;meta_type&quot;:&quot;post&quot;,&quot;object_id&quot;:0,&quot;template_vars&quot;:{&quot;shortcode_base&quot;:&quot;us_post_list&quot;,&quot;paged&quot;:1,&quot;max_num_pages&quot;:0,&quot;no_results&quot;:false,&quot;us_post_content_design_css&quot;:[],&quot;found_posts&quot;:0,&quot;per_page&quot;:3,&quot;items_count&quot;:3,&quot;orderby_random_seed&quot;:null,&quot;source&quot;:&quot;all&quot;,&quot;custom_field_name&quot;:&quot;&quot;,&quot;ids&quot;:&quot;&quot;,&quot;post_type&quot;:&quot;post&quot;,&quot;attachment_ids&quot;:null,&quot;include_post_thumbnail&quot;:0,&quot;post_author&quot;:&quot;any&quot;,&quot;post_author_ids&quot;:&quot;&quot;,&quot;apply_url_params&quot;:0,&quot;ignore_sticky_posts&quot;:1,&quot;exclude_children&quot;:0,&quot;exclude_current_post&quot;:1,&quot;exclude_prev_posts&quot;:0,&quot;exclude_past_events&quot;:0,&quot;enable_items_offset&quot;:0,&quot;items_offset&quot;:&quot;1&quot;,&quot;tax_query_relation&quot;:&quot;none&quot;,&quot;tax_query&quot;:[{&quot;operator&quot;:&quot;IN&quot;,&quot;taxonomy&quot;:&quot;category&quot;,&quot;terms&quot;:&quot;&quot;,&quot;include_children&quot;:0}],&quot;meta_query_relation&quot;:&quot;none&quot;,&quot;meta_query&quot;:[{&quot;key&quot;:&quot;custom_field_name&quot;,&quot;compare&quot;:&quot;=&quot;,&quot;value&quot;:&quot;&quot;}],&quot;orderby&quot;:&quot;date&quot;,&quot;orderby_custom_field&quot;:&quot;&quot;,&quot;orderby_custom_type&quot;:0,&quot;order_invert&quot;:&quot;1&quot;,&quot;show_all&quot;:0,&quot;quantity&quot;:&quot;3&quot;,&quot;posts_per_archive_page&quot;:0,&quot;no_items_action&quot;:&quot;message&quot;,&quot;no_items_message&quot;:&quot;Aucun r\\u00e9sultat.&quot;,&quot;no_items_page_block&quot;:&quot;&quot;,&quot;pagination&quot;:&quot;none&quot;,&quot;pagination_style&quot;:&quot;&quot;,&quot;pagination_btn_text&quot;:&quot;Charger plus&quot;,&quot;pagination_btn_size&quot;:&quot;&quot;,&quot;pagination_btn_style&quot;:&quot;1&quot;,&quot;pagination_btn_fullwidth&quot;:0,&quot;items_layout&quot;:&quot;11042&quot;,&quot;type&quot;:&quot;grid&quot;,&quot;items_valign&quot;:0,&quot;ignore_items_size&quot;:0,&quot;columns&quot;:&quot;3&quot;,&quot;items_gap&quot;:&quot;1rem&quot;,&quot;load_animation&quot;:&quot;none&quot;,&quot;items_preload_style&quot;:&quot;spinner&quot;,&quot;img_size&quot;:&quot;default&quot;,&quot;img_aspect_ratio&quot;:&quot;&quot;,&quot;title_size&quot;:&quot;&quot;,&quot;item_aspect_ratio&quot;:&quot;&quot;,&quot;overriding_link&quot;:&quot;%7B%22url%22%3A%22%22%7D&quot;,&quot;popup_page_template&quot;:&quot;0&quot;,&quot;popup_width&quot;:&quot;&quot;,&quot;popup_arrows&quot;:1,&quot;breakpoint_1_width&quot;:&quot;1381px&quot;,&quot;breakpoint_1_cols&quot;:&quot;default&quot;,&quot;breakpoint_1_quantity&quot;:&quot;&quot;,&quot;breakpoint_1_gap&quot;:&quot;&quot;,&quot;breakpoint_2_width&quot;:&quot;1025px&quot;,&quot;breakpoint_2_cols&quot;:&quot;2&quot;,&quot;breakpoint_2_quantity&quot;:&quot;&quot;,&quot;breakpoint_2_gap&quot;:&quot;&quot;,&quot;breakpoint_3_width&quot;:&quot;601px&quot;,&quot;breakpoint_3_cols&quot;:&quot;1&quot;,&quot;breakpoint_3_quantity&quot;:&quot;&quot;,&quot;breakpoint_3_gap&quot;:&quot;&quot;,&quot;conditions_operator&quot;:&quot;always&quot;,&quot;conditions&quot;:[],&quot;css&quot;:null,&quot;el_class&quot;:&quot;&quot;,&quot;el_id&quot;:&quot;&quot;,&quot;enable_custom_html_atts&quot;:0,&quot;custom_html_atts&quot;:null,&quot;hide_on_states&quot;:&quot;&quot;,&quot;hide_for_sticky&quot;:0,&quot;hide_for_not_sticky&quot;:0,&quot;hide_below&quot;:&quot;0px&quot;,&quot;hide_above&quot;:&quot;0px&quot;,&quot;items_ratio&quot;:&quot;&quot;,&quot;items_ratio_width&quot;:&quot;&quot;,&quot;items_ratio_height&quot;:&quot;&quot;,&quot;classes&quot;:&quot;&quot;},&quot;found_posts&quot;:0,&quot;per_page&quot;:3},&quot;facetedFilter&quot;:[]}'><\/div><\/div><div class=\"w-separator size_small\"><\/div><div class=\"w-btn-wrapper align_center\"><a class=\"w-btn us-btn-style_1 icon_atleft\" href=\"https:\/\/www.tablaosflamencos.com\/fr\/blog-flamenco\"><i class=\"fas fa-newspaper\"><\/i><span class=\"w-btn-label\">Voir le blog<\/span><\/a><\/div><\/div><\/div><\/div><\/div><\/div><\/section><section class=\"l-section wpb_row height_medium color_primary with_shape\"><div class=\"l-section-shape type_zigzag pos_top\" style=\"height:3vmin;\"><svg xmlns=\"http:\/\/www.w3.org\/2000\/svg\" viewBox=\"0 0 64 8\" preserveAspectRatio=\"none\" width=\"100%\" height=\"100%\">\r\n\t<path fill=\"currentColor\" d=\"M64 8 L0 8 L0 0 L20 7.9 L40 3 L48 5 L64 0 Z\"\/>\r\n<\/svg><\/div><div class=\"l-section-shape type_zigzag pos_bottom\" style=\"height:3vmin;\"><svg xmlns=\"http:\/\/www.w3.org\/2000\/svg\" viewBox=\"0 0 64 8\" preserveAspectRatio=\"none\" width=\"100%\" height=\"100%\">\r\n\t<path fill=\"currentColor\" d=\"M64 8 L0 8 L0 0 L20 7.9 L40 3 L48 5 L64 0 Z\"\/>\r\n<\/svg><\/div><div class=\"l-section-h i-cf\"><div class=\"g-cols vc_row via_flex valign_top type_default stacking_default\"><div class=\"vc_col-sm-12 wpb_column vc_column_container\"><div class=\"vc_column-inner\"><div class=\"wpb_wrapper\"><div class=\"w-actionbox color_primary controls_right\"><div class=\"w-actionbox-text\"><h2 class=\"w-actionbox-title\">Vous avez des questions ?<\/h2><div class=\"w-actionbox-description\"><p>\u00c9crivez-nous et nous vous conseillerons le meilleur spectacle de flamenco \u00e0 choisir<\/p>\n<\/div><\/div><div class=\"w-actionbox-controls\"><a class=\"w-btn us-btn-style_4\" style=\"font-size:1.2rem\" href=\"https:\/\/www.tablaosflamencos.com\/fr\/contact\"><span class=\"w-btn-label\">CONTACT<\/span><\/a><\/div><\/div><\/div><\/div><\/div><\/div><\/div><\/section>\n","protected":false},"excerpt":{"rendered":"La XXIVe Biennale de Flamenco de S\u00e9ville 2026 ne commence pas uniquement sur les sc\u00e8nes. Une semaine avant son ouverture officielle, la Manufacture royale d\u2019artillerie accueillera l\u2019une des propositions patrimoniales les plus int\u00e9ressantes de cette \u00e9dition : La Nuit bleue. Op\u00e9ra flamenco dans la collection Carlos Mart\u00edn Ballester, une exposition con\u00e7ue pour revisiter l\u2019une des...","protected":false},"author":1,"featured_media":11064,"parent":0,"menu_order":0,"comment_status":"closed","ping_status":"closed","template":"","meta":{"_acf_changed":false,"wpai_generated_summary":"","_ayudawp_aiss_exclude":false,"_ayudawp_aiss_exclude_summary":false,"footnotes":""},"class_list":["post-9212","page","type-page","status-publish","has-post-thumbnail","hentry"],"acf":[],"yoast_head":"<!-- This site is optimized with the Yoast SEO Premium plugin v28.3 (Yoast SEO v28.3) - https:\/\/yoast.com\/product\/yoast-seo-premium-wordpress\/ -->\n<title>Tablaos flamenco en Espagne | Billets &amp; r\u00e9servations<\/title>\n<meta name=\"description\" content=\"R\u00e9servez des spectacles de flamenco en direct \u00e0 S\u00e9ville, Madrid, Barcelone, M\u00e1laga, Grenade et plus. Comparez et r\u00e9servez en secondes.\" \/>\n<meta name=\"robots\" content=\"index, follow, max-snippet:-1, max-image-preview:large, max-video-preview:-1\" \/>\n<link rel=\"canonical\" href=\"https:\/\/www.tablaosflamencos.com\/fr\" \/>\n<meta property=\"og:locale\" content=\"fr_FR\" \/>\n<meta property=\"og:type\" content=\"article\" \/>\n<meta property=\"og:title\" content=\"Home\" \/>\n<meta property=\"og:description\" content=\"R\u00e9servez des spectacles de flamenco en direct \u00e0 S\u00e9ville, Madrid, Barcelone, M\u00e1laga, Grenade et plus. Comparez et r\u00e9servez en secondes.\" \/>\n<meta property=\"og:url\" content=\"https:\/\/www.tablaosflamencos.com\/fr\" \/>\n<meta property=\"og:site_name\" content=\"Tablaos Flamencos\" \/>\n<meta property=\"article:publisher\" content=\"https:\/\/www.facebook.com\/tablaosflamencos\" \/>\n<meta property=\"article:modified_time\" content=\"2026-05-22T15:55:03+00:00\" \/>\n<meta property=\"og:image\" content=\"https:\/\/www.tablaosflamencos.com\/wp-content\/uploads\/tablaos-flamencos-3.webp\" \/>\n\t<meta property=\"og:image:width\" content=\"1920\" \/>\n\t<meta property=\"og:image:height\" content=\"1072\" \/>\n\t<meta property=\"og:image:type\" content=\"image\/webp\" \/>\n<meta name=\"twitter:card\" content=\"summary_large_image\" \/>\n<meta name=\"twitter:site\" content=\"@tablaosflamenco\" \/>\n<meta name=\"twitter:label1\" content=\"Dur\u00e9e de lecture estim\u00e9e\" \/>\n\t<meta name=\"twitter:data1\" content=\"4 minutes\" \/>\n<script type=\"application\/ld+json\" class=\"yoast-schema-graph\">{\"@context\":\"https:\\\/\\\/schema.org\",\"@graph\":[{\"@type\":\"WebPage\",\"@id\":\"https:\\\/\\\/www.tablaosflamencos.com\\\/fr\",\"url\":\"https:\\\/\\\/www.tablaosflamencos.com\\\/fr\",\"name\":\"Tablaos flamenco en Espagne | Billets & r\u00e9servations\",\"isPartOf\":{\"@id\":\"https:\\\/\\\/www.tablaosflamencos.com\\\/fr#website\"},\"primaryImageOfPage\":{\"@id\":\"https:\\\/\\\/www.tablaosflamencos.com\\\/fr#primaryimage\"},\"image\":{\"@id\":\"https:\\\/\\\/www.tablaosflamencos.com\\\/fr#primaryimage\"},\"thumbnailUrl\":\"https:\\\/\\\/www.tablaosflamencos.com\\\/wp-content\\\/uploads\\\/tablaos-flamencos-3.webp\",\"datePublished\":\"2019-05-10T13:40:15+00:00\",\"dateModified\":\"2026-05-22T15:55:03+00:00\",\"description\":\"R\u00e9servez des spectacles de flamenco en direct \u00e0 S\u00e9ville, Madrid, Barcelone, M\u00e1laga, Grenade et plus. Comparez et r\u00e9servez en secondes.\",\"breadcrumb\":{\"@id\":\"https:\\\/\\\/www.tablaosflamencos.com\\\/fr#breadcrumb\"},\"inLanguage\":\"fr-FR\",\"potentialAction\":[{\"@type\":\"ReadAction\",\"target\":[\"https:\\\/\\\/www.tablaosflamencos.com\\\/fr\"]}]},{\"@type\":\"ImageObject\",\"inLanguage\":\"fr-FR\",\"@id\":\"https:\\\/\\\/www.tablaosflamencos.com\\\/fr#primaryimage\",\"url\":\"https:\\\/\\\/www.tablaosflamencos.com\\\/wp-content\\\/uploads\\\/tablaos-flamencos-3.webp\",\"contentUrl\":\"https:\\\/\\\/www.tablaosflamencos.com\\\/wp-content\\\/uploads\\\/tablaos-flamencos-3.webp\",\"width\":1920,\"height\":1072,\"caption\":\"Tablaos flamencos y espect\u00e1culos | Flamenco shows\"},{\"@type\":\"BreadcrumbList\",\"@id\":\"https:\\\/\\\/www.tablaosflamencos.com\\\/fr#breadcrumb\",\"itemListElement\":[{\"@type\":\"ListItem\",\"position\":1,\"name\":\"Home\",\"item\":\"https:\\\/\\\/www.tablaosflamencos.com\\\/fr\"},{\"@type\":\"ListItem\",\"position\":2,\"name\":\"Home\"}]},{\"@type\":\"WebSite\",\"@id\":\"https:\\\/\\\/www.tablaosflamencos.com\\\/fr#website\",\"url\":\"https:\\\/\\\/www.tablaosflamencos.com\\\/fr\",\"name\":\"Tablaos Flamencos\",\"description\":\"Entradas para tablaos flamencos de Espa\u00f1a\",\"publisher\":{\"@id\":\"https:\\\/\\\/www.tablaosflamencos.com\\\/fr#organization\"},\"alternateName\":\"Tablaos Flamencos\",\"potentialAction\":[{\"@type\":\"SearchAction\",\"target\":{\"@type\":\"EntryPoint\",\"urlTemplate\":\"https:\\\/\\\/www.tablaosflamencos.com\\\/fr?s={search_term_string}\"},\"query-input\":{\"@type\":\"PropertyValueSpecification\",\"valueRequired\":true,\"valueName\":\"search_term_string\"}}],\"inLanguage\":\"fr-FR\"},{\"@type\":[\"Organization\",\"Place\",\"EntertainmentBusiness\"],\"@id\":\"https:\\\/\\\/www.tablaosflamencos.com\\\/fr#organization\",\"name\":\"Tablaos Flamencos\",\"alternateName\":\"Tablaos Flamencos\",\"url\":\"https:\\\/\\\/www.tablaosflamencos.com\\\/fr\",\"logo\":{\"@id\":\"https:\\\/\\\/www.tablaosflamencos.com\\\/fr#local-main-organization-logo\"},\"image\":{\"@id\":\"https:\\\/\\\/www.tablaosflamencos.com\\\/fr#local-main-organization-logo\"},\"sameAs\":[\"https:\\\/\\\/www.facebook.com\\\/tablaosflamencos\",\"https:\\\/\\\/x.com\\\/tablaosflamenco\",\"https:\\\/\\\/mastodon.social\\\/@tablaosflamencos\",\"https:\\\/\\\/www.instagram.com\\\/tablaosflamencos\",\"https:\\\/\\\/tiktok.com\\\/@tablaosflamencos\",\"https:\\\/\\\/www.linkedin.com\\\/company\\\/109408238\\\/\"],\"description\":\"Venta de entradas para espect\u00e1culos flamencos\",\"legalName\":\"Tablaos Flamencos\",\"foundingDate\":\"2015-01-01\",\"numberOfEmployees\":{\"@type\":\"QuantitativeValue\",\"minValue\":\"1\",\"maxValue\":\"10\"},\"address\":{\"@id\":\"https:\\\/\\\/www.tablaosflamencos.com\\\/fr#local-main-place-address\"},\"geo\":{\"@type\":\"GeoCoordinates\",\"latitude\":\"37.3868072\",\"longitude\":\"-5.993280299999999\"},\"telephone\":[\"+34623787787\"],\"contactPoint\":{\"@type\":\"ContactPoint\",\"telephone\":\"+34623787787\",\"email\":\"info@tablaosflamencos.com\"},\"openingHoursSpecification\":{\"@type\":\"OpeningHoursSpecification\",\"dayOfWeek\":[\"Monday\",\"Tuesday\",\"Wednesday\",\"Thursday\",\"Friday\",\"Saturday\",\"Sunday\"],\"opens\":\"00:00\",\"closes\":\"23:59\"},\"email\":\"info@tablaosflamencos.com\",\"priceRange\":\"$$$\",\"currenciesAccepted\":\"\u20ac\"},{\"@type\":\"PostalAddress\",\"@id\":\"https:\\\/\\\/www.tablaosflamencos.com\\\/fr#local-main-place-address\",\"streetAddress\":\"C\\\/ Alemanes, 19\",\"addressLocality\":\"Sevilla\",\"postalCode\":\"41004\",\"addressRegion\":\"Sevilla\",\"addressCountry\":\"ES\"},{\"@type\":\"ImageObject\",\"inLanguage\":\"fr-FR\",\"@id\":\"https:\\\/\\\/www.tablaosflamencos.com\\\/fr#local-main-organization-logo\",\"url\":\"https:\\\/\\\/www.tablaosflamencos.com\\\/wp-content\\\/uploads\\\/tablaos-flamencos-06-3.webp\",\"contentUrl\":\"https:\\\/\\\/www.tablaosflamencos.com\\\/wp-content\\\/uploads\\\/tablaos-flamencos-06-3.webp\",\"width\":600,\"height\":620,\"caption\":\"Tablaos Flamencos\"}]}<\/script>\n<meta name=\"geo.placename\" content=\"Sevilla\" \/>\n<meta name=\"geo.position\" content=\"37.3868072;-5.993280299999999\" \/>\n<meta name=\"geo.region\" content=\"Espagne\" \/>\n<!-- \/ Yoast SEO Premium plugin. -->","yoast_head_json":{"title":"Tablaos flamenco en Espagne | Billets & r\u00e9servations","description":"R\u00e9servez des spectacles de flamenco en direct \u00e0 S\u00e9ville, Madrid, Barcelone, M\u00e1laga, Grenade et plus. Comparez et r\u00e9servez en secondes.","robots":{"index":"index","follow":"follow","max-snippet":"max-snippet:-1","max-image-preview":"max-image-preview:large","max-video-preview":"max-video-preview:-1"},"canonical":"https:\/\/www.tablaosflamencos.com\/fr","og_locale":"fr_FR","og_type":"article","og_title":"Home","og_description":"R\u00e9servez des spectacles de flamenco en direct \u00e0 S\u00e9ville, Madrid, Barcelone, M\u00e1laga, Grenade et plus. Comparez et r\u00e9servez en secondes.","og_url":"https:\/\/www.tablaosflamencos.com\/fr","og_site_name":"Tablaos Flamencos","article_publisher":"https:\/\/www.facebook.com\/tablaosflamencos","article_modified_time":"2026-05-22T15:55:03+00:00","og_image":[{"width":1920,"height":1072,"url":"https:\/\/www.tablaosflamencos.com\/wp-content\/uploads\/tablaos-flamencos-3.webp","type":"image\/webp"}],"twitter_card":"summary_large_image","twitter_site":"@tablaosflamenco","twitter_misc":{"Dur\u00e9e de lecture estim\u00e9e":"4 minutes"},"schema":{"@context":"https:\/\/schema.org","@graph":[{"@type":"WebPage","@id":"https:\/\/www.tablaosflamencos.com\/fr","url":"https:\/\/www.tablaosflamencos.com\/fr","name":"Tablaos flamenco en Espagne | Billets & r\u00e9servations","isPartOf":{"@id":"https:\/\/www.tablaosflamencos.com\/fr#website"},"primaryImageOfPage":{"@id":"https:\/\/www.tablaosflamencos.com\/fr#primaryimage"},"image":{"@id":"https:\/\/www.tablaosflamencos.com\/fr#primaryimage"},"thumbnailUrl":"https:\/\/www.tablaosflamencos.com\/wp-content\/uploads\/tablaos-flamencos-3.webp","datePublished":"2019-05-10T13:40:15+00:00","dateModified":"2026-05-22T15:55:03+00:00","description":"R\u00e9servez des spectacles de flamenco en direct \u00e0 S\u00e9ville, Madrid, Barcelone, M\u00e1laga, Grenade et plus. Comparez et r\u00e9servez en secondes.","breadcrumb":{"@id":"https:\/\/www.tablaosflamencos.com\/fr#breadcrumb"},"inLanguage":"fr-FR","potentialAction":[{"@type":"ReadAction","target":["https:\/\/www.tablaosflamencos.com\/fr"]}]},{"@type":"ImageObject","inLanguage":"fr-FR","@id":"https:\/\/www.tablaosflamencos.com\/fr#primaryimage","url":"https:\/\/www.tablaosflamencos.com\/wp-content\/uploads\/tablaos-flamencos-3.webp","contentUrl":"https:\/\/www.tablaosflamencos.com\/wp-content\/uploads\/tablaos-flamencos-3.webp","width":1920,"height":1072,"caption":"Tablaos flamencos y espect\u00e1culos | Flamenco shows"},{"@type":"BreadcrumbList","@id":"https:\/\/www.tablaosflamencos.com\/fr#breadcrumb","itemListElement":[{"@type":"ListItem","position":1,"name":"Home","item":"https:\/\/www.tablaosflamencos.com\/fr"},{"@type":"ListItem","position":2,"name":"Home"}]},{"@type":"WebSite","@id":"https:\/\/www.tablaosflamencos.com\/fr#website","url":"https:\/\/www.tablaosflamencos.com\/fr","name":"Tablaos Flamencos","description":"Entradas para tablaos flamencos de Espa\u00f1a","publisher":{"@id":"https:\/\/www.tablaosflamencos.com\/fr#organization"},"alternateName":"Tablaos Flamencos","potentialAction":[{"@type":"SearchAction","target":{"@type":"EntryPoint","urlTemplate":"https:\/\/www.tablaosflamencos.com\/fr?s={search_term_string}"},"query-input":{"@type":"PropertyValueSpecification","valueRequired":true,"valueName":"search_term_string"}}],"inLanguage":"fr-FR"},{"@type":["Organization","Place","EntertainmentBusiness"],"@id":"https:\/\/www.tablaosflamencos.com\/fr#organization","name":"Tablaos Flamencos","alternateName":"Tablaos Flamencos","url":"https:\/\/www.tablaosflamencos.com\/fr","logo":{"@id":"https:\/\/www.tablaosflamencos.com\/fr#local-main-organization-logo"},"image":{"@id":"https:\/\/www.tablaosflamencos.com\/fr#local-main-organization-logo"},"sameAs":["https:\/\/www.facebook.com\/tablaosflamencos","https:\/\/x.com\/tablaosflamenco","https:\/\/mastodon.social\/@tablaosflamencos","https:\/\/www.instagram.com\/tablaosflamencos","https:\/\/tiktok.com\/@tablaosflamencos","https:\/\/www.linkedin.com\/company\/109408238\/"],"description":"Venta de entradas para espect\u00e1culos flamencos","legalName":"Tablaos Flamencos","foundingDate":"2015-01-01","numberOfEmployees":{"@type":"QuantitativeValue","minValue":"1","maxValue":"10"},"address":{"@id":"https:\/\/www.tablaosflamencos.com\/fr#local-main-place-address"},"geo":{"@type":"GeoCoordinates","latitude":"37.3868072","longitude":"-5.993280299999999"},"telephone":["+34623787787"],"contactPoint":{"@type":"ContactPoint","telephone":"+34623787787","email":"info@tablaosflamencos.com"},"openingHoursSpecification":{"@type":"OpeningHoursSpecification","dayOfWeek":["Monday","Tuesday","Wednesday","Thursday","Friday","Saturday","Sunday"],"opens":"00:00","closes":"23:59"},"email":"info@tablaosflamencos.com","priceRange":"$$$","currenciesAccepted":"\u20ac"},{"@type":"PostalAddress","@id":"https:\/\/www.tablaosflamencos.com\/fr#local-main-place-address","streetAddress":"C\/ Alemanes, 19","addressLocality":"Sevilla","postalCode":"41004","addressRegion":"Sevilla","addressCountry":"ES"},{"@type":"ImageObject","inLanguage":"fr-FR","@id":"https:\/\/www.tablaosflamencos.com\/fr#local-main-organization-logo","url":"https:\/\/www.tablaosflamencos.com\/wp-content\/uploads\/tablaos-flamencos-06-3.webp","contentUrl":"https:\/\/www.tablaosflamencos.com\/wp-content\/uploads\/tablaos-flamencos-06-3.webp","width":600,"height":620,"caption":"Tablaos Flamencos"}]},"geo.placename":"Sevilla","geo.position":{"lat":"37.3868072","long":"-5.993280299999999"},"geo.region":"Espagne"},"_links":{"self":[{"href":"https:\/\/www.tablaosflamencos.com\/fr\/wp-json\/wp\/v2\/pages\/9212","targetHints":{"allow":["GET"]}}],"collection":[{"href":"https:\/\/www.tablaosflamencos.com\/fr\/wp-json\/wp\/v2\/pages"}],"about":[{"href":"https:\/\/www.tablaosflamencos.com\/fr\/wp-json\/wp\/v2\/types\/page"}],"author":[{"embeddable":true,"href":"https:\/\/www.tablaosflamencos.com\/fr\/wp-json\/wp\/v2\/users\/1"}],"replies":[{"embeddable":true,"href":"https:\/\/www.tablaosflamencos.com\/fr\/wp-json\/wp\/v2\/comments?post=9212"}],"version-history":[{"count":0,"href":"https:\/\/www.tablaosflamencos.com\/fr\/wp-json\/wp\/v2\/pages\/9212\/revisions"}],"wp:featuredmedia":[{"embeddable":true,"href":"https:\/\/www.tablaosflamencos.com\/fr\/wp-json\/wp\/v2\/media\/11064"}],"wp:attachment":[{"href":"https:\/\/www.tablaosflamencos.com\/fr\/wp-json\/wp\/v2\/media?parent=9212"}],"curies":[{"name":"wp","href":"https:\/\/api.w.org\/{rel}","templated":true}]}}