{"id":13599,"date":"2026-08-31T15:04:28","date_gmt":"2026-08-31T13:04:28","guid":{"rendered":"https:\/\/www.tablaosflamencos.com\/?page_id=13599"},"modified":"2026-08-31T15:15:03","modified_gmt":"2026-08-31T13:15:03","slug":"biennale-flamenco-seville","status":"publish","type":"page","link":"https:\/\/www.tablaosflamencos.com\/fr\/biennale-flamenco-seville","title":{"rendered":"Biennale de Flamenco de S\u00e9ville"},"content":{"rendered":"<section class=\"l-section wpb_row height_huge color_primary with_img with_shape\"><div class=\"l-section-img\" role=\"img\" aria-label=\"Bienal de Flamenco de Sevilla 2026: programaci\u00f3n, fechas, espacios y gu\u00eda completa\" data-img-width=\"1920\" data-img-height=\"1072\" style=\"background-image: url(https:\/\/www.tablaosflamencos.com\/wp-content\/uploads\/bienal-de-flamenco-de-sevilla-2026-programacion-fechas-espacios-y-guia-completa-01.webp);\"><\/div><div class=\"l-section-overlay\" style=\"background:rgba(0,0,0,0.55)\"><\/div><div class=\"l-section-shape type_zigzag pos_bottom\" style=\"height:3vmin;\"><svg xmlns=\"http:\/\/www.w3.org\/2000\/svg\" viewBox=\"0 0 64 8\" preserveAspectRatio=\"none\" width=\"100%\" height=\"100%\">\r\n\t<path fill=\"currentColor\" d=\"M64 8 L0 8 L0 0 L20 7.9 L40 3 L48 5 L64 0 Z\"\/>\r\n<\/svg><\/div><div class=\"l-section-h i-cf\"><div class=\"g-cols vc_row via_flex valign_top type_default stacking_default\"><div class=\"vc_col-sm-12 wpb_column vc_column_container\"><div class=\"vc_column-inner\"><div class=\"wpb_wrapper\"><h1 class=\"w-post-elm post_title align_center color_link_inherit\">Biennale de Flamenco de S\u00e9ville<\/h1><div class=\"wpb_text_column\"><div class=\"wpb_wrapper\"><p style=\"text-align: center; text-transform: uppercase;\">Guides, actualit\u00e9s, programmation et cl\u00e9s pour vivre le grand rendez-vous du flamenco \u00e0 S\u00e9ville<\/p>\n<\/div><\/div><div class=\"w-separator size_small\"><\/div><div class=\"w-hwrapper valign_top wrap stack_on_mobiles align_center\" style=\"--hwrapper-gap:1.2rem\"><div class=\"w-btn-wrapper align_none\"><a class=\"w-btn us-btn-style_1\" href=\"#actualidad-bienal\"><span class=\"w-btn-label\">Voir tous les articles<\/span><\/a><\/div><div class=\"w-btn-wrapper align_none\"><a class=\"w-btn us-btn-style_4\" href=\"https:\/\/www.tablaosflamencos.com\/fr\/biennale-flamenco-seville-2026.html\"><span class=\"w-btn-label\">Guide complet Biennale 2026<\/span><\/a><\/div><\/div><\/div><\/div><\/div><\/div><\/div><\/section><section class=\"l-section wpb_row height_huge color_alternate with_shape\"><div class=\"l-section-shape type_zigzag pos_bottom\" style=\"height:3vmin;\"><svg xmlns=\"http:\/\/www.w3.org\/2000\/svg\" viewBox=\"0 0 64 8\" preserveAspectRatio=\"none\" width=\"100%\" height=\"100%\">\r\n\t<path fill=\"currentColor\" d=\"M64 8 L0 8 L0 0 L20 7.9 L40 3 L48 5 L64 0 Z\"\/>\r\n<\/svg><\/div><div class=\"l-section-h i-cf\"><div class=\"g-cols vc_row via_flex valign_top type_default stacking_default\"><div class=\"vc_col-sm-6 wpb_column vc_column_container\"><div class=\"vc_column-inner\"><div class=\"wpb_wrapper\"><div class=\"wpb_text_column\"><div class=\"wpb_wrapper\"><h2>Biennale de Flamenco de S\u00e9ville<\/h2>\n<p>La <strong>Biennale de Flamenco de S\u00e9ville<\/strong> est l\u2019un des grands rendez-vous internationaux de l\u2019art flamenco. Tous les deux ans, la ville r\u00e9unit des figures consacr\u00e9es, de nouvelles g\u00e9n\u00e9rations et des cr\u00e9ateurs de diff\u00e9rentes disciplines dans des th\u00e9\u00e2tres, des sites patrimoniaux et des espaces urbains.<\/p>\n<p>Cette page est le point central de toute notre couverture de la Biennale : <strong>programmation, artistes, premi\u00e8res, billets, activit\u00e9s gratuites, expositions, lieux et conseils pratiques<\/strong> pour celles et ceux qui vivent le festival depuis S\u00e9ville ou voyagent sp\u00e9cialement pour en profiter.<\/p>\n<\/div><\/div><\/div><\/div><\/div><div class=\"vc_col-sm-6 wpb_column vc_column_container\"><div class=\"vc_column-inner\"><div class=\"wpb_wrapper\"><div class=\"wpb_text_column\"><div class=\"wpb_wrapper\"><h2>L\u2019\u00e9dition 2026<\/h2>\n<p>La XXIVe Biennale se d\u00e9roule du <strong>9 septembre au 3 octobre 2026<\/strong>. \u00c0 mesure que les dates approcheront et que de nouvelles informations seront annonc\u00e9es, nous enrichirons cette landing page avec de nouveaux guides sp\u00e9cifiques.<\/p>\n<p>L\u2019id\u00e9e est simple : utiliser cette page comme un index vivant pour suivre la Biennale, rep\u00e9rer ce qui m\u00e9rite une attention particuli\u00e8re et organiser votre s\u00e9jour \u00e0 S\u00e9ville.<\/p>\n<\/div><\/div><\/div><\/div><\/div><\/div><\/div><\/section><section class=\"l-section wpb_row height_huge\"><div class=\"l-section-h i-cf\"><div class=\"g-cols vc_row via_flex valign_top type_default stacking_default\"><div class=\"vc_col-sm-12 wpb_column vc_column_container\"><div class=\"vc_column-inner\"><div class=\"wpb_wrapper\"><div class=\"wpb_text_column\"><div class=\"wpb_wrapper\"><p style=\"text-align: center; font-size: 32px;\"><strong>9 SEP \u2014 3 OCT<\/strong><\/p>\n<h3 style=\"text-align: center;\">Dates<\/h3>\n<p style=\"text-align: center;\">Pr\u00e8s de quatre semaines de flamenco dans toute S\u00e9ville.<\/p>\n<\/div><\/div><\/div><\/div><\/div><div class=\"vc_col-sm-12 wpb_column vc_column_container\"><div class=\"vc_column-inner\"><div class=\"wpb_wrapper\"><div class=\"wpb_text_column\"><div class=\"wpb_wrapper\"><p style=\"text-align: center; font-size: 32px;\"><strong>72<\/strong><\/p>\n<h3 style=\"text-align: center;\">Repr\u00e9sentations<\/h3>\n<p style=\"text-align: center;\">Une programmation riche r\u00e9partie entre diff\u00e9rents formats.<\/p>\n<\/div><\/div><\/div><\/div><\/div><div class=\"vc_col-sm-12 wpb_column vc_column_container\"><div class=\"vc_column-inner\"><div class=\"wpb_wrapper\"><div class=\"wpb_text_column\"><div class=\"wpb_wrapper\"><p style=\"text-align: center; font-size: 32px;\"><strong>22<\/strong><\/p>\n<h3 style=\"text-align: center;\">Premi\u00e8res mondiales<\/h3>\n<p style=\"text-align: center;\">De nouvelles \u0153uvres pr\u00e9sent\u00e9es pour la premi\u00e8re fois \u00e0 S\u00e9ville.<\/p>\n<\/div><\/div><\/div><\/div><\/div><div class=\"vc_col-sm-12 wpb_column vc_column_container\"><div class=\"vc_column-inner\"><div class=\"wpb_wrapper\"><div class=\"wpb_text_column\"><div class=\"wpb_wrapper\"><p style=\"text-align: center; font-size: 32px;\"><strong>11<\/strong><\/p>\n<h3 style=\"text-align: center;\">Lieux<\/h3>\n<p style=\"text-align: center;\">Des th\u00e9\u00e2tres et des sites singuliers font partie du festival.<\/p>\n<\/div><\/div><\/div><\/div><\/div><\/div><\/div><\/section><section class=\"l-section wpb_row height_huge color_alternate with_shape\"><div class=\"l-section-shape type_zigzag pos_top hor_flip\" style=\"height:3vmin;\"><svg xmlns=\"http:\/\/www.w3.org\/2000\/svg\" viewBox=\"0 0 64 8\" preserveAspectRatio=\"none\" width=\"100%\" height=\"100%\">\r\n\t<path fill=\"currentColor\" d=\"M64 8 L0 8 L0 0 L20 7.9 L40 3 L48 5 L64 0 Z\"\/>\r\n<\/svg><\/div><div class=\"l-section-shape type_zigzag pos_bottom\" style=\"height:3vmin;\"><svg xmlns=\"http:\/\/www.w3.org\/2000\/svg\" viewBox=\"0 0 64 8\" preserveAspectRatio=\"none\" width=\"100%\" height=\"100%\">\r\n\t<path fill=\"currentColor\" d=\"M64 8 L0 8 L0 0 L20 7.9 L40 3 L48 5 L64 0 Z\"\/>\r\n<\/svg><\/div><div class=\"l-section-h i-cf\"><div class=\"g-cols vc_row via_flex valign_top type_default stacking_default\"><div class=\"vc_col-sm-12 wpb_column vc_column_container\"><div class=\"vc_column-inner\"><div class=\"wpb_wrapper\"><div class=\"wpb_text_column\"><div class=\"wpb_wrapper\"><h2 id=\"actualidad-bienal\" style=\"text-align: center;\">Tout sur la Biennale de Flamenco de S\u00e9ville<\/h2>\n<p style=\"text-align: center;\">Nous rassemblons ici toutes les actualit\u00e9s, guides et contenus que nous publions sur la Biennale. La liste se met automatiquement \u00e0 jour avec les nouvelles publications de notre rubrique sp\u00e9ciale.<\/p>\n<\/div><\/div><div class=\"w-separator size_medium\"><\/div><div class=\"w-grid us_post_list type_grid layout_11042 cols_3 preload_style_spinner with_css_animation overflow_hidden\" id=\"us_post_list_g90e\" style=\"--columns:3;--gap:1.5rem;\"><style>@media (max-width:1024px){#us_post_list_g90e{--columns:2!important}}@media (max-width:600px){#us_post_list_g90e{--columns:1!important}}.layout_11042 .w-grid-item-h{background:var(--color-content-bg);color:var(--color-content-text);box-shadow:0 0.03rem 0.06rem rgba(0,0,0,0.1),0 0.1rem 0.3rem rgba(0,0,0,0.1);transition-duration:0.3s}.no-touch .layout_11042 .w-grid-item-h:hover{box-shadow:0 0.1rem 0.2rem rgba(0,0,0,0.1),0 0.33rem 1rem rgba(0,0,0,0.15);z-index:4}.layout_11042 .usg_post_image_1{margin-bottom:-2rem!important}.layout_11042 .usg_post_title_1{font-size:1.2rem!important}.layout_11042 .usg_vwrapper_1{margin-top:2rem!important;padding:9% 11% 11% 11%!important}.layout_11042 .usg_post_taxonomy_1{font-weight:700!important;text-transform:uppercase!important;font-size:10px!important;position:absolute!important;z-index:2!important;top:1.2rem!important;right:1.2rem!important;left:1.2rem!important}.layout_11042 .usg_hwrapper_1{color:var(--color-content-faded)!important;font-size:0.9rem!important}<\/style><div class=\"w-grid-list\">\t<article class=\"w-grid-item us_animate_afc size_1x1 post-13618 post type-post status-publish format-standard has-post-thumbnail hentry category-actualites-flamenco category-biennale-de-flamenco tag-agenda-flamenco-fr tag-autres-perles tag-biennale-de-flamenco-tag tag-biennale-de-flamenco-2026 tag-festivals-de-flamenco-seville tag-flamenco-a-seville tag-flamenco-dans-la-rue tag-seville-fr\" data-id=\"13618\" style=\"animation-delay:0s\">\r\n\t\t<div class=\"w-grid-item-h\">\r\n\t\t\t\t\t\t\t<a href=\"https:\/\/www.tablaosflamencos.com\/fr\/biennale-flamenco-seville-2026-avant-9-septembre.html\" class=\"w-grid-item-anchor\" aria-label=\"La Biennale commence avant le 9 septembre : premiers \u00e9v\u00e9nements et activit\u00e9s\"><\/a>\r\n\t\t\t\t\t\t<div class=\"w-post-elm post_image usg_post_image_1 has_ratio\"><img fetchpriority=\"high\" decoding=\"async\" width=\"600\" height=\"335\" src=\"https:\/\/www.tablaosflamencos.com\/wp-content\/uploads\/la-bienal-empieza-antes-del-9-de-septiembre-primeros-eventos-y-actividades-01-600x335.webp\" class=\"attachment-us_600_600 size-us_600_600 wp-post-image\" alt=\"La Bienal empieza antes del 9 de septiembre: primeros eventos y actividades\" loading=\"eager\" \/><div style=\"padding-bottom:66.6667%\"><\/div><\/div><div class=\"w-post-elm post_taxonomy usg_post_taxonomy_1 style_badge color_link_inherit\"><div class=\"w-post-elm-list\"><button class=\"w-btn us-btn-style_badge term-372 term-actualites-flamenco\" type=\"button\"><span class=\"w-btn-label\">Actualit\u00e9s<\/span><\/button><button class=\"w-btn us-btn-style_badge term-1428 term-biennale-de-flamenco\" type=\"button\"><span class=\"w-btn-label\">Biennale de Flamenco<\/span><\/button><\/div><\/div><div class=\"w-vwrapper usg_vwrapper_1 align_none valign_top\" style=\"--vwrapper-gap: 0.7rem;\"><p class=\"w-post-elm post_title usg_post_title_1 color_link_inherit\">La Biennale commence avant le 9 septembre : premiers \u00e9v\u00e9nements et activit\u00e9s<\/p><div class=\"w-hwrapper usg_hwrapper_1 has_text_color align_none valign_top wrap\" style=\"--hwrapper-gap: 1.2rem;\"><time class=\"w-post-elm post_date usg_post_date_1 entry-date published\" datetime=\"2026-08-31T15:23:02+02:00\" title=\"31 ao\u00fbt 2026 \u00e0 15:23:02 Europe\/Madrid\">il y a 2 heures<\/time><\/div><div class=\"w-post-elm post_content usg_post_content_1\"><p>La Biennale de Flamenco de S\u00e9ville 2026 commence \u00e0 se faire sentir d\u00e8s le 2 septembre, avec exposition, flamenco gratuit dans les quartiers, cin\u00e9ma et activit\u00e9s avant l\u2019ouverture officielle.<\/p>\n<\/div><\/div>\t\t<\/div>\r\n\t\t\t<\/article>\r\n\t<article class=\"w-grid-item us_animate_afc size_1x1 post-13488 post type-post status-publish format-standard has-post-thumbnail hentry category-actualites-flamenco category-biennale-de-flamenco tag-agenda-flamenca tag-bienal-2026 tag-bienal-de-flamenco tag-carlos-martin-ballester-fr tag-festivales-flamencos tag-flamenco-en-sevilla tag-la-nuit-bleue tag-manufacture-royale-artillerie tag-opera-flamenco tag-sevilla\" data-id=\"13488\" style=\"animation-delay:0.1s\">\r\n\t\t<div class=\"w-grid-item-h\">\r\n\t\t\t\t\t\t\t<a href=\"https:\/\/www.tablaosflamencos.com\/fr\/la-nuit-bleue-opera-flamenco-biennale-seville-2026.html\" class=\"w-grid-item-anchor\" aria-label=\"La Nuit bleue : l\u2019exposition de la Biennale sur l\u2019\u00e9poque de l\u2019Op\u00e9ra flamenco\"><\/a>\r\n\t\t\t\t\t\t<div class=\"w-post-elm post_image usg_post_image_1 has_ratio\"><img decoding=\"async\" width=\"600\" height=\"335\" src=\"https:\/\/www.tablaosflamencos.com\/wp-content\/uploads\/la-noche-azul-la-exposicion-de-la-bienal-sobre-la-epoca-de-la-opera-flamenca-01-1-600x335.webp\" class=\"attachment-us_600_600 size-us_600_600 wp-post-image\" alt=\"La noche azul: la exposici\u00f3n de la Bienal sobre la \u00e9poca de la \u00d3pera Flamenca\" loading=\"eager\" \/><div style=\"padding-bottom:66.6667%\"><\/div><\/div><div class=\"w-post-elm post_taxonomy usg_post_taxonomy_1 style_badge color_link_inherit\"><div class=\"w-post-elm-list\"><button class=\"w-btn us-btn-style_badge term-372 term-actualites-flamenco\" type=\"button\"><span class=\"w-btn-label\">Actualit\u00e9s<\/span><\/button><button class=\"w-btn us-btn-style_badge term-1428 term-biennale-de-flamenco\" type=\"button\"><span class=\"w-btn-label\">Biennale de Flamenco<\/span><\/button><\/div><\/div><div class=\"w-vwrapper usg_vwrapper_1 align_none valign_top\" style=\"--vwrapper-gap: 0.7rem;\"><p class=\"w-post-elm post_title usg_post_title_1 color_link_inherit\">La Nuit bleue : l\u2019exposition de la Biennale sur l\u2019\u00e9poque de l\u2019Op\u00e9ra flamenco<\/p><div class=\"w-hwrapper usg_hwrapper_1 has_text_color align_none valign_top wrap\" style=\"--hwrapper-gap: 1.2rem;\"><time class=\"w-post-elm post_date usg_post_date_1 entry-date published\" datetime=\"2026-08-30T15:09:23+02:00\" title=\"30 ao\u00fbt 2026 \u00e0 15:09:23 Europe\/Madrid\">il y a 1 jour<\/time><\/div><div class=\"w-post-elm post_content usg_post_content_1\"><p>La Nuit bleue revisite l\u2019\u00e9poque de l\u2019Op\u00e9ra flamenco \u00e0 travers pr\u00e8s de 150 pi\u00e8ces historiques \u00e0 la Manufacture royale d\u2019artillerie de S\u00e9ville.<\/p>\n<\/div><\/div>\t\t<\/div>\r\n\t\t\t<\/article>\r\n\t<article class=\"w-grid-item us_animate_afc size_1x1 post-13435 post type-post status-publish format-standard has-post-thumbnail hentry category-biennale-de-flamenco tag-agenda-flamenca tag-bienal-2026 tag-bienal-de-flamenco tag-festivales-flamencos tag-flamenco-en-sevilla tag-sevilla\" data-id=\"13435\" style=\"animation-delay:0.2s\">\r\n\t\t<div class=\"w-grid-item-h\">\r\n\t\t\t\t\t\t\t<a href=\"https:\/\/www.tablaosflamencos.com\/fr\/biennale-flamenco-seville-2026-gratuite.html\" class=\"w-grid-item-anchor\" aria-label=\"Biennale de Flamenco de S\u00e9ville 2026 gratuite : spectacles et activit\u00e9s gratuites\"><\/a>\r\n\t\t\t\t\t\t<div class=\"w-post-elm post_image usg_post_image_1 has_ratio\"><img decoding=\"async\" width=\"600\" height=\"327\" src=\"https:\/\/www.tablaosflamencos.com\/wp-content\/uploads\/bienal-de-flamenco-de-sevilla-2026-gratis-espectaculos-y-actividades-gratuitas-01-600x327.webp\" class=\"attachment-us_600_600 size-us_600_600 wp-post-image\" alt=\"Bienal de Flamenco de Sevilla 2026 gratis: espect\u00e1culos y actividades gratuitas\" loading=\"eager\" \/><div style=\"padding-bottom:66.6667%\"><\/div><\/div><div class=\"w-post-elm post_taxonomy usg_post_taxonomy_1 style_badge color_link_inherit\"><button class=\"w-btn us-btn-style_badge term-1428 term-biennale-de-flamenco\" type=\"button\"><span class=\"w-btn-label\">Biennale de Flamenco<\/span><\/button><\/div><div class=\"w-vwrapper usg_vwrapper_1 align_none valign_top\" style=\"--vwrapper-gap: 0.7rem;\"><p class=\"w-post-elm post_title usg_post_title_1 color_link_inherit\">Biennale de Flamenco de S\u00e9ville 2026 gratuite : spectacles et activit\u00e9s gratuites<\/p><div class=\"w-hwrapper usg_hwrapper_1 has_text_color align_none valign_top wrap\" style=\"--hwrapper-gap: 1.2rem;\"><time class=\"w-post-elm post_date usg_post_date_1 entry-date published\" datetime=\"2026-08-30T13:49:46+02:00\" title=\"30 ao\u00fbt 2026 \u00e0 13:49:46 Europe\/Madrid\">il y a 1 jour<\/time><\/div><div class=\"w-post-elm post_content usg_post_content_1\"><p>D\u00e9couvrez quoi voir gratuitement \u00e0 la Biennale de Flamenco de S\u00e9ville 2026 : spectacles de rue, cin\u00e9ma, preg\u00f3n et ateliers, avec dates et conditions d\u2019acc\u00e8s.<\/p>\n<\/div><\/div>\t\t<\/div>\r\n\t\t\t<\/article>\r\n\t<article class=\"w-grid-item us_animate_afc size_1x1 post-13339 post type-post status-publish format-standard has-post-thumbnail hentry category-biennale-de-flamenco tag-agenda-flamenca tag-bienal-2026 tag-bienal-de-flamenco tag-festivales-flamencos tag-flamenco-en-sevilla tag-nuits-uniques tag-sevilla tag-tablaos-de-sevilla\" data-id=\"13339\" style=\"animation-delay:0.3s\">\r\n\t\t<div class=\"w-grid-item-h\">\r\n\t\t\t\t\t\t\t<a href=\"https:\/\/www.tablaosflamencos.com\/fr\/nuits-uniques-biennale-flamenco-seville-2026.html\" class=\"w-grid-item-anchor\" aria-label=\"Nuits Uniques de la Biennale de Flamenco de S\u00e9ville 2026 : calendrier complet, artistes et billets\"><\/a>\r\n\t\t\t\t\t\t<div class=\"w-post-elm post_image usg_post_image_1 has_ratio\"><img decoding=\"async\" width=\"600\" height=\"335\" src=\"https:\/\/www.tablaosflamencos.com\/wp-content\/uploads\/noches-unicas-de-la-bienal-de-flamenco-de-sevilla-2026-calendario-completo-artistas-y-entradas-01-600x335.webp\" class=\"attachment-us_600_600 size-us_600_600 wp-post-image\" alt=\"Noches \u00danicas de la Bienal de Flamenco de Sevilla 2026: calendario completo, artistas y entradas\" loading=\"eager\" \/><div style=\"padding-bottom:66.6667%\"><\/div><\/div><div class=\"w-post-elm post_taxonomy usg_post_taxonomy_1 style_badge color_link_inherit\"><button class=\"w-btn us-btn-style_badge term-1428 term-biennale-de-flamenco\" type=\"button\"><span class=\"w-btn-label\">Biennale de Flamenco<\/span><\/button><\/div><div class=\"w-vwrapper usg_vwrapper_1 align_none valign_top\" style=\"--vwrapper-gap: 0.7rem;\"><p class=\"w-post-elm post_title usg_post_title_1 color_link_inherit\">Nuits Uniques de la Biennale de Flamenco de S\u00e9ville 2026 : calendrier complet, artistes et billets<\/p><div class=\"w-hwrapper usg_hwrapper_1 has_text_color align_none valign_top wrap\" style=\"--hwrapper-gap: 1.2rem;\"><time class=\"w-post-elm post_date usg_post_date_1 entry-date published\" datetime=\"2026-08-30T00:22:49+02:00\" title=\"30 ao\u00fbt 2026 \u00e0 00:22:49 Europe\/Madrid\">il y a 2 jours<\/time><\/div><div class=\"w-post-elm post_content usg_post_content_1\"><p>Calendrier complet des 26 Nuits Uniques de la Biennale de Flamenco de S\u00e9ville 2026 : dates, artistes, lieux, billets, spectacles complets et conseils pour choisir.<\/p>\n<\/div><\/div>\t\t<\/div>\r\n\t\t\t<\/article>\r\n\t<article class=\"w-grid-item us_animate_afc size_1x1 post-13318 post type-post status-publish format-standard has-post-thumbnail hentry category-actualites-flamenco category-biennale-de-flamenco tag-agenda-flamenca tag-bienal-2026 tag-bienal-de-flamenco tag-festivales-flamencos tag-flamenco-en-sevilla tag-sevilla tag-tablaos-de-sevilla\" data-id=\"13318\" style=\"animation-delay:0.4s\">\r\n\t\t<div class=\"w-grid-item-h\">\r\n\t\t\t\t\t\t\t<a href=\"https:\/\/www.tablaosflamencos.com\/fr\/biennale-flamenco-seville-2026-billets-epuises-alternatives.html\" class=\"w-grid-item-anchor\" aria-label=\"Biennale de Flamenco de S\u00e9ville 2026 : billets \u00e9puis\u00e9s et alternatives \u00e0 voir\"><\/a>\r\n\t\t\t\t\t\t<div class=\"w-post-elm post_image usg_post_image_1 has_ratio\"><img decoding=\"async\" width=\"600\" height=\"335\" src=\"https:\/\/www.tablaosflamencos.com\/wp-content\/uploads\/bienal-de-flamenco-2026-entradas-agotadas-y-que-ver-si-ya-no-encuentras-entradas-01-600x335.webp\" class=\"attachment-us_600_600 size-us_600_600 wp-post-image\" alt=\"Bienal de Flamenco 2026: entradas agotadas y qu\u00e9 ver si ya no encuentras entradas\" loading=\"eager\" \/><div style=\"padding-bottom:66.6667%\"><\/div><\/div><div class=\"w-post-elm post_taxonomy usg_post_taxonomy_1 style_badge color_link_inherit\"><div class=\"w-post-elm-list\"><button class=\"w-btn us-btn-style_badge term-372 term-actualites-flamenco\" type=\"button\"><span class=\"w-btn-label\">Actualit\u00e9s<\/span><\/button><button class=\"w-btn us-btn-style_badge term-1428 term-biennale-de-flamenco\" type=\"button\"><span class=\"w-btn-label\">Biennale de Flamenco<\/span><\/button><\/div><\/div><div class=\"w-vwrapper usg_vwrapper_1 align_none valign_top\" style=\"--vwrapper-gap: 0.7rem;\"><p class=\"w-post-elm post_title usg_post_title_1 color_link_inherit\">Biennale de Flamenco de S\u00e9ville 2026 : billets \u00e9puis\u00e9s et alternatives \u00e0 voir<\/p><div class=\"w-hwrapper usg_hwrapper_1 has_text_color align_none valign_top wrap\" style=\"--hwrapper-gap: 1.2rem;\"><time class=\"w-post-elm post_date usg_post_date_1 entry-date published\" datetime=\"2026-08-29T23:27:34+02:00\" title=\"29 ao\u00fbt 2026 \u00e0 23:27:34 Europe\/Madrid\">il y a 2 jours<\/time><\/div><div class=\"w-post-elm post_content usg_post_content_1\"><p>La Biennale de Flamenco de S\u00e9ville 2026 compte d\u00e9j\u00e0 de nombreux spectacles complets. D\u00e9couvrez quoi faire si vous ne trouvez plus de billet, quelles alternatives choisir et comment continuer \u00e0 vivre le flamenco \u00e0 S\u00e9ville.<\/p>\n<\/div><\/div>\t\t<\/div>\r\n\t\t\t<\/article>\r\n\t<article class=\"w-grid-item us_animate_afc size_1x1 post-13041 post type-post status-publish format-standard has-post-thumbnail hentry category-actualites-flamenco category-biennale-de-flamenco tag-evenements-flamencos tag-biennale-2026 tag-biennale-de-flamenco tag-festivals-de-flamenco tag-flamenco-a-seville tag-seville tag-tablaos-de-seville\" data-id=\"13041\" style=\"animation-delay:0.5s\">\r\n\t\t<div class=\"w-grid-item-h\">\r\n\t\t\t\t\t\t\t<a href=\"https:\/\/www.tablaosflamencos.com\/fr\/biennale-flamenco-seville-2026.html\" class=\"w-grid-item-anchor\" aria-label=\"Biennale de flamenco de S\u00e9ville 2026 : programme, dates, lieux et guide complet\"><\/a>\r\n\t\t\t\t\t\t<div class=\"w-post-elm post_image usg_post_image_1 has_ratio\"><img decoding=\"async\" width=\"600\" height=\"335\" src=\"https:\/\/www.tablaosflamencos.com\/wp-content\/uploads\/bienal-de-flamenco-de-sevilla-2026-programacion-fechas-espacios-y-guia-completa-01-600x335.webp\" class=\"attachment-us_600_600 size-us_600_600 wp-post-image\" alt=\"Bienal de Flamenco de Sevilla 2026: programaci\u00f3n, fechas, espacios y gu\u00eda completa\" loading=\"eager\" \/><div style=\"padding-bottom:66.6667%\"><\/div><\/div><div class=\"w-post-elm post_taxonomy usg_post_taxonomy_1 style_badge color_link_inherit\"><div class=\"w-post-elm-list\"><button class=\"w-btn us-btn-style_badge term-372 term-actualites-flamenco\" type=\"button\"><span class=\"w-btn-label\">Actualit\u00e9s<\/span><\/button><button class=\"w-btn us-btn-style_badge term-1428 term-biennale-de-flamenco\" type=\"button\"><span class=\"w-btn-label\">Biennale de Flamenco<\/span><\/button><\/div><\/div><div class=\"w-vwrapper usg_vwrapper_1 align_none valign_top\" style=\"--vwrapper-gap: 0.7rem;\"><p class=\"w-post-elm post_title usg_post_title_1 color_link_inherit\">Biennale de flamenco de S\u00e9ville 2026 : programme, dates, lieux et guide complet<\/p><div class=\"w-hwrapper usg_hwrapper_1 has_text_color align_none valign_top wrap\" style=\"--hwrapper-gap: 1.2rem;\"><time class=\"w-post-elm post_date usg_post_date_1 entry-date published\" datetime=\"2026-08-01T13:21:43+02:00\" title=\"1 ao\u00fbt 2026 \u00e0 13:21:43 Europe\/Madrid\">il y a 1 mois<\/time><\/div><div class=\"w-post-elm post_content usg_post_content_1\"><p>Guide complet de la Biennale de flamenco de S\u00e9ville 2026 : dates, programme, artistes, lieux, billets et tablaos pour compl\u00e9ter votre visite.<\/p>\n<\/div><\/div>\t\t<\/div>\r\n\t\t\t<\/article>\r\n<\/div><div class=\"g-preloader type_1\"><div><\/div><\/div><div class=\"w-grid-list-json hidden\" onclick='return {&quot;max_num_pages&quot;:0,&quot;paginationBase&quot;:&quot;page&quot;,&quot;pagination&quot;:&quot;none&quot;,&quot;paged&quot;:1,&quot;ajaxData&quot;:{&quot;action&quot;:&quot;us_ajax_post_list&quot;,&quot;meta_type&quot;:&quot;post&quot;,&quot;object_id&quot;:0,&quot;template_vars&quot;:{&quot;shortcode_base&quot;:&quot;us_post_list&quot;,&quot;paged&quot;:1,&quot;max_num_pages&quot;:0,&quot;no_results&quot;:false,&quot;us_post_content_design_css&quot;:[],&quot;found_posts&quot;:0,&quot;per_page&quot;:999,&quot;items_count&quot;:6,&quot;orderby_random_seed&quot;:null,&quot;source&quot;:&quot;all&quot;,&quot;custom_field_name&quot;:&quot;&quot;,&quot;ids&quot;:&quot;&quot;,&quot;post_type&quot;:&quot;post&quot;,&quot;attachment_ids&quot;:null,&quot;include_post_thumbnail&quot;:0,&quot;post_author&quot;:&quot;any&quot;,&quot;post_author_ids&quot;:&quot;&quot;,&quot;apply_url_params&quot;:0,&quot;ignore_sticky_posts&quot;:1,&quot;exclude_children&quot;:0,&quot;exclude_current_post&quot;:1,&quot;exclude_prev_posts&quot;:0,&quot;exclude_past_events&quot;:0,&quot;enable_items_offset&quot;:0,&quot;items_offset&quot;:&quot;1&quot;,&quot;tax_query_relation&quot;:&quot;AND&quot;,&quot;tax_query&quot;:&quot;%5B%7B%22operator%22%3A%22IN%22%2C%22taxonomy%22%3A%22category%22%2C%22terms%22%3A%221426%22%2C%22include_children%22%3A%220%22%7D%5D&quot;,&quot;meta_query_relation&quot;:&quot;none&quot;,&quot;meta_query&quot;:[{&quot;key&quot;:&quot;custom_field_name&quot;,&quot;compare&quot;:&quot;=&quot;,&quot;value&quot;:&quot;&quot;}],&quot;orderby&quot;:&quot;date&quot;,&quot;orderby_custom_field&quot;:&quot;&quot;,&quot;orderby_custom_type&quot;:0,&quot;order_invert&quot;:&quot;1&quot;,&quot;show_all&quot;:&quot;1&quot;,&quot;quantity&quot;:&quot;12&quot;,&quot;posts_per_archive_page&quot;:0,&quot;no_items_action&quot;:&quot;message&quot;,&quot;no_items_message&quot;:&quot;Aucun r\\u00e9sultat.&quot;,&quot;no_items_page_block&quot;:&quot;&quot;,&quot;pagination&quot;:&quot;none&quot;,&quot;pagination_style&quot;:&quot;&quot;,&quot;pagination_btn_text&quot;:&quot;Charger plus&quot;,&quot;pagination_btn_size&quot;:&quot;&quot;,&quot;pagination_btn_style&quot;:&quot;1&quot;,&quot;pagination_btn_fullwidth&quot;:0,&quot;items_layout&quot;:&quot;11042&quot;,&quot;type&quot;:&quot;grid&quot;,&quot;items_valign&quot;:0,&quot;ignore_items_size&quot;:0,&quot;columns&quot;:&quot;3&quot;,&quot;items_gap&quot;:&quot;1.5rem&quot;,&quot;load_animation&quot;:&quot;afc&quot;,&quot;items_preload_style&quot;:&quot;spinner&quot;,&quot;img_size&quot;:&quot;default&quot;,&quot;img_aspect_ratio&quot;:&quot;&quot;,&quot;title_size&quot;:&quot;&quot;,&quot;item_aspect_ratio&quot;:&quot;&quot;,&quot;overriding_link&quot;:&quot;%7B%22type%22%3A%22post%22%7D&quot;,&quot;popup_page_template&quot;:&quot;0&quot;,&quot;popup_width&quot;:&quot;&quot;,&quot;popup_arrows&quot;:1,&quot;breakpoint_1_width&quot;:&quot;1381px&quot;,&quot;breakpoint_1_cols&quot;:&quot;default&quot;,&quot;breakpoint_1_quantity&quot;:&quot;&quot;,&quot;breakpoint_1_gap&quot;:&quot;&quot;,&quot;breakpoint_2_width&quot;:&quot;1025px&quot;,&quot;breakpoint_2_cols&quot;:&quot;2&quot;,&quot;breakpoint_2_quantity&quot;:&quot;&quot;,&quot;breakpoint_2_gap&quot;:&quot;&quot;,&quot;breakpoint_3_width&quot;:&quot;601px&quot;,&quot;breakpoint_3_cols&quot;:&quot;1&quot;,&quot;breakpoint_3_quantity&quot;:&quot;&quot;,&quot;breakpoint_3_gap&quot;:&quot;&quot;,&quot;conditions_operator&quot;:&quot;always&quot;,&quot;conditions&quot;:[],&quot;css&quot;:null,&quot;el_class&quot;:&quot;&quot;,&quot;el_id&quot;:&quot;&quot;,&quot;enable_custom_html_atts&quot;:0,&quot;custom_html_atts&quot;:null,&quot;hide_on_states&quot;:&quot;&quot;,&quot;hide_for_sticky&quot;:0,&quot;hide_for_not_sticky&quot;:0,&quot;hide_below&quot;:&quot;0px&quot;,&quot;hide_above&quot;:&quot;0px&quot;,&quot;items_ratio&quot;:&quot;&quot;,&quot;items_ratio_width&quot;:&quot;&quot;,&quot;items_ratio_height&quot;:&quot;&quot;,&quot;classes&quot;:&quot;&quot;},&quot;found_posts&quot;:0,&quot;per_page&quot;:999},&quot;facetedFilter&quot;:[]}'><\/div><\/div><\/div><\/div><\/div><\/div><\/div><\/section><section class=\"l-section wpb_row height_huge\"><div class=\"l-section-h i-cf\"><div class=\"g-cols vc_row via_flex valign_top type_default stacking_default\"><div class=\"vc_col-sm-4 wpb_column vc_column_container\"><div class=\"vc_column-inner\"><div class=\"wpb_wrapper\"><div class=\"wpb_text_column\"><div class=\"wpb_wrapper\"><h3>Guide complet de la Biennale 2026<\/h3>\n<p>Dates, programmation, lieux, artistes, billets et recommandations pratiques dans un guide g\u00e9n\u00e9ral pour comprendre l\u2019\u00e9dition 2026.<\/p>\n<\/div><\/div><div class=\"w-btn-wrapper align_none\"><a class=\"w-btn us-btn-style_1\" href=\"https:\/\/www.tablaosflamencos.com\/fr\/biennale-flamenco-seville-2026.html\"><span class=\"w-btn-label\">Lire le guide complet<\/span><\/a><\/div><\/div><\/div><\/div><div class=\"vc_col-sm-4 wpb_column vc_column_container\"><div class=\"vc_column-inner\"><div class=\"wpb_wrapper\"><div class=\"wpb_text_column\"><div class=\"wpb_wrapper\"><h3>Nuits Uniques<\/h3>\n<p>Consultez le calendrier, les artistes et les points cl\u00e9s de l\u2019une des propositions les plus singuli\u00e8res de la programmation de la Biennale.<\/p>\n<\/div><\/div><div class=\"w-btn-wrapper align_none\"><a class=\"w-btn us-btn-style_1\" href=\"https:\/\/www.tablaosflamencos.com\/fr\/nuits-uniques-biennale-flamenco-seville-2026.html\"><span class=\"w-btn-label\">Voir les Nuits Uniques<\/span><\/a><\/div><\/div><\/div><\/div><div class=\"vc_col-sm-4 wpb_column vc_column_container\"><div class=\"vc_column-inner\"><div class=\"wpb_wrapper\"><div class=\"wpb_text_column\"><div class=\"wpb_wrapper\"><h3>Biennale gratuite<\/h3>\n<p>D\u00e9couvrez des spectacles, expositions et activit\u00e9s gratuites pour profiter de l\u2019ambiance de la Biennale sans d\u00e9pendre uniquement des repr\u00e9sentations payantes.<\/p>\n<\/div><\/div><div class=\"w-btn-wrapper align_none\"><a class=\"w-btn us-btn-style_1\" href=\"https:\/\/www.tablaosflamencos.com\/fr\/biennale-flamenco-seville-2026-gratuite.html\"><span class=\"w-btn-label\">Voir les activit\u00e9s gratuites<\/span><\/a><\/div><\/div><\/div><\/div><\/div><\/div><\/section><section class=\"l-section wpb_row height_huge color_alternate with_shape\"><div class=\"l-section-shape type_zigzag pos_top\" style=\"height:3vmin;\"><svg xmlns=\"http:\/\/www.w3.org\/2000\/svg\" viewBox=\"0 0 64 8\" preserveAspectRatio=\"none\" width=\"100%\" height=\"100%\">\r\n\t<path fill=\"currentColor\" d=\"M64 8 L0 8 L0 0 L20 7.9 L40 3 L48 5 L64 0 Z\"\/>\r\n<\/svg><\/div><div class=\"l-section-shape type_zigzag pos_bottom\" style=\"height:3vmin;\"><svg xmlns=\"http:\/\/www.w3.org\/2000\/svg\" viewBox=\"0 0 64 8\" preserveAspectRatio=\"none\" width=\"100%\" height=\"100%\">\r\n\t<path fill=\"currentColor\" d=\"M64 8 L0 8 L0 0 L20 7.9 L40 3 L48 5 L64 0 Z\"\/>\r\n<\/svg><\/div><div class=\"l-section-h i-cf\"><div class=\"g-cols vc_row via_flex valign_top type_default stacking_default\"><div class=\"vc_col-sm-6 wpb_column vc_column_container\"><div class=\"vc_column-inner\"><div class=\"wpb_wrapper\"><div class=\"wpb_text_column\"><div class=\"wpb_wrapper\"><h2>Bien plus que la programmation officielle<\/h2>\n<p>La Biennale transforme S\u00e9ville pendant plusieurs semaines. En plus des repr\u00e9sentations principales, la ville accueille des expositions, des activit\u00e9s parall\u00e8les, des propositions gratuites et des rencontres li\u00e9es au flamenco.<\/p>\n<p>Notre couverture int\u00e9grera progressivement des contenus sp\u00e9cifiques sur les <strong>grandes premi\u00e8res, artistes, lieux, expositions, activit\u00e9s en amont et opportunit\u00e9s de derni\u00e8re minute<\/strong>. Cette landing page servira d\u2019index vivant de tout ce qu\u2019il faut savoir sur chaque \u00e9dition.<\/p>\n<\/div><\/div><\/div><\/div><\/div><div class=\"vc_col-sm-6 wpb_column vc_column_container\"><div class=\"vc_column-inner\"><div class=\"wpb_wrapper\"><div class=\"wpb_text_column\"><div class=\"wpb_wrapper\"><h2>Vous voyagez \u00e0 S\u00e9ville pendant la Biennale ?<\/h2>\n<p>La programmation officielle peut se combiner avec l\u2019offre flamenca permanente de la ville. Si vous ne trouvez pas de billets pour une repr\u00e9sentation, si vous avez une soir\u00e9e libre ou si vous souhaitez comparer le format d\u2019un grand th\u00e9\u00e2tre avec une exp\u00e9rience plus intime, vous pouvez \u00e9galement r\u00e9server un tablao flamenco.<\/p>\n<p>Sur Tablaos Flamencos, nous r\u00e9unissons diff\u00e9rentes options \u00e0 S\u00e9ville pour consulter les horaires, les caract\u00e9ristiques et les disponibilit\u00e9s.<\/p>\n<\/div><\/div><div class=\"w-btn-wrapper align_none\"><a class=\"w-btn us-btn-style_1\" href=\"https:\/\/www.tablaosflamencos.com\/fr\/flamenco-a-seville\"><span class=\"w-btn-label\">Voir du flamenco \u00e0 S\u00e9ville<\/span><\/a><\/div><\/div><\/div><\/div><\/div><\/div><\/section><section class=\"l-section wpb_row height_huge width_custom\" style=\"--site-content-width:850px;\"><div class=\"l-section-h i-cf\"><div class=\"g-cols vc_row via_flex valign_top type_default stacking_default\"><div class=\"vc_col-sm-1\/5 wpb_column vc_column_container\"><div class=\"vc_column-inner\"><div class=\"wpb_wrapper\"><\/div><\/div><\/div><div class=\"vc_col-sm-3\/5 wpb_column vc_column_container\"><div class=\"vc_column-inner\"><div class=\"wpb_wrapper\"><div class=\"wpb_text_column\"><div class=\"wpb_wrapper\"><h2 style=\"text-align: center;\">Questions fr\u00e9quentes sur la Biennale de Flamenco de S\u00e9ville<\/h2>\n<\/div><\/div><div class=\"w-separator size_medium\"><\/div><div class=\"w-tabs accordion toggle_style_1 has_scrolling\" style=\"--sections-title-size:inherit;--sections-gap:0.5rem;\"><div class=\"w-tabs-sections titles-align_none icon_chevron cpos_right\"><div class=\"w-tabs-section\" id=\"c986\"><button type=\"button\" class=\"w-tabs-section-header\" aria-controls=\"content-c986\" aria-expanded=\"false\"><div class=\"w-tabs-section-title\">Qu\u2019est-ce que la Biennale de Flamenco de S\u00e9ville ?<\/div><div class=\"w-tabs-section-control\"><\/div><\/button><div  class=\"w-tabs-section-content\" id=\"content-c986\"><div class=\"w-tabs-section-content-h i-cf\"><div class=\"wpb_text_column\"><div class=\"wpb_wrapper\"><p>C\u2019est l\u2019un des grands festivals internationaux consacr\u00e9s au flamenco. Organis\u00e9e tous les deux ans \u00e0 S\u00e9ville, elle r\u00e9unit des spectacles de chant, de danse et de guitare, de nouvelles productions, des premi\u00e8res et des activit\u00e9s culturelles dans diff\u00e9rents lieux de la ville.<\/p>\n<\/div><\/div><\/div><\/div><\/div><div class=\"w-tabs-section\" id=\"ca70\"><button type=\"button\" class=\"w-tabs-section-header\" aria-controls=\"content-ca70\" aria-expanded=\"false\"><div class=\"w-tabs-section-title\">Quand a lieu la Biennale de Flamenco de S\u00e9ville 2026 ?<\/div><div class=\"w-tabs-section-control\"><\/div><\/button><div  class=\"w-tabs-section-content\" id=\"content-ca70\"><div class=\"w-tabs-section-content-h i-cf\"><div class=\"wpb_text_column\"><div class=\"wpb_wrapper\"><p>La XXIVe Biennale de Flamenco de S\u00e9ville se d\u00e9roule du 9 septembre au 3 octobre 2026.<\/p>\n<\/div><\/div><\/div><\/div><\/div><div class=\"w-tabs-section\" id=\"pb45\"><button type=\"button\" class=\"w-tabs-section-header\" aria-controls=\"content-pb45\" aria-expanded=\"false\"><div class=\"w-tabs-section-title\">O\u00f9 puis-je consulter les derni\u00e8res actualit\u00e9s de la Biennale ?<\/div><div class=\"w-tabs-section-control\"><\/div><\/button><div  class=\"w-tabs-section-content\" id=\"content-pb45\"><div class=\"w-tabs-section-content-h i-cf\"><div class=\"wpb_text_column\"><div class=\"wpb_wrapper\"><p>Cette page centralise toutes les publications de Tablaos Flamencos consacr\u00e9es \u00e0 la Biennale : programmation, artistes, premi\u00e8res, expositions, activit\u00e9s gratuites, billets et recommandations pratiques.<\/p>\n<\/div><\/div><\/div><\/div><\/div><div class=\"w-tabs-section\" id=\"hc12\"><button type=\"button\" class=\"w-tabs-section-header\" aria-controls=\"content-hc12\" aria-expanded=\"false\"><div class=\"w-tabs-section-title\">Que faire si je n\u2019obtiens pas de billets pour la Biennale ?<\/div><div class=\"w-tabs-section-control\"><\/div><\/button><div  class=\"w-tabs-section-content\" id=\"content-hc12\"><div class=\"w-tabs-section-content-h i-cf\"><div class=\"wpb_text_column\"><div class=\"wpb_wrapper\"><p>En plus des activit\u00e9s gratuites et parall\u00e8les de la Biennale, S\u00e9ville propose toute l\u2019ann\u00e9e un large choix de tablaos flamencos. C\u2019est une alternative pratique pour compl\u00e9ter une soir\u00e9e sans repr\u00e9sentation ou lorsqu\u2019un spectacle officiel affiche complet.<\/p>\n<\/div><\/div><\/div><\/div><\/div><\/div><\/div><\/div><\/div><\/div><div class=\"vc_col-sm-1\/5 wpb_column vc_column_container\"><div class=\"vc_column-inner\"><div class=\"wpb_wrapper\"><\/div><\/div><\/div><\/div><\/div><\/section><section class=\"l-section wpb_row height_huge color_alternate with_shape\"><div class=\"l-section-shape type_zigzag pos_top\" style=\"height:3vmin;\"><svg xmlns=\"http:\/\/www.w3.org\/2000\/svg\" viewBox=\"0 0 64 8\" preserveAspectRatio=\"none\" width=\"100%\" height=\"100%\">\r\n\t<path fill=\"currentColor\" d=\"M64 8 L0 8 L0 0 L20 7.9 L40 3 L48 5 L64 0 Z\"\/>\r\n<\/svg><\/div><div class=\"l-section-h i-cf\"><div class=\"g-cols vc_row via_flex valign_top type_default stacking_default\"><div class=\"vc_col-sm-12 wpb_column vc_column_container\"><div class=\"vc_column-inner\"><div class=\"wpb_wrapper\"><div class=\"wpb_text_column\"><div class=\"wpb_wrapper\"><h2 style=\"text-align: center;\">Suivez toute la Biennale avec Tablaos Flamencos<\/h2>\n<p style=\"text-align: center;\">Nous mettrons cette page \u00e0 jour avec de nouveaux guides et actualit\u00e9s au fil de l\u2019\u00e9dition. Gardez cet espace comme r\u00e9f\u00e9rence pour suivre la Biennale de Flamenco de S\u00e9ville et organiser votre exp\u00e9rience flamenca dans la ville.<\/p>\n<\/div><\/div><div class=\"w-separator size_medium\"><\/div><div class=\"w-hwrapper valign_top wrap stack_on_mobiles align_center\" style=\"--hwrapper-gap:1.2rem\"><div class=\"w-btn-wrapper align_none\"><a class=\"w-btn us-btn-style_1\" href=\"#actualidad-bienal\"><span class=\"w-btn-label\">Voir tous les articles de la Biennale<\/span><\/a><\/div><div class=\"w-btn-wrapper align_none\"><a class=\"w-btn us-btn-style_11\" href=\"https:\/\/www.tablaosflamencos.com\/fr\/flamenco-a-seville\"><span class=\"w-btn-label\">R\u00e9server du flamenco \u00e0 S\u00e9ville<\/span><\/a><\/div><\/div><\/div><\/div><\/div><\/div><\/div><\/section>\n","protected":false},"excerpt":{"rendered":"Biennale de flamenco de S\u00e9ville 2026 : un rendez-vous majeur du flamenco international La Biennale de flamenco de S\u00e9ville 2026 fera une nouvelle fois de la capitale andalouse l\u2019un des grands centres internationaux de l\u2019art flamenco. Du 9 septembre au 3 octobre 2026, S\u00e9ville accueillera une programmation particuli\u00e8rement dense m\u00ealant chant, danse, guitare, cr\u00e9ations mondiales,...","protected":false},"author":1,"featured_media":13031,"parent":0,"menu_order":0,"comment_status":"closed","ping_status":"closed","template":"","meta":{"_acf_changed":false,"wpai_generated_summary":"","_ayudawp_aiss_exclude":false,"_ayudawp_aiss_exclude_summary":false,"footnotes":""},"class_list":["post-13599","page","type-page","status-publish","has-post-thumbnail","hentry"],"acf":[],"yoast_head":"<!-- This site is optimized with the Yoast SEO Premium plugin v28.3 (Yoast SEO v28.3) - https:\/\/yoast.com\/product\/yoast-seo-premium-wordpress\/ -->\n<title>Biennale de Flamenco de S\u00e9ville 2026 : actualit\u00e9s et guides<\/title>\n<meta name=\"description\" content=\"Suivez la Biennale de Flamenco de S\u00e9ville 2026 : actualit\u00e9s, programmation, artistes, premi\u00e8res, billets, activit\u00e9s et guides pratiques.\" \/>\n<meta name=\"robots\" content=\"index, follow, max-snippet:-1, max-image-preview:large, max-video-preview:-1\" \/>\n<link rel=\"canonical\" href=\"https:\/\/www.tablaosflamencos.com\/fr\/biennale-flamenco-seville\" \/>\n<meta property=\"og:locale\" content=\"fr_FR\" \/>\n<meta property=\"og:type\" content=\"article\" \/>\n<meta property=\"og:title\" content=\"Biennale de Flamenco de S\u00e9ville\" \/>\n<meta property=\"og:description\" content=\"Suivez la Biennale de Flamenco de S\u00e9ville 2026 : actualit\u00e9s, programmation, artistes, premi\u00e8res, billets, activit\u00e9s et guides pratiques.\" \/>\n<meta property=\"og:url\" content=\"https:\/\/www.tablaosflamencos.com\/fr\/biennale-flamenco-seville\" \/>\n<meta property=\"og:site_name\" content=\"Tablaos Flamencos\" \/>\n<meta property=\"article:publisher\" content=\"https:\/\/www.facebook.com\/tablaosflamencos\" \/>\n<meta property=\"article:modified_time\" content=\"2026-08-31T13:15:03+00:00\" \/>\n<meta property=\"og:image\" content=\"https:\/\/www.tablaosflamencos.com\/wp-content\/uploads\/bienal-de-flamenco-de-sevilla-2026-programacion-fechas-espacios-y-guia-completa-01.webp\" \/>\n\t<meta property=\"og:image:width\" content=\"1920\" \/>\n\t<meta property=\"og:image:height\" content=\"1072\" \/>\n\t<meta property=\"og:image:type\" content=\"image\/webp\" \/>\n<meta name=\"twitter:card\" content=\"summary_large_image\" \/>\n<meta name=\"twitter:site\" content=\"@tablaosflamenco\" \/>\n<meta name=\"twitter:label1\" content=\"Dur\u00e9e de lecture estim\u00e9e\" \/>\n\t<meta name=\"twitter:data1\" content=\"7 minutes\" \/>\n<script type=\"application\/ld+json\" class=\"yoast-schema-graph\">{\"@context\":\"https:\\\/\\\/schema.org\",\"@graph\":[{\"@type\":\"WebPage\",\"@id\":\"https:\\\/\\\/www.tablaosflamencos.com\\\/fr\\\/biennale-flamenco-seville\",\"url\":\"https:\\\/\\\/www.tablaosflamencos.com\\\/fr\\\/biennale-flamenco-seville\",\"name\":\"Biennale de Flamenco de S\u00e9ville 2026 : actualit\u00e9s et guides\",\"isPartOf\":{\"@id\":\"https:\\\/\\\/www.tablaosflamencos.com\\\/fr#website\"},\"primaryImageOfPage\":{\"@id\":\"https:\\\/\\\/www.tablaosflamencos.com\\\/fr\\\/biennale-flamenco-seville#primaryimage\"},\"image\":{\"@id\":\"https:\\\/\\\/www.tablaosflamencos.com\\\/fr\\\/biennale-flamenco-seville#primaryimage\"},\"thumbnailUrl\":\"https:\\\/\\\/www.tablaosflamencos.com\\\/wp-content\\\/uploads\\\/bienal-de-flamenco-de-sevilla-2026-programacion-fechas-espacios-y-guia-completa-01.webp\",\"datePublished\":\"2026-08-31T13:04:28+00:00\",\"dateModified\":\"2026-08-31T13:15:03+00:00\",\"description\":\"Suivez la Biennale de Flamenco de S\u00e9ville 2026 : actualit\u00e9s, programmation, artistes, premi\u00e8res, billets, activit\u00e9s et guides pratiques.\",\"breadcrumb\":{\"@id\":\"https:\\\/\\\/www.tablaosflamencos.com\\\/fr\\\/biennale-flamenco-seville#breadcrumb\"},\"inLanguage\":\"fr-FR\",\"potentialAction\":[{\"@type\":\"ReadAction\",\"target\":[\"https:\\\/\\\/www.tablaosflamencos.com\\\/fr\\\/biennale-flamenco-seville\"]}]},{\"@type\":\"ImageObject\",\"inLanguage\":\"fr-FR\",\"@id\":\"https:\\\/\\\/www.tablaosflamencos.com\\\/fr\\\/biennale-flamenco-seville#primaryimage\",\"url\":\"https:\\\/\\\/www.tablaosflamencos.com\\\/wp-content\\\/uploads\\\/bienal-de-flamenco-de-sevilla-2026-programacion-fechas-espacios-y-guia-completa-01.webp\",\"contentUrl\":\"https:\\\/\\\/www.tablaosflamencos.com\\\/wp-content\\\/uploads\\\/bienal-de-flamenco-de-sevilla-2026-programacion-fechas-espacios-y-guia-completa-01.webp\",\"width\":1920,\"height\":1072,\"caption\":\"Bienal de Flamenco de Sevilla 2026: programaci\u00f3n, fechas, espacios y gu\u00eda completa\"},{\"@type\":\"BreadcrumbList\",\"@id\":\"https:\\\/\\\/www.tablaosflamencos.com\\\/fr\\\/biennale-flamenco-seville#breadcrumb\",\"itemListElement\":[{\"@type\":\"ListItem\",\"position\":1,\"name\":\"Home\",\"item\":\"https:\\\/\\\/www.tablaosflamencos.com\\\/fr\"},{\"@type\":\"ListItem\",\"position\":2,\"name\":\"Biennale de Flamenco de S\u00e9ville\"}]},{\"@type\":\"WebSite\",\"@id\":\"https:\\\/\\\/www.tablaosflamencos.com\\\/fr#website\",\"url\":\"https:\\\/\\\/www.tablaosflamencos.com\\\/fr\",\"name\":\"Tablaos Flamencos\",\"description\":\"Entradas para tablaos flamencos de Espa\u00f1a\",\"publisher\":{\"@id\":\"https:\\\/\\\/www.tablaosflamencos.com\\\/fr#organization\"},\"alternateName\":\"Tablaos Flamencos\",\"potentialAction\":[{\"@type\":\"SearchAction\",\"target\":{\"@type\":\"EntryPoint\",\"urlTemplate\":\"https:\\\/\\\/www.tablaosflamencos.com\\\/fr?s={search_term_string}\"},\"query-input\":{\"@type\":\"PropertyValueSpecification\",\"valueRequired\":true,\"valueName\":\"search_term_string\"}}],\"inLanguage\":\"fr-FR\"},{\"@type\":[\"Organization\",\"Place\",\"EntertainmentBusiness\"],\"@id\":\"https:\\\/\\\/www.tablaosflamencos.com\\\/fr#organization\",\"name\":\"Tablaos Flamencos\",\"alternateName\":\"Tablaos Flamencos\",\"url\":\"https:\\\/\\\/www.tablaosflamencos.com\\\/fr\",\"logo\":{\"@id\":\"https:\\\/\\\/www.tablaosflamencos.com\\\/fr\\\/biennale-flamenco-seville#local-main-organization-logo\"},\"image\":{\"@id\":\"https:\\\/\\\/www.tablaosflamencos.com\\\/fr\\\/biennale-flamenco-seville#local-main-organization-logo\"},\"sameAs\":[\"https:\\\/\\\/www.facebook.com\\\/tablaosflamencos\",\"https:\\\/\\\/x.com\\\/tablaosflamenco\",\"https:\\\/\\\/mastodon.social\\\/@tablaosflamencos\",\"https:\\\/\\\/www.instagram.com\\\/tablaosflamencos\",\"https:\\\/\\\/tiktok.com\\\/@tablaosflamencos\",\"https:\\\/\\\/www.linkedin.com\\\/company\\\/109408238\\\/\"],\"description\":\"Venta de entradas para espect\u00e1culos flamencos\",\"legalName\":\"Tablaos Flamencos\",\"foundingDate\":\"2015-01-01\",\"numberOfEmployees\":{\"@type\":\"QuantitativeValue\",\"minValue\":\"1\",\"maxValue\":\"10\"},\"address\":{\"@id\":\"https:\\\/\\\/www.tablaosflamencos.com\\\/fr\\\/biennale-flamenco-seville#local-main-place-address\"},\"geo\":{\"@type\":\"GeoCoordinates\",\"latitude\":\"37.3868072\",\"longitude\":\"-5.993280299999999\"},\"telephone\":[\"+34623787787\"],\"contactPoint\":{\"@type\":\"ContactPoint\",\"telephone\":\"+34623787787\",\"email\":\"info@tablaosflamencos.com\"},\"openingHoursSpecification\":{\"@type\":\"OpeningHoursSpecification\",\"dayOfWeek\":[\"Monday\",\"Tuesday\",\"Wednesday\",\"Thursday\",\"Friday\",\"Saturday\",\"Sunday\"],\"opens\":\"00:00\",\"closes\":\"23:59\"},\"email\":\"info@tablaosflamencos.com\",\"priceRange\":\"$$$\",\"currenciesAccepted\":\"\u20ac\"},{\"@type\":\"PostalAddress\",\"@id\":\"https:\\\/\\\/www.tablaosflamencos.com\\\/fr\\\/biennale-flamenco-seville#local-main-place-address\",\"streetAddress\":\"C\\\/ Alemanes, 19\",\"addressLocality\":\"Sevilla\",\"postalCode\":\"41004\",\"addressRegion\":\"Sevilla\",\"addressCountry\":\"ES\"},{\"@type\":\"ImageObject\",\"inLanguage\":\"fr-FR\",\"@id\":\"https:\\\/\\\/www.tablaosflamencos.com\\\/fr\\\/biennale-flamenco-seville#local-main-organization-logo\",\"url\":\"https:\\\/\\\/www.tablaosflamencos.com\\\/wp-content\\\/uploads\\\/tablaos-flamencos-06-3.webp\",\"contentUrl\":\"https:\\\/\\\/www.tablaosflamencos.com\\\/wp-content\\\/uploads\\\/tablaos-flamencos-06-3.webp\",\"width\":600,\"height\":620,\"caption\":\"Tablaos Flamencos\"}]}<\/script>\n<meta name=\"geo.placename\" content=\"Sevilla\" \/>\n<meta name=\"geo.position\" content=\"37.3868072;-5.993280299999999\" \/>\n<meta name=\"geo.region\" content=\"Espagne\" \/>\n<!-- \/ Yoast SEO Premium plugin. -->","yoast_head_json":{"title":"Biennale de Flamenco de S\u00e9ville 2026 : actualit\u00e9s et guides","description":"Suivez la Biennale de Flamenco de S\u00e9ville 2026 : actualit\u00e9s, programmation, artistes, premi\u00e8res, billets, activit\u00e9s et guides pratiques.","robots":{"index":"index","follow":"follow","max-snippet":"max-snippet:-1","max-image-preview":"max-image-preview:large","max-video-preview":"max-video-preview:-1"},"canonical":"https:\/\/www.tablaosflamencos.com\/fr\/biennale-flamenco-seville","og_locale":"fr_FR","og_type":"article","og_title":"Biennale de Flamenco de S\u00e9ville","og_description":"Suivez la Biennale de Flamenco de S\u00e9ville 2026 : actualit\u00e9s, programmation, artistes, premi\u00e8res, billets, activit\u00e9s et guides pratiques.","og_url":"https:\/\/www.tablaosflamencos.com\/fr\/biennale-flamenco-seville","og_site_name":"Tablaos Flamencos","article_publisher":"https:\/\/www.facebook.com\/tablaosflamencos","article_modified_time":"2026-08-31T13:15:03+00:00","og_image":[{"width":1920,"height":1072,"url":"https:\/\/www.tablaosflamencos.com\/wp-content\/uploads\/bienal-de-flamenco-de-sevilla-2026-programacion-fechas-espacios-y-guia-completa-01.webp","type":"image\/webp"}],"twitter_card":"summary_large_image","twitter_site":"@tablaosflamenco","twitter_misc":{"Dur\u00e9e de lecture estim\u00e9e":"7 minutes"},"schema":{"@context":"https:\/\/schema.org","@graph":[{"@type":"WebPage","@id":"https:\/\/www.tablaosflamencos.com\/fr\/biennale-flamenco-seville","url":"https:\/\/www.tablaosflamencos.com\/fr\/biennale-flamenco-seville","name":"Biennale de Flamenco de S\u00e9ville 2026 : actualit\u00e9s et guides","isPartOf":{"@id":"https:\/\/www.tablaosflamencos.com\/fr#website"},"primaryImageOfPage":{"@id":"https:\/\/www.tablaosflamencos.com\/fr\/biennale-flamenco-seville#primaryimage"},"image":{"@id":"https:\/\/www.tablaosflamencos.com\/fr\/biennale-flamenco-seville#primaryimage"},"thumbnailUrl":"https:\/\/www.tablaosflamencos.com\/wp-content\/uploads\/bienal-de-flamenco-de-sevilla-2026-programacion-fechas-espacios-y-guia-completa-01.webp","datePublished":"2026-08-31T13:04:28+00:00","dateModified":"2026-08-31T13:15:03+00:00","description":"Suivez la Biennale de Flamenco de S\u00e9ville 2026 : actualit\u00e9s, programmation, artistes, premi\u00e8res, billets, activit\u00e9s et guides pratiques.","breadcrumb":{"@id":"https:\/\/www.tablaosflamencos.com\/fr\/biennale-flamenco-seville#breadcrumb"},"inLanguage":"fr-FR","potentialAction":[{"@type":"ReadAction","target":["https:\/\/www.tablaosflamencos.com\/fr\/biennale-flamenco-seville"]}]},{"@type":"ImageObject","inLanguage":"fr-FR","@id":"https:\/\/www.tablaosflamencos.com\/fr\/biennale-flamenco-seville#primaryimage","url":"https:\/\/www.tablaosflamencos.com\/wp-content\/uploads\/bienal-de-flamenco-de-sevilla-2026-programacion-fechas-espacios-y-guia-completa-01.webp","contentUrl":"https:\/\/www.tablaosflamencos.com\/wp-content\/uploads\/bienal-de-flamenco-de-sevilla-2026-programacion-fechas-espacios-y-guia-completa-01.webp","width":1920,"height":1072,"caption":"Bienal de Flamenco de Sevilla 2026: programaci\u00f3n, fechas, espacios y gu\u00eda completa"},{"@type":"BreadcrumbList","@id":"https:\/\/www.tablaosflamencos.com\/fr\/biennale-flamenco-seville#breadcrumb","itemListElement":[{"@type":"ListItem","position":1,"name":"Home","item":"https:\/\/www.tablaosflamencos.com\/fr"},{"@type":"ListItem","position":2,"name":"Biennale de Flamenco de S\u00e9ville"}]},{"@type":"WebSite","@id":"https:\/\/www.tablaosflamencos.com\/fr#website","url":"https:\/\/www.tablaosflamencos.com\/fr","name":"Tablaos Flamencos","description":"Entradas para tablaos flamencos de Espa\u00f1a","publisher":{"@id":"https:\/\/www.tablaosflamencos.com\/fr#organization"},"alternateName":"Tablaos Flamencos","potentialAction":[{"@type":"SearchAction","target":{"@type":"EntryPoint","urlTemplate":"https:\/\/www.tablaosflamencos.com\/fr?s={search_term_string}"},"query-input":{"@type":"PropertyValueSpecification","valueRequired":true,"valueName":"search_term_string"}}],"inLanguage":"fr-FR"},{"@type":["Organization","Place","EntertainmentBusiness"],"@id":"https:\/\/www.tablaosflamencos.com\/fr#organization","name":"Tablaos Flamencos","alternateName":"Tablaos Flamencos","url":"https:\/\/www.tablaosflamencos.com\/fr","logo":{"@id":"https:\/\/www.tablaosflamencos.com\/fr\/biennale-flamenco-seville#local-main-organization-logo"},"image":{"@id":"https:\/\/www.tablaosflamencos.com\/fr\/biennale-flamenco-seville#local-main-organization-logo"},"sameAs":["https:\/\/www.facebook.com\/tablaosflamencos","https:\/\/x.com\/tablaosflamenco","https:\/\/mastodon.social\/@tablaosflamencos","https:\/\/www.instagram.com\/tablaosflamencos","https:\/\/tiktok.com\/@tablaosflamencos","https:\/\/www.linkedin.com\/company\/109408238\/"],"description":"Venta de entradas para espect\u00e1culos flamencos","legalName":"Tablaos Flamencos","foundingDate":"2015-01-01","numberOfEmployees":{"@type":"QuantitativeValue","minValue":"1","maxValue":"10"},"address":{"@id":"https:\/\/www.tablaosflamencos.com\/fr\/biennale-flamenco-seville#local-main-place-address"},"geo":{"@type":"GeoCoordinates","latitude":"37.3868072","longitude":"-5.993280299999999"},"telephone":["+34623787787"],"contactPoint":{"@type":"ContactPoint","telephone":"+34623787787","email":"info@tablaosflamencos.com"},"openingHoursSpecification":{"@type":"OpeningHoursSpecification","dayOfWeek":["Monday","Tuesday","Wednesday","Thursday","Friday","Saturday","Sunday"],"opens":"00:00","closes":"23:59"},"email":"info@tablaosflamencos.com","priceRange":"$$$","currenciesAccepted":"\u20ac"},{"@type":"PostalAddress","@id":"https:\/\/www.tablaosflamencos.com\/fr\/biennale-flamenco-seville#local-main-place-address","streetAddress":"C\/ Alemanes, 19","addressLocality":"Sevilla","postalCode":"41004","addressRegion":"Sevilla","addressCountry":"ES"},{"@type":"ImageObject","inLanguage":"fr-FR","@id":"https:\/\/www.tablaosflamencos.com\/fr\/biennale-flamenco-seville#local-main-organization-logo","url":"https:\/\/www.tablaosflamencos.com\/wp-content\/uploads\/tablaos-flamencos-06-3.webp","contentUrl":"https:\/\/www.tablaosflamencos.com\/wp-content\/uploads\/tablaos-flamencos-06-3.webp","width":600,"height":620,"caption":"Tablaos Flamencos"}]},"geo.placename":"Sevilla","geo.position":{"lat":"37.3868072","long":"-5.993280299999999"},"geo.region":"Espagne"},"_links":{"self":[{"href":"https:\/\/www.tablaosflamencos.com\/fr\/wp-json\/wp\/v2\/pages\/13599","targetHints":{"allow":["GET"]}}],"collection":[{"href":"https:\/\/www.tablaosflamencos.com\/fr\/wp-json\/wp\/v2\/pages"}],"about":[{"href":"https:\/\/www.tablaosflamencos.com\/fr\/wp-json\/wp\/v2\/types\/page"}],"author":[{"embeddable":true,"href":"https:\/\/www.tablaosflamencos.com\/fr\/wp-json\/wp\/v2\/users\/1"}],"replies":[{"embeddable":true,"href":"https:\/\/www.tablaosflamencos.com\/fr\/wp-json\/wp\/v2\/comments?post=13599"}],"version-history":[{"count":1,"href":"https:\/\/www.tablaosflamencos.com\/fr\/wp-json\/wp\/v2\/pages\/13599\/revisions"}],"predecessor-version":[{"id":13607,"href":"https:\/\/www.tablaosflamencos.com\/fr\/wp-json\/wp\/v2\/pages\/13599\/revisions\/13607"}],"wp:featuredmedia":[{"embeddable":true,"href":"https:\/\/www.tablaosflamencos.com\/fr\/wp-json\/wp\/v2\/media\/13031"}],"wp:attachment":[{"href":"https:\/\/www.tablaosflamencos.com\/fr\/wp-json\/wp\/v2\/media?parent=13599"}],"curies":[{"name":"wp","href":"https:\/\/api.w.org\/{rel}","templated":true}]}}