{"id":13600,"date":"2026-08-31T15:04:28","date_gmt":"2026-08-31T13:04:28","guid":{"rendered":"https:\/\/www.tablaosflamencos.com\/?page_id=13600"},"modified":"2026-08-31T15:15:45","modified_gmt":"2026-08-31T13:15:45","slug":"flamenco-biennale-sevilla","status":"publish","type":"page","link":"https:\/\/www.tablaosflamencos.com\/de\/flamenco-biennale-sevilla","title":{"rendered":"Flamenco-Biennale von Sevilla"},"content":{"rendered":"<section class=\"l-section wpb_row height_huge color_primary with_img with_shape\"><div class=\"l-section-img\" role=\"img\" aria-label=\"Bienal de Flamenco de Sevilla 2026: programaci\u00f3n, fechas, espacios y gu\u00eda completa\" data-img-width=\"1920\" data-img-height=\"1072\" style=\"background-image: url(https:\/\/www.tablaosflamencos.com\/wp-content\/uploads\/bienal-de-flamenco-de-sevilla-2026-programacion-fechas-espacios-y-guia-completa-01.webp);\"><\/div><div class=\"l-section-overlay\" style=\"background:rgba(0,0,0,0.55)\"><\/div><div class=\"l-section-shape type_zigzag pos_bottom\" style=\"height:3vmin;\"><svg xmlns=\"http:\/\/www.w3.org\/2000\/svg\" viewBox=\"0 0 64 8\" preserveAspectRatio=\"none\" width=\"100%\" height=\"100%\">\r\n\t<path fill=\"currentColor\" d=\"M64 8 L0 8 L0 0 L20 7.9 L40 3 L48 5 L64 0 Z\"\/>\r\n<\/svg><\/div><div class=\"l-section-h i-cf\"><div class=\"g-cols vc_row via_flex valign_top type_default stacking_default\"><div class=\"vc_col-sm-12 wpb_column vc_column_container\"><div class=\"vc_column-inner\"><div class=\"wpb_wrapper\"><h1 class=\"w-post-elm post_title align_center color_link_inherit\">Flamenco-Biennale von Sevilla<\/h1><div class=\"wpb_text_column\"><div class=\"wpb_wrapper\"><p style=\"text-align: center; text-transform: uppercase;\">Guides, Neuigkeiten, Programm und wichtige Informationen f\u00fcr das gro\u00dfe Flamenco-Ereignis in Sevilla<\/p>\n<\/div><\/div><div class=\"w-separator size_small\"><\/div><div class=\"w-hwrapper valign_top wrap stack_on_mobiles align_center\" style=\"--hwrapper-gap:1.2rem\"><div class=\"w-btn-wrapper align_none\"><a class=\"w-btn us-btn-style_1\" href=\"#actualidad-bienal\"><span class=\"w-btn-label\">Alle Artikel ansehen<\/span><\/a><\/div><div class=\"w-btn-wrapper align_none\"><a class=\"w-btn us-btn-style_4\" href=\"https:\/\/www.tablaosflamencos.com\/de\/flamenco-biennale-sevilla-2026.html\"><span class=\"w-btn-label\">Kompletter Biennale-Guide 2026<\/span><\/a><\/div><\/div><\/div><\/div><\/div><\/div><\/div><\/section><section class=\"l-section wpb_row height_huge color_alternate with_shape\"><div class=\"l-section-shape type_zigzag pos_bottom\" style=\"height:3vmin;\"><svg xmlns=\"http:\/\/www.w3.org\/2000\/svg\" viewBox=\"0 0 64 8\" preserveAspectRatio=\"none\" width=\"100%\" height=\"100%\">\r\n\t<path fill=\"currentColor\" d=\"M64 8 L0 8 L0 0 L20 7.9 L40 3 L48 5 L64 0 Z\"\/>\r\n<\/svg><\/div><div class=\"l-section-h i-cf\"><div class=\"g-cols vc_row via_flex valign_top type_default stacking_default\"><div class=\"vc_col-sm-6 wpb_column vc_column_container\"><div class=\"vc_column-inner\"><div class=\"wpb_wrapper\"><div class=\"wpb_text_column\"><div class=\"wpb_wrapper\"><h2>Flamenco-Biennale von Sevilla<\/h2>\n<p>Die <strong>Flamenco-Biennale von Sevilla<\/strong> ist eines der gro\u00dfen internationalen Ereignisse der Flamenco-Kunst. Alle zwei Jahre bringt die Stadt etablierte Gr\u00f6\u00dfen, neue Generationen und K\u00fcnstler verschiedener Disziplinen in Theatern, historischen Spielst\u00e4tten und urbanen R\u00e4umen zusammen.<\/p>\n<p>Diese Seite ist der zentrale Ausgangspunkt f\u00fcr unsere gesamte Berichterstattung \u00fcber die Biennale: <strong>Programm, K\u00fcnstler, Premieren, Tickets, kostenlose Aktivit\u00e4ten, Ausstellungen, Spielst\u00e4tten und praktische Tipps<\/strong> f\u00fcr alle, die das Festival in Sevilla erleben oder eigens daf\u00fcr anreisen.<\/p>\n<\/div><\/div><\/div><\/div><\/div><div class=\"vc_col-sm-6 wpb_column vc_column_container\"><div class=\"vc_column-inner\"><div class=\"wpb_wrapper\"><div class=\"wpb_text_column\"><div class=\"wpb_wrapper\"><h2>Die Ausgabe 2026<\/h2>\n<p>Die 24. Biennale findet vom <strong>9. September bis 3. Oktober 2026<\/strong> statt. Je n\u00e4her die Termine r\u00fccken und je mehr Neuigkeiten bekannt werden, desto weiter werden wir diese Landingpage um neue spezielle Guides erg\u00e4nzen.<\/p>\n<p>Die Idee ist einfach: Nutzen Sie diese Seite als laufend aktualisierten \u00dcberblick, um die Biennale zu verfolgen, besondere H\u00f6hepunkte zu entdecken und Ihren Besuch in Sevilla zu planen.<\/p>\n<\/div><\/div><\/div><\/div><\/div><\/div><\/div><\/section><section class=\"l-section wpb_row height_huge\"><div class=\"l-section-h i-cf\"><div class=\"g-cols vc_row via_flex valign_top type_default stacking_default\"><div class=\"vc_col-sm-12 wpb_column vc_column_container\"><div class=\"vc_column-inner\"><div class=\"wpb_wrapper\"><div class=\"wpb_text_column\"><div class=\"wpb_wrapper\"><p style=\"text-align: center; font-size: 32px;\"><strong>9. SEP \u2014 3. OKT<\/strong><\/p>\n<h3 style=\"text-align: center;\">Termine<\/h3>\n<p style=\"text-align: center;\">Fast vier Wochen Flamenco in ganz Sevilla.<\/p>\n<\/div><\/div><\/div><\/div><\/div><div class=\"vc_col-sm-12 wpb_column vc_column_container\"><div class=\"vc_column-inner\"><div class=\"wpb_wrapper\"><div class=\"wpb_text_column\"><div class=\"wpb_wrapper\"><p style=\"text-align: center; font-size: 32px;\"><strong>72<\/strong><\/p>\n<h3 style=\"text-align: center;\">Vorstellungen<\/h3>\n<p style=\"text-align: center;\">Ein umfangreiches Programm in unterschiedlichen Formaten.<\/p>\n<\/div><\/div><\/div><\/div><\/div><div class=\"vc_col-sm-12 wpb_column vc_column_container\"><div class=\"vc_column-inner\"><div class=\"wpb_wrapper\"><div class=\"wpb_text_column\"><div class=\"wpb_wrapper\"><p style=\"text-align: center; font-size: 32px;\"><strong>22<\/strong><\/p>\n<h3 style=\"text-align: center;\">Urauff\u00fchrungen<\/h3>\n<p style=\"text-align: center;\">Neue Werke, die erstmals in Sevilla gezeigt werden.<\/p>\n<\/div><\/div><\/div><\/div><\/div><div class=\"vc_col-sm-12 wpb_column vc_column_container\"><div class=\"vc_column-inner\"><div class=\"wpb_wrapper\"><div class=\"wpb_text_column\"><div class=\"wpb_wrapper\"><p style=\"text-align: center; font-size: 32px;\"><strong>11<\/strong><\/p>\n<h3 style=\"text-align: center;\">Spielst\u00e4tten<\/h3>\n<p style=\"text-align: center;\">Theater und besondere Orte sind Teil des Festivals.<\/p>\n<\/div><\/div><\/div><\/div><\/div><\/div><\/div><\/section><section class=\"l-section wpb_row height_huge color_alternate with_shape\"><div class=\"l-section-shape type_zigzag pos_top hor_flip\" style=\"height:3vmin;\"><svg xmlns=\"http:\/\/www.w3.org\/2000\/svg\" viewBox=\"0 0 64 8\" preserveAspectRatio=\"none\" width=\"100%\" height=\"100%\">\r\n\t<path fill=\"currentColor\" d=\"M64 8 L0 8 L0 0 L20 7.9 L40 3 L48 5 L64 0 Z\"\/>\r\n<\/svg><\/div><div class=\"l-section-shape type_zigzag pos_bottom\" style=\"height:3vmin;\"><svg xmlns=\"http:\/\/www.w3.org\/2000\/svg\" viewBox=\"0 0 64 8\" preserveAspectRatio=\"none\" width=\"100%\" height=\"100%\">\r\n\t<path fill=\"currentColor\" d=\"M64 8 L0 8 L0 0 L20 7.9 L40 3 L48 5 L64 0 Z\"\/>\r\n<\/svg><\/div><div class=\"l-section-h i-cf\"><div class=\"g-cols vc_row via_flex valign_top type_default stacking_default\"><div class=\"vc_col-sm-12 wpb_column vc_column_container\"><div class=\"vc_column-inner\"><div class=\"wpb_wrapper\"><div class=\"wpb_text_column\"><div class=\"wpb_wrapper\"><h2 id=\"actualidad-bienal\" style=\"text-align: center;\">Alles \u00fcber die Flamenco-Biennale von Sevilla<\/h2>\n<p style=\"text-align: center;\">Hier b\u00fcndeln wir alle Neuigkeiten, Guides und Inhalte, die wir \u00fcber die Biennale ver\u00f6ffentlichen. Die Liste wird automatisch mit neuen Beitr\u00e4gen aus unserem Spezialbereich aktualisiert.<\/p>\n<\/div><\/div><div class=\"w-separator size_medium\"><\/div><div class=\"w-grid us_post_list type_grid layout_11042 cols_3 preload_style_spinner with_css_animation overflow_hidden\" id=\"us_post_list_f832\" style=\"--columns:3;--gap:1.5rem;\"><style>@media (max-width:1024px){#us_post_list_f832{--columns:2!important}}@media (max-width:600px){#us_post_list_f832{--columns:1!important}}.layout_11042 .w-grid-item-h{background:var(--color-content-bg);color:var(--color-content-text);box-shadow:0 0.03rem 0.06rem rgba(0,0,0,0.1),0 0.1rem 0.3rem rgba(0,0,0,0.1);transition-duration:0.3s}.no-touch .layout_11042 .w-grid-item-h:hover{box-shadow:0 0.1rem 0.2rem rgba(0,0,0,0.1),0 0.33rem 1rem rgba(0,0,0,0.15);z-index:4}.layout_11042 .usg_post_image_1{margin-bottom:-2rem!important}.layout_11042 .usg_post_title_1{font-size:1.2rem!important}.layout_11042 .usg_vwrapper_1{margin-top:2rem!important;padding:9% 11% 11% 11%!important}.layout_11042 .usg_post_taxonomy_1{font-weight:700!important;text-transform:uppercase!important;font-size:10px!important;position:absolute!important;z-index:2!important;top:1.2rem!important;right:1.2rem!important;left:1.2rem!important}.layout_11042 .usg_hwrapper_1{color:var(--color-content-faded)!important;font-size:0.9rem!important}<\/style><div class=\"w-grid-list\">\t<article class=\"w-grid-item us_animate_afc size_1x1 post-13629 post type-post status-publish format-standard has-post-thumbnail hentry category-flamenco-biennale category-flamenco-aktuell tag-flamenco-auf-der-strasse tag-flamenco-in-sevilla-de tag-flamenco-biennale-tag-de tag-flamenco-biennale-2026-de tag-flamenco-festivals-biennale-de tag-flamenco-veranstaltungen tag-sevilla tag-weitere-perlen\" data-id=\"13629\" style=\"animation-delay:0s\">\r\n\t\t<div class=\"w-grid-item-h\">\r\n\t\t\t\t\t\t\t<a href=\"https:\/\/www.tablaosflamencos.com\/de\/flamenco-biennale-sevilla-2026-vor-9-september.html\" class=\"w-grid-item-anchor\" aria-label=\"Die Biennale beginnt vor dem 9. September: erste Veranstaltungen und Aktivit\u00e4ten\"><\/a>\r\n\t\t\t\t\t\t<div class=\"w-post-elm post_image usg_post_image_1 has_ratio\"><img fetchpriority=\"high\" decoding=\"async\" width=\"600\" height=\"335\" src=\"https:\/\/www.tablaosflamencos.com\/wp-content\/uploads\/la-bienal-empieza-antes-del-9-de-septiembre-primeros-eventos-y-actividades-01-600x335.webp\" class=\"attachment-us_600_600 size-us_600_600 wp-post-image\" alt=\"La Bienal empieza antes del 9 de septiembre: primeros eventos y actividades\" loading=\"eager\" \/><div style=\"padding-bottom:66.6667%\"><\/div><\/div><div class=\"w-post-elm post_taxonomy usg_post_taxonomy_1 style_badge color_link_inherit\"><div class=\"w-post-elm-list\"><button class=\"w-btn us-btn-style_badge term-1431 term-flamenco-biennale\" type=\"button\"><span class=\"w-btn-label\">Flamenco-Biennale<\/span><\/button><button class=\"w-btn us-btn-style_badge term-374 term-flamenco-aktuell\" type=\"button\"><span class=\"w-btn-label\">News \/ Aktuelles<\/span><\/button><\/div><\/div><div class=\"w-vwrapper usg_vwrapper_1 align_none valign_top\" style=\"--vwrapper-gap: 0.7rem;\"><p class=\"w-post-elm post_title usg_post_title_1 color_link_inherit\">Die Biennale beginnt vor dem 9. September: erste Veranstaltungen und Aktivit\u00e4ten<\/p><div class=\"w-hwrapper usg_hwrapper_1 has_text_color align_none valign_top wrap\" style=\"--hwrapper-gap: 1.2rem;\"><time class=\"w-post-elm post_date usg_post_date_1 entry-date published\" datetime=\"2026-08-31T15:23:02+02:00\" title=\"31 August 2026 um 15:23:02 Europe\/Madrid\u00a0Uhr\">vor 2\u00a0Stunden<\/time><\/div><div class=\"w-post-elm post_content usg_post_content_1\"><p>Die Flamenco-Biennale von Sevilla 2026 ist bereits ab 2. September sp\u00fcrbar \u2013 mit Ausstellung, kostenlosem Flamenco in den Stadtvierteln, Kino und Aktivit\u00e4ten vor der offiziellen Er\u00f6ffnung.<\/p>\n<\/div><\/div>\t\t<\/div>\r\n\t\t\t<\/article>\r\n\t<article class=\"w-grid-item us_animate_afc size_1x1 post-13499 post type-post status-publish format-standard has-post-thumbnail hentry category-flamenco-biennale category-flamenco-aktuell tag-agenda-flamenca tag-bienal-2026 tag-bienal-de-flamenco tag-carlos-martin-ballester-de tag-die-blaue-nacht tag-festivales-flamencos tag-flamenco-en-sevilla tag-flamenco-oper tag-koenigliche-artilleriefabrik tag-sevilla\" data-id=\"13499\" style=\"animation-delay:0.1s\">\r\n\t\t<div class=\"w-grid-item-h\">\r\n\t\t\t\t\t\t\t<a href=\"https:\/\/www.tablaosflamencos.com\/de\/die-blaue-nacht-flamenco-oper-biennale-sevilla-2026.html\" class=\"w-grid-item-anchor\" aria-label=\"Die blaue Nacht: die Biennale-Ausstellung \u00fcber die \u00c4ra der Flamenco-Oper\"><\/a>\r\n\t\t\t\t\t\t<div class=\"w-post-elm post_image usg_post_image_1 has_ratio\"><img decoding=\"async\" width=\"600\" height=\"335\" src=\"https:\/\/www.tablaosflamencos.com\/wp-content\/uploads\/la-noche-azul-la-exposicion-de-la-bienal-sobre-la-epoca-de-la-opera-flamenca-01-1-600x335.webp\" class=\"attachment-us_600_600 size-us_600_600 wp-post-image\" alt=\"La noche azul: la exposici\u00f3n de la Bienal sobre la \u00e9poca de la \u00d3pera Flamenca\" loading=\"eager\" \/><div style=\"padding-bottom:66.6667%\"><\/div><\/div><div class=\"w-post-elm post_taxonomy usg_post_taxonomy_1 style_badge color_link_inherit\"><div class=\"w-post-elm-list\"><button class=\"w-btn us-btn-style_badge term-1431 term-flamenco-biennale\" type=\"button\"><span class=\"w-btn-label\">Flamenco-Biennale<\/span><\/button><button class=\"w-btn us-btn-style_badge term-374 term-flamenco-aktuell\" type=\"button\"><span class=\"w-btn-label\">News \/ Aktuelles<\/span><\/button><\/div><\/div><div class=\"w-vwrapper usg_vwrapper_1 align_none valign_top\" style=\"--vwrapper-gap: 0.7rem;\"><p class=\"w-post-elm post_title usg_post_title_1 color_link_inherit\">Die blaue Nacht: die Biennale-Ausstellung \u00fcber die \u00c4ra der Flamenco-Oper<\/p><div class=\"w-hwrapper usg_hwrapper_1 has_text_color align_none valign_top wrap\" style=\"--hwrapper-gap: 1.2rem;\"><time class=\"w-post-elm post_date usg_post_date_1 entry-date published\" datetime=\"2026-08-30T15:09:23+02:00\" title=\"30 August 2026 um 15:09:23 Europe\/Madrid\u00a0Uhr\">vor 1\u00a0Tag<\/time><\/div><div class=\"w-post-elm post_content usg_post_content_1\"><p>Die blaue Nacht beleuchtet die \u00c4ra der Flamenco-Oper anhand von rund 150 historischen Exponaten in Sevillas K\u00f6niglicher Artilleriefabrik.<\/p>\n<\/div><\/div>\t\t<\/div>\r\n\t\t\t<\/article>\r\n\t<article class=\"w-grid-item us_animate_afc size_1x1 post-13439 post type-post status-publish format-standard has-post-thumbnail hentry category-flamenco-biennale tag-agenda-flamenca tag-bienal-2026 tag-bienal-de-flamenco tag-festivales-flamencos tag-flamenco-en-sevilla tag-sevilla\" data-id=\"13439\" style=\"animation-delay:0.2s\">\r\n\t\t<div class=\"w-grid-item-h\">\r\n\t\t\t\t\t\t\t<a href=\"https:\/\/www.tablaosflamencos.com\/de\/flamenco-biennale-sevilla-2026-kostenlos.html\" class=\"w-grid-item-anchor\" aria-label=\"Flamenco-Biennale Sevilla 2026 kostenlos: Shows und kostenlose Aktivit\u00e4ten\"><\/a>\r\n\t\t\t\t\t\t<div class=\"w-post-elm post_image usg_post_image_1 has_ratio\"><img decoding=\"async\" width=\"600\" height=\"327\" src=\"https:\/\/www.tablaosflamencos.com\/wp-content\/uploads\/bienal-de-flamenco-de-sevilla-2026-gratis-espectaculos-y-actividades-gratuitas-01-600x327.webp\" class=\"attachment-us_600_600 size-us_600_600 wp-post-image\" alt=\"Bienal de Flamenco de Sevilla 2026 gratis: espect\u00e1culos y actividades gratuitas\" loading=\"eager\" \/><div style=\"padding-bottom:66.6667%\"><\/div><\/div><div class=\"w-post-elm post_taxonomy usg_post_taxonomy_1 style_badge color_link_inherit\"><button class=\"w-btn us-btn-style_badge term-1431 term-flamenco-biennale\" type=\"button\"><span class=\"w-btn-label\">Flamenco-Biennale<\/span><\/button><\/div><div class=\"w-vwrapper usg_vwrapper_1 align_none valign_top\" style=\"--vwrapper-gap: 0.7rem;\"><p class=\"w-post-elm post_title usg_post_title_1 color_link_inherit\">Flamenco-Biennale Sevilla 2026 kostenlos: Shows und kostenlose Aktivit\u00e4ten<\/p><div class=\"w-hwrapper usg_hwrapper_1 has_text_color align_none valign_top wrap\" style=\"--hwrapper-gap: 1.2rem;\"><time class=\"w-post-elm post_date usg_post_date_1 entry-date published\" datetime=\"2026-08-30T13:49:46+02:00\" title=\"30 August 2026 um 13:49:46 Europe\/Madrid\u00a0Uhr\">vor 1\u00a0Tag<\/time><\/div><div class=\"w-post-elm post_content usg_post_content_1\"><p>Entdecken Sie kostenlose Angebote der Flamenco-Biennale Sevilla 2026: Stra\u00dfenshows, Film, Er\u00f6ffnungsakt und Workshops mit Terminen und Zugangsbedingungen.<\/p>\n<\/div><\/div>\t\t<\/div>\r\n\t\t\t<\/article>\r\n\t<article class=\"w-grid-item us_animate_afc size_1x1 post-13343 post type-post status-publish format-standard has-post-thumbnail hentry category-flamenco-biennale tag-agenda-flamenca tag-bienal-2026 tag-bienal-de-flamenco tag-einzigartige-naechte tag-festivales-flamencos tag-flamenco-en-sevilla tag-sevilla tag-tablaos-de-sevilla\" data-id=\"13343\" style=\"animation-delay:0.3s\">\r\n\t\t<div class=\"w-grid-item-h\">\r\n\t\t\t\t\t\t\t<a href=\"https:\/\/www.tablaosflamencos.com\/de\/einzigartige-naechte-flamenco-biennale-sevilla-2026.html\" class=\"w-grid-item-anchor\" aria-label=\"Einzigartige N\u00e4chte der Flamenco-Biennale Sevilla 2026: kompletter Kalender, K\u00fcnstler und Tickets\"><\/a>\r\n\t\t\t\t\t\t<div class=\"w-post-elm post_image usg_post_image_1 has_ratio\"><img decoding=\"async\" width=\"600\" height=\"335\" src=\"https:\/\/www.tablaosflamencos.com\/wp-content\/uploads\/noches-unicas-de-la-bienal-de-flamenco-de-sevilla-2026-calendario-completo-artistas-y-entradas-01-600x335.webp\" class=\"attachment-us_600_600 size-us_600_600 wp-post-image\" alt=\"Noches \u00danicas de la Bienal de Flamenco de Sevilla 2026: calendario completo, artistas y entradas\" loading=\"eager\" \/><div style=\"padding-bottom:66.6667%\"><\/div><\/div><div class=\"w-post-elm post_taxonomy usg_post_taxonomy_1 style_badge color_link_inherit\"><button class=\"w-btn us-btn-style_badge term-1431 term-flamenco-biennale\" type=\"button\"><span class=\"w-btn-label\">Flamenco-Biennale<\/span><\/button><\/div><div class=\"w-vwrapper usg_vwrapper_1 align_none valign_top\" style=\"--vwrapper-gap: 0.7rem;\"><p class=\"w-post-elm post_title usg_post_title_1 color_link_inherit\">Einzigartige N\u00e4chte der Flamenco-Biennale Sevilla 2026: kompletter Kalender, K\u00fcnstler und Tickets<\/p><div class=\"w-hwrapper usg_hwrapper_1 has_text_color align_none valign_top wrap\" style=\"--hwrapper-gap: 1.2rem;\"><time class=\"w-post-elm post_date usg_post_date_1 entry-date published\" datetime=\"2026-08-30T00:22:49+02:00\" title=\"30 August 2026 um 00:22:49 Europe\/Madrid\u00a0Uhr\">vor 2\u00a0Tagen<\/time><\/div><div class=\"w-post-elm post_content usg_post_content_1\"><p>Kompletter Kalender der 26 Einzigartigen N\u00e4chte der Flamenco-Biennale Sevilla 2026: Termine, K\u00fcnstler, Spielorte, Tickets, ausverkaufte Vorstellungen und Tipps zur Auswahl.<\/p>\n<\/div><\/div>\t\t<\/div>\r\n\t\t\t<\/article>\r\n\t<article class=\"w-grid-item us_animate_afc size_1x1 post-13321 post type-post status-publish format-standard has-post-thumbnail hentry category-flamenco-biennale category-flamenco-aktuell tag-agenda-flamenca tag-bienal-2026 tag-bienal-de-flamenco tag-festivales-flamencos tag-flamenco-en-sevilla tag-sevilla tag-tablaos-de-sevilla\" data-id=\"13321\" style=\"animation-delay:0.4s\">\r\n\t\t<div class=\"w-grid-item-h\">\r\n\t\t\t\t\t\t\t<a href=\"https:\/\/www.tablaosflamencos.com\/de\/flamenco-biennale-sevilla-2026-ausverkauft-alternativen.html\" class=\"w-grid-item-anchor\" aria-label=\"Flamenco-Biennale Sevilla 2026: ausverkaufte Tickets und Alternativen\"><\/a>\r\n\t\t\t\t\t\t<div class=\"w-post-elm post_image usg_post_image_1 has_ratio\"><img decoding=\"async\" width=\"600\" height=\"335\" src=\"https:\/\/www.tablaosflamencos.com\/wp-content\/uploads\/bienal-de-flamenco-2026-entradas-agotadas-y-que-ver-si-ya-no-encuentras-entradas-01-600x335.webp\" class=\"attachment-us_600_600 size-us_600_600 wp-post-image\" alt=\"Bienal de Flamenco 2026: entradas agotadas y qu\u00e9 ver si ya no encuentras entradas\" loading=\"eager\" \/><div style=\"padding-bottom:66.6667%\"><\/div><\/div><div class=\"w-post-elm post_taxonomy usg_post_taxonomy_1 style_badge color_link_inherit\"><div class=\"w-post-elm-list\"><button class=\"w-btn us-btn-style_badge term-1431 term-flamenco-biennale\" type=\"button\"><span class=\"w-btn-label\">Flamenco-Biennale<\/span><\/button><button class=\"w-btn us-btn-style_badge term-374 term-flamenco-aktuell\" type=\"button\"><span class=\"w-btn-label\">News \/ Aktuelles<\/span><\/button><\/div><\/div><div class=\"w-vwrapper usg_vwrapper_1 align_none valign_top\" style=\"--vwrapper-gap: 0.7rem;\"><p class=\"w-post-elm post_title usg_post_title_1 color_link_inherit\">Flamenco-Biennale Sevilla 2026: ausverkaufte Tickets und Alternativen<\/p><div class=\"w-hwrapper usg_hwrapper_1 has_text_color align_none valign_top wrap\" style=\"--hwrapper-gap: 1.2rem;\"><time class=\"w-post-elm post_date usg_post_date_1 entry-date published\" datetime=\"2026-08-29T23:27:34+02:00\" title=\"29 August 2026 um 23:27:34 Europe\/Madrid\u00a0Uhr\">vor 2\u00a0Tagen<\/time><\/div><div class=\"w-post-elm post_content usg_post_content_1\"><p>Bei der Flamenco-Biennale Sevilla 2026 sind bereits zahlreiche Vorstellungen ausverkauft. Erfahren Sie, was Sie ohne Wunschticket tun k\u00f6nnen, welche Alternativen es gibt und wie Sie in Sevilla weiter Flamenco erleben.<\/p>\n<\/div><\/div>\t\t<\/div>\r\n\t\t\t<\/article>\r\n\t<article class=\"w-grid-item us_animate_afc size_1x1 post-13042 post type-post status-publish format-standard has-post-thumbnail hentry category-flamenco-biennale category-flamenco-aktuell tag-biennale-2026 tag-flamenco-festivals tag-flamenco-in-sevilla tag-flamenco-biennale tag-flamenco-veranstaltungen tag-sevilla tag-tablaos-in-sevilla\" data-id=\"13042\" style=\"animation-delay:0.5s\">\r\n\t\t<div class=\"w-grid-item-h\">\r\n\t\t\t\t\t\t\t<a href=\"https:\/\/www.tablaosflamencos.com\/de\/flamenco-biennale-sevilla-2026.html\" class=\"w-grid-item-anchor\" aria-label=\"Flamenco-Biennale Sevilla 2026: Programm, Termine, Spielst\u00e4tten und vollst\u00e4ndiger Guide\"><\/a>\r\n\t\t\t\t\t\t<div class=\"w-post-elm post_image usg_post_image_1 has_ratio\"><img decoding=\"async\" width=\"600\" height=\"335\" src=\"https:\/\/www.tablaosflamencos.com\/wp-content\/uploads\/bienal-de-flamenco-de-sevilla-2026-programacion-fechas-espacios-y-guia-completa-01-600x335.webp\" class=\"attachment-us_600_600 size-us_600_600 wp-post-image\" alt=\"Bienal de Flamenco de Sevilla 2026: programaci\u00f3n, fechas, espacios y gu\u00eda completa\" loading=\"eager\" \/><div style=\"padding-bottom:66.6667%\"><\/div><\/div><div class=\"w-post-elm post_taxonomy usg_post_taxonomy_1 style_badge color_link_inherit\"><div class=\"w-post-elm-list\"><button class=\"w-btn us-btn-style_badge term-1431 term-flamenco-biennale\" type=\"button\"><span class=\"w-btn-label\">Flamenco-Biennale<\/span><\/button><button class=\"w-btn us-btn-style_badge term-374 term-flamenco-aktuell\" type=\"button\"><span class=\"w-btn-label\">News \/ Aktuelles<\/span><\/button><\/div><\/div><div class=\"w-vwrapper usg_vwrapper_1 align_none valign_top\" style=\"--vwrapper-gap: 0.7rem;\"><p class=\"w-post-elm post_title usg_post_title_1 color_link_inherit\">Flamenco-Biennale Sevilla 2026: Programm, Termine, Spielst\u00e4tten und vollst\u00e4ndiger Guide<\/p><div class=\"w-hwrapper usg_hwrapper_1 has_text_color align_none valign_top wrap\" style=\"--hwrapper-gap: 1.2rem;\"><time class=\"w-post-elm post_date usg_post_date_1 entry-date published\" datetime=\"2026-08-01T13:21:43+02:00\" title=\"1 August 2026 um 13:21:43 Europe\/Madrid\u00a0Uhr\">vor 1\u00a0Monat<\/time><\/div><div class=\"w-post-elm post_content usg_post_content_1\"><p>Vollst\u00e4ndiger Guide zur Flamenco-Biennale Sevilla 2026: Termine, Programm, K\u00fcnstler, Spielst\u00e4tten, Tickets und Tablaos f\u00fcr deinen Besuch.<\/p>\n<\/div><\/div>\t\t<\/div>\r\n\t\t\t<\/article>\r\n<\/div><div class=\"g-preloader type_1\"><div><\/div><\/div><div class=\"w-grid-list-json hidden\" onclick='return {&quot;max_num_pages&quot;:0,&quot;paginationBase&quot;:&quot;page&quot;,&quot;pagination&quot;:&quot;none&quot;,&quot;paged&quot;:1,&quot;ajaxData&quot;:{&quot;action&quot;:&quot;us_ajax_post_list&quot;,&quot;meta_type&quot;:&quot;post&quot;,&quot;object_id&quot;:0,&quot;template_vars&quot;:{&quot;shortcode_base&quot;:&quot;us_post_list&quot;,&quot;paged&quot;:1,&quot;max_num_pages&quot;:0,&quot;no_results&quot;:false,&quot;us_post_content_design_css&quot;:[],&quot;found_posts&quot;:0,&quot;per_page&quot;:999,&quot;items_count&quot;:6,&quot;orderby_random_seed&quot;:null,&quot;source&quot;:&quot;all&quot;,&quot;custom_field_name&quot;:&quot;&quot;,&quot;ids&quot;:&quot;&quot;,&quot;post_type&quot;:&quot;post&quot;,&quot;attachment_ids&quot;:null,&quot;include_post_thumbnail&quot;:0,&quot;post_author&quot;:&quot;any&quot;,&quot;post_author_ids&quot;:&quot;&quot;,&quot;apply_url_params&quot;:0,&quot;ignore_sticky_posts&quot;:1,&quot;exclude_children&quot;:0,&quot;exclude_current_post&quot;:1,&quot;exclude_prev_posts&quot;:0,&quot;exclude_past_events&quot;:0,&quot;enable_items_offset&quot;:0,&quot;items_offset&quot;:&quot;1&quot;,&quot;tax_query_relation&quot;:&quot;AND&quot;,&quot;tax_query&quot;:&quot;%5B%7B%22operator%22%3A%22IN%22%2C%22taxonomy%22%3A%22category%22%2C%22terms%22%3A%221426%22%2C%22include_children%22%3A%220%22%7D%5D&quot;,&quot;meta_query_relation&quot;:&quot;none&quot;,&quot;meta_query&quot;:[{&quot;key&quot;:&quot;custom_field_name&quot;,&quot;compare&quot;:&quot;=&quot;,&quot;value&quot;:&quot;&quot;}],&quot;orderby&quot;:&quot;date&quot;,&quot;orderby_custom_field&quot;:&quot;&quot;,&quot;orderby_custom_type&quot;:0,&quot;order_invert&quot;:&quot;1&quot;,&quot;show_all&quot;:&quot;1&quot;,&quot;quantity&quot;:&quot;12&quot;,&quot;posts_per_archive_page&quot;:0,&quot;no_items_action&quot;:&quot;message&quot;,&quot;no_items_message&quot;:&quot;Es wurden keine Ergebnisse gefunden.&quot;,&quot;no_items_page_block&quot;:&quot;&quot;,&quot;pagination&quot;:&quot;none&quot;,&quot;pagination_style&quot;:&quot;&quot;,&quot;pagination_btn_text&quot;:&quot;Mehr laden&quot;,&quot;pagination_btn_size&quot;:&quot;&quot;,&quot;pagination_btn_style&quot;:&quot;1&quot;,&quot;pagination_btn_fullwidth&quot;:0,&quot;items_layout&quot;:&quot;11042&quot;,&quot;type&quot;:&quot;grid&quot;,&quot;items_valign&quot;:0,&quot;ignore_items_size&quot;:0,&quot;columns&quot;:&quot;3&quot;,&quot;items_gap&quot;:&quot;1.5rem&quot;,&quot;load_animation&quot;:&quot;afc&quot;,&quot;items_preload_style&quot;:&quot;spinner&quot;,&quot;img_size&quot;:&quot;default&quot;,&quot;img_aspect_ratio&quot;:&quot;&quot;,&quot;title_size&quot;:&quot;&quot;,&quot;item_aspect_ratio&quot;:&quot;&quot;,&quot;overriding_link&quot;:&quot;%7B%22type%22%3A%22post%22%7D&quot;,&quot;popup_page_template&quot;:&quot;0&quot;,&quot;popup_width&quot;:&quot;&quot;,&quot;popup_arrows&quot;:1,&quot;breakpoint_1_width&quot;:&quot;1381px&quot;,&quot;breakpoint_1_cols&quot;:&quot;default&quot;,&quot;breakpoint_1_quantity&quot;:&quot;&quot;,&quot;breakpoint_1_gap&quot;:&quot;&quot;,&quot;breakpoint_2_width&quot;:&quot;1025px&quot;,&quot;breakpoint_2_cols&quot;:&quot;2&quot;,&quot;breakpoint_2_quantity&quot;:&quot;&quot;,&quot;breakpoint_2_gap&quot;:&quot;&quot;,&quot;breakpoint_3_width&quot;:&quot;601px&quot;,&quot;breakpoint_3_cols&quot;:&quot;1&quot;,&quot;breakpoint_3_quantity&quot;:&quot;&quot;,&quot;breakpoint_3_gap&quot;:&quot;&quot;,&quot;conditions_operator&quot;:&quot;always&quot;,&quot;conditions&quot;:[],&quot;css&quot;:null,&quot;el_class&quot;:&quot;&quot;,&quot;el_id&quot;:&quot;&quot;,&quot;enable_custom_html_atts&quot;:0,&quot;custom_html_atts&quot;:null,&quot;hide_on_states&quot;:&quot;&quot;,&quot;hide_for_sticky&quot;:0,&quot;hide_for_not_sticky&quot;:0,&quot;hide_below&quot;:&quot;0px&quot;,&quot;hide_above&quot;:&quot;0px&quot;,&quot;items_ratio&quot;:&quot;&quot;,&quot;items_ratio_width&quot;:&quot;&quot;,&quot;items_ratio_height&quot;:&quot;&quot;,&quot;classes&quot;:&quot;&quot;},&quot;found_posts&quot;:0,&quot;per_page&quot;:999},&quot;facetedFilter&quot;:[]}'><\/div><\/div><\/div><\/div><\/div><\/div><\/div><\/section><section class=\"l-section wpb_row height_huge\"><div class=\"l-section-h i-cf\"><div class=\"g-cols vc_row via_flex valign_top type_default stacking_default\"><div class=\"vc_col-sm-4 wpb_column vc_column_container\"><div class=\"vc_column-inner\"><div class=\"wpb_wrapper\"><div class=\"wpb_text_column\"><div class=\"wpb_wrapper\"><h3>Kompletter Guide zur Biennale 2026<\/h3>\n<p>Termine, Programm, Spielst\u00e4tten, K\u00fcnstler, Tickets und praktische Empfehlungen in einem umfassenden Guide zur Ausgabe 2026.<\/p>\n<\/div><\/div><div class=\"w-btn-wrapper align_none\"><a class=\"w-btn us-btn-style_1\" href=\"https:\/\/www.tablaosflamencos.com\/de\/flamenco-biennale-sevilla-2026.html\"><span class=\"w-btn-label\">Kompletten Guide lesen<\/span><\/a><\/div><\/div><\/div><\/div><div class=\"vc_col-sm-4 wpb_column vc_column_container\"><div class=\"vc_column-inner\"><div class=\"wpb_wrapper\"><div class=\"wpb_text_column\"><div class=\"wpb_wrapper\"><h3>Einzigartige N\u00e4chte<\/h3>\n<p>Entdecken Sie Kalender, K\u00fcnstler und die wichtigsten Informationen zu einem der au\u00dfergew\u00f6hnlichsten Programmpunkte der Biennale.<\/p>\n<\/div><\/div><div class=\"w-btn-wrapper align_none\"><a class=\"w-btn us-btn-style_1\" href=\"https:\/\/www.tablaosflamencos.com\/de\/einzigartige-naechte-flamenco-biennale-sevilla-2026.html\"><span class=\"w-btn-label\">Einzigartige N\u00e4chte ansehen<\/span><\/a><\/div><\/div><\/div><\/div><div class=\"vc_col-sm-4 wpb_column vc_column_container\"><div class=\"vc_column-inner\"><div class=\"wpb_wrapper\"><div class=\"wpb_text_column\"><div class=\"wpb_wrapper\"><h3>Kostenlose Biennale<\/h3>\n<p>Entdecken Sie kostenlose Shows, Ausstellungen und Aktivit\u00e4ten und genie\u00dfen Sie die Atmosph\u00e4re der Biennale auch unabh\u00e4ngig von kostenpflichtigen Vorstellungen.<\/p>\n<\/div><\/div><div class=\"w-btn-wrapper align_none\"><a class=\"w-btn us-btn-style_1\" href=\"https:\/\/www.tablaosflamencos.com\/de\/flamenco-biennale-sevilla-2026-kostenlos.html\"><span class=\"w-btn-label\">Kostenlose Aktivit\u00e4ten ansehen<\/span><\/a><\/div><\/div><\/div><\/div><\/div><\/div><\/section><section class=\"l-section wpb_row height_huge color_alternate with_shape\"><div class=\"l-section-shape type_zigzag pos_top\" style=\"height:3vmin;\"><svg xmlns=\"http:\/\/www.w3.org\/2000\/svg\" viewBox=\"0 0 64 8\" preserveAspectRatio=\"none\" width=\"100%\" height=\"100%\">\r\n\t<path fill=\"currentColor\" d=\"M64 8 L0 8 L0 0 L20 7.9 L40 3 L48 5 L64 0 Z\"\/>\r\n<\/svg><\/div><div class=\"l-section-shape type_zigzag pos_bottom\" style=\"height:3vmin;\"><svg xmlns=\"http:\/\/www.w3.org\/2000\/svg\" viewBox=\"0 0 64 8\" preserveAspectRatio=\"none\" width=\"100%\" height=\"100%\">\r\n\t<path fill=\"currentColor\" d=\"M64 8 L0 8 L0 0 L20 7.9 L40 3 L48 5 L64 0 Z\"\/>\r\n<\/svg><\/div><div class=\"l-section-h i-cf\"><div class=\"g-cols vc_row via_flex valign_top type_default stacking_default\"><div class=\"vc_col-sm-6 wpb_column vc_column_container\"><div class=\"vc_column-inner\"><div class=\"wpb_wrapper\"><div class=\"wpb_text_column\"><div class=\"wpb_wrapper\"><h2>Viel mehr als das offizielle Programm<\/h2>\n<p>Die Biennale verwandelt Sevilla f\u00fcr mehrere Wochen. Neben den Hauptvorstellungen bietet die Stadt Ausstellungen, Begleitveranstaltungen, kostenlose Angebote und Treffen rund um den Flamenco.<\/p>\n<p>Unsere Berichterstattung wird fortlaufend spezielle Inhalte zu folgenden Themen erg\u00e4nzen: <strong>gro\u00dfe Premieren, K\u00fcnstler, Spielst\u00e4tten, Ausstellungen, Veranstaltungen im Vorfeld und kurzfristige M\u00f6glichkeiten<\/strong>. Diese Landingpage wird als laufend aktualisierter \u00dcberblick \u00fcber alles dienen, was Sie zu jeder Ausgabe wissen m\u00fcssen.<\/p>\n<\/div><\/div><\/div><\/div><\/div><div class=\"vc_col-sm-6 wpb_column vc_column_container\"><div class=\"vc_column-inner\"><div class=\"wpb_wrapper\"><div class=\"wpb_text_column\"><div class=\"wpb_wrapper\"><h2>Reisen Sie w\u00e4hrend der Biennale nach Sevilla?<\/h2>\n<p>Das offizielle Programm l\u00e4sst sich gut mit dem ganzj\u00e4hrigen Flamenco-Angebot der Stadt verbinden. Wenn Sie keine Karten f\u00fcr eine Vorstellung bekommen, einen freien Abend haben oder das Format eines gro\u00dfen Theaters mit einer intimeren Erfahrung vergleichen m\u00f6chten, k\u00f6nnen Sie auch einen Flamenco-Tablao buchen.<\/p>\n<p>Bei Tablaos Flamencos finden Sie verschiedene Optionen in Sevilla mit Informationen zu Zeiten, Merkmalen und Verf\u00fcgbarkeit.<\/p>\n<\/div><\/div><div class=\"w-btn-wrapper align_none\"><a class=\"w-btn us-btn-style_1\" href=\"https:\/\/www.tablaosflamencos.com\/de\/flamenco-in-sevilla\"><span class=\"w-btn-label\">Flamenco in Sevilla ansehen<\/span><\/a><\/div><\/div><\/div><\/div><\/div><\/div><\/section><section class=\"l-section wpb_row height_huge width_custom\" style=\"--site-content-width:850px;\"><div class=\"l-section-h i-cf\"><div class=\"g-cols vc_row via_flex valign_top type_default stacking_default\"><div class=\"vc_col-sm-1\/5 wpb_column vc_column_container\"><div class=\"vc_column-inner\"><div class=\"wpb_wrapper\"><\/div><\/div><\/div><div class=\"vc_col-sm-3\/5 wpb_column vc_column_container\"><div class=\"vc_column-inner\"><div class=\"wpb_wrapper\"><div class=\"wpb_text_column\"><div class=\"wpb_wrapper\"><h2 style=\"text-align: center;\">H\u00e4ufig gestellte Fragen zur Flamenco-Biennale von Sevilla<\/h2>\n<\/div><\/div><div class=\"w-separator size_medium\"><\/div><div class=\"w-tabs accordion toggle_style_1 has_scrolling\" style=\"--sections-title-size:inherit;--sections-gap:0.5rem;\"><div class=\"w-tabs-sections titles-align_none icon_chevron cpos_right\"><div class=\"w-tabs-section\" id=\"l424\"><button type=\"button\" class=\"w-tabs-section-header\" aria-controls=\"content-l424\" aria-expanded=\"false\"><div class=\"w-tabs-section-title\">Was ist die Flamenco-Biennale von Sevilla?<\/div><div class=\"w-tabs-section-control\"><\/div><\/button><div  class=\"w-tabs-section-content\" id=\"content-l424\"><div class=\"w-tabs-section-content-h i-cf\"><div class=\"wpb_text_column\"><div class=\"wpb_wrapper\"><p>Sie ist eines der gro\u00dfen internationalen Festivals, die dem Flamenco gewidmet sind. Sie findet alle zwei Jahre in Sevilla statt und vereint Gesang, Tanz und Gitarre, neue Produktionen, Premieren und kulturelle Aktivit\u00e4ten an verschiedenen Orten der Stadt.<\/p>\n<\/div><\/div><\/div><\/div><\/div><div class=\"w-tabs-section\" id=\"a567\"><button type=\"button\" class=\"w-tabs-section-header\" aria-controls=\"content-a567\" aria-expanded=\"false\"><div class=\"w-tabs-section-title\">Wann findet die Flamenco-Biennale von Sevilla 2026 statt?<\/div><div class=\"w-tabs-section-control\"><\/div><\/button><div  class=\"w-tabs-section-content\" id=\"content-a567\"><div class=\"w-tabs-section-content-h i-cf\"><div class=\"wpb_text_column\"><div class=\"wpb_wrapper\"><p>Die 24. Flamenco-Biennale von Sevilla findet vom 9. September bis 3. Oktober 2026 statt.<\/p>\n<\/div><\/div><\/div><\/div><\/div><div class=\"w-tabs-section\" id=\"z693\"><button type=\"button\" class=\"w-tabs-section-header\" aria-controls=\"content-z693\" aria-expanded=\"false\"><div class=\"w-tabs-section-title\">Wo finde ich die neuesten Nachrichten zur Biennale?<\/div><div class=\"w-tabs-section-control\"><\/div><\/button><div  class=\"w-tabs-section-content\" id=\"content-z693\"><div class=\"w-tabs-section-content-h i-cf\"><div class=\"wpb_text_column\"><div class=\"wpb_wrapper\"><p>Auf dieser Seite b\u00fcndeln wir alle Beitr\u00e4ge von Tablaos Flamencos zur Biennale: Programm, K\u00fcnstler, Premieren, Ausstellungen, kostenlose Aktivit\u00e4ten, Tickets und praktische Empfehlungen.<\/p>\n<\/div><\/div><\/div><\/div><\/div><div class=\"w-tabs-section\" id=\"j7ce\"><button type=\"button\" class=\"w-tabs-section-header\" aria-controls=\"content-j7ce\" aria-expanded=\"false\"><div class=\"w-tabs-section-title\">Was kann ich tun, wenn ich keine Tickets f\u00fcr die Biennale bekomme?<\/div><div class=\"w-tabs-section-control\"><\/div><\/button><div  class=\"w-tabs-section-content\" id=\"content-j7ce\"><div class=\"w-tabs-section-content-h i-cf\"><div class=\"wpb_text_column\"><div class=\"wpb_wrapper\"><p>Zus\u00e4tzlich zu den kostenlosen und begleitenden Aktivit\u00e4ten der Biennale bietet Sevilla das ganze Jahr \u00fcber eine gro\u00dfe Auswahl an Flamenco-Tablaos. Sie sind eine gute Alternative f\u00fcr einen Abend ohne Veranstaltung oder wenn eine offizielle Vorstellung ausverkauft ist.<\/p>\n<\/div><\/div><\/div><\/div><\/div><\/div><\/div><\/div><\/div><\/div><div class=\"vc_col-sm-1\/5 wpb_column vc_column_container\"><div class=\"vc_column-inner\"><div class=\"wpb_wrapper\"><\/div><\/div><\/div><\/div><\/div><\/section><section class=\"l-section wpb_row height_huge color_alternate with_shape\"><div class=\"l-section-shape type_zigzag pos_top\" style=\"height:3vmin;\"><svg xmlns=\"http:\/\/www.w3.org\/2000\/svg\" viewBox=\"0 0 64 8\" preserveAspectRatio=\"none\" width=\"100%\" height=\"100%\">\r\n\t<path fill=\"currentColor\" d=\"M64 8 L0 8 L0 0 L20 7.9 L40 3 L48 5 L64 0 Z\"\/>\r\n<\/svg><\/div><div class=\"l-section-h i-cf\"><div class=\"g-cols vc_row via_flex valign_top type_default stacking_default\"><div class=\"vc_col-sm-12 wpb_column vc_column_container\"><div class=\"vc_column-inner\"><div class=\"wpb_wrapper\"><div class=\"wpb_text_column\"><div class=\"wpb_wrapper\"><h2 style=\"text-align: center;\">Verfolgen Sie die gesamte Biennale mit Tablaos Flamencos<\/h2>\n<p style=\"text-align: center;\">Wir aktualisieren diese Seite im Verlauf der Ausgabe mit neuen Guides und Nachrichten. Nutzen Sie sie als zentrale Referenz, um die Flamenco-Biennale von Sevilla zu verfolgen und Ihr Flamenco-Erlebnis in der Stadt zu planen.<\/p>\n<\/div><\/div><div class=\"w-separator size_medium\"><\/div><div class=\"w-hwrapper valign_top wrap stack_on_mobiles align_center\" style=\"--hwrapper-gap:1.2rem\"><div class=\"w-btn-wrapper align_none\"><a class=\"w-btn us-btn-style_1\" href=\"#actualidad-bienal\"><span class=\"w-btn-label\">Alle Biennale-Artikel ansehen<\/span><\/a><\/div><div class=\"w-btn-wrapper align_none\"><a class=\"w-btn us-btn-style_11\" href=\"https:\/\/www.tablaosflamencos.com\/de\/flamenco-in-sevilla\"><span class=\"w-btn-label\">Flamenco in Sevilla buchen<\/span><\/a><\/div><\/div><\/div><\/div><\/div><\/div><\/div><\/section>\n","protected":false},"excerpt":{"rendered":"Flamenco-Biennale Sevilla 2026: eines der gro\u00dfen internationalen Flamenco-Ereignisse Die Flamenco-Biennale Sevilla 2026 wird die andalusische Hauptstadt erneut zu einem der bedeutendsten internationalen Zentren des arte jondo machen. Vom 9. September bis zum 3. Oktober 2026 erwartet Sevilla ein dichtes Programm mit Gesang, Tanz, Gitarre, Urauff\u00fchrungen, Begleitveranstaltungen, Ausstellungen und B\u00fchnenproduktionen an einigen der emblematischsten Orte der...","protected":false},"author":1,"featured_media":13031,"parent":0,"menu_order":0,"comment_status":"closed","ping_status":"closed","template":"","meta":{"_acf_changed":false,"wpai_generated_summary":"","_ayudawp_aiss_exclude":false,"_ayudawp_aiss_exclude_summary":false,"footnotes":""},"class_list":["post-13600","page","type-page","status-publish","has-post-thumbnail","hentry"],"acf":[],"yoast_head":"<!-- This site is optimized with the Yoast SEO Premium plugin v28.3 (Yoast SEO v28.3) - https:\/\/yoast.com\/product\/yoast-seo-premium-wordpress\/ -->\n<title>Flamenco-Biennale Sevilla 2026: News, Guides &amp; Programm<\/title>\n<meta name=\"description\" content=\"Alles zur Flamenco-Biennale Sevilla 2026: News, Programm, K\u00fcnstler, Premieren, Tickets, Aktivit\u00e4ten und praktische Guides f\u00fcr Ihren Besuch.\" \/>\n<meta name=\"robots\" content=\"index, follow, max-snippet:-1, max-image-preview:large, max-video-preview:-1\" \/>\n<link rel=\"canonical\" href=\"https:\/\/www.tablaosflamencos.com\/de\/flamenco-biennale-sevilla\" \/>\n<meta property=\"og:locale\" content=\"de_DE\" \/>\n<meta property=\"og:type\" content=\"article\" \/>\n<meta property=\"og:title\" content=\"Flamenco-Biennale von Sevilla\" \/>\n<meta property=\"og:description\" content=\"Alles zur Flamenco-Biennale Sevilla 2026: News, Programm, K\u00fcnstler, Premieren, Tickets, Aktivit\u00e4ten und praktische Guides f\u00fcr Ihren Besuch.\" \/>\n<meta property=\"og:url\" content=\"https:\/\/www.tablaosflamencos.com\/de\/flamenco-biennale-sevilla\" \/>\n<meta property=\"og:site_name\" content=\"Tablaos Flamencos\" \/>\n<meta property=\"article:publisher\" content=\"https:\/\/www.facebook.com\/tablaosflamencos\" \/>\n<meta property=\"article:modified_time\" content=\"2026-08-31T13:15:45+00:00\" \/>\n<meta property=\"og:image\" content=\"https:\/\/www.tablaosflamencos.com\/wp-content\/uploads\/bienal-de-flamenco-de-sevilla-2026-programacion-fechas-espacios-y-guia-completa-01.webp\" \/>\n\t<meta property=\"og:image:width\" content=\"1920\" \/>\n\t<meta property=\"og:image:height\" content=\"1072\" \/>\n\t<meta property=\"og:image:type\" content=\"image\/webp\" \/>\n<meta name=\"twitter:card\" content=\"summary_large_image\" \/>\n<meta name=\"twitter:site\" content=\"@tablaosflamenco\" \/>\n<meta name=\"twitter:label1\" content=\"Gesch\u00e4tzte Lesezeit\" \/>\n\t<meta name=\"twitter:data1\" content=\"6\u00a0Minuten\" \/>\n<script type=\"application\/ld+json\" class=\"yoast-schema-graph\">{\"@context\":\"https:\\\/\\\/schema.org\",\"@graph\":[{\"@type\":\"WebPage\",\"@id\":\"https:\\\/\\\/www.tablaosflamencos.com\\\/de\\\/flamenco-biennale-sevilla\",\"url\":\"https:\\\/\\\/www.tablaosflamencos.com\\\/de\\\/flamenco-biennale-sevilla\",\"name\":\"Flamenco-Biennale Sevilla 2026: News, Guides & Programm\",\"isPartOf\":{\"@id\":\"https:\\\/\\\/www.tablaosflamencos.com\\\/de#website\"},\"primaryImageOfPage\":{\"@id\":\"https:\\\/\\\/www.tablaosflamencos.com\\\/de\\\/flamenco-biennale-sevilla#primaryimage\"},\"image\":{\"@id\":\"https:\\\/\\\/www.tablaosflamencos.com\\\/de\\\/flamenco-biennale-sevilla#primaryimage\"},\"thumbnailUrl\":\"https:\\\/\\\/www.tablaosflamencos.com\\\/wp-content\\\/uploads\\\/bienal-de-flamenco-de-sevilla-2026-programacion-fechas-espacios-y-guia-completa-01.webp\",\"datePublished\":\"2026-08-31T13:04:28+00:00\",\"dateModified\":\"2026-08-31T13:15:45+00:00\",\"description\":\"Alles zur Flamenco-Biennale Sevilla 2026: News, Programm, K\u00fcnstler, Premieren, Tickets, Aktivit\u00e4ten und praktische Guides f\u00fcr Ihren Besuch.\",\"breadcrumb\":{\"@id\":\"https:\\\/\\\/www.tablaosflamencos.com\\\/de\\\/flamenco-biennale-sevilla#breadcrumb\"},\"inLanguage\":\"de\",\"potentialAction\":[{\"@type\":\"ReadAction\",\"target\":[\"https:\\\/\\\/www.tablaosflamencos.com\\\/de\\\/flamenco-biennale-sevilla\"]}]},{\"@type\":\"ImageObject\",\"inLanguage\":\"de\",\"@id\":\"https:\\\/\\\/www.tablaosflamencos.com\\\/de\\\/flamenco-biennale-sevilla#primaryimage\",\"url\":\"https:\\\/\\\/www.tablaosflamencos.com\\\/wp-content\\\/uploads\\\/bienal-de-flamenco-de-sevilla-2026-programacion-fechas-espacios-y-guia-completa-01.webp\",\"contentUrl\":\"https:\\\/\\\/www.tablaosflamencos.com\\\/wp-content\\\/uploads\\\/bienal-de-flamenco-de-sevilla-2026-programacion-fechas-espacios-y-guia-completa-01.webp\",\"width\":1920,\"height\":1072,\"caption\":\"Bienal de Flamenco de Sevilla 2026: programaci\u00f3n, fechas, espacios y gu\u00eda completa\"},{\"@type\":\"BreadcrumbList\",\"@id\":\"https:\\\/\\\/www.tablaosflamencos.com\\\/de\\\/flamenco-biennale-sevilla#breadcrumb\",\"itemListElement\":[{\"@type\":\"ListItem\",\"position\":1,\"name\":\"Home\",\"item\":\"https:\\\/\\\/www.tablaosflamencos.com\\\/de\"},{\"@type\":\"ListItem\",\"position\":2,\"name\":\"Flamenco-Biennale von Sevilla\"}]},{\"@type\":\"WebSite\",\"@id\":\"https:\\\/\\\/www.tablaosflamencos.com\\\/de#website\",\"url\":\"https:\\\/\\\/www.tablaosflamencos.com\\\/de\",\"name\":\"Tablaos Flamencos\",\"description\":\"Entradas para tablaos flamencos de Espa\u00f1a\",\"publisher\":{\"@id\":\"https:\\\/\\\/www.tablaosflamencos.com\\\/de#organization\"},\"alternateName\":\"Tablaos Flamencos\",\"potentialAction\":[{\"@type\":\"SearchAction\",\"target\":{\"@type\":\"EntryPoint\",\"urlTemplate\":\"https:\\\/\\\/www.tablaosflamencos.com\\\/de?s={search_term_string}\"},\"query-input\":{\"@type\":\"PropertyValueSpecification\",\"valueRequired\":true,\"valueName\":\"search_term_string\"}}],\"inLanguage\":\"de\"},{\"@type\":[\"Organization\",\"Place\",\"EntertainmentBusiness\"],\"@id\":\"https:\\\/\\\/www.tablaosflamencos.com\\\/de#organization\",\"name\":\"Tablaos Flamencos\",\"alternateName\":\"Tablaos Flamencos\",\"url\":\"https:\\\/\\\/www.tablaosflamencos.com\\\/de\",\"logo\":{\"@id\":\"https:\\\/\\\/www.tablaosflamencos.com\\\/de\\\/flamenco-biennale-sevilla#local-main-organization-logo\"},\"image\":{\"@id\":\"https:\\\/\\\/www.tablaosflamencos.com\\\/de\\\/flamenco-biennale-sevilla#local-main-organization-logo\"},\"sameAs\":[\"https:\\\/\\\/www.facebook.com\\\/tablaosflamencos\",\"https:\\\/\\\/x.com\\\/tablaosflamenco\",\"https:\\\/\\\/mastodon.social\\\/@tablaosflamencos\",\"https:\\\/\\\/www.instagram.com\\\/tablaosflamencos\",\"https:\\\/\\\/tiktok.com\\\/@tablaosflamencos\",\"https:\\\/\\\/www.linkedin.com\\\/company\\\/109408238\\\/\"],\"description\":\"Venta de entradas para espect\u00e1culos flamencos\",\"legalName\":\"Tablaos Flamencos\",\"foundingDate\":\"2015-01-01\",\"numberOfEmployees\":{\"@type\":\"QuantitativeValue\",\"minValue\":\"1\",\"maxValue\":\"10\"},\"address\":{\"@id\":\"https:\\\/\\\/www.tablaosflamencos.com\\\/de\\\/flamenco-biennale-sevilla#local-main-place-address\"},\"geo\":{\"@type\":\"GeoCoordinates\",\"latitude\":\"37.3868072\",\"longitude\":\"-5.993280299999999\"},\"telephone\":[\"+34623787787\"],\"contactPoint\":{\"@type\":\"ContactPoint\",\"telephone\":\"+34623787787\",\"email\":\"info@tablaosflamencos.com\"},\"openingHoursSpecification\":{\"@type\":\"OpeningHoursSpecification\",\"dayOfWeek\":[\"Monday\",\"Tuesday\",\"Wednesday\",\"Thursday\",\"Friday\",\"Saturday\",\"Sunday\"],\"opens\":\"00:00\",\"closes\":\"23:59\"},\"email\":\"info@tablaosflamencos.com\",\"priceRange\":\"$$$\",\"currenciesAccepted\":\"\u20ac\"},{\"@type\":\"PostalAddress\",\"@id\":\"https:\\\/\\\/www.tablaosflamencos.com\\\/de\\\/flamenco-biennale-sevilla#local-main-place-address\",\"streetAddress\":\"C\\\/ Alemanes, 19\",\"addressLocality\":\"Sevilla\",\"postalCode\":\"41004\",\"addressRegion\":\"Sevilla\",\"addressCountry\":\"ES\"},{\"@type\":\"ImageObject\",\"inLanguage\":\"de\",\"@id\":\"https:\\\/\\\/www.tablaosflamencos.com\\\/de\\\/flamenco-biennale-sevilla#local-main-organization-logo\",\"url\":\"https:\\\/\\\/www.tablaosflamencos.com\\\/wp-content\\\/uploads\\\/tablaos-flamencos-06-3.webp\",\"contentUrl\":\"https:\\\/\\\/www.tablaosflamencos.com\\\/wp-content\\\/uploads\\\/tablaos-flamencos-06-3.webp\",\"width\":600,\"height\":620,\"caption\":\"Tablaos Flamencos\"}]}<\/script>\n<meta name=\"geo.placename\" content=\"Sevilla\" \/>\n<meta name=\"geo.position\" content=\"37.3868072;-5.993280299999999\" \/>\n<meta name=\"geo.region\" content=\"Spanien\" \/>\n<!-- \/ Yoast SEO Premium plugin. -->","yoast_head_json":{"title":"Flamenco-Biennale Sevilla 2026: News, Guides & Programm","description":"Alles zur Flamenco-Biennale Sevilla 2026: News, Programm, K\u00fcnstler, Premieren, Tickets, Aktivit\u00e4ten und praktische Guides f\u00fcr Ihren Besuch.","robots":{"index":"index","follow":"follow","max-snippet":"max-snippet:-1","max-image-preview":"max-image-preview:large","max-video-preview":"max-video-preview:-1"},"canonical":"https:\/\/www.tablaosflamencos.com\/de\/flamenco-biennale-sevilla","og_locale":"de_DE","og_type":"article","og_title":"Flamenco-Biennale von Sevilla","og_description":"Alles zur Flamenco-Biennale Sevilla 2026: News, Programm, K\u00fcnstler, Premieren, Tickets, Aktivit\u00e4ten und praktische Guides f\u00fcr Ihren Besuch.","og_url":"https:\/\/www.tablaosflamencos.com\/de\/flamenco-biennale-sevilla","og_site_name":"Tablaos Flamencos","article_publisher":"https:\/\/www.facebook.com\/tablaosflamencos","article_modified_time":"2026-08-31T13:15:45+00:00","og_image":[{"width":1920,"height":1072,"url":"https:\/\/www.tablaosflamencos.com\/wp-content\/uploads\/bienal-de-flamenco-de-sevilla-2026-programacion-fechas-espacios-y-guia-completa-01.webp","type":"image\/webp"}],"twitter_card":"summary_large_image","twitter_site":"@tablaosflamenco","twitter_misc":{"Gesch\u00e4tzte Lesezeit":"6\u00a0Minuten"},"schema":{"@context":"https:\/\/schema.org","@graph":[{"@type":"WebPage","@id":"https:\/\/www.tablaosflamencos.com\/de\/flamenco-biennale-sevilla","url":"https:\/\/www.tablaosflamencos.com\/de\/flamenco-biennale-sevilla","name":"Flamenco-Biennale Sevilla 2026: News, Guides & Programm","isPartOf":{"@id":"https:\/\/www.tablaosflamencos.com\/de#website"},"primaryImageOfPage":{"@id":"https:\/\/www.tablaosflamencos.com\/de\/flamenco-biennale-sevilla#primaryimage"},"image":{"@id":"https:\/\/www.tablaosflamencos.com\/de\/flamenco-biennale-sevilla#primaryimage"},"thumbnailUrl":"https:\/\/www.tablaosflamencos.com\/wp-content\/uploads\/bienal-de-flamenco-de-sevilla-2026-programacion-fechas-espacios-y-guia-completa-01.webp","datePublished":"2026-08-31T13:04:28+00:00","dateModified":"2026-08-31T13:15:45+00:00","description":"Alles zur Flamenco-Biennale Sevilla 2026: News, Programm, K\u00fcnstler, Premieren, Tickets, Aktivit\u00e4ten und praktische Guides f\u00fcr Ihren Besuch.","breadcrumb":{"@id":"https:\/\/www.tablaosflamencos.com\/de\/flamenco-biennale-sevilla#breadcrumb"},"inLanguage":"de","potentialAction":[{"@type":"ReadAction","target":["https:\/\/www.tablaosflamencos.com\/de\/flamenco-biennale-sevilla"]}]},{"@type":"ImageObject","inLanguage":"de","@id":"https:\/\/www.tablaosflamencos.com\/de\/flamenco-biennale-sevilla#primaryimage","url":"https:\/\/www.tablaosflamencos.com\/wp-content\/uploads\/bienal-de-flamenco-de-sevilla-2026-programacion-fechas-espacios-y-guia-completa-01.webp","contentUrl":"https:\/\/www.tablaosflamencos.com\/wp-content\/uploads\/bienal-de-flamenco-de-sevilla-2026-programacion-fechas-espacios-y-guia-completa-01.webp","width":1920,"height":1072,"caption":"Bienal de Flamenco de Sevilla 2026: programaci\u00f3n, fechas, espacios y gu\u00eda completa"},{"@type":"BreadcrumbList","@id":"https:\/\/www.tablaosflamencos.com\/de\/flamenco-biennale-sevilla#breadcrumb","itemListElement":[{"@type":"ListItem","position":1,"name":"Home","item":"https:\/\/www.tablaosflamencos.com\/de"},{"@type":"ListItem","position":2,"name":"Flamenco-Biennale von Sevilla"}]},{"@type":"WebSite","@id":"https:\/\/www.tablaosflamencos.com\/de#website","url":"https:\/\/www.tablaosflamencos.com\/de","name":"Tablaos Flamencos","description":"Entradas para tablaos flamencos de Espa\u00f1a","publisher":{"@id":"https:\/\/www.tablaosflamencos.com\/de#organization"},"alternateName":"Tablaos Flamencos","potentialAction":[{"@type":"SearchAction","target":{"@type":"EntryPoint","urlTemplate":"https:\/\/www.tablaosflamencos.com\/de?s={search_term_string}"},"query-input":{"@type":"PropertyValueSpecification","valueRequired":true,"valueName":"search_term_string"}}],"inLanguage":"de"},{"@type":["Organization","Place","EntertainmentBusiness"],"@id":"https:\/\/www.tablaosflamencos.com\/de#organization","name":"Tablaos Flamencos","alternateName":"Tablaos Flamencos","url":"https:\/\/www.tablaosflamencos.com\/de","logo":{"@id":"https:\/\/www.tablaosflamencos.com\/de\/flamenco-biennale-sevilla#local-main-organization-logo"},"image":{"@id":"https:\/\/www.tablaosflamencos.com\/de\/flamenco-biennale-sevilla#local-main-organization-logo"},"sameAs":["https:\/\/www.facebook.com\/tablaosflamencos","https:\/\/x.com\/tablaosflamenco","https:\/\/mastodon.social\/@tablaosflamencos","https:\/\/www.instagram.com\/tablaosflamencos","https:\/\/tiktok.com\/@tablaosflamencos","https:\/\/www.linkedin.com\/company\/109408238\/"],"description":"Venta de entradas para espect\u00e1culos flamencos","legalName":"Tablaos Flamencos","foundingDate":"2015-01-01","numberOfEmployees":{"@type":"QuantitativeValue","minValue":"1","maxValue":"10"},"address":{"@id":"https:\/\/www.tablaosflamencos.com\/de\/flamenco-biennale-sevilla#local-main-place-address"},"geo":{"@type":"GeoCoordinates","latitude":"37.3868072","longitude":"-5.993280299999999"},"telephone":["+34623787787"],"contactPoint":{"@type":"ContactPoint","telephone":"+34623787787","email":"info@tablaosflamencos.com"},"openingHoursSpecification":{"@type":"OpeningHoursSpecification","dayOfWeek":["Monday","Tuesday","Wednesday","Thursday","Friday","Saturday","Sunday"],"opens":"00:00","closes":"23:59"},"email":"info@tablaosflamencos.com","priceRange":"$$$","currenciesAccepted":"\u20ac"},{"@type":"PostalAddress","@id":"https:\/\/www.tablaosflamencos.com\/de\/flamenco-biennale-sevilla#local-main-place-address","streetAddress":"C\/ Alemanes, 19","addressLocality":"Sevilla","postalCode":"41004","addressRegion":"Sevilla","addressCountry":"ES"},{"@type":"ImageObject","inLanguage":"de","@id":"https:\/\/www.tablaosflamencos.com\/de\/flamenco-biennale-sevilla#local-main-organization-logo","url":"https:\/\/www.tablaosflamencos.com\/wp-content\/uploads\/tablaos-flamencos-06-3.webp","contentUrl":"https:\/\/www.tablaosflamencos.com\/wp-content\/uploads\/tablaos-flamencos-06-3.webp","width":600,"height":620,"caption":"Tablaos Flamencos"}]},"geo.placename":"Sevilla","geo.position":{"lat":"37.3868072","long":"-5.993280299999999"},"geo.region":"Spanien"},"_links":{"self":[{"href":"https:\/\/www.tablaosflamencos.com\/de\/wp-json\/wp\/v2\/pages\/13600","targetHints":{"allow":["GET"]}}],"collection":[{"href":"https:\/\/www.tablaosflamencos.com\/de\/wp-json\/wp\/v2\/pages"}],"about":[{"href":"https:\/\/www.tablaosflamencos.com\/de\/wp-json\/wp\/v2\/types\/page"}],"author":[{"embeddable":true,"href":"https:\/\/www.tablaosflamencos.com\/de\/wp-json\/wp\/v2\/users\/1"}],"replies":[{"embeddable":true,"href":"https:\/\/www.tablaosflamencos.com\/de\/wp-json\/wp\/v2\/comments?post=13600"}],"version-history":[{"count":1,"href":"https:\/\/www.tablaosflamencos.com\/de\/wp-json\/wp\/v2\/pages\/13600\/revisions"}],"predecessor-version":[{"id":13608,"href":"https:\/\/www.tablaosflamencos.com\/de\/wp-json\/wp\/v2\/pages\/13600\/revisions\/13608"}],"wp:featuredmedia":[{"embeddable":true,"href":"https:\/\/www.tablaosflamencos.com\/de\/wp-json\/wp\/v2\/media\/13031"}],"wp:attachment":[{"href":"https:\/\/www.tablaosflamencos.com\/de\/wp-json\/wp\/v2\/media?parent=13600"}],"curies":[{"name":"wp","href":"https:\/\/api.w.org\/{rel}","templated":true}]}}